{"id":76,"date":"2020-02-05T19:34:39","date_gmt":"2020-02-05T22:34:39","guid":{"rendered":"http:\/\/acrj2020.profissional.ws\/?page_id=76"},"modified":"2025-05-08T11:49:50","modified_gmt":"2025-05-08T14:49:50","slug":"noticias","status":"publish","type":"page","link":"https:\/\/acrj.org.br\/index.php\/noticias\/","title":{"rendered":"Not\u00edcias 2020"},"content":{"rendered":"\t\t<div data-elementor-type=\"wp-page\" data-elementor-id=\"76\" class=\"elementor elementor-76\" data-elementor-post-type=\"page\">\n\t\t\t\t\t\t<div class=\"elementor-section elementor-top-section elementor-element elementor-element-4afbe7a elementor-section-full_width elementor-section-stretched elementor-section-height-default elementor-section-height-default\" data-id=\"4afbe7a\" data-element_type=\"section\" data-e-type=\"section\" data-settings=\"{&quot;stretch_section&quot;:&quot;section-stretched&quot;}\">\n\t\t\t\t\t\t<div class=\"elementor-container elementor-column-gap-no\">\n\t\t\t\t\t<div class=\"elementor-column elementor-col-100 elementor-top-column elementor-element elementor-element-2ea6546\" data-id=\"2ea6546\" data-element_type=\"column\" data-e-type=\"column\">\n\t\t\t<div class=\"elementor-widget-wrap elementor-element-populated\">\n\t\t\t\t\t\t<div class=\"elementor-element elementor-element-ede9191 header elementor-widget elementor-widget-text-editor\" data-id=\"ede9191\" data-element_type=\"widget\" data-e-type=\"widget\" data-widget_type=\"text-editor.default\">\n\t\t\t\t<div class=\"elementor-widget-container\">\n\t\t\t\t\t\t\t\t\t<h1>not\u00edcias<\/h1>\t\t\t\t\t\t\t\t<\/div>\n\t\t\t\t<\/div>\n\t\t\t\t\t<\/div>\n\t\t<\/div>\n\t\t\t\t\t<\/div>\n\t\t<\/div>\n\t\t\t\t<section class=\"elementor-section elementor-top-section elementor-element elementor-element-5203259 elementor-section-boxed elementor-section-height-default elementor-section-height-default\" data-id=\"5203259\" data-element_type=\"section\" data-e-type=\"section\">\n\t\t\t\t\t\t<div class=\"elementor-container elementor-column-gap-default\">\n\t\t\t\t\t<div class=\"elementor-column elementor-col-100 elementor-top-column elementor-element elementor-element-8366d35\" data-id=\"8366d35\" data-element_type=\"column\" data-e-type=\"column\">\n\t\t\t<div class=\"elementor-widget-wrap elementor-element-populated\">\n\t\t\t\t\t\t<div class=\"elementor-element elementor-element-1fbe579 elementor-nav-menu__align-center elementor-nav-menu--dropdown-tablet elementor-nav-menu__text-align-aside elementor-nav-menu--toggle elementor-nav-menu--burger elementor-widget elementor-widget-nav-menu\" data-id=\"1fbe579\" data-element_type=\"widget\" data-e-type=\"widget\" data-settings=\"{&quot;layout&quot;:&quot;horizontal&quot;,&quot;submenu_icon&quot;:{&quot;value&quot;:&quot;&lt;i class=\\&quot;fas fa-caret-down\\&quot; aria-hidden=\\&quot;true\\&quot;&gt;&lt;\\\/i&gt;&quot;,&quot;library&quot;:&quot;fa-solid&quot;},&quot;toggle&quot;:&quot;burger&quot;}\" data-widget_type=\"nav-menu.default\">\n\t\t\t\t<div class=\"elementor-widget-container\">\n\t\t\t\t\t\t\t\t<nav aria-label=\"Menu\" class=\"elementor-nav-menu--main elementor-nav-menu__container elementor-nav-menu--layout-horizontal e--pointer-underline e--animation-fade\">\n\t\t\t\t<ul id=\"menu-1-1fbe579\" class=\"elementor-nav-menu\"><li class=\"menu-item menu-item-type-post_type menu-item-object-page menu-item-40871\"><a href=\"https:\/\/acrj.org.br\/index.php\/noticias-2026\/\" class=\"elementor-item\">2026<\/a><\/li>\n<li class=\"menu-item menu-item-type-post_type menu-item-object-page menu-item-33696\"><a href=\"https:\/\/acrj.org.br\/index.php\/noticias-2025\/\" class=\"elementor-item\">2025<\/a><\/li>\n<li class=\"menu-item menu-item-type-post_type menu-item-object-page menu-item-22311\"><a href=\"https:\/\/acrj.org.br\/index.php\/noticias-2024\/\" class=\"elementor-item\">2024<\/a><\/li>\n<li class=\"menu-item menu-item-type-post_type menu-item-object-page menu-item-14279\"><a href=\"https:\/\/acrj.org.br\/index.php\/noticias-2023\/\" class=\"elementor-item\">2023<\/a><\/li>\n<li class=\"menu-item menu-item-type-post_type menu-item-object-page menu-item-10209\"><a href=\"https:\/\/acrj.org.br\/index.php\/noticias-2022\/\" class=\"elementor-item\">2022<\/a><\/li>\n<li class=\"menu-item menu-item-type-post_type menu-item-object-page menu-item-6708\"><a href=\"https:\/\/acrj.org.br\/index.php\/noticias-2021\/\" class=\"elementor-item\">2021<\/a><\/li>\n<li class=\"menu-item menu-item-type-post_type menu-item-object-page menu-item-1590\"><a href=\"https:\/\/acrj.org.br\/index.php\/noticias\/\" class=\"elementor-item\">2020<\/a><\/li>\n<li class=\"menu-item menu-item-type-post_type menu-item-object-page menu-item-1585\"><a href=\"https:\/\/acrj.org.br\/index.php\/2019-2\/\" class=\"elementor-item\">2019<\/a><\/li>\n<li class=\"menu-item menu-item-type-post_type menu-item-object-page menu-item-1584\"><a href=\"https:\/\/acrj.org.br\/index.php\/2018-2\/\" class=\"elementor-item\">2018<\/a><\/li>\n<li class=\"menu-item menu-item-type-post_type menu-item-object-page menu-item-1583\"><a href=\"https:\/\/acrj.org.br\/index.php\/2017-2\/\" class=\"elementor-item\">2017<\/a><\/li>\n<\/ul>\t\t\t<\/nav>\n\t\t\t\t\t<div class=\"elementor-menu-toggle\" role=\"button\" tabindex=\"0\" aria-label=\"Alternar menu\" aria-expanded=\"false\">\n\t\t\t<i aria-hidden=\"true\" role=\"presentation\" class=\"elementor-menu-toggle__icon--open eicon-menu-bar\"><\/i><i aria-hidden=\"true\" role=\"presentation\" class=\"elementor-menu-toggle__icon--close eicon-close\"><\/i>\t\t<\/div>\n\t\t\t\t\t<nav class=\"elementor-nav-menu--dropdown elementor-nav-menu__container\" aria-hidden=\"true\">\n\t\t\t\t<ul id=\"menu-2-1fbe579\" class=\"elementor-nav-menu\"><li class=\"menu-item menu-item-type-post_type menu-item-object-page menu-item-40871\"><a href=\"https:\/\/acrj.org.br\/index.php\/noticias-2026\/\" class=\"elementor-item\" tabindex=\"-1\">2026<\/a><\/li>\n<li class=\"menu-item menu-item-type-post_type menu-item-object-page menu-item-33696\"><a href=\"https:\/\/acrj.org.br\/index.php\/noticias-2025\/\" class=\"elementor-item\" tabindex=\"-1\">2025<\/a><\/li>\n<li class=\"menu-item menu-item-type-post_type menu-item-object-page menu-item-22311\"><a href=\"https:\/\/acrj.org.br\/index.php\/noticias-2024\/\" class=\"elementor-item\" tabindex=\"-1\">2024<\/a><\/li>\n<li class=\"menu-item menu-item-type-post_type menu-item-object-page menu-item-14279\"><a href=\"https:\/\/acrj.org.br\/index.php\/noticias-2023\/\" class=\"elementor-item\" tabindex=\"-1\">2023<\/a><\/li>\n<li class=\"menu-item menu-item-type-post_type menu-item-object-page menu-item-10209\"><a href=\"https:\/\/acrj.org.br\/index.php\/noticias-2022\/\" class=\"elementor-item\" tabindex=\"-1\">2022<\/a><\/li>\n<li class=\"menu-item menu-item-type-post_type menu-item-object-page menu-item-6708\"><a href=\"https:\/\/acrj.org.br\/index.php\/noticias-2021\/\" class=\"elementor-item\" tabindex=\"-1\">2021<\/a><\/li>\n<li class=\"menu-item menu-item-type-post_type menu-item-object-page menu-item-1590\"><a href=\"https:\/\/acrj.org.br\/index.php\/noticias\/\" class=\"elementor-item\" tabindex=\"-1\">2020<\/a><\/li>\n<li class=\"menu-item menu-item-type-post_type menu-item-object-page menu-item-1585\"><a href=\"https:\/\/acrj.org.br\/index.php\/2019-2\/\" class=\"elementor-item\" tabindex=\"-1\">2019<\/a><\/li>\n<li class=\"menu-item menu-item-type-post_type menu-item-object-page menu-item-1584\"><a href=\"https:\/\/acrj.org.br\/index.php\/2018-2\/\" class=\"elementor-item\" tabindex=\"-1\">2018<\/a><\/li>\n<li class=\"menu-item menu-item-type-post_type menu-item-object-page menu-item-1583\"><a href=\"https:\/\/acrj.org.br\/index.php\/2017-2\/\" class=\"elementor-item\" tabindex=\"-1\">2017<\/a><\/li>\n<\/ul>\t\t\t<\/nav>\n\t\t\t\t\t\t<\/div>\n\t\t\t\t<\/div>\n\t\t\t\t\t<\/div>\n\t\t<\/div>\n\t\t\t\t\t<\/div>\n\t\t<\/section>\n\t\t\t\t<section class=\"elementor-section elementor-top-section elementor-element elementor-element-f71bd15 elementor-section-boxed elementor-section-height-default elementor-section-height-default\" data-id=\"f71bd15\" data-element_type=\"section\" data-e-type=\"section\">\n\t\t\t\t\t\t<div class=\"elementor-container elementor-column-gap-default\">\n\t\t\t\t\t<div class=\"elementor-column elementor-col-100 elementor-top-column elementor-element elementor-element-689720f\" data-id=\"689720f\" data-element_type=\"column\" data-e-type=\"column\">\n\t\t\t<div class=\"elementor-widget-wrap elementor-element-populated\">\n\t\t\t\t\t\t<div class=\"elementor-element elementor-element-610c9df elementor-grid-4 elementor-grid-tablet-1 elementor-grid-mobile-1 elementor-posts--thumbnail-top elementor-widget elementor-widget-posts\" data-id=\"610c9df\" data-element_type=\"widget\" data-e-type=\"widget\" data-settings=\"{&quot;classic_columns&quot;:&quot;4&quot;,&quot;pagination_type&quot;:&quot;numbers_and_prev_next&quot;,&quot;classic_columns_tablet&quot;:&quot;1&quot;,&quot;classic_columns_mobile&quot;:&quot;1&quot;,&quot;classic_row_gap&quot;:{&quot;unit&quot;:&quot;px&quot;,&quot;size&quot;:35,&quot;sizes&quot;:[]},&quot;classic_row_gap_tablet&quot;:{&quot;unit&quot;:&quot;px&quot;,&quot;size&quot;:&quot;&quot;,&quot;sizes&quot;:[]},&quot;classic_row_gap_mobile&quot;:{&quot;unit&quot;:&quot;px&quot;,&quot;size&quot;:&quot;&quot;,&quot;sizes&quot;:[]}}\" data-widget_type=\"posts.classic\">\n\t\t\t\t<div class=\"elementor-widget-container\">\n\t\t\t\t\t\t\t<div class=\"elementor-posts-container elementor-posts elementor-posts--skin-classic elementor-grid\" role=\"list\">\n\t\t\t\t<article class=\"elementor-post elementor-grid-item post-6574 post type-post status-publish format-standard has-post-thumbnail hentry category-noticias\" role=\"listitem\">\n\t\t\t\t<a class=\"elementor-post__thumbnail__link\" href=\"https:\/\/acrj.org.br\/index.php\/2020\/12\/18\/a-hora-da-concessao\/\" tabindex=\"-1\" >\n\t\t\t<div class=\"elementor-post__thumbnail\"><img fetchpriority=\"high\" decoding=\"async\" width=\"300\" height=\"201\" src=\"https:\/\/acrj.org.br\/wp-content\/uploads\/2020\/12\/agua-300x201.jpg\" class=\"attachment-medium size-medium wp-image-6576\" alt=\"\" srcset=\"https:\/\/acrj.org.br\/wp-content\/uploads\/2020\/12\/agua-300x201.jpg 300w, https:\/\/acrj.org.br\/wp-content\/uploads\/2020\/12\/agua.jpg 500w\" sizes=\"(max-width: 300px) 100vw, 300px\" \/><\/div>\n\t\t<\/a>\n\t\t\t\t<div class=\"elementor-post__text\">\n\t\t\t\t<h3 class=\"elementor-post__title\">\n\t\t\t<a href=\"https:\/\/acrj.org.br\/index.php\/2020\/12\/18\/a-hora-da-concessao\/\" >\n\t\t\t\tA hora da Concess\u00e3o\t\t\t<\/a>\n\t\t<\/h3>\n\t\t\t\t<div class=\"elementor-post__excerpt\">\n\t\t\t<p>A presidente da Associa\u00e7\u00e3o Comercial do Rio de Janeiro, Angela Costa, enviou carta ao governador em exerc\u00edcio, Cl\u00e1udio Castro, para expressar o integral apoio da<\/p>\n\t\t<\/div>\n\t\t\n\t\t<a class=\"elementor-post__read-more\" href=\"https:\/\/acrj.org.br\/index.php\/2020\/12\/18\/a-hora-da-concessao\/\" aria-label=\"Leia mais sobre A hora da Concess\u00e3o\" tabindex=\"-1\" >\n\t\t\tLeia mais \u00bb\t\t<\/a>\n\n\t\t\t\t<\/div>\n\t\t\t\t<\/article>\n\t\t\t\t<article class=\"elementor-post elementor-grid-item post-6581 post type-post status-publish format-standard has-post-thumbnail hentry category-noticias\" role=\"listitem\">\n\t\t\t\t<a class=\"elementor-post__thumbnail__link\" href=\"https:\/\/acrj.org.br\/index.php\/2020\/12\/18\/otimismo-para-o-futuro-marca-a-ultima-reuniao-do-ano-do-conselho-empresarial-de-turismo\/\" tabindex=\"-1\" >\n\t\t\t<div class=\"elementor-post__thumbnail\"><img decoding=\"async\" width=\"300\" height=\"215\" src=\"https:\/\/acrj.org.br\/wp-content\/uploads\/2020\/12\/WhatsApp-Image-2020-12-18-at-10.01.41-300x215.jpeg\" class=\"attachment-medium size-medium wp-image-6582\" alt=\"\" srcset=\"https:\/\/acrj.org.br\/wp-content\/uploads\/2020\/12\/WhatsApp-Image-2020-12-18-at-10.01.41-300x215.jpeg 300w, https:\/\/acrj.org.br\/wp-content\/uploads\/2020\/12\/WhatsApp-Image-2020-12-18-at-10.01.41-600x431.jpeg 600w, https:\/\/acrj.org.br\/wp-content\/uploads\/2020\/12\/WhatsApp-Image-2020-12-18-at-10.01.41-1024x735.jpeg 1024w, https:\/\/acrj.org.br\/wp-content\/uploads\/2020\/12\/WhatsApp-Image-2020-12-18-at-10.01.41-768x551.jpeg 768w, https:\/\/acrj.org.br\/wp-content\/uploads\/2020\/12\/WhatsApp-Image-2020-12-18-at-10.01.41.jpeg 1055w\" sizes=\"(max-width: 300px) 100vw, 300px\" \/><\/div>\n\t\t<\/a>\n\t\t\t\t<div class=\"elementor-post__text\">\n\t\t\t\t<h3 class=\"elementor-post__title\">\n\t\t\t<a href=\"https:\/\/acrj.org.br\/index.php\/2020\/12\/18\/otimismo-para-o-futuro-marca-a-ultima-reuniao-do-ano-do-conselho-empresarial-de-turismo\/\" >\n\t\t\t\tOtimismo marca \u00faltima reuni\u00e3o do ano do Conselho Empresarial de Turismo\t\t\t<\/a>\n\t\t<\/h3>\n\t\t\t\t<div class=\"elementor-post__excerpt\">\n\t\t\t<p>O presidente do Conselho Empresarial de Turismo da ACRJ, Alfredo Lopes, demonstrou otimismo para o setor no Rio a partir de 2021, ao apresentar o<\/p>\n\t\t<\/div>\n\t\t\n\t\t<a class=\"elementor-post__read-more\" href=\"https:\/\/acrj.org.br\/index.php\/2020\/12\/18\/otimismo-para-o-futuro-marca-a-ultima-reuniao-do-ano-do-conselho-empresarial-de-turismo\/\" aria-label=\"Leia mais sobre Otimismo marca \u00faltima reuni\u00e3o do ano do Conselho Empresarial de Turismo\" tabindex=\"-1\" >\n\t\t\tLeia mais \u00bb\t\t<\/a>\n\n\t\t\t\t<\/div>\n\t\t\t\t<\/article>\n\t\t\t\t<article class=\"elementor-post elementor-grid-item post-6570 post type-post status-publish format-standard has-post-thumbnail hentry category-noticias\" role=\"listitem\">\n\t\t\t\t<a class=\"elementor-post__thumbnail__link\" href=\"https:\/\/acrj.org.br\/index.php\/2020\/12\/18\/retomada-da-economia-pode-recuar-com-nova-onda-da-covid-19\/\" tabindex=\"-1\" >\n\t\t\t<div class=\"elementor-post__thumbnail\"><img decoding=\"async\" width=\"300\" height=\"190\" src=\"https:\/\/acrj.org.br\/wp-content\/uploads\/2020\/12\/Dezembro-Poleco-300x190.jpg\" class=\"attachment-medium size-medium wp-image-6571\" alt=\"\" srcset=\"https:\/\/acrj.org.br\/wp-content\/uploads\/2020\/12\/Dezembro-Poleco-300x190.jpg 300w, https:\/\/acrj.org.br\/wp-content\/uploads\/2020\/12\/Dezembro-Poleco-600x380.jpg 600w, https:\/\/acrj.org.br\/wp-content\/uploads\/2020\/12\/Dezembro-Poleco-1024x648.jpg 1024w, https:\/\/acrj.org.br\/wp-content\/uploads\/2020\/12\/Dezembro-Poleco-768x486.jpg 768w, https:\/\/acrj.org.br\/wp-content\/uploads\/2020\/12\/Dezembro-Poleco.jpg 1222w\" sizes=\"(max-width: 300px) 100vw, 300px\" \/><\/div>\n\t\t<\/a>\n\t\t\t\t<div class=\"elementor-post__text\">\n\t\t\t\t<h3 class=\"elementor-post__title\">\n\t\t\t<a href=\"https:\/\/acrj.org.br\/index.php\/2020\/12\/18\/retomada-da-economia-pode-recuar-com-nova-onda-da-covid-19\/\" >\n\t\t\t\tRetomada da economia pode recuar com nova onda da Covid-19\t\t\t<\/a>\n\t\t<\/h3>\n\t\t\t\t<div class=\"elementor-post__excerpt\">\n\t\t\t<p>O presidente do Conselho Empresarial de Pol\u00edticas Econ\u00f4micas da ACRJ, embaixador Marc\u00edlio Marques Moreira, prev\u00ea que a recupera\u00e7\u00e3o econ\u00f4mica tende a recuar com o crescimento<\/p>\n\t\t<\/div>\n\t\t\n\t\t<a class=\"elementor-post__read-more\" href=\"https:\/\/acrj.org.br\/index.php\/2020\/12\/18\/retomada-da-economia-pode-recuar-com-nova-onda-da-covid-19\/\" aria-label=\"Leia mais sobre Retomada da economia pode recuar com nova onda da Covid-19\" tabindex=\"-1\" >\n\t\t\tLeia mais \u00bb\t\t<\/a>\n\n\t\t\t\t<\/div>\n\t\t\t\t<\/article>\n\t\t\t\t<article class=\"elementor-post elementor-grid-item post-6552 post type-post status-publish format-standard has-post-thumbnail hentry category-noticias\" role=\"listitem\">\n\t\t\t\t<a class=\"elementor-post__thumbnail__link\" href=\"https:\/\/acrj.org.br\/index.php\/2020\/12\/16\/dois-primeiros-meses-de-2021-serao-importantes-para-o-setor-de-energia\/\" tabindex=\"-1\" >\n\t\t\t<div class=\"elementor-post__thumbnail\"><img loading=\"lazy\" decoding=\"async\" width=\"300\" height=\"169\" src=\"https:\/\/acrj.org.br\/wp-content\/uploads\/2020\/12\/WhatsApp-Image-2020-12-14-at-18.10.55-300x169.jpeg\" class=\"attachment-medium size-medium wp-image-6553\" alt=\"\" srcset=\"https:\/\/acrj.org.br\/wp-content\/uploads\/2020\/12\/WhatsApp-Image-2020-12-14-at-18.10.55-300x169.jpeg 300w, https:\/\/acrj.org.br\/wp-content\/uploads\/2020\/12\/WhatsApp-Image-2020-12-14-at-18.10.55-600x337.jpeg 600w, https:\/\/acrj.org.br\/wp-content\/uploads\/2020\/12\/WhatsApp-Image-2020-12-14-at-18.10.55-1024x575.jpeg 1024w, https:\/\/acrj.org.br\/wp-content\/uploads\/2020\/12\/WhatsApp-Image-2020-12-14-at-18.10.55-768x431.jpeg 768w, https:\/\/acrj.org.br\/wp-content\/uploads\/2020\/12\/WhatsApp-Image-2020-12-14-at-18.10.55.jpeg 1280w\" sizes=\"(max-width: 300px) 100vw, 300px\" \/><\/div>\n\t\t<\/a>\n\t\t\t\t<div class=\"elementor-post__text\">\n\t\t\t\t<h3 class=\"elementor-post__title\">\n\t\t\t<a href=\"https:\/\/acrj.org.br\/index.php\/2020\/12\/16\/dois-primeiros-meses-de-2021-serao-importantes-para-o-setor-de-energia\/\" >\n\t\t\t\tDois primeiros meses de 2021 ser\u00e3o importantes para o setor de energia\t\t\t<\/a>\n\t\t<\/h3>\n\t\t\t\t<div class=\"elementor-post__excerpt\">\n\t\t\t<p>Para a presidente do Conselho&nbsp;Empresarial de Energia da ACRJ, Joisa Dutra, \u201co Brasil n\u00e3o tem uma transi\u00e7\u00e3o pol\u00edtica formal, mas os dois pr\u00f3ximos meses ser\u00e3o<\/p>\n\t\t<\/div>\n\t\t\n\t\t<a class=\"elementor-post__read-more\" href=\"https:\/\/acrj.org.br\/index.php\/2020\/12\/16\/dois-primeiros-meses-de-2021-serao-importantes-para-o-setor-de-energia\/\" aria-label=\"Leia mais sobre Dois primeiros meses de 2021 ser\u00e3o importantes para o setor de energia\" tabindex=\"-1\" >\n\t\t\tLeia mais \u00bb\t\t<\/a>\n\n\t\t\t\t<\/div>\n\t\t\t\t<\/article>\n\t\t\t\t<article class=\"elementor-post elementor-grid-item post-6548 post type-post status-publish format-standard has-post-thumbnail hentry category-noticias\" role=\"listitem\">\n\t\t\t\t<a class=\"elementor-post__thumbnail__link\" href=\"https:\/\/acrj.org.br\/index.php\/2020\/12\/16\/projeto-revitaliza-rio-propoe-recuperar-importantes-locais-publicos-da-cidade\/\" tabindex=\"-1\" >\n\t\t\t<div class=\"elementor-post__thumbnail\"><img loading=\"lazy\" decoding=\"async\" width=\"300\" height=\"225\" src=\"https:\/\/acrj.org.br\/wp-content\/uploads\/2020\/12\/Parque_da_Catacumba_2-300x225.jpg\" class=\"attachment-medium size-medium wp-image-6549\" alt=\"\" srcset=\"https:\/\/acrj.org.br\/wp-content\/uploads\/2020\/12\/Parque_da_Catacumba_2-300x225.jpg 300w, https:\/\/acrj.org.br\/wp-content\/uploads\/2020\/12\/Parque_da_Catacumba_2-scaled-600x450.jpg 600w, https:\/\/acrj.org.br\/wp-content\/uploads\/2020\/12\/Parque_da_Catacumba_2-1024x768.jpg 1024w, https:\/\/acrj.org.br\/wp-content\/uploads\/2020\/12\/Parque_da_Catacumba_2-768x576.jpg 768w, https:\/\/acrj.org.br\/wp-content\/uploads\/2020\/12\/Parque_da_Catacumba_2-1536x1152.jpg 1536w, https:\/\/acrj.org.br\/wp-content\/uploads\/2020\/12\/Parque_da_Catacumba_2-2048x1536.jpg 2048w\" sizes=\"(max-width: 300px) 100vw, 300px\" \/><\/div>\n\t\t<\/a>\n\t\t\t\t<div class=\"elementor-post__text\">\n\t\t\t\t<h3 class=\"elementor-post__title\">\n\t\t\t<a href=\"https:\/\/acrj.org.br\/index.php\/2020\/12\/16\/projeto-revitaliza-rio-propoe-recuperar-importantes-locais-publicos-da-cidade\/\" >\n\t\t\t\tProjeto Revitaliza Rio prop\u00f5e recuperar locais p\u00fablicos\t\t\t<\/a>\n\t\t<\/h3>\n\t\t\t\t<div class=\"elementor-post__excerpt\">\n\t\t\t<p>Mesmo com as dificuldades impostas durante o ano, o&nbsp;Projeto Revitaliza Rio,&nbsp;que visa recuperar espa\u00e7os p\u00fablicos da cidade que foram alvo de degrada\u00e7\u00e3o ao longo dos<\/p>\n\t\t<\/div>\n\t\t\n\t\t<a class=\"elementor-post__read-more\" href=\"https:\/\/acrj.org.br\/index.php\/2020\/12\/16\/projeto-revitaliza-rio-propoe-recuperar-importantes-locais-publicos-da-cidade\/\" aria-label=\"Leia mais sobre Projeto Revitaliza Rio prop\u00f5e recuperar locais p\u00fablicos\" tabindex=\"-1\" >\n\t\t\tLeia mais \u00bb\t\t<\/a>\n\n\t\t\t\t<\/div>\n\t\t\t\t<\/article>\n\t\t\t\t<article class=\"elementor-post elementor-grid-item post-6516 post type-post status-publish format-standard has-post-thumbnail hentry category-destaque_noticias\" role=\"listitem\">\n\t\t\t\t<a class=\"elementor-post__thumbnail__link\" href=\"https:\/\/acrj.org.br\/index.php\/2020\/12\/16\/fecomercio-rj-lidera-campanha-de-conscientizacao-e-combate-a-covid-19\/\" tabindex=\"-1\" >\n\t\t\t<div class=\"elementor-post__thumbnail\"><img loading=\"lazy\" decoding=\"async\" width=\"300\" height=\"194\" src=\"https:\/\/acrj.org.br\/wp-content\/uploads\/2020\/12\/WhatsApp-Image-2020-12-11-at-17.14.22-2-300x194.jpg\" class=\"attachment-medium size-medium wp-image-6522\" alt=\"\" srcset=\"https:\/\/acrj.org.br\/wp-content\/uploads\/2020\/12\/WhatsApp-Image-2020-12-11-at-17.14.22-2-300x194.jpg 300w, https:\/\/acrj.org.br\/wp-content\/uploads\/2020\/12\/WhatsApp-Image-2020-12-11-at-17.14.22-2-600x388.jpg 600w, https:\/\/acrj.org.br\/wp-content\/uploads\/2020\/12\/WhatsApp-Image-2020-12-11-at-17.14.22-2-1024x663.jpg 1024w, https:\/\/acrj.org.br\/wp-content\/uploads\/2020\/12\/WhatsApp-Image-2020-12-11-at-17.14.22-2-768x497.jpg 768w, https:\/\/acrj.org.br\/wp-content\/uploads\/2020\/12\/WhatsApp-Image-2020-12-11-at-17.14.22-2-1536x994.jpg 1536w, https:\/\/acrj.org.br\/wp-content\/uploads\/2020\/12\/WhatsApp-Image-2020-12-11-at-17.14.22-2-2048x1325.jpg 2048w\" sizes=\"(max-width: 300px) 100vw, 300px\" \/><\/div>\n\t\t<\/a>\n\t\t\t\t<div class=\"elementor-post__text\">\n\t\t\t\t<h3 class=\"elementor-post__title\">\n\t\t\t<a href=\"https:\/\/acrj.org.br\/index.php\/2020\/12\/16\/fecomercio-rj-lidera-campanha-de-conscientizacao-e-combate-a-covid-19\/\" >\n\t\t\t\tACRJ se une \u00e0 Fecom\u00e9rcio RJ e ao governo do estado em campanha contra Covid-19\t\t\t<\/a>\n\t\t<\/h3>\n\t\t\t\t<div class=\"elementor-post__excerpt\">\n\t\t\t<p>Governo do Estado, Associa\u00e7\u00e3o Comercial do Rio de Janeiro e Sindicatos filiados s\u00e3o parceiros no esfor\u00e7o conjunto de preven\u00e7\u00e3o Fim de ano \u00e9 \u00e9poca de<\/p>\n\t\t<\/div>\n\t\t\n\t\t<a class=\"elementor-post__read-more\" href=\"https:\/\/acrj.org.br\/index.php\/2020\/12\/16\/fecomercio-rj-lidera-campanha-de-conscientizacao-e-combate-a-covid-19\/\" aria-label=\"Leia mais sobre ACRJ se une \u00e0 Fecom\u00e9rcio RJ e ao governo do estado em campanha contra Covid-19\" tabindex=\"-1\" >\n\t\t\tLeia mais \u00bb\t\t<\/a>\n\n\t\t\t\t<\/div>\n\t\t\t\t<\/article>\n\t\t\t\t<article class=\"elementor-post elementor-grid-item post-6525 post type-post status-publish format-standard has-post-thumbnail hentry category-noticias\" role=\"listitem\">\n\t\t\t\t<a class=\"elementor-post__thumbnail__link\" href=\"https:\/\/acrj.org.br\/index.php\/2020\/12\/14\/contribuir-ainda-mais-com-o-poder-publico-em-2021-e-uma-das-metas-do-conselho-empresarial-juridico-e-estrategico\/\" tabindex=\"-1\" >\n\t\t\t<div class=\"elementor-post__thumbnail\"><img loading=\"lazy\" decoding=\"async\" width=\"300\" height=\"169\" src=\"https:\/\/acrj.org.br\/wp-content\/uploads\/2020\/12\/1112-Juridico-Estrategico-300x169.jpg\" class=\"attachment-medium size-medium wp-image-6527\" alt=\"\" srcset=\"https:\/\/acrj.org.br\/wp-content\/uploads\/2020\/12\/1112-Juridico-Estrategico-300x169.jpg 300w, https:\/\/acrj.org.br\/wp-content\/uploads\/2020\/12\/1112-Juridico-Estrategico-600x337.jpg 600w, https:\/\/acrj.org.br\/wp-content\/uploads\/2020\/12\/1112-Juridico-Estrategico-1024x576.jpg 1024w, https:\/\/acrj.org.br\/wp-content\/uploads\/2020\/12\/1112-Juridico-Estrategico-768x432.jpg 768w, https:\/\/acrj.org.br\/wp-content\/uploads\/2020\/12\/1112-Juridico-Estrategico.jpg 1366w\" sizes=\"(max-width: 300px) 100vw, 300px\" \/><\/div>\n\t\t<\/a>\n\t\t\t\t<div class=\"elementor-post__text\">\n\t\t\t\t<h3 class=\"elementor-post__title\">\n\t\t\t<a href=\"https:\/\/acrj.org.br\/index.php\/2020\/12\/14\/contribuir-ainda-mais-com-o-poder-publico-em-2021-e-uma-das-metas-do-conselho-empresarial-juridico-e-estrategico\/\" >\n\t\t\t\tMetas para o pr\u00f3ximo ano do\u00a0Conselho Empresarial Jur\u00eddico e Estrat\u00e9gico\u00a0\u00a0\t\t\t<\/a>\n\t\t<\/h3>\n\t\t\t\t<div class=\"elementor-post__excerpt\">\n\t\t\t<p>Com&nbsp;as boas vindas&nbsp;ao vice-presidente da ACRJ, H\u00e9lio Ferraz,&nbsp;novo membro do&nbsp;Conselho Empresarial Jur\u00eddico e Estrat\u00e9gico, o presidente do Conselho, D\u00e9cio Freire deu in\u00edcio \u00e0&nbsp;\u00faltima reuni\u00e3o de<\/p>\n\t\t<\/div>\n\t\t\n\t\t<a class=\"elementor-post__read-more\" href=\"https:\/\/acrj.org.br\/index.php\/2020\/12\/14\/contribuir-ainda-mais-com-o-poder-publico-em-2021-e-uma-das-metas-do-conselho-empresarial-juridico-e-estrategico\/\" aria-label=\"Leia mais sobre Metas para o pr\u00f3ximo ano do\u00a0Conselho Empresarial Jur\u00eddico e Estrat\u00e9gico\u00a0\u00a0\" tabindex=\"-1\" >\n\t\t\tLeia mais \u00bb\t\t<\/a>\n\n\t\t\t\t<\/div>\n\t\t\t\t<\/article>\n\t\t\t\t<article class=\"elementor-post elementor-grid-item post-6500 post type-post status-publish format-standard has-post-thumbnail hentry category-destaque_noticias\" role=\"listitem\">\n\t\t\t\t<a class=\"elementor-post__thumbnail__link\" href=\"https:\/\/acrj.org.br\/index.php\/2020\/12\/11\/presidente-da-acrj-e-homenageada-com-medalha-merito-tamandare-da-marinha\/\" tabindex=\"-1\" >\n\t\t\t<div class=\"elementor-post__thumbnail\"><img loading=\"lazy\" decoding=\"async\" width=\"300\" height=\"217\" src=\"https:\/\/acrj.org.br\/wp-content\/uploads\/2020\/12\/q-e1607951817768-300x217.jpeg\" class=\"attachment-medium size-medium wp-image-6502\" alt=\"\" srcset=\"https:\/\/acrj.org.br\/wp-content\/uploads\/2020\/12\/q-e1607951817768-300x217.jpeg 300w, https:\/\/acrj.org.br\/wp-content\/uploads\/2020\/12\/q-e1607951817768-600x434.jpeg 600w, https:\/\/acrj.org.br\/wp-content\/uploads\/2020\/12\/q-e1607951817768-768x555.jpeg 768w, https:\/\/acrj.org.br\/wp-content\/uploads\/2020\/12\/q-e1607951817768.jpeg 960w\" sizes=\"(max-width: 300px) 100vw, 300px\" \/><\/div>\n\t\t<\/a>\n\t\t\t\t<div class=\"elementor-post__text\">\n\t\t\t\t<h3 class=\"elementor-post__title\">\n\t\t\t<a href=\"https:\/\/acrj.org.br\/index.php\/2020\/12\/11\/presidente-da-acrj-e-homenageada-com-medalha-merito-tamandare-da-marinha\/\" >\n\t\t\t\tPresidente da ACRJ \u00e9 homenageada com medalha M\u00e9rito Tamandar\u00e9, da Marinha\t\t\t<\/a>\n\t\t<\/h3>\n\t\t\t\t<div class=\"elementor-post__excerpt\">\n\t\t\t<p>O Comando do 1\u00ba Distrito Naval (Com1\u00baDN) realizou, dia 11 de dezembro, a cerim\u00f4nia em comemora\u00e7\u00e3o ao Dia do Marinheiro e Imposi\u00e7\u00e3o da Medalha \u201cM\u00e9rito<\/p>\n\t\t<\/div>\n\t\t\n\t\t<a class=\"elementor-post__read-more\" href=\"https:\/\/acrj.org.br\/index.php\/2020\/12\/11\/presidente-da-acrj-e-homenageada-com-medalha-merito-tamandare-da-marinha\/\" aria-label=\"Leia mais sobre Presidente da ACRJ \u00e9 homenageada com medalha M\u00e9rito Tamandar\u00e9, da Marinha\" tabindex=\"-1\" >\n\t\t\tLeia mais \u00bb\t\t<\/a>\n\n\t\t\t\t<\/div>\n\t\t\t\t<\/article>\n\t\t\t\t<article class=\"elementor-post elementor-grid-item post-6410 post type-post status-publish format-standard has-post-thumbnail hentry category-noticias\" role=\"listitem\">\n\t\t\t\t<a class=\"elementor-post__thumbnail__link\" href=\"https:\/\/acrj.org.br\/index.php\/2020\/12\/08\/conselho-de-governanca-e-compliance-faz-retrospectiva-do-ano-e-aponta-para-projetos-de-2021\/\" tabindex=\"-1\" >\n\t\t\t<div class=\"elementor-post__thumbnail\"><img loading=\"lazy\" decoding=\"async\" width=\"300\" height=\"178\" src=\"https:\/\/acrj.org.br\/wp-content\/uploads\/2020\/12\/comp0-1-300x178.jpg\" class=\"attachment-medium size-medium wp-image-6414\" alt=\"\" srcset=\"https:\/\/acrj.org.br\/wp-content\/uploads\/2020\/12\/comp0-1-300x178.jpg 300w, https:\/\/acrj.org.br\/wp-content\/uploads\/2020\/12\/comp0-1-600x356.jpg 600w, https:\/\/acrj.org.br\/wp-content\/uploads\/2020\/12\/comp0-1-1024x608.jpg 1024w, https:\/\/acrj.org.br\/wp-content\/uploads\/2020\/12\/comp0-1-768x456.jpg 768w, https:\/\/acrj.org.br\/wp-content\/uploads\/2020\/12\/comp0-1.jpg 1496w\" sizes=\"(max-width: 300px) 100vw, 300px\" \/><\/div>\n\t\t<\/a>\n\t\t\t\t<div class=\"elementor-post__text\">\n\t\t\t\t<h3 class=\"elementor-post__title\">\n\t\t\t<a href=\"https:\/\/acrj.org.br\/index.php\/2020\/12\/08\/conselho-de-governanca-e-compliance-faz-retrospectiva-do-ano-e-aponta-para-projetos-de-2021\/\" >\n\t\t\t\tConselho de Governan\u00e7a e Compliance aponta para projetos de 2021\t\t\t<\/a>\n\t\t<\/h3>\n\t\t\t\t<div class=\"elementor-post__excerpt\">\n\t\t\t<p>O Conselho Empresarial de Governan\u00e7a e Compliance da ACRJ realizou sua \u00faltima reuni\u00e3o de 2020, de forma virtual, no dia 4 de dezembro. Durante o<\/p>\n\t\t<\/div>\n\t\t\n\t\t<a class=\"elementor-post__read-more\" href=\"https:\/\/acrj.org.br\/index.php\/2020\/12\/08\/conselho-de-governanca-e-compliance-faz-retrospectiva-do-ano-e-aponta-para-projetos-de-2021\/\" aria-label=\"Leia mais sobre Conselho de Governan\u00e7a e Compliance aponta para projetos de 2021\" tabindex=\"-1\" >\n\t\t\tLeia mais \u00bb\t\t<\/a>\n\n\t\t\t\t<\/div>\n\t\t\t\t<\/article>\n\t\t\t\t<article class=\"elementor-post elementor-grid-item post-6423 post type-post status-publish format-standard has-post-thumbnail hentry category-destaque_noticias\" role=\"listitem\">\n\t\t\t\t<a class=\"elementor-post__thumbnail__link\" href=\"https:\/\/acrj.org.br\/index.php\/2020\/12\/08\/um-passeio-ao-longo-da-estrada-dona-castorina-da-vista-chinesa-as-cachoeiras-do-horto\/\" tabindex=\"-1\" >\n\t\t\t<div class=\"elementor-post__thumbnail\"><img loading=\"lazy\" decoding=\"async\" width=\"300\" height=\"213\" src=\"https:\/\/acrj.org.br\/wp-content\/uploads\/2020\/12\/Sem-titulo-300x213.png\" class=\"attachment-medium size-medium wp-image-6424\" alt=\"\" srcset=\"https:\/\/acrj.org.br\/wp-content\/uploads\/2020\/12\/Sem-titulo-300x213.png 300w, https:\/\/acrj.org.br\/wp-content\/uploads\/2020\/12\/Sem-titulo-600x426.png 600w, https:\/\/acrj.org.br\/wp-content\/uploads\/2020\/12\/Sem-titulo-1024x727.png 1024w, https:\/\/acrj.org.br\/wp-content\/uploads\/2020\/12\/Sem-titulo-768x545.png 768w, https:\/\/acrj.org.br\/wp-content\/uploads\/2020\/12\/Sem-titulo.png 1045w\" sizes=\"(max-width: 300px) 100vw, 300px\" \/><\/div>\n\t\t<\/a>\n\t\t\t\t<div class=\"elementor-post__text\">\n\t\t\t\t<h3 class=\"elementor-post__title\">\n\t\t\t<a href=\"https:\/\/acrj.org.br\/index.php\/2020\/12\/08\/um-passeio-ao-longo-da-estrada-dona-castorina-da-vista-chinesa-as-cachoeiras-do-horto\/\" >\n\t\t\t\tUm passeio pela estrada Dona Castorina: da Vista Chinesa \u00e0s cachoeiras do Horto\t\t\t<\/a>\n\t\t<\/h3>\n\t\t\t\t<div class=\"elementor-post__excerpt\">\n\t\t\t<p>Do Alto da Boa Vista at\u00e9 o Clube dos Macacos, a estrada Dona Castorina atravessa pontos extraordin\u00e1rios do Rio de Janeiro, como a Mesa do<\/p>\n\t\t<\/div>\n\t\t\n\t\t<a class=\"elementor-post__read-more\" href=\"https:\/\/acrj.org.br\/index.php\/2020\/12\/08\/um-passeio-ao-longo-da-estrada-dona-castorina-da-vista-chinesa-as-cachoeiras-do-horto\/\" aria-label=\"Leia mais sobre Um passeio pela estrada Dona Castorina: da Vista Chinesa \u00e0s cachoeiras do Horto\" tabindex=\"-1\" >\n\t\t\tLeia mais \u00bb\t\t<\/a>\n\n\t\t\t\t<\/div>\n\t\t\t\t<\/article>\n\t\t\t\t<article class=\"elementor-post elementor-grid-item post-6243 post type-post status-publish format-standard has-post-thumbnail hentry category-noticias\" role=\"listitem\">\n\t\t\t\t<a class=\"elementor-post__thumbnail__link\" href=\"https:\/\/acrj.org.br\/index.php\/2020\/12\/07\/conselho-debate-ferramentas-para-melhoria-do-desempenho-e-inovacao-das-empresas\/\" tabindex=\"-1\" >\n\t\t\t<div class=\"elementor-post__thumbnail\"><img loading=\"lazy\" decoding=\"async\" width=\"300\" height=\"200\" src=\"https:\/\/acrj.org.br\/wp-content\/uploads\/2020\/11\/reuniao-inovacao-300x200.jpeg\" class=\"attachment-medium size-medium wp-image-6251\" alt=\"\" srcset=\"https:\/\/acrj.org.br\/wp-content\/uploads\/2020\/11\/reuniao-inovacao-300x200.jpeg 300w, https:\/\/acrj.org.br\/wp-content\/uploads\/2020\/11\/reuniao-inovacao.jpeg 500w\" sizes=\"(max-width: 300px) 100vw, 300px\" \/><\/div>\n\t\t<\/a>\n\t\t\t\t<div class=\"elementor-post__text\">\n\t\t\t\t<h3 class=\"elementor-post__title\">\n\t\t\t<a href=\"https:\/\/acrj.org.br\/index.php\/2020\/12\/07\/conselho-debate-ferramentas-para-melhoria-do-desempenho-e-inovacao-das-empresas\/\" >\n\t\t\t\tConselho debate ferramentas para melhorar desempenho das empresas\t\t\t<\/a>\n\t\t<\/h3>\n\t\t\t\t<div class=\"elementor-post__excerpt\">\n\t\t\t<p>Quais ferramentas podem atuar na constru\u00e7\u00e3o de propostas para contribuir para o desempenho e inova\u00e7\u00e3o das empresas, mesmo as pequenas e m\u00e9dias? Esse foi o<\/p>\n\t\t<\/div>\n\t\t\n\t\t<a class=\"elementor-post__read-more\" href=\"https:\/\/acrj.org.br\/index.php\/2020\/12\/07\/conselho-debate-ferramentas-para-melhoria-do-desempenho-e-inovacao-das-empresas\/\" aria-label=\"Leia mais sobre Conselho debate ferramentas para melhorar desempenho das empresas\" tabindex=\"-1\" >\n\t\t\tLeia mais \u00bb\t\t<\/a>\n\n\t\t\t\t<\/div>\n\t\t\t\t<\/article>\n\t\t\t\t<article class=\"elementor-post elementor-grid-item post-6416 post type-post status-publish format-standard has-post-thumbnail hentry category-noticias\" role=\"listitem\">\n\t\t\t\t<a class=\"elementor-post__thumbnail__link\" href=\"https:\/\/acrj.org.br\/index.php\/2020\/12\/07\/palestra-sobre-o-projeto-revitaliza-rio\/\" tabindex=\"-1\" >\n\t\t\t<div class=\"elementor-post__thumbnail\"><img loading=\"lazy\" decoding=\"async\" width=\"300\" height=\"150\" src=\"https:\/\/acrj.org.br\/wp-content\/uploads\/2020\/07\/Assuntos-Culturais-Reuni\u00e3o-Virtual-300x150.jpg\" class=\"attachment-medium size-medium wp-image-4584\" alt=\"\" srcset=\"https:\/\/acrj.org.br\/wp-content\/uploads\/2020\/07\/Assuntos-Culturais-Reuni\u00e3o-Virtual-300x150.jpg 300w, https:\/\/acrj.org.br\/wp-content\/uploads\/2020\/07\/Assuntos-Culturais-Reuni\u00e3o-Virtual-600x300.jpg 600w, https:\/\/acrj.org.br\/wp-content\/uploads\/2020\/07\/Assuntos-Culturais-Reuni\u00e3o-Virtual-1024x512.jpg 1024w, https:\/\/acrj.org.br\/wp-content\/uploads\/2020\/07\/Assuntos-Culturais-Reuni\u00e3o-Virtual-768x384.jpg 768w, https:\/\/acrj.org.br\/wp-content\/uploads\/2020\/07\/Assuntos-Culturais-Reuni\u00e3o-Virtual.jpg 1280w\" sizes=\"(max-width: 300px) 100vw, 300px\" \/><\/div>\n\t\t<\/a>\n\t\t\t\t<div class=\"elementor-post__text\">\n\t\t\t\t<h3 class=\"elementor-post__title\">\n\t\t\t<a href=\"https:\/\/acrj.org.br\/index.php\/2020\/12\/07\/palestra-sobre-o-projeto-revitaliza-rio\/\" >\n\t\t\t\tProjeto Revitaliza Rio \u00e9 tema de palestra na ACRJ\t\t\t<\/a>\n\t\t<\/h3>\n\t\t\t\t<div class=\"elementor-post__excerpt\">\n\t\t\t<p>O Conselho Empresarial de Assuntos Culturais da ACRJ recebe a CEO do Projeto Revitaliza Rio, Renata Lima, e a coordenadora da iniciativa, Luciana Levacov, para<\/p>\n\t\t<\/div>\n\t\t\n\t\t<a class=\"elementor-post__read-more\" href=\"https:\/\/acrj.org.br\/index.php\/2020\/12\/07\/palestra-sobre-o-projeto-revitaliza-rio\/\" aria-label=\"Leia mais sobre Projeto Revitaliza Rio \u00e9 tema de palestra na ACRJ\" tabindex=\"-1\" >\n\t\t\tLeia mais \u00bb\t\t<\/a>\n\n\t\t\t\t<\/div>\n\t\t\t\t<\/article>\n\t\t\t\t<\/div>\n\t\t\n\t\t\t\t<div class=\"e-load-more-anchor\" data-page=\"1\" data-max-page=\"17\" data-next-page=\"https:\/\/acrj.org.br\/index.php\/wp-json\/wp\/v2\/pages\/76\/page\/2\/\"><\/div>\n\t\t\t\t<nav class=\"elementor-pagination\" aria-label=\"Pagina\u00e7\u00e3o\">\n\t\t\t<span class=\"page-numbers prev\"><<\/span>\n<span aria-current=\"page\" class=\"page-numbers current\"><span class=\"elementor-screen-only\">P\u00e1gina<\/span>1<\/span>\n<a class=\"page-numbers\" href=\"https:\/\/acrj.org.br\/index.php\/wp-json\/wp\/v2\/pages\/76\/page\/2\/\"><span class=\"elementor-screen-only\">P\u00e1gina<\/span>2<\/a>\n<a class=\"page-numbers\" href=\"https:\/\/acrj.org.br\/index.php\/wp-json\/wp\/v2\/pages\/76\/page\/3\/\"><span class=\"elementor-screen-only\">P\u00e1gina<\/span>3<\/a>\n<a class=\"page-numbers\" href=\"https:\/\/acrj.org.br\/index.php\/wp-json\/wp\/v2\/pages\/76\/page\/4\/\"><span class=\"elementor-screen-only\">P\u00e1gina<\/span>4<\/a>\n<a class=\"page-numbers\" href=\"https:\/\/acrj.org.br\/index.php\/wp-json\/wp\/v2\/pages\/76\/page\/5\/\"><span class=\"elementor-screen-only\">P\u00e1gina<\/span>5<\/a>\n<a class=\"page-numbers\" href=\"https:\/\/acrj.org.br\/index.php\/wp-json\/wp\/v2\/pages\/76\/page\/6\/\"><span class=\"elementor-screen-only\">P\u00e1gina<\/span>6<\/a>\n<a class=\"page-numbers\" href=\"https:\/\/acrj.org.br\/index.php\/wp-json\/wp\/v2\/pages\/76\/page\/7\/\"><span class=\"elementor-screen-only\">P\u00e1gina<\/span>7<\/a>\n<a class=\"page-numbers\" href=\"https:\/\/acrj.org.br\/index.php\/wp-json\/wp\/v2\/pages\/76\/page\/8\/\"><span class=\"elementor-screen-only\">P\u00e1gina<\/span>8<\/a>\n<a class=\"page-numbers\" href=\"https:\/\/acrj.org.br\/index.php\/wp-json\/wp\/v2\/pages\/76\/page\/9\/\"><span class=\"elementor-screen-only\">P\u00e1gina<\/span>9<\/a>\n<a class=\"page-numbers\" href=\"https:\/\/acrj.org.br\/index.php\/wp-json\/wp\/v2\/pages\/76\/page\/10\/\"><span class=\"elementor-screen-only\">P\u00e1gina<\/span>10<\/a>\n<a class=\"page-numbers\" href=\"https:\/\/acrj.org.br\/index.php\/wp-json\/wp\/v2\/pages\/76\/page\/11\/\"><span class=\"elementor-screen-only\">P\u00e1gina<\/span>11<\/a>\n<a class=\"page-numbers\" href=\"https:\/\/acrj.org.br\/index.php\/wp-json\/wp\/v2\/pages\/76\/page\/12\/\"><span class=\"elementor-screen-only\">P\u00e1gina<\/span>12<\/a>\n<a class=\"page-numbers\" href=\"https:\/\/acrj.org.br\/index.php\/wp-json\/wp\/v2\/pages\/76\/page\/13\/\"><span class=\"elementor-screen-only\">P\u00e1gina<\/span>13<\/a>\n<a class=\"page-numbers\" href=\"https:\/\/acrj.org.br\/index.php\/wp-json\/wp\/v2\/pages\/76\/page\/14\/\"><span class=\"elementor-screen-only\">P\u00e1gina<\/span>14<\/a>\n<a class=\"page-numbers\" href=\"https:\/\/acrj.org.br\/index.php\/wp-json\/wp\/v2\/pages\/76\/page\/15\/\"><span class=\"elementor-screen-only\">P\u00e1gina<\/span>15<\/a>\n<a class=\"page-numbers\" href=\"https:\/\/acrj.org.br\/index.php\/wp-json\/wp\/v2\/pages\/76\/page\/16\/\"><span class=\"elementor-screen-only\">P\u00e1gina<\/span>16<\/a>\n<a class=\"page-numbers\" href=\"https:\/\/acrj.org.br\/index.php\/wp-json\/wp\/v2\/pages\/76\/page\/17\/\"><span class=\"elementor-screen-only\">P\u00e1gina<\/span>17<\/a>\n<a class=\"page-numbers next\" href=\"https:\/\/acrj.org.br\/index.php\/wp-json\/wp\/v2\/pages\/76\/page\/2\/\">><\/a>\t\t<\/nav>\n\t\t\t\t\t\t<\/div>\n\t\t\t\t<\/div>\n\t\t\t\t\t<\/div>\n\t\t<\/div>\n\t\t\t\t\t<\/div>\n\t\t<\/section>\n\t\t\t\t<\/div>\n\t\t","protected":false},"excerpt":{"rendered":"<p>not\u00edcias<\/p>\n","protected":false},"author":1,"featured_media":0,"parent":0,"menu_order":0,"comment_status":"closed","ping_status":"closed","template":"","meta":{"_exactmetrics_skip_tracking":false,"_exactmetrics_sitenote_active":false,"_exactmetrics_sitenote_note":"","_exactmetrics_sitenote_category":0,"footnotes":""},"class_list":["post-76","page","type-page","status-publish","hentry"],"_links":{"self":[{"href":"https:\/\/acrj.org.br\/index.php\/wp-json\/wp\/v2\/pages\/76","targetHints":{"allow":["GET"]}}],"collection":[{"href":"https:\/\/acrj.org.br\/index.php\/wp-json\/wp\/v2\/pages"}],"about":[{"href":"https:\/\/acrj.org.br\/index.php\/wp-json\/wp\/v2\/types\/page"}],"author":[{"embeddable":true,"href":"https:\/\/acrj.org.br\/index.php\/wp-json\/wp\/v2\/users\/1"}],"replies":[{"embeddable":true,"href":"https:\/\/acrj.org.br\/index.php\/wp-json\/wp\/v2\/comments?post=76"}],"version-history":[{"count":0,"href":"https:\/\/acrj.org.br\/index.php\/wp-json\/wp\/v2\/pages\/76\/revisions"}],"wp:attachment":[{"href":"https:\/\/acrj.org.br\/index.php\/wp-json\/wp\/v2\/media?parent=76"}],"curies":[{"name":"wp","href":"https:\/\/api.w.org\/{rel}","templated":true}]}}