{"id":6692,"date":"2021-01-28T18:48:20","date_gmt":"2021-01-28T21:48:20","guid":{"rendered":"https:\/\/acrj.org.br\/?page_id=6692"},"modified":"2025-07-29T12:40:58","modified_gmt":"2025-07-29T15:40:58","slug":"noticias-2021","status":"publish","type":"page","link":"https:\/\/acrj.org.br\/index.php\/noticias-2021\/","title":{"rendered":"Not\u00edcias 2021"},"content":{"rendered":"\t\t<div data-elementor-type=\"wp-page\" data-elementor-id=\"6692\" class=\"elementor elementor-6692\" data-elementor-post-type=\"page\">\n\t\t\t\t\t\t<section class=\"elementor-section elementor-top-section elementor-element elementor-element-d1e9ed9 elementor-section-stretched elementor-section-boxed elementor-section-height-default elementor-section-height-default\" data-id=\"d1e9ed9\" data-element_type=\"section\" data-e-type=\"section\" data-settings=\"{&quot;stretch_section&quot;:&quot;section-stretched&quot;,&quot;background_background&quot;:&quot;classic&quot;}\">\n\t\t\t\t\t\t<div class=\"elementor-container elementor-column-gap-no\">\n\t\t\t\t\t<div class=\"elementor-column elementor-col-100 elementor-top-column elementor-element elementor-element-87f2e61\" data-id=\"87f2e61\" data-element_type=\"column\" data-e-type=\"column\">\n\t\t\t<div class=\"elementor-widget-wrap elementor-element-populated\">\n\t\t\t\t\t\t<div class=\"elementor-element elementor-element-db4c7d1 elementor-widget elementor-widget-spacer\" data-id=\"db4c7d1\" data-element_type=\"widget\" data-e-type=\"widget\" data-widget_type=\"spacer.default\">\n\t\t\t\t<div class=\"elementor-widget-container\">\n\t\t\t\t\t\t\t<div class=\"elementor-spacer\">\n\t\t\t<div class=\"elementor-spacer-inner\"><\/div>\n\t\t<\/div>\n\t\t\t\t\t\t<\/div>\n\t\t\t\t<\/div>\n\t\t\t\t<div class=\"elementor-element elementor-element-41856e3 elementor-widget elementor-widget-text-editor\" data-id=\"41856e3\" data-element_type=\"widget\" data-e-type=\"widget\" data-widget_type=\"text-editor.default\">\n\t\t\t\t<div class=\"elementor-widget-container\">\n\t\t\t\t\t\t\t\t\tnot\u00edcias\t\t\t\t\t\t\t\t<\/div>\n\t\t\t\t<\/div>\n\t\t\t\t<div class=\"elementor-element elementor-element-a14e607 elementor-widget elementor-widget-spacer\" data-id=\"a14e607\" data-element_type=\"widget\" data-e-type=\"widget\" data-widget_type=\"spacer.default\">\n\t\t\t\t<div class=\"elementor-widget-container\">\n\t\t\t\t\t\t\t<div class=\"elementor-spacer\">\n\t\t\t<div class=\"elementor-spacer-inner\"><\/div>\n\t\t<\/div>\n\t\t\t\t\t\t<\/div>\n\t\t\t\t<\/div>\n\t\t\t\t\t<\/div>\n\t\t<\/div>\n\t\t\t\t\t<\/div>\n\t\t<\/section>\n\t\t\t\t<section class=\"elementor-section elementor-top-section elementor-element elementor-element-1e1fd3a elementor-section-boxed elementor-section-height-default elementor-section-height-default\" data-id=\"1e1fd3a\" data-element_type=\"section\" data-e-type=\"section\">\n\t\t\t\t\t\t<div class=\"elementor-container elementor-column-gap-default\">\n\t\t\t\t\t<div class=\"elementor-column elementor-col-100 elementor-top-column elementor-element elementor-element-6f1ba4c\" data-id=\"6f1ba4c\" data-element_type=\"column\" data-e-type=\"column\">\n\t\t\t<div class=\"elementor-widget-wrap elementor-element-populated\">\n\t\t\t\t\t\t<div class=\"elementor-element elementor-element-2abcfdf elementor-nav-menu__align-center elementor-nav-menu--dropdown-tablet elementor-nav-menu__text-align-aside elementor-nav-menu--toggle elementor-nav-menu--burger elementor-widget elementor-widget-nav-menu\" data-id=\"2abcfdf\" data-element_type=\"widget\" data-e-type=\"widget\" data-settings=\"{&quot;layout&quot;:&quot;horizontal&quot;,&quot;submenu_icon&quot;:{&quot;value&quot;:&quot;&lt;i class=\\&quot;fas fa-caret-down\\&quot; aria-hidden=\\&quot;true\\&quot;&gt;&lt;\\\/i&gt;&quot;,&quot;library&quot;:&quot;fa-solid&quot;},&quot;toggle&quot;:&quot;burger&quot;}\" data-widget_type=\"nav-menu.default\">\n\t\t\t\t<div class=\"elementor-widget-container\">\n\t\t\t\t\t\t\t\t<nav aria-label=\"Menu\" class=\"elementor-nav-menu--main elementor-nav-menu__container elementor-nav-menu--layout-horizontal e--pointer-underline e--animation-fade\">\n\t\t\t\t<ul id=\"menu-1-2abcfdf\" class=\"elementor-nav-menu\"><li class=\"menu-item menu-item-type-post_type menu-item-object-page menu-item-40871\"><a href=\"https:\/\/acrj.org.br\/index.php\/noticias-2026\/\" class=\"elementor-item\">2026<\/a><\/li>\n<li class=\"menu-item menu-item-type-post_type menu-item-object-page menu-item-33696\"><a href=\"https:\/\/acrj.org.br\/index.php\/noticias-2025\/\" class=\"elementor-item\">2025<\/a><\/li>\n<li class=\"menu-item menu-item-type-post_type menu-item-object-page menu-item-22311\"><a href=\"https:\/\/acrj.org.br\/index.php\/noticias-2024\/\" class=\"elementor-item\">2024<\/a><\/li>\n<li class=\"menu-item menu-item-type-post_type menu-item-object-page menu-item-14279\"><a href=\"https:\/\/acrj.org.br\/index.php\/noticias-2023\/\" class=\"elementor-item\">2023<\/a><\/li>\n<li class=\"menu-item menu-item-type-post_type menu-item-object-page menu-item-10209\"><a href=\"https:\/\/acrj.org.br\/index.php\/noticias-2022\/\" class=\"elementor-item\">2022<\/a><\/li>\n<li class=\"menu-item menu-item-type-post_type menu-item-object-page menu-item-6708\"><a href=\"https:\/\/acrj.org.br\/index.php\/noticias-2021\/\" class=\"elementor-item\">2021<\/a><\/li>\n<li class=\"menu-item menu-item-type-post_type menu-item-object-page menu-item-1590\"><a href=\"https:\/\/acrj.org.br\/index.php\/noticias\/\" class=\"elementor-item\">2020<\/a><\/li>\n<li class=\"menu-item menu-item-type-post_type menu-item-object-page menu-item-1585\"><a href=\"https:\/\/acrj.org.br\/index.php\/2019-2\/\" class=\"elementor-item\">2019<\/a><\/li>\n<li class=\"menu-item menu-item-type-post_type menu-item-object-page menu-item-1584\"><a href=\"https:\/\/acrj.org.br\/index.php\/2018-2\/\" class=\"elementor-item\">2018<\/a><\/li>\n<li class=\"menu-item menu-item-type-post_type menu-item-object-page menu-item-1583\"><a href=\"https:\/\/acrj.org.br\/index.php\/2017-2\/\" class=\"elementor-item\">2017<\/a><\/li>\n<\/ul>\t\t\t<\/nav>\n\t\t\t\t\t<div class=\"elementor-menu-toggle\" role=\"button\" tabindex=\"0\" aria-label=\"Alternar menu\" aria-expanded=\"false\">\n\t\t\t<i aria-hidden=\"true\" role=\"presentation\" class=\"elementor-menu-toggle__icon--open eicon-menu-bar\"><\/i><i aria-hidden=\"true\" role=\"presentation\" class=\"elementor-menu-toggle__icon--close eicon-close\"><\/i>\t\t<\/div>\n\t\t\t\t\t<nav class=\"elementor-nav-menu--dropdown elementor-nav-menu__container\" aria-hidden=\"true\">\n\t\t\t\t<ul id=\"menu-2-2abcfdf\" class=\"elementor-nav-menu\"><li class=\"menu-item menu-item-type-post_type menu-item-object-page menu-item-40871\"><a href=\"https:\/\/acrj.org.br\/index.php\/noticias-2026\/\" class=\"elementor-item\" tabindex=\"-1\">2026<\/a><\/li>\n<li class=\"menu-item menu-item-type-post_type menu-item-object-page menu-item-33696\"><a href=\"https:\/\/acrj.org.br\/index.php\/noticias-2025\/\" class=\"elementor-item\" tabindex=\"-1\">2025<\/a><\/li>\n<li class=\"menu-item menu-item-type-post_type menu-item-object-page menu-item-22311\"><a href=\"https:\/\/acrj.org.br\/index.php\/noticias-2024\/\" class=\"elementor-item\" tabindex=\"-1\">2024<\/a><\/li>\n<li class=\"menu-item menu-item-type-post_type menu-item-object-page menu-item-14279\"><a href=\"https:\/\/acrj.org.br\/index.php\/noticias-2023\/\" class=\"elementor-item\" tabindex=\"-1\">2023<\/a><\/li>\n<li class=\"menu-item menu-item-type-post_type menu-item-object-page menu-item-10209\"><a href=\"https:\/\/acrj.org.br\/index.php\/noticias-2022\/\" class=\"elementor-item\" tabindex=\"-1\">2022<\/a><\/li>\n<li class=\"menu-item menu-item-type-post_type menu-item-object-page menu-item-6708\"><a href=\"https:\/\/acrj.org.br\/index.php\/noticias-2021\/\" class=\"elementor-item\" tabindex=\"-1\">2021<\/a><\/li>\n<li class=\"menu-item menu-item-type-post_type menu-item-object-page menu-item-1590\"><a href=\"https:\/\/acrj.org.br\/index.php\/noticias\/\" class=\"elementor-item\" tabindex=\"-1\">2020<\/a><\/li>\n<li class=\"menu-item menu-item-type-post_type menu-item-object-page menu-item-1585\"><a href=\"https:\/\/acrj.org.br\/index.php\/2019-2\/\" class=\"elementor-item\" tabindex=\"-1\">2019<\/a><\/li>\n<li class=\"menu-item menu-item-type-post_type menu-item-object-page menu-item-1584\"><a href=\"https:\/\/acrj.org.br\/index.php\/2018-2\/\" class=\"elementor-item\" tabindex=\"-1\">2018<\/a><\/li>\n<li class=\"menu-item menu-item-type-post_type menu-item-object-page menu-item-1583\"><a href=\"https:\/\/acrj.org.br\/index.php\/2017-2\/\" class=\"elementor-item\" tabindex=\"-1\">2017<\/a><\/li>\n<\/ul>\t\t\t<\/nav>\n\t\t\t\t\t\t<\/div>\n\t\t\t\t<\/div>\n\t\t\t\t\t<\/div>\n\t\t<\/div>\n\t\t\t\t\t<\/div>\n\t\t<\/section>\n\t\t\t\t<section class=\"elementor-section elementor-top-section elementor-element elementor-element-8d8c463 elementor-section-boxed elementor-section-height-default elementor-section-height-default\" data-id=\"8d8c463\" data-element_type=\"section\" data-e-type=\"section\">\n\t\t\t\t\t\t<div class=\"elementor-container elementor-column-gap-default\">\n\t\t\t\t\t<div class=\"elementor-column elementor-col-100 elementor-top-column elementor-element elementor-element-39d3bf3\" data-id=\"39d3bf3\" data-element_type=\"column\" data-e-type=\"column\">\n\t\t\t<div class=\"elementor-widget-wrap elementor-element-populated\">\n\t\t\t\t\t\t<div class=\"elementor-element elementor-element-64c96fd elementor-grid-4 elementor-grid-tablet-1 elementor-grid-mobile-1 elementor-posts--thumbnail-top elementor-widget elementor-widget-posts\" data-id=\"64c96fd\" data-element_type=\"widget\" data-e-type=\"widget\" data-settings=\"{&quot;classic_columns&quot;:&quot;4&quot;,&quot;pagination_type&quot;:&quot;numbers_and_prev_next&quot;,&quot;classic_columns_tablet&quot;:&quot;1&quot;,&quot;classic_columns_mobile&quot;:&quot;1&quot;,&quot;classic_row_gap&quot;:{&quot;unit&quot;:&quot;px&quot;,&quot;size&quot;:35,&quot;sizes&quot;:[]},&quot;classic_row_gap_tablet&quot;:{&quot;unit&quot;:&quot;px&quot;,&quot;size&quot;:&quot;&quot;,&quot;sizes&quot;:[]},&quot;classic_row_gap_mobile&quot;:{&quot;unit&quot;:&quot;px&quot;,&quot;size&quot;:&quot;&quot;,&quot;sizes&quot;:[]}}\" data-widget_type=\"posts.classic\">\n\t\t\t\t<div class=\"elementor-widget-container\">\n\t\t\t\t\t\t\t<div class=\"elementor-posts-container elementor-posts elementor-posts--skin-classic elementor-grid\" role=\"list\">\n\t\t\t\t<article class=\"elementor-post elementor-grid-item post-10048 post type-post status-publish format-standard has-post-thumbnail hentry category-noticias\" role=\"listitem\">\n\t\t\t\t<a class=\"elementor-post__thumbnail__link\" href=\"https:\/\/acrj.org.br\/index.php\/2021\/12\/20\/a-acrj-esta-de-ferias-as-atividades-serao-retomadas-dia-24-de-janeiro-de-2022-ate-la\/\" tabindex=\"-1\" >\n\t\t\t<div class=\"elementor-post__thumbnail\"><img fetchpriority=\"high\" decoding=\"async\" width=\"300\" height=\"212\" src=\"https:\/\/acrj.org.br\/wp-content\/uploads\/2021\/12\/Mensagem-Natal-Ano-Novo-e-ferias-coletivas-300x212.jpeg\" class=\"attachment-medium size-medium wp-image-10049\" alt=\"\" srcset=\"https:\/\/acrj.org.br\/wp-content\/uploads\/2021\/12\/Mensagem-Natal-Ano-Novo-e-ferias-coletivas-300x212.jpeg 300w, https:\/\/acrj.org.br\/wp-content\/uploads\/2021\/12\/Mensagem-Natal-Ano-Novo-e-ferias-coletivas-600x425.jpeg 600w, https:\/\/acrj.org.br\/wp-content\/uploads\/2021\/12\/Mensagem-Natal-Ano-Novo-e-ferias-coletivas-768x543.jpeg 768w, https:\/\/acrj.org.br\/wp-content\/uploads\/2021\/12\/Mensagem-Natal-Ano-Novo-e-ferias-coletivas.jpeg 800w\" sizes=\"(max-width: 300px) 100vw, 300px\" \/><\/div>\n\t\t<\/a>\n\t\t\t\t<div class=\"elementor-post__text\">\n\t\t\t\t<h3 class=\"elementor-post__title\">\n\t\t\t<a href=\"https:\/\/acrj.org.br\/index.php\/2021\/12\/20\/a-acrj-esta-de-ferias-as-atividades-serao-retomadas-dia-24-de-janeiro-de-2022-ate-la\/\" >\n\t\t\t\tA Associa\u00e7\u00e3o Comercial est\u00e1 de f\u00e9rias. Boas festas!\t\t\t<\/a>\n\t\t<\/h3>\n\t\t\t\t<div class=\"elementor-post__excerpt\">\n\t\t\t<p>As atividades ser\u00e3o retomadas dia 24 de janeiro de 2022. At\u00e9 l\u00e1!<\/p>\n\t\t<\/div>\n\t\t\n\t\t<a class=\"elementor-post__read-more\" href=\"https:\/\/acrj.org.br\/index.php\/2021\/12\/20\/a-acrj-esta-de-ferias-as-atividades-serao-retomadas-dia-24-de-janeiro-de-2022-ate-la\/\" aria-label=\"Leia mais sobre A Associa\u00e7\u00e3o Comercial est\u00e1 de f\u00e9rias. Boas festas!\" tabindex=\"-1\" >\n\t\t\tLeia mais \u00bb\t\t<\/a>\n\n\t\t\t\t<\/div>\n\t\t\t\t<\/article>\n\t\t\t\t<article class=\"elementor-post elementor-grid-item post-10060 post type-post status-publish format-standard has-post-thumbnail hentry category-noticias\" role=\"listitem\">\n\t\t\t\t<a class=\"elementor-post__thumbnail__link\" href=\"https:\/\/acrj.org.br\/index.php\/2021\/12\/17\/prefeito-eduardo-paes-assina-decreto-sobre-polos-do-rio\/\" tabindex=\"-1\" >\n\t\t\t<div class=\"elementor-post__thumbnail\"><img decoding=\"async\" width=\"300\" height=\"208\" src=\"https:\/\/acrj.org.br\/wp-content\/uploads\/2021\/12\/assinatura-do-decreto-dos-polos-do-rio-300x208.jpeg\" class=\"attachment-medium size-medium wp-image-10063\" alt=\"\" srcset=\"https:\/\/acrj.org.br\/wp-content\/uploads\/2021\/12\/assinatura-do-decreto-dos-polos-do-rio-300x208.jpeg 300w, https:\/\/acrj.org.br\/wp-content\/uploads\/2021\/12\/assinatura-do-decreto-dos-polos-do-rio-600x417.jpeg 600w, https:\/\/acrj.org.br\/wp-content\/uploads\/2021\/12\/assinatura-do-decreto-dos-polos-do-rio-768x533.jpeg 768w, https:\/\/acrj.org.br\/wp-content\/uploads\/2021\/12\/assinatura-do-decreto-dos-polos-do-rio.jpeg 1008w\" sizes=\"(max-width: 300px) 100vw, 300px\" \/><\/div>\n\t\t<\/a>\n\t\t\t\t<div class=\"elementor-post__text\">\n\t\t\t\t<h3 class=\"elementor-post__title\">\n\t\t\t<a href=\"https:\/\/acrj.org.br\/index.php\/2021\/12\/17\/prefeito-eduardo-paes-assina-decreto-sobre-polos-do-rio\/\" >\n\t\t\t\tPrefeito Eduardo Paes assina decreto sobre Polos do Rio\t\t\t<\/a>\n\t\t<\/h3>\n\t\t\t\t<div class=\"elementor-post__excerpt\">\n\t\t\t<p>O vice-presidente de Rela\u00e7\u00f5es com as Associa\u00e7\u00f5es Comerciais da Cidade do Rio de Janeiro da ACRJ, Ricardo Salles de Barros, representou a Casa de Mau\u00e1<\/p>\n\t\t<\/div>\n\t\t\n\t\t<a class=\"elementor-post__read-more\" href=\"https:\/\/acrj.org.br\/index.php\/2021\/12\/17\/prefeito-eduardo-paes-assina-decreto-sobre-polos-do-rio\/\" aria-label=\"Leia mais sobre Prefeito Eduardo Paes assina decreto sobre Polos do Rio\" tabindex=\"-1\" >\n\t\t\tLeia mais \u00bb\t\t<\/a>\n\n\t\t\t\t<\/div>\n\t\t\t\t<\/article>\n\t\t\t\t<article class=\"elementor-post elementor-grid-item post-10068 post type-post status-publish format-standard has-post-thumbnail hentry category-destaque_noticias\" role=\"listitem\">\n\t\t\t\t<a class=\"elementor-post__thumbnail__link\" href=\"https:\/\/acrj.org.br\/index.php\/2021\/12\/17\/conselho-superior-elege-tres-novos-benemeritos\/\" tabindex=\"-1\" >\n\t\t\t<div class=\"elementor-post__thumbnail\"><img decoding=\"async\" width=\"300\" height=\"225\" src=\"https:\/\/acrj.org.br\/wp-content\/uploads\/2021\/12\/conelho-superior-300x225.jpeg\" class=\"attachment-medium size-medium wp-image-10071\" alt=\"\" srcset=\"https:\/\/acrj.org.br\/wp-content\/uploads\/2021\/12\/conelho-superior-300x225.jpeg 300w, https:\/\/acrj.org.br\/wp-content\/uploads\/2021\/12\/conelho-superior-600x450.jpeg 600w, https:\/\/acrj.org.br\/wp-content\/uploads\/2021\/12\/conelho-superior-1024x768.jpeg 1024w, https:\/\/acrj.org.br\/wp-content\/uploads\/2021\/12\/conelho-superior-768x576.jpeg 768w, https:\/\/acrj.org.br\/wp-content\/uploads\/2021\/12\/conelho-superior-1536x1152.jpeg 1536w, https:\/\/acrj.org.br\/wp-content\/uploads\/2021\/12\/conelho-superior.jpeg 1600w\" sizes=\"(max-width: 300px) 100vw, 300px\" \/><\/div>\n\t\t<\/a>\n\t\t\t\t<div class=\"elementor-post__text\">\n\t\t\t\t<h3 class=\"elementor-post__title\">\n\t\t\t<a href=\"https:\/\/acrj.org.br\/index.php\/2021\/12\/17\/conselho-superior-elege-tres-novos-benemeritos\/\" >\n\t\t\t\tConselho Superior elege tr\u00eas novos benem\u00e9ritos\t\t\t<\/a>\n\t\t<\/h3>\n\t\t\t\t<div class=\"elementor-post__excerpt\">\n\t\t\t<p>Durante reuni\u00e3o extraordin\u00e1ria do Conselho Superior da ACRJ, realizada dia 15 de dezembro, foram eleitos tr\u00eas novos Benem\u00e9ritos que ser\u00e3o diplomados no pr\u00f3ximo encontro, no<\/p>\n\t\t<\/div>\n\t\t\n\t\t<a class=\"elementor-post__read-more\" href=\"https:\/\/acrj.org.br\/index.php\/2021\/12\/17\/conselho-superior-elege-tres-novos-benemeritos\/\" aria-label=\"Leia mais sobre Conselho Superior elege tr\u00eas novos benem\u00e9ritos\" tabindex=\"-1\" >\n\t\t\tLeia mais \u00bb\t\t<\/a>\n\n\t\t\t\t<\/div>\n\t\t\t\t<\/article>\n\t\t\t\t<article class=\"elementor-post elementor-grid-item post-10056 post type-post status-publish format-standard has-post-thumbnail hentry category-noticias\" role=\"listitem\">\n\t\t\t\t<a class=\"elementor-post__thumbnail__link\" href=\"https:\/\/acrj.org.br\/index.php\/2021\/12\/17\/sacionada-a-lei-que-cria-o-ministerio-do-trabalho-e-previdencia\/\" tabindex=\"-1\" >\n\t\t\t<div class=\"elementor-post__thumbnail\"><img loading=\"lazy\" decoding=\"async\" width=\"300\" height=\"200\" src=\"https:\/\/acrj.org.br\/wp-content\/uploads\/2021\/12\/lei-300x200.jpg\" class=\"attachment-medium size-medium wp-image-10058\" alt=\"\" srcset=\"https:\/\/acrj.org.br\/wp-content\/uploads\/2021\/12\/lei-300x200.jpg 300w, https:\/\/acrj.org.br\/wp-content\/uploads\/2021\/12\/lei-600x400.jpg 600w, https:\/\/acrj.org.br\/wp-content\/uploads\/2021\/12\/lei.jpg 640w\" sizes=\"(max-width: 300px) 100vw, 300px\" \/><\/div>\n\t\t<\/a>\n\t\t\t\t<div class=\"elementor-post__text\">\n\t\t\t\t<h3 class=\"elementor-post__title\">\n\t\t\t<a href=\"https:\/\/acrj.org.br\/index.php\/2021\/12\/17\/sacionada-a-lei-que-cria-o-ministerio-do-trabalho-e-previdencia\/\" >\n\t\t\t\tSacionada a lei que cria o Minist\u00e9rio do Trabalho e Previd\u00eancia\t\t\t<\/a>\n\t\t<\/h3>\n\t\t\t\t<div class=\"elementor-post__excerpt\">\n\t\t\t<p>O presidente Jair Bolsonaro sancionou a Lei 14.261\/21 que recria o Minist\u00e9rio do Trabalho e Previd\u00eancia. O texto foi publicado nesta sexta-feira (17) no Di\u00e1rio<\/p>\n\t\t<\/div>\n\t\t\n\t\t<a class=\"elementor-post__read-more\" href=\"https:\/\/acrj.org.br\/index.php\/2021\/12\/17\/sacionada-a-lei-que-cria-o-ministerio-do-trabalho-e-previdencia\/\" aria-label=\"Leia mais sobre Sacionada a lei que cria o Minist\u00e9rio do Trabalho e Previd\u00eancia\" tabindex=\"-1\" >\n\t\t\tLeia mais \u00bb\t\t<\/a>\n\n\t\t\t\t<\/div>\n\t\t\t\t<\/article>\n\t\t\t\t<article class=\"elementor-post elementor-grid-item post-10051 post type-post status-publish format-standard has-post-thumbnail hentry category-noticias\" role=\"listitem\">\n\t\t\t\t<a class=\"elementor-post__thumbnail__link\" href=\"https:\/\/acrj.org.br\/index.php\/2021\/12\/16\/associados-da-acrj-tem-descontos-na-inscricao-do-congresso-de-compliance-para-pequenas-e-medias-empresas\/\" tabindex=\"-1\" >\n\t\t\t<div class=\"elementor-post__thumbnail\"><img loading=\"lazy\" decoding=\"async\" width=\"300\" height=\"300\" src=\"https:\/\/acrj.org.br\/wp-content\/uploads\/2021\/12\/Cupom-associados-ACRJ-2-Congresso-de-Compliance-300x300.png\" class=\"attachment-medium size-medium wp-image-10052\" alt=\"\" srcset=\"https:\/\/acrj.org.br\/wp-content\/uploads\/2021\/12\/Cupom-associados-ACRJ-2-Congresso-de-Compliance-300x300.png 300w, https:\/\/acrj.org.br\/wp-content\/uploads\/2021\/12\/Cupom-associados-ACRJ-2-Congresso-de-Compliance-100x100.png 100w, https:\/\/acrj.org.br\/wp-content\/uploads\/2021\/12\/Cupom-associados-ACRJ-2-Congresso-de-Compliance-600x600.png 600w, https:\/\/acrj.org.br\/wp-content\/uploads\/2021\/12\/Cupom-associados-ACRJ-2-Congresso-de-Compliance-1024x1024.png 1024w, https:\/\/acrj.org.br\/wp-content\/uploads\/2021\/12\/Cupom-associados-ACRJ-2-Congresso-de-Compliance-150x150.png 150w, https:\/\/acrj.org.br\/wp-content\/uploads\/2021\/12\/Cupom-associados-ACRJ-2-Congresso-de-Compliance-768x768.png 768w, https:\/\/acrj.org.br\/wp-content\/uploads\/2021\/12\/Cupom-associados-ACRJ-2-Congresso-de-Compliance.png 1080w\" sizes=\"(max-width: 300px) 100vw, 300px\" \/><\/div>\n\t\t<\/a>\n\t\t\t\t<div class=\"elementor-post__text\">\n\t\t\t\t<h3 class=\"elementor-post__title\">\n\t\t\t<a href=\"https:\/\/acrj.org.br\/index.php\/2021\/12\/16\/associados-da-acrj-tem-descontos-na-inscricao-do-congresso-de-compliance-para-pequenas-e-medias-empresas\/\" >\n\t\t\t\tAssociados da ACRJ t\u00eam descontos na inscri\u00e7\u00e3o do Congresso de Compliance\t\t\t<\/a>\n\t\t<\/h3>\n\t\t\t\t<div class=\"elementor-post__excerpt\">\n\t\t\t<p>A Associa\u00e7\u00e3o Comercial do Rio de Janeiro vai apoiar o 2\u00ba Congresso de Compliance para Pequenas e M\u00e9dias Empresas, que acontecer\u00e1 agora em janeiro de<\/p>\n\t\t<\/div>\n\t\t\n\t\t<a class=\"elementor-post__read-more\" href=\"https:\/\/acrj.org.br\/index.php\/2021\/12\/16\/associados-da-acrj-tem-descontos-na-inscricao-do-congresso-de-compliance-para-pequenas-e-medias-empresas\/\" aria-label=\"Leia mais sobre Associados da ACRJ t\u00eam descontos na inscri\u00e7\u00e3o do Congresso de Compliance\" tabindex=\"-1\" >\n\t\t\tLeia mais \u00bb\t\t<\/a>\n\n\t\t\t\t<\/div>\n\t\t\t\t<\/article>\n\t\t\t\t<article class=\"elementor-post elementor-grid-item post-10039 post type-post status-publish format-standard has-post-thumbnail hentry category-noticias\" role=\"listitem\">\n\t\t\t\t<a class=\"elementor-post__thumbnail__link\" href=\"https:\/\/acrj.org.br\/index.php\/2021\/12\/15\/cinco-milhoes-de-brasileiros-ja-estao-no-metaverso\/\" tabindex=\"-1\" >\n\t\t\t<div class=\"elementor-post__thumbnail\"><img loading=\"lazy\" decoding=\"async\" width=\"300\" height=\"225\" src=\"https:\/\/acrj.org.br\/wp-content\/uploads\/2021\/12\/foto-reuniao-conjunta-300x225.jpeg\" class=\"attachment-medium size-medium wp-image-10040\" alt=\"\" srcset=\"https:\/\/acrj.org.br\/wp-content\/uploads\/2021\/12\/foto-reuniao-conjunta-300x225.jpeg 300w, https:\/\/acrj.org.br\/wp-content\/uploads\/2021\/12\/foto-reuniao-conjunta-600x450.jpeg 600w, https:\/\/acrj.org.br\/wp-content\/uploads\/2021\/12\/foto-reuniao-conjunta-1024x768.jpeg 1024w, https:\/\/acrj.org.br\/wp-content\/uploads\/2021\/12\/foto-reuniao-conjunta-768x576.jpeg 768w, https:\/\/acrj.org.br\/wp-content\/uploads\/2021\/12\/foto-reuniao-conjunta-1536x1152.jpeg 1536w, https:\/\/acrj.org.br\/wp-content\/uploads\/2021\/12\/foto-reuniao-conjunta.jpeg 1600w\" sizes=\"(max-width: 300px) 100vw, 300px\" \/><\/div>\n\t\t<\/a>\n\t\t\t\t<div class=\"elementor-post__text\">\n\t\t\t\t<h3 class=\"elementor-post__title\">\n\t\t\t<a href=\"https:\/\/acrj.org.br\/index.php\/2021\/12\/15\/cinco-milhoes-de-brasileiros-ja-estao-no-metaverso\/\" >\n\t\t\t\tCinco milh\u00f5es de brasileiros j\u00e1 est\u00e3o no metaverso\t\t\t<\/a>\n\t\t<\/h3>\n\t\t\t\t<div class=\"elementor-post__excerpt\">\n\t\t\t<p>Os Conselhos Empresariais de Educa\u00e7\u00e3o e de Inova\u00e7\u00e3o, Comunica\u00e7\u00e3o e Tecnologia da ACRJ realizaram uma reuni\u00e3o conjunta, a primeira presencial e a \u00faltima do ano,<\/p>\n\t\t<\/div>\n\t\t\n\t\t<a class=\"elementor-post__read-more\" href=\"https:\/\/acrj.org.br\/index.php\/2021\/12\/15\/cinco-milhoes-de-brasileiros-ja-estao-no-metaverso\/\" aria-label=\"Leia mais sobre Cinco milh\u00f5es de brasileiros j\u00e1 est\u00e3o no metaverso\" tabindex=\"-1\" >\n\t\t\tLeia mais \u00bb\t\t<\/a>\n\n\t\t\t\t<\/div>\n\t\t\t\t<\/article>\n\t\t\t\t<article class=\"elementor-post elementor-grid-item post-10019 post type-post status-publish format-standard has-post-thumbnail hentry category-noticias\" role=\"listitem\">\n\t\t\t\t<a class=\"elementor-post__thumbnail__link\" href=\"https:\/\/acrj.org.br\/index.php\/2021\/12\/13\/pib-bem-menor-em-2022-selic-em-alta-no-brasil-inflacao-persistente-aqui-nos-estados-unidos-e-europa\/\" tabindex=\"-1\" >\n\t\t\t<div class=\"elementor-post__thumbnail\"><img loading=\"lazy\" decoding=\"async\" width=\"300\" height=\"200\" src=\"https:\/\/acrj.org.br\/wp-content\/uploads\/2021\/12\/Foto-inflacao-300x200.jpeg\" class=\"attachment-medium size-medium wp-image-10020\" alt=\"\" srcset=\"https:\/\/acrj.org.br\/wp-content\/uploads\/2021\/12\/Foto-inflacao-300x200.jpeg 300w, https:\/\/acrj.org.br\/wp-content\/uploads\/2021\/12\/Foto-inflacao-600x400.jpeg 600w, https:\/\/acrj.org.br\/wp-content\/uploads\/2021\/12\/Foto-inflacao-1024x682.jpeg 1024w, https:\/\/acrj.org.br\/wp-content\/uploads\/2021\/12\/Foto-inflacao-768x512.jpeg 768w, https:\/\/acrj.org.br\/wp-content\/uploads\/2021\/12\/Foto-inflacao.jpeg 1280w\" sizes=\"(max-width: 300px) 100vw, 300px\" \/><\/div>\n\t\t<\/a>\n\t\t\t\t<div class=\"elementor-post__text\">\n\t\t\t\t<h3 class=\"elementor-post__title\">\n\t\t\t<a href=\"https:\/\/acrj.org.br\/index.php\/2021\/12\/13\/pib-bem-menor-em-2022-selic-em-alta-no-brasil-inflacao-persistente-aqui-nos-estados-unidos-e-europa\/\" >\n\t\t\t\tPIB bem menor em 2022, Selic em alta no Brasil, infla\u00e7\u00e3o persistente aqui, nos Estados Unidos e Europa\t\t\t<\/a>\n\t\t<\/h3>\n\t\t\t\t<div class=\"elementor-post__excerpt\">\n\t\t\t<p>O Conselho Empresarial de Pol\u00edticas Econ\u00f4micas da ACRJ realizou sua \u00faltima reuni\u00e3o de 2021, dia 09 de dezembro, e avaliou a conjuntura econ\u00f4mica nacional e<\/p>\n\t\t<\/div>\n\t\t\n\t\t<a class=\"elementor-post__read-more\" href=\"https:\/\/acrj.org.br\/index.php\/2021\/12\/13\/pib-bem-menor-em-2022-selic-em-alta-no-brasil-inflacao-persistente-aqui-nos-estados-unidos-e-europa\/\" aria-label=\"Leia mais sobre PIB bem menor em 2022, Selic em alta no Brasil, infla\u00e7\u00e3o persistente aqui, nos Estados Unidos e Europa\" tabindex=\"-1\" >\n\t\t\tLeia mais \u00bb\t\t<\/a>\n\n\t\t\t\t<\/div>\n\t\t\t\t<\/article>\n\t\t\t\t<article class=\"elementor-post elementor-grid-item post-10008 post type-post status-publish format-standard has-post-thumbnail hentry category-noticias\" role=\"listitem\">\n\t\t\t\t<a class=\"elementor-post__thumbnail__link\" href=\"https:\/\/acrj.org.br\/index.php\/2021\/12\/09\/carnaval-moda-e-desfiles-das-escolas-de-samba-se-transformam-pos-pandemia-do-coronavirus\/\" tabindex=\"-1\" >\n\t\t\t<div class=\"elementor-post__thumbnail\"><img loading=\"lazy\" decoding=\"async\" width=\"300\" height=\"204\" src=\"https:\/\/acrj.org.br\/wp-content\/uploads\/2021\/12\/foto-escola-de-samba-1-300x204.jpg\" class=\"attachment-medium size-medium wp-image-10011\" alt=\"\" srcset=\"https:\/\/acrj.org.br\/wp-content\/uploads\/2021\/12\/foto-escola-de-samba-1-300x204.jpg 300w, https:\/\/acrj.org.br\/wp-content\/uploads\/2021\/12\/foto-escola-de-samba-1-600x408.jpg 600w, https:\/\/acrj.org.br\/wp-content\/uploads\/2021\/12\/foto-escola-de-samba-1-768x522.jpg 768w, https:\/\/acrj.org.br\/wp-content\/uploads\/2021\/12\/foto-escola-de-samba-1.jpg 960w\" sizes=\"(max-width: 300px) 100vw, 300px\" \/><\/div>\n\t\t<\/a>\n\t\t\t\t<div class=\"elementor-post__text\">\n\t\t\t\t<h3 class=\"elementor-post__title\">\n\t\t\t<a href=\"https:\/\/acrj.org.br\/index.php\/2021\/12\/09\/carnaval-moda-e-desfiles-das-escolas-de-samba-se-transformam-pos-pandemia-do-coronavirus\/\" >\n\t\t\t\tCarnaval, moda e desfiles das escolas de samba se transformam p\u00f3s pandemia do coronav\u00edrus\t\t\t<\/a>\n\t\t<\/h3>\n\t\t\t\t<div class=\"elementor-post__excerpt\">\n\t\t\t<p>A partir de tr\u00eas palestras importantes,&nbsp;e que englobam o momento atual e o que acontecer\u00e1 com grandes eventos ap\u00f3s a pandemia, o Conselho Empresarial de<\/p>\n\t\t<\/div>\n\t\t\n\t\t<a class=\"elementor-post__read-more\" href=\"https:\/\/acrj.org.br\/index.php\/2021\/12\/09\/carnaval-moda-e-desfiles-das-escolas-de-samba-se-transformam-pos-pandemia-do-coronavirus\/\" aria-label=\"Leia mais sobre Carnaval, moda e desfiles das escolas de samba se transformam p\u00f3s pandemia do coronav\u00edrus\" tabindex=\"-1\" >\n\t\t\tLeia mais \u00bb\t\t<\/a>\n\n\t\t\t\t<\/div>\n\t\t\t\t<\/article>\n\t\t\t\t<article class=\"elementor-post elementor-grid-item post-10003 post type-post status-publish format-standard has-post-thumbnail hentry category-noticias\" role=\"listitem\">\n\t\t\t\t<a class=\"elementor-post__thumbnail__link\" href=\"https:\/\/acrj.org.br\/index.php\/2021\/12\/09\/lei-da-liberdade-economica-e-aprovada-na-camara-de-vereadores\/\" tabindex=\"-1\" >\n\t\t\t<div class=\"elementor-post__thumbnail\"><img loading=\"lazy\" decoding=\"async\" width=\"300\" height=\"200\" src=\"https:\/\/acrj.org.br\/wp-content\/uploads\/2021\/12\/liberdade-economica-300x200.jpg\" class=\"attachment-medium size-medium wp-image-10004\" alt=\"\" srcset=\"https:\/\/acrj.org.br\/wp-content\/uploads\/2021\/12\/liberdade-economica-300x200.jpg 300w, https:\/\/acrj.org.br\/wp-content\/uploads\/2021\/12\/liberdade-economica-600x399.jpg 600w, https:\/\/acrj.org.br\/wp-content\/uploads\/2021\/12\/liberdade-economica.jpg 640w\" sizes=\"(max-width: 300px) 100vw, 300px\" \/><\/div>\n\t\t<\/a>\n\t\t\t\t<div class=\"elementor-post__text\">\n\t\t\t\t<h3 class=\"elementor-post__title\">\n\t\t\t<a href=\"https:\/\/acrj.org.br\/index.php\/2021\/12\/09\/lei-da-liberdade-economica-e-aprovada-na-camara-de-vereadores\/\" >\n\t\t\t\tLei da liberdade econ\u00f4mica \u00e9 aprovada na C\u00e2mara de Vereadores\t\t\t<\/a>\n\t\t<\/h3>\n\t\t\t\t<div class=\"elementor-post__excerpt\">\n\t\t\t<p>A C\u00e2mara de Vereadores do Rio aprovou em definitivo no dia 7 de dezembro o Projeto de Lei Complementar 43\/2021, que disp\u00f5e sobre a declara\u00e7\u00e3o<\/p>\n\t\t<\/div>\n\t\t\n\t\t<a class=\"elementor-post__read-more\" href=\"https:\/\/acrj.org.br\/index.php\/2021\/12\/09\/lei-da-liberdade-economica-e-aprovada-na-camara-de-vereadores\/\" aria-label=\"Leia mais sobre Lei da liberdade econ\u00f4mica \u00e9 aprovada na C\u00e2mara de Vereadores\" tabindex=\"-1\" >\n\t\t\tLeia mais \u00bb\t\t<\/a>\n\n\t\t\t\t<\/div>\n\t\t\t\t<\/article>\n\t\t\t\t<article class=\"elementor-post elementor-grid-item post-9981 post type-post status-publish format-standard has-post-thumbnail hentry category-noticias\" role=\"listitem\">\n\t\t\t\t<a class=\"elementor-post__thumbnail__link\" href=\"https:\/\/acrj.org.br\/index.php\/2021\/12\/08\/acrj-comemora-a-aprovacao-da-camara-empresarial-pelo-tribunal-de-justica-do-rio-de-janeiro\/\" tabindex=\"-1\" >\n\t\t\t<div class=\"elementor-post__thumbnail\"><img loading=\"lazy\" decoding=\"async\" width=\"300\" height=\"166\" src=\"https:\/\/acrj.org.br\/wp-content\/uploads\/2021\/12\/martelo-lei-300x166.jpg\" class=\"attachment-medium size-medium wp-image-9982\" alt=\"\" srcset=\"https:\/\/acrj.org.br\/wp-content\/uploads\/2021\/12\/martelo-lei-300x166.jpg 300w, https:\/\/acrj.org.br\/wp-content\/uploads\/2021\/12\/martelo-lei-600x333.jpg 600w, https:\/\/acrj.org.br\/wp-content\/uploads\/2021\/12\/martelo-lei.jpg 640w\" sizes=\"(max-width: 300px) 100vw, 300px\" \/><\/div>\n\t\t<\/a>\n\t\t\t\t<div class=\"elementor-post__text\">\n\t\t\t\t<h3 class=\"elementor-post__title\">\n\t\t\t<a href=\"https:\/\/acrj.org.br\/index.php\/2021\/12\/08\/acrj-comemora-a-aprovacao-da-camara-empresarial-pelo-tribunal-de-justica-do-rio-de-janeiro\/\" >\n\t\t\t\tACRJ comemora a aprova\u00e7\u00e3o da C\u00e2mara Empresarial pelo Tribunal de Justi\u00e7a do Rio de Janeiro\t\t\t<\/a>\n\t\t<\/h3>\n\t\t\t\t<div class=\"elementor-post__excerpt\">\n\t\t\t<p>A Associa\u00e7\u00e3o Comercial do Rio de Janeiro, por meio de seu Conselho Empresarial Jur\u00eddico e Estrat\u00e9gico, comemora a cria\u00e7\u00e3o da C\u00e2mara com compet\u00eancia exclusiva e<\/p>\n\t\t<\/div>\n\t\t\n\t\t<a class=\"elementor-post__read-more\" href=\"https:\/\/acrj.org.br\/index.php\/2021\/12\/08\/acrj-comemora-a-aprovacao-da-camara-empresarial-pelo-tribunal-de-justica-do-rio-de-janeiro\/\" aria-label=\"Leia mais sobre ACRJ comemora a aprova\u00e7\u00e3o da C\u00e2mara Empresarial pelo Tribunal de Justi\u00e7a do Rio de Janeiro\" tabindex=\"-1\" >\n\t\t\tLeia mais \u00bb\t\t<\/a>\n\n\t\t\t\t<\/div>\n\t\t\t\t<\/article>\n\t\t\t\t<article class=\"elementor-post elementor-grid-item post-9942 post type-post status-publish format-standard has-post-thumbnail hentry category-noticias\" role=\"listitem\">\n\t\t\t\t<a class=\"elementor-post__thumbnail__link\" href=\"https:\/\/acrj.org.br\/index.php\/2021\/12\/07\/claudio-castro-diz-que-podera-ter-queima-de-fogos-no-reveillon-de-copacabana\/\" tabindex=\"-1\" >\n\t\t\t<div class=\"elementor-post__thumbnail\"><img loading=\"lazy\" decoding=\"async\" width=\"300\" height=\"200\" src=\"https:\/\/acrj.org.br\/wp-content\/uploads\/2021\/12\/entrevista-300x200.jpeg\" class=\"attachment-medium size-medium wp-image-9944\" alt=\"\" srcset=\"https:\/\/acrj.org.br\/wp-content\/uploads\/2021\/12\/entrevista-300x200.jpeg 300w, https:\/\/acrj.org.br\/wp-content\/uploads\/2021\/12\/entrevista-600x400.jpeg 600w, https:\/\/acrj.org.br\/wp-content\/uploads\/2021\/12\/entrevista-1024x682.jpeg 1024w, https:\/\/acrj.org.br\/wp-content\/uploads\/2021\/12\/entrevista-768x512.jpeg 768w, https:\/\/acrj.org.br\/wp-content\/uploads\/2021\/12\/entrevista.jpeg 1280w\" sizes=\"(max-width: 300px) 100vw, 300px\" \/><\/div>\n\t\t<\/a>\n\t\t\t\t<div class=\"elementor-post__text\">\n\t\t\t\t<h3 class=\"elementor-post__title\">\n\t\t\t<a href=\"https:\/\/acrj.org.br\/index.php\/2021\/12\/07\/claudio-castro-diz-que-podera-ter-queima-de-fogos-no-reveillon-de-copacabana\/\" >\n\t\t\t\tCl\u00e1udio Castro diz que poder\u00e1 ter queima de fogos no r\u00e9veillon de Copacabana\t\t\t<\/a>\n\t\t<\/h3>\n\t\t\t\t<div class=\"elementor-post__excerpt\">\n\t\t\t<p>O presidente da Associa\u00e7\u00e3o Comercial do Rio de Janeiro, Jos\u00e9 Antonio do Nascimento Brito, recebeu o governador do Rio, Cl\u00e1udio Castro, nesta ter\u00e7a-feira (7\/12) para<\/p>\n\t\t<\/div>\n\t\t\n\t\t<a class=\"elementor-post__read-more\" href=\"https:\/\/acrj.org.br\/index.php\/2021\/12\/07\/claudio-castro-diz-que-podera-ter-queima-de-fogos-no-reveillon-de-copacabana\/\" aria-label=\"Leia mais sobre Cl\u00e1udio Castro diz que poder\u00e1 ter queima de fogos no r\u00e9veillon de Copacabana\" tabindex=\"-1\" >\n\t\t\tLeia mais \u00bb\t\t<\/a>\n\n\t\t\t\t<\/div>\n\t\t\t\t<\/article>\n\t\t\t\t<article class=\"elementor-post elementor-grid-item post-9846 post type-post status-publish format-standard has-post-thumbnail hentry category-destaque_noticias\" role=\"listitem\">\n\t\t\t\t<a class=\"elementor-post__thumbnail__link\" href=\"https:\/\/acrj.org.br\/index.php\/2021\/12\/07\/conselho-superior-entrega-diplomas-aos-benemeritos-eleitos\/\" tabindex=\"-1\" >\n\t\t\t<div class=\"elementor-post__thumbnail\"><img loading=\"lazy\" decoding=\"async\" width=\"300\" height=\"225\" src=\"https:\/\/acrj.org.br\/wp-content\/uploads\/2021\/11\/IMG_20211129_112125404-300x225.jpg\" class=\"attachment-medium size-medium wp-image-9847\" alt=\"\" srcset=\"https:\/\/acrj.org.br\/wp-content\/uploads\/2021\/11\/IMG_20211129_112125404-300x225.jpg 300w, https:\/\/acrj.org.br\/wp-content\/uploads\/2021\/11\/IMG_20211129_112125404-scaled-600x450.jpg 600w, https:\/\/acrj.org.br\/wp-content\/uploads\/2021\/11\/IMG_20211129_112125404-1024x768.jpg 1024w, https:\/\/acrj.org.br\/wp-content\/uploads\/2021\/11\/IMG_20211129_112125404-768x576.jpg 768w, https:\/\/acrj.org.br\/wp-content\/uploads\/2021\/11\/IMG_20211129_112125404-1536x1152.jpg 1536w, https:\/\/acrj.org.br\/wp-content\/uploads\/2021\/11\/IMG_20211129_112125404-2048x1536.jpg 2048w\" sizes=\"(max-width: 300px) 100vw, 300px\" \/><\/div>\n\t\t<\/a>\n\t\t\t\t<div class=\"elementor-post__text\">\n\t\t\t\t<h3 class=\"elementor-post__title\">\n\t\t\t<a href=\"https:\/\/acrj.org.br\/index.php\/2021\/12\/07\/conselho-superior-entrega-diplomas-aos-benemeritos-eleitos\/\" >\n\t\t\t\tConselho Superior entrega diplomas aos benem\u00e9ritos eleitos\t\t\t<\/a>\n\t\t<\/h3>\n\t\t\t\t<div class=\"elementor-post__excerpt\">\n\t\t\t<p>O Conselho Superior da ACRJ esteve reunido dia 29\/11 para a entrega dos diplomas aos benem\u00e9ritos eleitos em setembro. A reuni\u00e3o foi conduzida pelo presidente<\/p>\n\t\t<\/div>\n\t\t\n\t\t<a class=\"elementor-post__read-more\" href=\"https:\/\/acrj.org.br\/index.php\/2021\/12\/07\/conselho-superior-entrega-diplomas-aos-benemeritos-eleitos\/\" aria-label=\"Leia mais sobre Conselho Superior entrega diplomas aos benem\u00e9ritos eleitos\" tabindex=\"-1\" >\n\t\t\tLeia mais \u00bb\t\t<\/a>\n\n\t\t\t\t<\/div>\n\t\t\t\t<\/article>\n\t\t\t\t<\/div>\n\t\t\n\t\t\t\t<div class=\"e-load-more-anchor\" data-page=\"1\" data-max-page=\"20\" data-next-page=\"https:\/\/acrj.org.br\/index.php\/wp-json\/wp\/v2\/pages\/6692\/page\/2\/\"><\/div>\n\t\t\t\t<nav class=\"elementor-pagination\" aria-label=\"Pagina\u00e7\u00e3o\">\n\t\t\t<span class=\"page-numbers prev\"><<\/span>\n<span aria-current=\"page\" class=\"page-numbers current\"><span class=\"elementor-screen-only\">P\u00e1gina<\/span>1<\/span>\n<a class=\"page-numbers\" href=\"https:\/\/acrj.org.br\/index.php\/wp-json\/wp\/v2\/pages\/6692\/page\/2\/\"><span class=\"elementor-screen-only\">P\u00e1gina<\/span>2<\/a>\n<a class=\"page-numbers\" href=\"https:\/\/acrj.org.br\/index.php\/wp-json\/wp\/v2\/pages\/6692\/page\/3\/\"><span class=\"elementor-screen-only\">P\u00e1gina<\/span>3<\/a>\n<a class=\"page-numbers\" href=\"https:\/\/acrj.org.br\/index.php\/wp-json\/wp\/v2\/pages\/6692\/page\/4\/\"><span class=\"elementor-screen-only\">P\u00e1gina<\/span>4<\/a>\n<a class=\"page-numbers\" href=\"https:\/\/acrj.org.br\/index.php\/wp-json\/wp\/v2\/pages\/6692\/page\/5\/\"><span class=\"elementor-screen-only\">P\u00e1gina<\/span>5<\/a>\n<a class=\"page-numbers\" href=\"https:\/\/acrj.org.br\/index.php\/wp-json\/wp\/v2\/pages\/6692\/page\/6\/\"><span class=\"elementor-screen-only\">P\u00e1gina<\/span>6<\/a>\n<a class=\"page-numbers\" href=\"https:\/\/acrj.org.br\/index.php\/wp-json\/wp\/v2\/pages\/6692\/page\/7\/\"><span class=\"elementor-screen-only\">P\u00e1gina<\/span>7<\/a>\n<a class=\"page-numbers\" href=\"https:\/\/acrj.org.br\/index.php\/wp-json\/wp\/v2\/pages\/6692\/page\/8\/\"><span class=\"elementor-screen-only\">P\u00e1gina<\/span>8<\/a>\n<a class=\"page-numbers\" href=\"https:\/\/acrj.org.br\/index.php\/wp-json\/wp\/v2\/pages\/6692\/page\/9\/\"><span class=\"elementor-screen-only\">P\u00e1gina<\/span>9<\/a>\n<a class=\"page-numbers\" href=\"https:\/\/acrj.org.br\/index.php\/wp-json\/wp\/v2\/pages\/6692\/page\/10\/\"><span class=\"elementor-screen-only\">P\u00e1gina<\/span>10<\/a>\n<a class=\"page-numbers\" href=\"https:\/\/acrj.org.br\/index.php\/wp-json\/wp\/v2\/pages\/6692\/page\/11\/\"><span class=\"elementor-screen-only\">P\u00e1gina<\/span>11<\/a>\n<a class=\"page-numbers\" href=\"https:\/\/acrj.org.br\/index.php\/wp-json\/wp\/v2\/pages\/6692\/page\/12\/\"><span class=\"elementor-screen-only\">P\u00e1gina<\/span>12<\/a>\n<a class=\"page-numbers\" href=\"https:\/\/acrj.org.br\/index.php\/wp-json\/wp\/v2\/pages\/6692\/page\/13\/\"><span class=\"elementor-screen-only\">P\u00e1gina<\/span>13<\/a>\n<a class=\"page-numbers\" href=\"https:\/\/acrj.org.br\/index.php\/wp-json\/wp\/v2\/pages\/6692\/page\/14\/\"><span class=\"elementor-screen-only\">P\u00e1gina<\/span>14<\/a>\n<a class=\"page-numbers\" href=\"https:\/\/acrj.org.br\/index.php\/wp-json\/wp\/v2\/pages\/6692\/page\/15\/\"><span class=\"elementor-screen-only\">P\u00e1gina<\/span>15<\/a>\n<a class=\"page-numbers\" href=\"https:\/\/acrj.org.br\/index.php\/wp-json\/wp\/v2\/pages\/6692\/page\/16\/\"><span class=\"elementor-screen-only\">P\u00e1gina<\/span>16<\/a>\n<a class=\"page-numbers\" href=\"https:\/\/acrj.org.br\/index.php\/wp-json\/wp\/v2\/pages\/6692\/page\/17\/\"><span class=\"elementor-screen-only\">P\u00e1gina<\/span>17<\/a>\n<a class=\"page-numbers\" href=\"https:\/\/acrj.org.br\/index.php\/wp-json\/wp\/v2\/pages\/6692\/page\/18\/\"><span class=\"elementor-screen-only\">P\u00e1gina<\/span>18<\/a>\n<a class=\"page-numbers\" href=\"https:\/\/acrj.org.br\/index.php\/wp-json\/wp\/v2\/pages\/6692\/page\/19\/\"><span class=\"elementor-screen-only\">P\u00e1gina<\/span>19<\/a>\n<a class=\"page-numbers\" href=\"https:\/\/acrj.org.br\/index.php\/wp-json\/wp\/v2\/pages\/6692\/page\/20\/\"><span class=\"elementor-screen-only\">P\u00e1gina<\/span>20<\/a>\n<a class=\"page-numbers next\" href=\"https:\/\/acrj.org.br\/index.php\/wp-json\/wp\/v2\/pages\/6692\/page\/2\/\">><\/a>\t\t<\/nav>\n\t\t\t\t\t\t<\/div>\n\t\t\t\t<\/div>\n\t\t\t\t\t<\/div>\n\t\t<\/div>\n\t\t\t\t\t<\/div>\n\t\t<\/section>\n\t\t\t\t<\/div>\n\t\t","protected":false},"excerpt":{"rendered":"<p>not\u00edcias<\/p>\n","protected":false},"author":1,"featured_media":0,"parent":0,"menu_order":0,"comment_status":"closed","ping_status":"closed","template":"","meta":{"_exactmetrics_skip_tracking":false,"_exactmetrics_sitenote_active":false,"_exactmetrics_sitenote_note":"","_exactmetrics_sitenote_category":0,"footnotes":""},"class_list":["post-6692","page","type-page","status-publish","hentry"],"_links":{"self":[{"href":"https:\/\/acrj.org.br\/index.php\/wp-json\/wp\/v2\/pages\/6692","targetHints":{"allow":["GET"]}}],"collection":[{"href":"https:\/\/acrj.org.br\/index.php\/wp-json\/wp\/v2\/pages"}],"about":[{"href":"https:\/\/acrj.org.br\/index.php\/wp-json\/wp\/v2\/types\/page"}],"author":[{"embeddable":true,"href":"https:\/\/acrj.org.br\/index.php\/wp-json\/wp\/v2\/users\/1"}],"replies":[{"embeddable":true,"href":"https:\/\/acrj.org.br\/index.php\/wp-json\/wp\/v2\/comments?post=6692"}],"version-history":[{"count":0,"href":"https:\/\/acrj.org.br\/index.php\/wp-json\/wp\/v2\/pages\/6692\/revisions"}],"wp:attachment":[{"href":"https:\/\/acrj.org.br\/index.php\/wp-json\/wp\/v2\/media?parent=6692"}],"curies":[{"name":"wp","href":"https:\/\/api.w.org\/{rel}","templated":true}]}}