{"id":4888,"date":"2020-08-05T17:04:25","date_gmt":"2020-08-05T20:04:25","guid":{"rendered":"https:\/\/acrj.org.br\/?page_id=4888"},"modified":"2025-06-24T14:15:35","modified_gmt":"2025-06-24T17:15:35","slug":"publicacoes-01","status":"publish","type":"page","link":"https:\/\/acrj.org.br\/index.php\/publicacoes-01\/","title":{"rendered":"Publica\u00e7\u00f5es 01"},"content":{"rendered":"\t\t<div data-elementor-type=\"wp-page\" data-elementor-id=\"4888\" class=\"elementor elementor-4888\" data-elementor-post-type=\"page\">\n\t\t\t\t\t\t<div class=\"elementor-section elementor-top-section elementor-element elementor-element-da80103 elementor-section-full_width elementor-section-stretched elementor-section-height-default elementor-section-height-default\" data-id=\"da80103\" data-element_type=\"section\" data-e-type=\"section\" data-settings=\"{&quot;stretch_section&quot;:&quot;section-stretched&quot;}\">\n\t\t\t\t\t\t<div class=\"elementor-container elementor-column-gap-no\">\n\t\t\t\t\t<div class=\"elementor-column elementor-col-100 elementor-top-column elementor-element elementor-element-d7353fb\" data-id=\"d7353fb\" data-element_type=\"column\" data-e-type=\"column\">\n\t\t\t<div class=\"elementor-widget-wrap elementor-element-populated\">\n\t\t\t\t\t\t<div class=\"elementor-element elementor-element-a3aa0f5 header elementor-widget elementor-widget-text-editor\" data-id=\"a3aa0f5\" data-element_type=\"widget\" data-e-type=\"widget\" data-widget_type=\"text-editor.default\">\n\t\t\t\t<div class=\"elementor-widget-container\">\n\t\t\t\t\t\t\t\t\t<h1>publica\u00e7\u00f5es<\/h1>\t\t\t\t\t\t\t\t<\/div>\n\t\t\t\t<\/div>\n\t\t\t\t\t<\/div>\n\t\t<\/div>\n\t\t\t\t\t<\/div>\n\t\t<\/div>\n\t\t\t\t<section class=\"elementor-section elementor-top-section elementor-element elementor-element-086fefb elementor-section-boxed elementor-section-height-default elementor-section-height-default\" data-id=\"086fefb\" data-element_type=\"section\" data-e-type=\"section\">\n\t\t\t\t\t\t<div class=\"elementor-container elementor-column-gap-default\">\n\t\t\t\t\t<div class=\"elementor-column elementor-col-25 elementor-top-column elementor-element elementor-element-ad88e7a\" data-id=\"ad88e7a\" data-element_type=\"column\" data-e-type=\"column\">\n\t\t\t<div class=\"elementor-widget-wrap elementor-element-populated\">\n\t\t\t\t\t\t<div class=\"elementor-element elementor-element-87efbc4 elementor-position-top elementor-widget elementor-widget-image-box\" data-id=\"87efbc4\" data-element_type=\"widget\" data-e-type=\"widget\" data-widget_type=\"image-box.default\">\n\t\t\t\t<div class=\"elementor-widget-container\">\n\t\t\t\t\t<div class=\"elementor-image-box-wrapper\"><figure class=\"elementor-image-box-img\"><a href=\"https:\/\/acrj.org.br\/index.php\/agenda-positiva\/\" tabindex=\"-1\"><img fetchpriority=\"high\" decoding=\"async\" width=\"608\" height=\"607\" src=\"https:\/\/acrj.org.br\/wp-content\/uploads\/2020\/10\/agenda-2020.png\" class=\"attachment-full size-full wp-image-5907\" alt=\"\" srcset=\"https:\/\/acrj.org.br\/wp-content\/uploads\/2020\/10\/agenda-2020.png 608w, https:\/\/acrj.org.br\/wp-content\/uploads\/2020\/10\/agenda-2020-300x300.png 300w, https:\/\/acrj.org.br\/wp-content\/uploads\/2020\/10\/agenda-2020-100x100.png 100w, https:\/\/acrj.org.br\/wp-content\/uploads\/2020\/10\/agenda-2020-600x599.png 600w, https:\/\/acrj.org.br\/wp-content\/uploads\/2020\/10\/agenda-2020-150x150.png 150w\" sizes=\"(max-width: 608px) 100vw, 608px\" \/><\/a><\/figure><div class=\"elementor-image-box-content\"><h3 class=\"elementor-image-box-title\"><a href=\"https:\/\/acrj.org.br\/index.php\/agenda-positiva\/\">Agenda Positiva <\/a><\/h3><\/div><\/div>\t\t\t\t<\/div>\n\t\t\t\t<\/div>\n\t\t\t\t\t<\/div>\n\t\t<\/div>\n\t\t\t\t<div class=\"elementor-column elementor-col-25 elementor-top-column elementor-element elementor-element-0b5b464\" data-id=\"0b5b464\" data-element_type=\"column\" data-e-type=\"column\">\n\t\t\t<div class=\"elementor-widget-wrap elementor-element-populated\">\n\t\t\t\t\t\t<div class=\"elementor-element elementor-element-1d9d852 elementor-position-top elementor-widget elementor-widget-image-box\" data-id=\"1d9d852\" data-element_type=\"widget\" data-e-type=\"widget\" data-widget_type=\"image-box.default\">\n\t\t\t\t<div class=\"elementor-widget-container\">\n\t\t\t\t\t<div class=\"elementor-image-box-wrapper\"><figure class=\"elementor-image-box-img\"><a href=\"https:\/\/acrj.org.br\/wp-content\/uploads\/2021\/07\/Os-Personagens-da-Historia.pdf\" tabindex=\"-1\"><img decoding=\"async\" width=\"1472\" height=\"1920\" src=\"https:\/\/acrj.org.br\/wp-content\/uploads\/2021\/07\/Os-Personagens-da-Historia-1.png\" class=\"attachment-full size-full wp-image-8245\" alt=\"\" srcset=\"https:\/\/acrj.org.br\/wp-content\/uploads\/2021\/07\/Os-Personagens-da-Historia-1.png 1472w, https:\/\/acrj.org.br\/wp-content\/uploads\/2021\/07\/Os-Personagens-da-Historia-1-600x783.png 600w, https:\/\/acrj.org.br\/wp-content\/uploads\/2021\/07\/Os-Personagens-da-Historia-1-230x300.png 230w, https:\/\/acrj.org.br\/wp-content\/uploads\/2021\/07\/Os-Personagens-da-Historia-1-785x1024.png 785w, https:\/\/acrj.org.br\/wp-content\/uploads\/2021\/07\/Os-Personagens-da-Historia-1-768x1002.png 768w, https:\/\/acrj.org.br\/wp-content\/uploads\/2021\/07\/Os-Personagens-da-Historia-1-1178x1536.png 1178w\" sizes=\"(max-width: 1472px) 100vw, 1472px\" \/><\/a><\/figure><div class=\"elementor-image-box-content\"><h3 class=\"elementor-image-box-title\"><a href=\"https:\/\/acrj.org.br\/wp-content\/uploads\/2021\/07\/Os-Personagens-da-Historia.pdf\">Os personagens da hist\u00f3ria<\/a><\/h3><\/div><\/div>\t\t\t\t<\/div>\n\t\t\t\t<\/div>\n\t\t\t\t\t<\/div>\n\t\t<\/div>\n\t\t\t\t<div class=\"elementor-column elementor-col-25 elementor-top-column elementor-element elementor-element-612ea7d\" data-id=\"612ea7d\" data-element_type=\"column\" data-e-type=\"column\">\n\t\t\t<div class=\"elementor-widget-wrap elementor-element-populated\">\n\t\t\t\t\t\t<div class=\"elementor-element elementor-element-9436634 elementor-position-top elementor-widget elementor-widget-image-box\" data-id=\"9436634\" data-element_type=\"widget\" data-e-type=\"widget\" data-widget_type=\"image-box.default\">\n\t\t\t\t<div class=\"elementor-widget-container\">\n\t\t\t\t\t<div class=\"elementor-image-box-wrapper\"><figure class=\"elementor-image-box-img\"><a href=\"https:\/\/acrj.org.br\/wp-content\/uploads\/2021\/05\/Revista-CE-Assuntos-Culturais-02-WEB.pdf\" tabindex=\"-1\"><img decoding=\"async\" width=\"428\" height=\"586\" src=\"https:\/\/acrj.org.br\/wp-content\/uploads\/2021\/05\/capa-rev-cultura.png\" class=\"attachment-full size-full wp-image-7581\" alt=\"\" srcset=\"https:\/\/acrj.org.br\/wp-content\/uploads\/2021\/05\/capa-rev-cultura.png 428w, https:\/\/acrj.org.br\/wp-content\/uploads\/2021\/05\/capa-rev-cultura-219x300.png 219w\" sizes=\"(max-width: 428px) 100vw, 428px\" \/><\/a><\/figure><div class=\"elementor-image-box-content\"><h3 class=\"elementor-image-box-title\"><a href=\"https:\/\/acrj.org.br\/wp-content\/uploads\/2021\/05\/Revista-CE-Assuntos-Culturais-02-WEB.pdf\">Revista Assuntos Culturais<\/a><\/h3><\/div><\/div>\t\t\t\t<\/div>\n\t\t\t\t<\/div>\n\t\t\t\t\t<\/div>\n\t\t<\/div>\n\t\t\t\t<div class=\"elementor-column elementor-col-25 elementor-top-column elementor-element elementor-element-ee58d9c\" data-id=\"ee58d9c\" data-element_type=\"column\" data-e-type=\"column\">\n\t\t\t<div class=\"elementor-widget-wrap elementor-element-populated\">\n\t\t\t\t\t\t<div class=\"elementor-element elementor-element-04f46d1 elementor-position-top elementor-widget elementor-widget-image-box\" data-id=\"04f46d1\" data-element_type=\"widget\" data-e-type=\"widget\" data-widget_type=\"image-box.default\">\n\t\t\t\t<div class=\"elementor-widget-container\">\n\t\t\t\t\t<div class=\"elementor-image-box-wrapper\"><figure class=\"elementor-image-box-img\"><a href=\"https:\/\/acrj.org.br\/wp-content\/uploads\/2021\/06\/Revista-CE-Competitividade-e-ambiente-de-Nego\u0301cios-WEB.pdf\" tabindex=\"-1\"><img loading=\"lazy\" decoding=\"async\" width=\"707\" height=\"1000\" src=\"https:\/\/acrj.org.br\/wp-content\/uploads\/2021\/06\/Revista-CE-Competitividade-e-ambiente-de-Negocios-WEB.png\" class=\"attachment-full size-full wp-image-7985\" alt=\"\" srcset=\"https:\/\/acrj.org.br\/wp-content\/uploads\/2021\/06\/Revista-CE-Competitividade-e-ambiente-de-Negocios-WEB.png 707w, https:\/\/acrj.org.br\/wp-content\/uploads\/2021\/06\/Revista-CE-Competitividade-e-ambiente-de-Negocios-WEB-600x849.png 600w, https:\/\/acrj.org.br\/wp-content\/uploads\/2021\/06\/Revista-CE-Competitividade-e-ambiente-de-Negocios-WEB-212x300.png 212w\" sizes=\"(max-width: 707px) 100vw, 707px\" \/><\/a><\/figure><div class=\"elementor-image-box-content\"><h3 class=\"elementor-image-box-title\"><a href=\"https:\/\/acrj.org.br\/wp-content\/uploads\/2021\/06\/Revista-CE-Competitividade-e-ambiente-de-Nego\u0301cios-WEB.pdf\">Revista Competitividade e ambiente de neg\u00f3cios<\/a><\/h3><\/div><\/div>\t\t\t\t<\/div>\n\t\t\t\t<\/div>\n\t\t\t\t\t<\/div>\n\t\t<\/div>\n\t\t\t\t\t<\/div>\n\t\t<\/section>\n\t\t\t\t<section class=\"elementor-section elementor-top-section elementor-element elementor-element-dabc778 elementor-section-boxed elementor-section-height-default elementor-section-height-default\" data-id=\"dabc778\" data-element_type=\"section\" data-e-type=\"section\">\n\t\t\t\t\t\t<div class=\"elementor-container elementor-column-gap-default\">\n\t\t\t\t\t<div class=\"elementor-column elementor-col-25 elementor-top-column elementor-element elementor-element-003f797\" data-id=\"003f797\" data-element_type=\"column\" data-e-type=\"column\">\n\t\t\t<div class=\"elementor-widget-wrap elementor-element-populated\">\n\t\t\t\t\t\t<div class=\"elementor-element elementor-element-7e24912 elementor-position-top elementor-widget elementor-widget-image-box\" data-id=\"7e24912\" data-element_type=\"widget\" data-e-type=\"widget\" data-widget_type=\"image-box.default\">\n\t\t\t\t<div class=\"elementor-widget-container\">\n\t\t\t\t\t<div class=\"elementor-image-box-wrapper\"><figure class=\"elementor-image-box-img\"><a href=\"https:\/\/acrj.org.br\/index.php\/revista-governanca-e-compliance-posts\/\" tabindex=\"-1\"><img loading=\"lazy\" decoding=\"async\" width=\"764\" height=\"1080\" src=\"https:\/\/acrj.org.br\/wp-content\/uploads\/2021\/06\/revista_governanca_compliance_abr_2021_14_04-1.png\" class=\"attachment-full size-full wp-image-7922\" alt=\"\" srcset=\"https:\/\/acrj.org.br\/wp-content\/uploads\/2021\/06\/revista_governanca_compliance_abr_2021_14_04-1.png 764w, https:\/\/acrj.org.br\/wp-content\/uploads\/2021\/06\/revista_governanca_compliance_abr_2021_14_04-1-600x848.png 600w, https:\/\/acrj.org.br\/wp-content\/uploads\/2021\/06\/revista_governanca_compliance_abr_2021_14_04-1-212x300.png 212w, https:\/\/acrj.org.br\/wp-content\/uploads\/2021\/06\/revista_governanca_compliance_abr_2021_14_04-1-724x1024.png 724w\" sizes=\"(max-width: 764px) 100vw, 764px\" \/><\/a><\/figure><div class=\"elementor-image-box-content\"><h3 class=\"elementor-image-box-title\"><a href=\"https:\/\/acrj.org.br\/index.php\/revista-governanca-e-compliance-posts\/\">Revistas Governan\u00e7a e Compliance<\/a><\/h3><\/div><\/div>\t\t\t\t<\/div>\n\t\t\t\t<\/div>\n\t\t\t\t\t<\/div>\n\t\t<\/div>\n\t\t\t\t<div class=\"elementor-column elementor-col-25 elementor-top-column elementor-element elementor-element-c35e954\" data-id=\"c35e954\" data-element_type=\"column\" data-e-type=\"column\">\n\t\t\t<div class=\"elementor-widget-wrap elementor-element-populated\">\n\t\t\t\t\t\t<div class=\"elementor-element elementor-element-3cc559c elementor-position-top elementor-widget elementor-widget-image-box\" data-id=\"3cc559c\" data-element_type=\"widget\" data-e-type=\"widget\" data-widget_type=\"image-box.default\">\n\t\t\t\t<div class=\"elementor-widget-container\">\n\t\t\t\t\t<div class=\"elementor-image-box-wrapper\"><figure class=\"elementor-image-box-img\"><a href=\"https:\/\/acrj.org.br\/wp-content\/uploads\/2021\/05\/Revista-CE-Inovac\u0327a\u0303o-Comunicac\u0327a\u0303o-e-Tecnologia-WEB.pdf\" tabindex=\"-1\"><img loading=\"lazy\" decoding=\"async\" width=\"764\" height=\"1080\" src=\"https:\/\/acrj.org.br\/wp-content\/uploads\/2021\/06\/Revista-CE-Inovac\u0327a\u0303o-Comunicac\u0327a\u0303o-e-Tecnologia-WEB-1.png\" class=\"attachment-full size-full wp-image-7969\" alt=\"\" srcset=\"https:\/\/acrj.org.br\/wp-content\/uploads\/2021\/06\/Revista-CE-Inovac\u0327a\u0303o-Comunicac\u0327a\u0303o-e-Tecnologia-WEB-1.png 764w, https:\/\/acrj.org.br\/wp-content\/uploads\/2021\/06\/Revista-CE-Inovac\u0327a\u0303o-Comunicac\u0327a\u0303o-e-Tecnologia-WEB-1-600x848.png 600w, https:\/\/acrj.org.br\/wp-content\/uploads\/2021\/06\/Revista-CE-Inovac\u0327a\u0303o-Comunicac\u0327a\u0303o-e-Tecnologia-WEB-1-212x300.png 212w, https:\/\/acrj.org.br\/wp-content\/uploads\/2021\/06\/Revista-CE-Inovac\u0327a\u0303o-Comunicac\u0327a\u0303o-e-Tecnologia-WEB-1-724x1024.png 724w\" sizes=\"(max-width: 764px) 100vw, 764px\" \/><\/a><\/figure><div class=\"elementor-image-box-content\"><h3 class=\"elementor-image-box-title\"><a href=\"https:\/\/acrj.org.br\/wp-content\/uploads\/2021\/05\/Revista-CE-Inovac\u0327a\u0303o-Comunicac\u0327a\u0303o-e-Tecnologia-WEB.pdf\">Revista Inova\u00e7\u00e3o, Comunica\u00e7\u00e3o e Tecnologia<\/a><\/h3><\/div><\/div>\t\t\t\t<\/div>\n\t\t\t\t<\/div>\n\t\t\t\t\t<\/div>\n\t\t<\/div>\n\t\t\t\t<div class=\"elementor-column elementor-col-25 elementor-top-column elementor-element elementor-element-b3c48b1\" data-id=\"b3c48b1\" data-element_type=\"column\" data-e-type=\"column\">\n\t\t\t<div class=\"elementor-widget-wrap elementor-element-populated\">\n\t\t\t\t\t\t<div class=\"elementor-element elementor-element-8b30d40 elementor-position-top elementor-widget elementor-widget-image-box\" data-id=\"8b30d40\" data-element_type=\"widget\" data-e-type=\"widget\" data-widget_type=\"image-box.default\">\n\t\t\t\t<div class=\"elementor-widget-container\">\n\t\t\t\t\t<div class=\"elementor-image-box-wrapper\"><figure class=\"elementor-image-box-img\"><a href=\"https:\/\/acrj.org.br\/wp-content\/uploads\/2021\/05\/Revista-CE-Logistica-e-Transporte-WEB.pdf\" tabindex=\"-1\"><img loading=\"lazy\" decoding=\"async\" width=\"764\" height=\"1080\" src=\"https:\/\/acrj.org.br\/wp-content\/uploads\/2021\/05\/Revista-CE-Logistica-e-Transporte-WEB-1.png\" class=\"attachment-full size-full wp-image-7677\" alt=\"\" srcset=\"https:\/\/acrj.org.br\/wp-content\/uploads\/2021\/05\/Revista-CE-Logistica-e-Transporte-WEB-1.png 764w, https:\/\/acrj.org.br\/wp-content\/uploads\/2021\/05\/Revista-CE-Logistica-e-Transporte-WEB-1-600x848.png 600w, https:\/\/acrj.org.br\/wp-content\/uploads\/2021\/05\/Revista-CE-Logistica-e-Transporte-WEB-1-212x300.png 212w, https:\/\/acrj.org.br\/wp-content\/uploads\/2021\/05\/Revista-CE-Logistica-e-Transporte-WEB-1-724x1024.png 724w\" sizes=\"(max-width: 764px) 100vw, 764px\" \/><\/a><\/figure><div class=\"elementor-image-box-content\"><h3 class=\"elementor-image-box-title\"><a href=\"https:\/\/acrj.org.br\/wp-content\/uploads\/2021\/05\/Revista-CE-Logistica-e-Transporte-WEB.pdf\">Revista Log\u00edstica e Transporte<\/a><\/h3><\/div><\/div>\t\t\t\t<\/div>\n\t\t\t\t<\/div>\n\t\t\t\t\t<\/div>\n\t\t<\/div>\n\t\t\t\t<div class=\"elementor-column elementor-col-25 elementor-top-column elementor-element elementor-element-51713ed\" data-id=\"51713ed\" data-element_type=\"column\" data-e-type=\"column\">\n\t\t\t<div class=\"elementor-widget-wrap elementor-element-populated\">\n\t\t\t\t\t\t<div class=\"elementor-element elementor-element-4bdaa72 elementor-position-top elementor-widget elementor-widget-image-box\" data-id=\"4bdaa72\" data-element_type=\"widget\" data-e-type=\"widget\" data-widget_type=\"image-box.default\">\n\t\t\t\t<div class=\"elementor-widget-container\">\n\t\t\t\t\t<div class=\"elementor-image-box-wrapper\"><figure class=\"elementor-image-box-img\"><a href=\"http:\/\/docpro.com.br\/revistadoempresario\/\" tabindex=\"-1\"><img loading=\"lazy\" decoding=\"async\" width=\"585\" height=\"810\" src=\"https:\/\/acrj.org.br\/wp-content\/uploads\/2020\/02\/revista_do_empresario.jpg\" class=\"attachment-full size-full wp-image-1003\" alt=\"\" srcset=\"https:\/\/acrj.org.br\/wp-content\/uploads\/2020\/02\/revista_do_empresario.jpg 585w, https:\/\/acrj.org.br\/wp-content\/uploads\/2020\/02\/revista_do_empresario-217x300.jpg 217w\" sizes=\"(max-width: 585px) 100vw, 585px\" \/><\/a><\/figure><div class=\"elementor-image-box-content\"><h3 class=\"elementor-image-box-title\"><a href=\"http:\/\/docpro.com.br\/revistadoempresario\/\">Revistas do Empres\u00e1rio<\/a><\/h3><\/div><\/div>\t\t\t\t<\/div>\n\t\t\t\t<\/div>\n\t\t\t\t\t<\/div>\n\t\t<\/div>\n\t\t\t\t\t<\/div>\n\t\t<\/section>\n\t\t\t\t<section class=\"elementor-section elementor-top-section elementor-element elementor-element-7913337 elementor-section-boxed elementor-section-height-default elementor-section-height-default\" data-id=\"7913337\" data-element_type=\"section\" data-e-type=\"section\">\n\t\t\t\t\t\t<div class=\"elementor-container elementor-column-gap-default\">\n\t\t\t\t\t<div class=\"elementor-column elementor-col-100 elementor-top-column elementor-element elementor-element-db415c5\" data-id=\"db415c5\" data-element_type=\"column\" data-e-type=\"column\">\n\t\t\t<div class=\"elementor-widget-wrap elementor-element-populated\">\n\t\t\t\t\t\t<div class=\"elementor-element elementor-element-5424bbe elementor-widget elementor-widget-heading\" data-id=\"5424bbe\" data-element_type=\"widget\" data-e-type=\"widget\" data-widget_type=\"heading.default\">\n\t\t\t\t<div class=\"elementor-widget-container\">\n\t\t\t\t\t<h2 class=\"elementor-heading-title elementor-size-small\">Publica\u00e7\u00f5es recomendadas pelos Conselhos Empresariais<\/h2>\t\t\t\t<\/div>\n\t\t\t\t<\/div>\n\t\t\t\t\t<\/div>\n\t\t<\/div>\n\t\t\t\t\t<\/div>\n\t\t<\/section>\n\t\t\t\t<section class=\"elementor-section elementor-top-section elementor-element elementor-element-056d506 elementor-section-boxed elementor-section-height-default elementor-section-height-default\" data-id=\"056d506\" data-element_type=\"section\" data-e-type=\"section\">\n\t\t\t\t\t\t<div class=\"elementor-container elementor-column-gap-default\">\n\t\t\t\t\t<div class=\"elementor-column elementor-col-100 elementor-top-column elementor-element elementor-element-5cdb784\" data-id=\"5cdb784\" data-element_type=\"column\" data-e-type=\"column\">\n\t\t\t<div class=\"elementor-widget-wrap elementor-element-populated\">\n\t\t\t\t\t\t<div class=\"elementor-element elementor-element-fb896b4 lista_publicacao elementor-widget elementor-widget-toggle\" data-id=\"fb896b4\" data-element_type=\"widget\" data-e-type=\"widget\" data-widget_type=\"toggle.default\">\n\t\t\t\t<div class=\"elementor-widget-container\">\n\t\t\t\t\t\t\t<div class=\"elementor-toggle\">\n\t\t\t\t\t\t\t<div class=\"elementor-toggle-item\">\n\t\t\t\t\t<div id=\"elementor-tab-title-2631\" class=\"elementor-tab-title\" data-tab=\"1\" role=\"button\" aria-controls=\"elementor-tab-content-2631\" aria-expanded=\"false\">\n\t\t\t\t\t\t\t\t\t\t\t\t<span class=\"elementor-toggle-icon elementor-toggle-icon-left\" aria-hidden=\"true\">\n\t\t\t\t\t\t\t\t\t\t\t\t\t\t\t<span class=\"elementor-toggle-icon-closed\"><i class=\"fas fa-caret-right\"><\/i><\/span>\n\t\t\t\t\t\t\t\t<span class=\"elementor-toggle-icon-opened\"><i class=\"elementor-toggle-icon-opened fas fa-caret-up\"><\/i><\/span>\n\t\t\t\t\t\t\t\t\t\t\t\t\t<\/span>\n\t\t\t\t\t\t\t\t\t\t\t\t<a class=\"elementor-toggle-title\" tabindex=\"0\">Assuntos Culturais<\/a>\n\t\t\t\t\t<\/div>\n\n\t\t\t\t\t<div id=\"elementor-tab-content-2631\" class=\"elementor-tab-content elementor-clearfix\" data-tab=\"1\" role=\"region\" aria-labelledby=\"elementor-tab-title-2631\"><h3><a href=\"http:\/\/acrj2020.profissional.ws\/wp-content\/uploads\/2020\/02\/1303_cultura_e_governanc_a.pdf\" target=\"_blank\" rel=\"noopener\">Cultura e Governan\u00e7a<\/a><\/h3><p>Autoria: <strong>Humberto Mota Filho<\/strong><\/p><h3><a href=\"https:\/\/acrj.org.br\/wp-content\/uploads\/2021\/03\/O-momento-atual-do-mercado-editorial2021-_-sonia-machado.pdf\">Momento atual do mercado editorial &#8211; 2021<\/a><\/h3><p>Autoria: <strong>S\u00f4nia Machado Jardim<\/strong><\/p><\/div>\n\t\t\t\t<\/div>\n\t\t\t\t\t\t\t<div class=\"elementor-toggle-item\">\n\t\t\t\t\t<div id=\"elementor-tab-title-2632\" class=\"elementor-tab-title\" data-tab=\"2\" role=\"button\" aria-controls=\"elementor-tab-content-2632\" aria-expanded=\"false\">\n\t\t\t\t\t\t\t\t\t\t\t\t<span class=\"elementor-toggle-icon elementor-toggle-icon-left\" aria-hidden=\"true\">\n\t\t\t\t\t\t\t\t\t\t\t\t\t\t\t<span class=\"elementor-toggle-icon-closed\"><i class=\"fas fa-caret-right\"><\/i><\/span>\n\t\t\t\t\t\t\t\t<span class=\"elementor-toggle-icon-opened\"><i class=\"elementor-toggle-icon-opened fas fa-caret-up\"><\/i><\/span>\n\t\t\t\t\t\t\t\t\t\t\t\t\t<\/span>\n\t\t\t\t\t\t\t\t\t\t\t\t<a class=\"elementor-toggle-title\" tabindex=\"0\">COMPETITIVIDADE, AMBIENTE DE NEG\u00d3CIOS\u00a0E\u00a0AGRONEG\u00d3CIO<\/a>\n\t\t\t\t\t<\/div>\n\n\t\t\t\t\t<div id=\"elementor-tab-content-2632\" class=\"elementor-tab-content elementor-clearfix\" data-tab=\"2\" role=\"region\" aria-labelledby=\"elementor-tab-title-2632\"><h3><a href=\"https:\/\/acrj.org.br\/wp-content\/uploads\/2020\/09\/WhatsApp-Image-2020-09-28-at-11.29.25.jpeg\" target=\"_blank\" rel=\"noopener\">Mandala Competitividade<\/a><\/h3><h3><a href=\"https:\/\/acrj.org.br\/wp-content\/uploads\/2023\/03\/Programa_Litigio_Zero_Receita-Federal_marco23.pdf\" target=\"_blank\" rel=\"noopener\">Programa Lit\u00edgio Zero<\/a><\/h3><p>Autoria: Minist\u00e9rio da Fazenda<\/p><h3><a href=\"https:\/\/acrj.org.br\/wp-content\/uploads\/2020\/09\/Projeto-Reducao-do-Custo-Brasil-Comites-e-Governanca-Envio-Externo.pdf\" target=\"_blank\" rel=\"noopener\">Projeto Redu\u00e7\u00e3o do Custo Brasil<\/a><\/h3><p>Autoria: <strong>Secretaria Especial de Produtividade, Emprego e Competitividade<\/strong><\/p><p>\u00a0<\/p><\/div>\n\t\t\t\t<\/div>\n\t\t\t\t\t\t\t<div class=\"elementor-toggle-item\">\n\t\t\t\t\t<div id=\"elementor-tab-title-2633\" class=\"elementor-tab-title\" data-tab=\"3\" role=\"button\" aria-controls=\"elementor-tab-content-2633\" aria-expanded=\"false\">\n\t\t\t\t\t\t\t\t\t\t\t\t<span class=\"elementor-toggle-icon elementor-toggle-icon-left\" aria-hidden=\"true\">\n\t\t\t\t\t\t\t\t\t\t\t\t\t\t\t<span class=\"elementor-toggle-icon-closed\"><i class=\"fas fa-caret-right\"><\/i><\/span>\n\t\t\t\t\t\t\t\t<span class=\"elementor-toggle-icon-opened\"><i class=\"elementor-toggle-icon-opened fas fa-caret-up\"><\/i><\/span>\n\t\t\t\t\t\t\t\t\t\t\t\t\t<\/span>\n\t\t\t\t\t\t\t\t\t\t\t\t<a class=\"elementor-toggle-title\" tabindex=\"0\">Educa\u00e7\u00e3o<\/a>\n\t\t\t\t\t<\/div>\n\n\t\t\t\t\t<div id=\"elementor-tab-content-2633\" class=\"elementor-tab-content elementor-clearfix\" data-tab=\"3\" role=\"region\" aria-labelledby=\"elementor-tab-title-2633\"><h3><a href=\"https:\/\/acrj.org.br\/wp-content\/uploads\/2020\/11\/Reuniao-Secretario-12.11.2020.pptx\" target=\"_blank\" rel=\"noopener\">Apresenta\u00e7\u00e3o do secret\u00e1rio de Estado de Educa\u00e7\u00e3o do Rio de Janeiro<\/a><\/h3><p>Autoria: <strong>Plinio Comte Leite Bittencourt<\/strong><\/p><\/div>\n\t\t\t\t<\/div>\n\t\t\t\t\t\t\t<div class=\"elementor-toggle-item\">\n\t\t\t\t\t<div id=\"elementor-tab-title-2634\" class=\"elementor-tab-title\" data-tab=\"4\" role=\"button\" aria-controls=\"elementor-tab-content-2634\" aria-expanded=\"false\">\n\t\t\t\t\t\t\t\t\t\t\t\t<span class=\"elementor-toggle-icon elementor-toggle-icon-left\" aria-hidden=\"true\">\n\t\t\t\t\t\t\t\t\t\t\t\t\t\t\t<span class=\"elementor-toggle-icon-closed\"><i class=\"fas fa-caret-right\"><\/i><\/span>\n\t\t\t\t\t\t\t\t<span class=\"elementor-toggle-icon-opened\"><i class=\"elementor-toggle-icon-opened fas fa-caret-up\"><\/i><\/span>\n\t\t\t\t\t\t\t\t\t\t\t\t\t<\/span>\n\t\t\t\t\t\t\t\t\t\t\t\t<a class=\"elementor-toggle-title\" tabindex=\"0\">GOVERNAN\u00c7A, COMPLIANCE\u00a0E\u00a0DIVERSIDADE<\/a>\n\t\t\t\t\t<\/div>\n\n\t\t\t\t\t<div id=\"elementor-tab-content-2634\" class=\"elementor-tab-content elementor-clearfix\" data-tab=\"4\" role=\"region\" aria-labelledby=\"elementor-tab-title-2634\"><h3><a href=\"https:\/\/acrj.org.br\/wp-content\/uploads\/2023\/10\/RICARDO-SAVINI-ACRJ_Governanca-da-Economia-do-Petroleo_Savini.pdf\">Evolu\u00e7\u00e3o do Cen\u00e1rio Empresarial do Setor de \u00d3leo &amp; G\u00e1s Brasileiro<\/a><\/h3><p>Autoria: <b>Ricardo Savini<\/b><\/p><h3><a href=\"https:\/\/acrj.org.br\/wp-content\/uploads\/2023\/10\/JORGE-PEDROSO-GovernancaEmpresaPetroleo_JorgePedroso_Out2023_v2.pdf\">Governan\u00e7a da Economia do Petr\u00f3leo<\/a><\/h3><p>Autoria: <b>Jorge Pedroso<\/b><\/p><h3><a href=\"https:\/\/acrj.org.br\/wp-content\/uploads\/2023\/10\/VALERIA-LIMA-2023-10-Apresentacao-ACRJ-Governanca-Setor-Petroleo.pdf\">Governan\u00e7a no Setor do Petr\u00f3leo<\/a><\/h3><p>Autoria: <strong>Val\u00e9ria Amoroso <\/strong><strong>Lima<\/strong><\/p><h3><a href=\"https:\/\/acrj.org.br\/wp-content\/uploads\/2020\/10\/RCVB-Eventos-no-Rio-realizacao-segura.-Tatiana-Kingston.pptx\">Eventos no Rio, realiza\u00e7\u00e3o segura<\/a><\/h3><p>Autoria: <strong>Tatiana Kingston<\/strong><\/p><h3><a href=\"https:\/\/acrj.org.br\/wp-content\/uploads\/2020\/08\/Apresenta\u00e7\u00e3o-IBRACEM.pdf\">Instituto Brasileiro de Certifica\u00e7\u00e3o e Monitoramento<\/a><\/h3><p>Autoria: <strong>Dani Glikmanas<\/strong><\/p><h3><a href=\"https:\/\/acrj.org.br\/wp-content\/uploads\/2020\/07\/Evento-03.07.pdf\">Conselho de Transpar\u00eancia e Combate a Corrup\u00e7\u00e3o de MG<\/a><\/h3><p>Autoria: <strong>Nicolle Bleme<\/strong><\/p><h3><a href=\"https:\/\/acrj.org.br\/wp-content\/uploads\/2020\/07\/A-Prote\u00e7\u00e3o-de-Dados-na-Pandemia.pdf\">A Prote\u00e7\u00e3o de Dados na Pandemia<\/a><\/h3><p>Autoria: <strong>Walter Capanema<\/strong><\/p><h3><a href=\"https:\/\/acrj.org.br\/wp-content\/uploads\/2020\/06\/Apresenta\u00e7\u00f5es-ACRJ.pdf\">Endowment<\/a><\/h3><p>Autoria: <strong>Andrea Hanai<\/strong><\/p><h3><a href=\"https:\/\/acrj.org.br\/wp-content\/uploads\/2020\/06\/ACRJ-Fabr\u00edcio-governan\u00e7a.pdf\">Fundos Patrimoniais<\/a><\/h3><p>Autoria: <strong>Fabr\u00edcio Brollo Duhham<\/strong><\/p><h3><a href=\"http:\/\/acrj2020.profissional.ws\/wp-content\/uploads\/2020\/02\/cartilha.pdf\" target=\"_blank\" rel=\"noopener\">Cartilha de Media\u00e7\u00e3o ACRJ<\/a><\/h3><p>Autoria: <strong>K\u00e1tia Junqueira<\/strong> e<strong> Luisa Bottrel<\/strong><\/p><h3><a href=\"http:\/\/acrj2020.profissional.ws\/wp-content\/uploads\/2020\/02\/1502_compliance_criminal_e_seus_desafios_atuais.pptx\" target=\"_blank\" rel=\"noopener\">Apresenta\u00e7\u00f5es &#8211; Compliance Criminal e seus Desafios Atuais<\/a><\/h3><p>Autoria: <strong>Claudia Bonard de Carvalho<\/strong><\/p><h3><a href=\"http:\/\/acrj2020.profissional.ws\/wp-content\/uploads\/2020\/02\/dalton_-_apresentacao_retratos_de_familia_versao_aderj.pdf\" target=\"_blank\" rel=\"noopener\">Pesquisa Retratos de Fam\u00edlia<\/a><\/h3><p>Autoria: <strong>Dalton Sardenberg<\/strong><\/p><h3><a href=\"http:\/\/acrj2020.profissional.ws\/wp-content\/uploads\/2020\/02\/claudio_carneiro_-_palestra_-_acrj.pdf\" target=\"_blank\" rel=\"noopener\">Compliance e Gest\u00e3o de Processos<\/a><\/h3><p>Autoria:<strong> Cl\u00e1udio Carneiro<\/strong><\/p><h3><a href=\"http:\/\/acrj2020.profissional.ws\/wp-content\/uploads\/2020\/02\/amanda_-_2019.06.07_apresentacao_alliance_jornadaintegra.pdf\" target=\"_blank\" rel=\"noopener\">Alliance for Integrity<\/a><\/h3><p>Autoria: <strong>Amanda Rocha<\/strong><\/p><h3><a href=\"http:\/\/acrj2020.profissional.ws\/wp-content\/uploads\/2020\/02\/marilia_kairuz_baracat.pptx\" target=\"_blank\" rel=\"noopener\">Programa de Compliance &#8211; Finep<\/a><\/h3><p>Autoria: <strong>Mar\u00edlia Kairuz Baracat<\/strong><\/p><h3><a href=\"http:\/\/acrj2020.profissional.ws\/wp-content\/uploads\/2020\/02\/renato_cirne_-_07.06.pdf\" target=\"_blank\" rel=\"noopener\">Governan\u00e7a, riscos, conformidade<\/a><\/h3><p>Autoria: <strong>Renato Cirne<\/strong><\/p><h3><a href=\"http:\/\/acrj2020.profissional.ws\/wp-content\/uploads\/2020\/02\/a_evolucao_da_transparencia_nas_empresas_estatais_-_bndes.pdf\">A Evolu\u00e7\u00e3o da Transpar\u00eancia nas Empresas Estatais<\/a><\/h3><p>Autoria: BNDES<\/p><h3><a href=\"http:\/\/acrj2020.profissional.ws\/wp-content\/uploads\/2020\/02\/ap_modelar_191024_-_andre_sales.pdf\" target=\"_blank\" rel=\"noopener\">Plano Estrat\u00e9gico de Desenvolvimento Urbano Integrado &#8211; Regi\u00e3o Metropolitana do Rio de Janeiro<\/a><\/h3><p>Autoria: <strong>Andr\u00e9 Sales<\/strong> &#8211; Quanta Consultoria<\/p><h3><a href=\"http:\/\/acrj2020.profissional.ws\/wp-content\/uploads\/2020\/02\/carlos_krykhtne.pptx\" target=\"_blank\" rel=\"noopener\">Breve Apresenta\u00e7\u00e3o sobre o Sistema Municipal de Informa\u00e7\u00f5es Urbanas da Prefeitura do Rio<\/a><\/h3><p>Autoria:\u00a0<strong>Carlos Krykhtne<\/strong> &#8211; Coordenador T\u00e9cnico de Informa\u00e7\u00f5es da Cidade<\/p><h3><a href=\"http:\/\/acrj2020.profissional.ws\/wp-content\/uploads\/2020\/02\/ipc2019_acrj_20200207_2.pdf\" target=\"_blank\" rel=\"noopener\">\u00cdndice de Percep\u00e7\u00e3o da Corrup\u00e7\u00e3o 2019<\/a><\/h3><p>Autoria:<b> <\/b><strong>Transpar\u00eancia Internacional Brasil<\/strong><\/p><h3><a href=\"http:\/\/acrj2020.profissional.ws\/wp-content\/uploads\/2020\/02\/apresentacao_sheila_responsabilidade_criminal_do_compliance_officer.pptx\" target=\"_blank\" rel=\"noopener\">Responsabilidade criminal do compliance officer no Brasil<\/a><\/h3><p>Autoria:<b> <\/b><strong>Sheila Lustoza<\/strong><\/p><h3><a href=\"http:\/\/acrj2020.profissional.ws\/wp-content\/uploads\/2020\/02\/apresentacao_compliance_4_0_vf.pdf\" target=\"_blank\" rel=\"noopener\">Compliance 4.0<\/a><\/h3><p>Autoria:<b> <\/b><strong>Jorge Duro<\/strong><\/p><\/div>\n\t\t\t\t<\/div>\n\t\t\t\t\t\t\t<div class=\"elementor-toggle-item\">\n\t\t\t\t\t<div id=\"elementor-tab-title-2635\" class=\"elementor-tab-title\" data-tab=\"5\" role=\"button\" aria-controls=\"elementor-tab-content-2635\" aria-expanded=\"false\">\n\t\t\t\t\t\t\t\t\t\t\t\t<span class=\"elementor-toggle-icon elementor-toggle-icon-left\" aria-hidden=\"true\">\n\t\t\t\t\t\t\t\t\t\t\t\t\t\t\t<span class=\"elementor-toggle-icon-closed\"><i class=\"fas fa-caret-right\"><\/i><\/span>\n\t\t\t\t\t\t\t\t<span class=\"elementor-toggle-icon-opened\"><i class=\"elementor-toggle-icon-opened fas fa-caret-up\"><\/i><\/span>\n\t\t\t\t\t\t\t\t\t\t\t\t\t<\/span>\n\t\t\t\t\t\t\t\t\t\t\t\t<a class=\"elementor-toggle-title\" tabindex=\"0\">Jur\u00eddico e Estrat\u00e9gico<\/a>\n\t\t\t\t\t<\/div>\n\n\t\t\t\t\t<div id=\"elementor-tab-content-2635\" class=\"elementor-tab-content elementor-clearfix\" data-tab=\"5\" role=\"region\" aria-labelledby=\"elementor-tab-title-2635\"><h3><a href=\"http:\/\/acrj2020.profissional.ws\/wp-content\/uploads\/2020\/02\/cartilha.pdf\" target=\"_blank\" rel=\"noopener\">Cartilha de Media\u00e7\u00e3o ACRJ<\/a><\/h3><p>Autoria: <strong>K\u00e1tia Junqueira<\/strong> e<strong> Luisa Bottrel<\/strong><\/p><p>\u00a0<\/p><\/div>\n\t\t\t\t<\/div>\n\t\t\t\t\t\t\t<div class=\"elementor-toggle-item\">\n\t\t\t\t\t<div id=\"elementor-tab-title-2636\" class=\"elementor-tab-title\" data-tab=\"6\" role=\"button\" aria-controls=\"elementor-tab-content-2636\" aria-expanded=\"false\">\n\t\t\t\t\t\t\t\t\t\t\t\t<span class=\"elementor-toggle-icon elementor-toggle-icon-left\" aria-hidden=\"true\">\n\t\t\t\t\t\t\t\t\t\t\t\t\t\t\t<span class=\"elementor-toggle-icon-closed\"><i class=\"fas fa-caret-right\"><\/i><\/span>\n\t\t\t\t\t\t\t\t<span class=\"elementor-toggle-icon-opened\"><i class=\"elementor-toggle-icon-opened fas fa-caret-up\"><\/i><\/span>\n\t\t\t\t\t\t\t\t\t\t\t\t\t<\/span>\n\t\t\t\t\t\t\t\t\t\t\t\t<a class=\"elementor-toggle-title\" tabindex=\"0\">Logistica e Transporte <\/a>\n\t\t\t\t\t<\/div>\n\n\t\t\t\t\t<div id=\"elementor-tab-content-2636\" class=\"elementor-tab-content elementor-clearfix\" data-tab=\"6\" role=\"region\" aria-labelledby=\"elementor-tab-title-2636\"><h3 style=\"margin-top: -10px;\"><a href=\"https:\/\/acrj.org.br\/wp-content\/uploads\/2022\/06\/Apresentacao-Institucional_Programa-Despoluir_2022_FETRANSCARGA.pdf\">Apresenta\u00e7\u00e3o Institucional &#8211; Programa FETRANSCARGA<\/a><\/h3><h3><a href=\"https:\/\/acrj.org.br\/wp-content\/uploads\/2022\/06\/Logistica-e-Transporte-Temas-prioritarios-para-o-desenvolvimento.pdf\">Log\u00edstica e Transporte &#8211; Temas priorit\u00e1rios para o desenvolvimento<\/a><\/h3><p>Autoria: <strong>Delmo Pinho<\/strong><\/p><h3><a href=\"http:\/\/acrj2020.profissional.ws\/wp-content\/uploads\/2020\/02\/analise_de_fluxos_de_caixa_-_parte__jose_carlos_1-2019-10-23.ppt\" target=\"_blank\" rel=\"noopener\">Concess\u00f5es e PPPs em Transportes<\/a><\/h3><p>Autoria: <strong>Jos\u00e9 Carlos S. Leit\u00e3o Filho<\/strong><\/p><h3><a href=\"http:\/\/acrj2020.profissional.ws\/wp-content\/uploads\/2020\/02\/ppps_e_concessoes_-_mauricio_portugal_ribeiro_-_ambiente_para_concessoes.pptx\" target=\"_blank\" rel=\"noopener\">O ambiente para concess\u00f5es no Brasil<\/a><\/h3><p>Autoria: <strong>Mauricio Portugal Ribeiro<\/strong><\/p><h3><a href=\"http:\/\/acrj2020.profissional.ws\/wp-content\/uploads\/2020\/02\/palestra_sobre_o_rio_importa__-_secretario_de_fazenda_do_estado.pdf\" target=\"_blank\" rel=\"noopener\">Rio Importa +<\/a><\/h3><p>Autoria: <strong>Secretaria de Fazenda do Estado do Rio de Janeiro<\/strong><\/p><h3><a href=\"http:\/\/acrj2020.profissional.ws\/wp-content\/uploads\/2020\/02\/mes_11_almoco_sefaz.pdf\" target=\"_blank\" rel=\"noopener\">Planejamento Setorial \u2013 Transportes e Log\u00edstica<\/a><\/h3><p>Autoria: <strong>Delmo Pinho<\/strong><\/p><h3><a href=\"http:\/\/acrj2020.profissional.ws\/wp-content\/uploads\/2020\/02\/analise_fin_e_eco_-_concessao_-_parte_2_e_3__-_2019-11-07.ppt\" target=\"_blank\" rel=\"noopener\">Fluxo de Caixa &#8211; Avalia\u00e7\u00e3o Financeira e Econ\u00f4mica<\/a><\/h3><p>Autoria:<strong>\u00a0Jos\u00e9 Carlos S. Leit\u00e3o Filho<\/strong><\/p><h3><a href=\"http:\/\/acrj2020.profissional.ws\/wp-content\/uploads\/2020\/02\/helena-tenorio.pdf\" target=\"_blank\" rel=\"noopener\">Explicitando as contribui\u00e7\u00f5es para o Desenvolvimento &#8211; Tese de Impacto de Investimento em Projetos &#8211; TIIP<\/a><\/h3><p>Autoria:\u00a0<strong>Helena Tenorio Veiga de Almeida<\/strong><\/p><h3><a href=\"http:\/\/acrj2020.profissional.ws\/wp-content\/uploads\/2020\/02\/apresentacao_rev_pdf.pdf\" target=\"_blank\" rel=\"noopener\">Vis\u00e3o geral dos modelos explorat\u00f3rios<\/a><\/h3><p>Autoria: <strong>Jos\u00e9 Eduardo Castello Branco<\/strong><\/p><\/div>\n\t\t\t\t<\/div>\n\t\t\t\t\t\t\t<div class=\"elementor-toggle-item\">\n\t\t\t\t\t<div id=\"elementor-tab-title-2637\" class=\"elementor-tab-title\" data-tab=\"7\" role=\"button\" aria-controls=\"elementor-tab-content-2637\" aria-expanded=\"false\">\n\t\t\t\t\t\t\t\t\t\t\t\t<span class=\"elementor-toggle-icon elementor-toggle-icon-left\" aria-hidden=\"true\">\n\t\t\t\t\t\t\t\t\t\t\t\t\t\t\t<span class=\"elementor-toggle-icon-closed\"><i class=\"fas fa-caret-right\"><\/i><\/span>\n\t\t\t\t\t\t\t\t<span class=\"elementor-toggle-icon-opened\"><i class=\"elementor-toggle-icon-opened fas fa-caret-up\"><\/i><\/span>\n\t\t\t\t\t\t\t\t\t\t\t\t\t<\/span>\n\t\t\t\t\t\t\t\t\t\t\t\t<a class=\"elementor-toggle-title\" tabindex=\"0\">MEDICINA E BEM-ESTAR<\/a>\n\t\t\t\t\t<\/div>\n\n\t\t\t\t\t<div id=\"elementor-tab-content-2637\" class=\"elementor-tab-content elementor-clearfix\" data-tab=\"7\" role=\"region\" aria-labelledby=\"elementor-tab-title-2637\"><h3><a href=\"http:\/\/acrj2020.profissional.ws\/wp-content\/uploads\/2020\/02\/licenciamento_sisvisa_acrj_saude.pptx\" target=\"_blank\" rel=\"noopener\">Licenciamento Sanit\u00e1rio<\/a><\/h3><p>Palestra: <strong>Subsecretaria de Vigil\u00e2ncia, Fiscaliza\u00e7\u00e3o Sanit\u00e1ria e Controle de Zoonoses do Rio de Janeiro<\/strong><\/p><p>Autoria: <strong>Subsecretaria de Vigil\u00e2ncia, Fiscaliza\u00e7\u00e3o Sanit\u00e1ria e Controle de Zoonoses do Rio de Janeiro<\/strong><\/p><\/div>\n\t\t\t\t<\/div>\n\t\t\t\t\t\t\t<div class=\"elementor-toggle-item\">\n\t\t\t\t\t<div id=\"elementor-tab-title-2638\" class=\"elementor-tab-title\" data-tab=\"8\" role=\"button\" aria-controls=\"elementor-tab-content-2638\" aria-expanded=\"false\">\n\t\t\t\t\t\t\t\t\t\t\t\t<span class=\"elementor-toggle-icon elementor-toggle-icon-left\" aria-hidden=\"true\">\n\t\t\t\t\t\t\t\t\t\t\t\t\t\t\t<span class=\"elementor-toggle-icon-closed\"><i class=\"fas fa-caret-right\"><\/i><\/span>\n\t\t\t\t\t\t\t\t<span class=\"elementor-toggle-icon-opened\"><i class=\"elementor-toggle-icon-opened fas fa-caret-up\"><\/i><\/span>\n\t\t\t\t\t\t\t\t\t\t\t\t\t<\/span>\n\t\t\t\t\t\t\t\t\t\t\t\t<a class=\"elementor-toggle-title\" tabindex=\"0\">MEIO AMBIENTE, MUDAN\u00c7AS CLIM\u00c1TICAS\u00a0E\u00a0SANEAMENTO<\/a>\n\t\t\t\t\t<\/div>\n\n\t\t\t\t\t<div id=\"elementor-tab-content-2638\" class=\"elementor-tab-content elementor-clearfix\" data-tab=\"8\" role=\"region\" aria-labelledby=\"elementor-tab-title-2638\"><p><a href=\"https:\/\/acrj.org.br\/wp-content\/uploads\/2020\/07\/BNDES_ACRJ_Apresenta\u00e7\u00e3o-SaneamentoRJ_20200730.pdf\">Projeto de Concess\u00f5es Regionalizadas do<br \/>Abastecimento de \u00c1gua e<br \/>Esgotamento Sanit\u00e1rio do ERJ<\/a><\/p><p>Autoria: Cleverson Aroeira<\/p><\/div>\n\t\t\t\t<\/div>\n\t\t\t\t\t\t\t\t<\/div>\n\t\t\t\t\t\t<\/div>\n\t\t\t\t<\/div>\n\t\t\t\t\t<\/div>\n\t\t<\/div>\n\t\t\t\t\t<\/div>\n\t\t<\/section>\n\t\t\t\t<section class=\"elementor-section elementor-top-section elementor-element elementor-element-46ad132 elementor-section-stretched elementor-section-boxed elementor-section-height-default elementor-section-height-default\" data-id=\"46ad132\" data-element_type=\"section\" data-e-type=\"section\" data-settings=\"{&quot;stretch_section&quot;:&quot;section-stretched&quot;}\">\n\t\t\t\t\t\t<div class=\"elementor-container elementor-column-gap-default\">\n\t\t\t\t\t<div class=\"elementor-column elementor-col-33 elementor-top-column elementor-element elementor-element-0b61010\" data-id=\"0b61010\" data-element_type=\"column\" data-e-type=\"column\">\n\t\t\t<div class=\"elementor-widget-wrap elementor-element-populated\">\n\t\t\t\t\t\t<div class=\"elementor-element elementor-element-d126913 elementor-widget elementor-widget-text-editor\" data-id=\"d126913\" data-element_type=\"widget\" data-e-type=\"widget\" data-widget_type=\"text-editor.default\">\n\t\t\t\t<div class=\"elementor-widget-container\">\n\t\t\t\t\t\t\t\t\t<p>Rua Candel\u00e1ria, 9 \/ 11\u00ba e 12\u00ba andares<br \/>Centro \u2013 Rio de Janeiro \u2013 RJ<br \/>CEP.: 20091-904<\/p>\t\t\t\t\t\t\t\t<\/div>\n\t\t\t\t<\/div>\n\t\t\t\t\t<\/div>\n\t\t<\/div>\n\t\t\t\t<div class=\"elementor-column elementor-col-33 elementor-top-column elementor-element elementor-element-4fc8d92\" data-id=\"4fc8d92\" data-element_type=\"column\" data-e-type=\"column\">\n\t\t\t<div class=\"elementor-widget-wrap elementor-element-populated\">\n\t\t\t\t\t\t<div class=\"elementor-element elementor-element-8badc02 elementor-widget elementor-widget-text-editor\" data-id=\"8badc02\" data-element_type=\"widget\" data-e-type=\"widget\" data-widget_type=\"text-editor.default\">\n\t\t\t\t<div class=\"elementor-widget-container\">\n\t\t\t\t\t\t\t\t\t<p style=\"text-align: center;\"><b>Tel. (21) 2514-1229<\/b><br \/>Fax (21) 2514-1216<\/p>\t\t\t\t\t\t\t\t<\/div>\n\t\t\t\t<\/div>\n\t\t\t\t\t<\/div>\n\t\t<\/div>\n\t\t\t\t<div class=\"elementor-column elementor-col-33 elementor-top-column elementor-element elementor-element-d94ba43\" data-id=\"d94ba43\" data-element_type=\"column\" data-e-type=\"column\">\n\t\t\t<div class=\"elementor-widget-wrap elementor-element-populated\">\n\t\t\t\t\t\t<div class=\"elementor-element elementor-element-35cd34c elementor-shape-rounded elementor-grid-0 e-grid-align-center elementor-widget elementor-widget-social-icons\" data-id=\"35cd34c\" data-element_type=\"widget\" data-e-type=\"widget\" data-widget_type=\"social-icons.default\">\n\t\t\t\t<div class=\"elementor-widget-container\">\n\t\t\t\t\t\t\t<div class=\"elementor-social-icons-wrapper elementor-grid\" role=\"list\">\n\t\t\t\t\t\t\t<span class=\"elementor-grid-item\" role=\"listitem\">\n\t\t\t\t\t<a class=\"elementor-icon elementor-social-icon elementor-social-icon-youtube elementor-repeater-item-1bedbf2\" href=\"https:\/\/www.youtube.com\/user\/acrjdivulga\" target=\"_blank\">\n\t\t\t\t\t\t<span class=\"elementor-screen-only\">Youtube<\/span>\n\t\t\t\t\t\t<i aria-hidden=\"true\" class=\"fab fa-youtube\"><\/i>\t\t\t\t\t<\/a>\n\t\t\t\t<\/span>\n\t\t\t\t\t\t\t<span class=\"elementor-grid-item\" role=\"listitem\">\n\t\t\t\t\t<a class=\"elementor-icon elementor-social-icon elementor-social-icon-instagram elementor-repeater-item-88fecc5\" href=\"https:\/\/www.instagram.com\/acrj_oficial\/?hl=pt-br\" target=\"_blank\">\n\t\t\t\t\t\t<span class=\"elementor-screen-only\">Instagram<\/span>\n\t\t\t\t\t\t<i aria-hidden=\"true\" class=\"fab fa-instagram\"><\/i>\t\t\t\t\t<\/a>\n\t\t\t\t<\/span>\n\t\t\t\t\t\t\t<span class=\"elementor-grid-item\" role=\"listitem\">\n\t\t\t\t\t<a class=\"elementor-icon elementor-social-icon elementor-social-icon-facebook-f elementor-repeater-item-520dba8\" href=\"https:\/\/www.facebook.com\/casademaua\/\" target=\"_blank\">\n\t\t\t\t\t\t<span class=\"elementor-screen-only\">Facebook-f<\/span>\n\t\t\t\t\t\t<i aria-hidden=\"true\" class=\"fab fa-facebook-f\"><\/i>\t\t\t\t\t<\/a>\n\t\t\t\t<\/span>\n\t\t\t\t\t\t\t<span class=\"elementor-grid-item\" role=\"listitem\">\n\t\t\t\t\t<a class=\"elementor-icon elementor-social-icon elementor-social-icon-twitter elementor-repeater-item-dfb64a5\" href=\"https:\/\/twitter.com\/acrj_oficial\" target=\"_blank\">\n\t\t\t\t\t\t<span class=\"elementor-screen-only\">Twitter<\/span>\n\t\t\t\t\t\t<i aria-hidden=\"true\" class=\"fab fa-twitter\"><\/i>\t\t\t\t\t<\/a>\n\t\t\t\t<\/span>\n\t\t\t\t\t\t\t<span class=\"elementor-grid-item\" role=\"listitem\">\n\t\t\t\t\t<a class=\"elementor-icon elementor-social-icon elementor-social-icon-linkedin-in elementor-repeater-item-90e1539\" href=\"https:\/\/www.linkedin.com\/company\/associa-o-comercial-do-rio-de-janeiro---acrj\/\" target=\"_blank\">\n\t\t\t\t\t\t<span class=\"elementor-screen-only\">Linkedin-in<\/span>\n\t\t\t\t\t\t<i aria-hidden=\"true\" class=\"fab fa-linkedin-in\"><\/i>\t\t\t\t\t<\/a>\n\t\t\t\t<\/span>\n\t\t\t\t\t<\/div>\n\t\t\t\t\t\t<\/div>\n\t\t\t\t<\/div>\n\t\t\t\t\t<\/div>\n\t\t<\/div>\n\t\t\t\t\t<\/div>\n\t\t<\/section>\n\t\t\t\t<\/div>\n\t\t","protected":false},"excerpt":{"rendered":"<p>publica\u00e7\u00f5es Agenda Positiva Os personagens da hist\u00f3ria Revista Assuntos Culturais Revista Competitividade e ambiente de neg\u00f3cios Revistas Governan\u00e7a e Compliance Revista Inova\u00e7\u00e3o, Comunica\u00e7\u00e3o e Tecnologia&hellip;<\/p>\n","protected":false},"author":1,"featured_media":35858,"parent":0,"menu_order":0,"comment_status":"closed","ping_status":"closed","template":"","meta":{"_exactmetrics_skip_tracking":false,"_exactmetrics_sitenote_active":false,"_exactmetrics_sitenote_note":"","_exactmetrics_sitenote_category":0,"footnotes":""},"class_list":["post-4888","page","type-page","status-publish","has-post-thumbnail","hentry"],"_links":{"self":[{"href":"https:\/\/acrj.org.br\/index.php\/wp-json\/wp\/v2\/pages\/4888","targetHints":{"allow":["GET"]}}],"collection":[{"href":"https:\/\/acrj.org.br\/index.php\/wp-json\/wp\/v2\/pages"}],"about":[{"href":"https:\/\/acrj.org.br\/index.php\/wp-json\/wp\/v2\/types\/page"}],"author":[{"embeddable":true,"href":"https:\/\/acrj.org.br\/index.php\/wp-json\/wp\/v2\/users\/1"}],"replies":[{"embeddable":true,"href":"https:\/\/acrj.org.br\/index.php\/wp-json\/wp\/v2\/comments?post=4888"}],"version-history":[{"count":0,"href":"https:\/\/acrj.org.br\/index.php\/wp-json\/wp\/v2\/pages\/4888\/revisions"}],"wp:featuredmedia":[{"embeddable":true,"href":"https:\/\/acrj.org.br\/index.php\/wp-json\/wp\/v2\/media\/35858"}],"wp:attachment":[{"href":"https:\/\/acrj.org.br\/index.php\/wp-json\/wp\/v2\/media?parent=4888"}],"curies":[{"name":"wp","href":"https:\/\/api.w.org\/{rel}","templated":true}]}}