{"id":40920,"date":"2026-01-14T16:37:54","date_gmt":"2026-01-14T19:37:54","guid":{"rendered":"https:\/\/acrj.org.br\/?page_id=40920"},"modified":"2026-01-14T21:05:34","modified_gmt":"2026-01-15T00:05:34","slug":"eventos_26","status":"publish","type":"page","link":"https:\/\/acrj.org.br\/index.php\/eventos_26\/","title":{"rendered":"Eventos_26"},"content":{"rendered":"\t\t<div data-elementor-type=\"wp-page\" data-elementor-id=\"40920\" class=\"elementor elementor-40920\" data-elementor-post-type=\"page\">\n\t\t\t\t\t\t<section class=\"elementor-section elementor-top-section elementor-element elementor-element-21b543c elementor-section-stretched elementor-section-boxed elementor-section-height-default elementor-section-height-default\" data-id=\"21b543c\" data-element_type=\"section\" data-e-type=\"section\" data-settings=\"{&quot;stretch_section&quot;:&quot;section-stretched&quot;,&quot;background_background&quot;:&quot;classic&quot;}\">\n\t\t\t\t\t\t<div class=\"elementor-container elementor-column-gap-default\">\n\t\t\t\t\t<div class=\"elementor-column elementor-col-100 elementor-top-column elementor-element elementor-element-2cf1003\" data-id=\"2cf1003\" data-element_type=\"column\" data-e-type=\"column\">\n\t\t\t<div class=\"elementor-widget-wrap elementor-element-populated\">\n\t\t\t\t\t\t<div class=\"elementor-element elementor-element-3ec36a2 elementor-nav-menu__align-center elementor-nav-menu--dropdown-tablet elementor-nav-menu__text-align-aside elementor-nav-menu--toggle elementor-nav-menu--burger elementor-widget elementor-widget-nav-menu\" data-id=\"3ec36a2\" data-element_type=\"widget\" data-e-type=\"widget\" data-settings=\"{&quot;layout&quot;:&quot;horizontal&quot;,&quot;submenu_icon&quot;:{&quot;value&quot;:&quot;&lt;i class=\\&quot;fas fa-caret-down\\&quot; aria-hidden=\\&quot;true\\&quot;&gt;&lt;\\\/i&gt;&quot;,&quot;library&quot;:&quot;fa-solid&quot;},&quot;toggle&quot;:&quot;burger&quot;}\" data-widget_type=\"nav-menu.default\">\n\t\t\t\t<div class=\"elementor-widget-container\">\n\t\t\t\t\t\t\t\t<nav aria-label=\"Menu\" class=\"elementor-nav-menu--main elementor-nav-menu__container elementor-nav-menu--layout-horizontal e--pointer-underline e--animation-fade\">\n\t\t\t\t<ul id=\"menu-1-3ec36a2\" class=\"elementor-nav-menu\"><li class=\"menu-item menu-item-type-post_type menu-item-object-page menu-item-40929\"><a href=\"https:\/\/acrj.org.br\/index.php\/eventos_26\/\" class=\"elementor-item\">2026<\/a><\/li>\n<li class=\"menu-item menu-item-type-post_type menu-item-object-page menu-item-37021\"><a href=\"https:\/\/acrj.org.br\/index.php\/eventos\/\" class=\"elementor-item\">2025<\/a><\/li>\n<li class=\"menu-item menu-item-type-post_type menu-item-object-page menu-item-37037\"><a href=\"https:\/\/acrj.org.br\/index.php\/eventos_24\/\" class=\"elementor-item\">2024<\/a><\/li>\n<li class=\"menu-item menu-item-type-post_type menu-item-object-page menu-item-37020\"><a href=\"https:\/\/acrj.org.br\/index.php\/eventos_23\/\" class=\"elementor-item\">2023<\/a><\/li>\n<\/ul>\t\t\t<\/nav>\n\t\t\t\t\t<div class=\"elementor-menu-toggle\" role=\"button\" tabindex=\"0\" aria-label=\"Alternar menu\" aria-expanded=\"false\">\n\t\t\t<i aria-hidden=\"true\" role=\"presentation\" class=\"elementor-menu-toggle__icon--open eicon-menu-bar\"><\/i><i aria-hidden=\"true\" role=\"presentation\" class=\"elementor-menu-toggle__icon--close eicon-close\"><\/i>\t\t<\/div>\n\t\t\t\t\t<nav class=\"elementor-nav-menu--dropdown elementor-nav-menu__container\" aria-hidden=\"true\">\n\t\t\t\t<ul id=\"menu-2-3ec36a2\" class=\"elementor-nav-menu\"><li class=\"menu-item menu-item-type-post_type menu-item-object-page menu-item-40929\"><a href=\"https:\/\/acrj.org.br\/index.php\/eventos_26\/\" class=\"elementor-item\" tabindex=\"-1\">2026<\/a><\/li>\n<li class=\"menu-item menu-item-type-post_type menu-item-object-page menu-item-37021\"><a href=\"https:\/\/acrj.org.br\/index.php\/eventos\/\" class=\"elementor-item\" tabindex=\"-1\">2025<\/a><\/li>\n<li class=\"menu-item menu-item-type-post_type menu-item-object-page menu-item-37037\"><a href=\"https:\/\/acrj.org.br\/index.php\/eventos_24\/\" class=\"elementor-item\" tabindex=\"-1\">2024<\/a><\/li>\n<li class=\"menu-item menu-item-type-post_type menu-item-object-page menu-item-37020\"><a href=\"https:\/\/acrj.org.br\/index.php\/eventos_23\/\" class=\"elementor-item\" tabindex=\"-1\">2023<\/a><\/li>\n<\/ul>\t\t\t<\/nav>\n\t\t\t\t\t\t<\/div>\n\t\t\t\t<\/div>\n\t\t\t\t<div class=\"elementor-element elementor-element-784e05f elementor-grid-4 elementor-grid-tablet-1 elementor-grid-mobile-1 elementor-posts--thumbnail-top elementor-widget elementor-widget-posts\" data-id=\"784e05f\" data-element_type=\"widget\" data-e-type=\"widget\" data-settings=\"{&quot;classic_columns&quot;:&quot;4&quot;,&quot;pagination_type&quot;:&quot;numbers_and_prev_next&quot;,&quot;classic_columns_tablet&quot;:&quot;1&quot;,&quot;classic_columns_mobile&quot;:&quot;1&quot;,&quot;classic_row_gap&quot;:{&quot;unit&quot;:&quot;px&quot;,&quot;size&quot;:35,&quot;sizes&quot;:[]},&quot;classic_row_gap_tablet&quot;:{&quot;unit&quot;:&quot;px&quot;,&quot;size&quot;:&quot;&quot;,&quot;sizes&quot;:[]},&quot;classic_row_gap_mobile&quot;:{&quot;unit&quot;:&quot;px&quot;,&quot;size&quot;:&quot;&quot;,&quot;sizes&quot;:[]}}\" data-widget_type=\"posts.classic\">\n\t\t\t\t<div class=\"elementor-widget-container\">\n\t\t\t\t\t\t\t<div class=\"elementor-posts-container elementor-posts elementor-posts--skin-classic elementor-grid\" role=\"list\">\n\t\t\t\t<article class=\"elementor-post elementor-grid-item post-46671 post type-post status-publish format-standard has-post-thumbnail hentry category-destaque_eventos category-eventos_acrj\" role=\"listitem\">\n\t\t\t\t<a class=\"elementor-post__thumbnail__link\" href=\"https:\/\/acrj.org.br\/index.php\/2026\/08\/26\/seminario-leiloes-lugar-de-cultura-negocios-e-paixao\/\" tabindex=\"-1\" >\n\t\t\t<div class=\"elementor-post__thumbnail\"><img fetchpriority=\"high\" decoding=\"async\" width=\"300\" height=\"225\" src=\"https:\/\/acrj.org.br\/wp-content\/uploads\/2026\/08\/seminario-leiloes_9_set_site-300x225.jpeg\" class=\"attachment-medium size-medium wp-image-46674\" alt=\"\" srcset=\"https:\/\/acrj.org.br\/wp-content\/uploads\/2026\/08\/seminario-leiloes_9_set_site-300x225.jpeg 300w, https:\/\/acrj.org.br\/wp-content\/uploads\/2026\/08\/seminario-leiloes_9_set_site-768x576.jpeg 768w, https:\/\/acrj.org.br\/wp-content\/uploads\/2026\/08\/seminario-leiloes_9_set_site.jpeg 800w\" sizes=\"(max-width: 300px) 100vw, 300px\" \/><\/div>\n\t\t<\/a>\n\t\t\t\t<div class=\"elementor-post__text\">\n\t\t\t\t<h3 class=\"elementor-post__title\">\n\t\t\t<a href=\"https:\/\/acrj.org.br\/index.php\/2026\/08\/26\/seminario-leiloes-lugar-de-cultura-negocios-e-paixao\/\" >\n\t\t\t\tSemin\u00e1rio Leil\u00f5es &#8211; Lugar de Cultura, Neg\u00f3cios e Paix\u00e3o\t\t\t<\/a>\n\t\t<\/h3>\n\t\t\t\t<div class=\"elementor-post__excerpt\">\n\t\t\t<p>O Conselho Empresarial de Cultura da ACRJ promove, dia 9 de setembro, um debate sobre os leil\u00f5es como espa\u00e7os de neg\u00f3cios, investimento, patrim\u00f4nio, cultura e paix\u00e3o, reunindo diferentes olhares sobre<\/p>\n\t\t<\/div>\n\t\t\n\t\t<a class=\"elementor-post__read-more\" href=\"https:\/\/acrj.org.br\/index.php\/2026\/08\/26\/seminario-leiloes-lugar-de-cultura-negocios-e-paixao\/\" aria-label=\"Leia mais sobre Semin\u00e1rio Leil\u00f5es &#8211; Lugar de Cultura, Neg\u00f3cios e Paix\u00e3o\" tabindex=\"-1\" >\n\t\t\tLeia mais \u00bb\t\t<\/a>\n\n\t\t\t\t<\/div>\n\t\t\t\t<\/article>\n\t\t\t\t<article class=\"elementor-post elementor-grid-item post-46574 post type-post status-publish format-standard has-post-thumbnail hentry category-destaque_eventos category-eventos_acrj\" role=\"listitem\">\n\t\t\t\t<a class=\"elementor-post__thumbnail__link\" href=\"https:\/\/acrj.org.br\/index.php\/2026\/08\/18\/seminario-compliance-eleitoral-e-governanca-dos-partidos-brasileiros\/\" tabindex=\"-1\" >\n\t\t\t<div class=\"elementor-post__thumbnail\"><img decoding=\"async\" width=\"300\" height=\"257\" src=\"https:\/\/acrj.org.br\/wp-content\/uploads\/2026\/08\/Reuniao-4_set-300x257.jpeg\" class=\"attachment-medium size-medium wp-image-46575\" alt=\"\" srcset=\"https:\/\/acrj.org.br\/wp-content\/uploads\/2026\/08\/Reuniao-4_set-300x257.jpeg 300w, https:\/\/acrj.org.br\/wp-content\/uploads\/2026\/08\/Reuniao-4_set-1024x878.jpeg 1024w, https:\/\/acrj.org.br\/wp-content\/uploads\/2026\/08\/Reuniao-4_set-768x659.jpeg 768w, https:\/\/acrj.org.br\/wp-content\/uploads\/2026\/08\/Reuniao-4_set-1536x1317.jpeg 1536w, https:\/\/acrj.org.br\/wp-content\/uploads\/2026\/08\/Reuniao-4_set.jpeg 1600w\" sizes=\"(max-width: 300px) 100vw, 300px\" \/><\/div>\n\t\t<\/a>\n\t\t\t\t<div class=\"elementor-post__text\">\n\t\t\t\t<h3 class=\"elementor-post__title\">\n\t\t\t<a href=\"https:\/\/acrj.org.br\/index.php\/2026\/08\/18\/seminario-compliance-eleitoral-e-governanca-dos-partidos-brasileiros\/\" >\n\t\t\t\tSemin\u00e1rio: Compliance Eleitoral e Governan\u00e7a dos Partidos Brasileiros\t\t\t<\/a>\n\t\t<\/h3>\n\t\t\t\t<div class=\"elementor-post__excerpt\">\n\t\t\t<p>O Conselho Empresarial de Governan\u00e7a, Compliance e Diversidade da ACRJ, vai promover,dia 4 de setembro, um semin\u00e1rio que vai discutir governan\u00e7a e compliance em per\u00edodo eleitoral. Participa\u00e7\u00e3o do cientista pol\u00edtico<\/p>\n\t\t<\/div>\n\t\t\n\t\t<a class=\"elementor-post__read-more\" href=\"https:\/\/acrj.org.br\/index.php\/2026\/08\/18\/seminario-compliance-eleitoral-e-governanca-dos-partidos-brasileiros\/\" aria-label=\"Leia mais sobre Semin\u00e1rio: Compliance Eleitoral e Governan\u00e7a dos Partidos Brasileiros\" tabindex=\"-1\" >\n\t\t\tLeia mais \u00bb\t\t<\/a>\n\n\t\t\t\t<\/div>\n\t\t\t\t<\/article>\n\t\t\t\t<article class=\"elementor-post elementor-grid-item post-46612 post type-post status-publish format-standard has-post-thumbnail hentry category-eventos_acrj\" role=\"listitem\">\n\t\t\t\t<a class=\"elementor-post__thumbnail__link\" href=\"https:\/\/acrj.org.br\/index.php\/2026\/08\/17\/acrj-da-inicio-a-serie-dialogos-estrategicos\/\" tabindex=\"-1\" >\n\t\t\t<div class=\"elementor-post__thumbnail\"><img decoding=\"async\" width=\"300\" height=\"233\" src=\"https:\/\/acrj.org.br\/wp-content\/uploads\/2026\/08\/Dialogos-Estrategicos_Tatiana-Roque_25_ago_site-e1787236190962-300x233.jpeg\" class=\"attachment-medium size-medium wp-image-46615\" alt=\"\" srcset=\"https:\/\/acrj.org.br\/wp-content\/uploads\/2026\/08\/Dialogos-Estrategicos_Tatiana-Roque_25_ago_site-e1787236190962-300x233.jpeg 300w, https:\/\/acrj.org.br\/wp-content\/uploads\/2026\/08\/Dialogos-Estrategicos_Tatiana-Roque_25_ago_site-e1787236190962.jpeg 743w\" sizes=\"(max-width: 300px) 100vw, 300px\" \/><\/div>\n\t\t<\/a>\n\t\t\t\t<div class=\"elementor-post__text\">\n\t\t\t\t<h3 class=\"elementor-post__title\">\n\t\t\t<a href=\"https:\/\/acrj.org.br\/index.php\/2026\/08\/17\/acrj-da-inicio-a-serie-dialogos-estrategicos\/\" >\n\t\t\t\tACRJ d\u00e1 in\u00edcio \u00e0 s\u00e9rie DI\u00c1LOGOS ESTRAT\u00c9GICOS\t\t\t<\/a>\n\t\t<\/h3>\n\t\t\t\t<div class=\"elementor-post__excerpt\">\n\t\t\t<p>A primeira convidada \u00e9 Tatiana Roque, ex-secret\u00e1ria de Ci\u00eancia e Tecnologia do Rio.<\/p>\n\t\t<\/div>\n\t\t\n\t\t<a class=\"elementor-post__read-more\" href=\"https:\/\/acrj.org.br\/index.php\/2026\/08\/17\/acrj-da-inicio-a-serie-dialogos-estrategicos\/\" aria-label=\"Leia mais sobre ACRJ d\u00e1 in\u00edcio \u00e0 s\u00e9rie DI\u00c1LOGOS ESTRAT\u00c9GICOS\" tabindex=\"-1\" >\n\t\t\tLeia mais \u00bb\t\t<\/a>\n\n\t\t\t\t<\/div>\n\t\t\t\t<\/article>\n\t\t\t\t<article class=\"elementor-post elementor-grid-item post-46550 post type-post status-publish format-standard has-post-thumbnail hentry category-eventos_acrj\" role=\"listitem\">\n\t\t\t\t<a class=\"elementor-post__thumbnail__link\" href=\"https:\/\/acrj.org.br\/index.php\/2026\/08\/17\/palestra-sobre-a-evolucao-da-seguranca-corporativa-para-a-protecao-estrategica-dos-negocios\/\" tabindex=\"-1\" >\n\t\t\t<div class=\"elementor-post__thumbnail\"><img loading=\"lazy\" decoding=\"async\" width=\"300\" height=\"297\" src=\"https:\/\/acrj.org.br\/wp-content\/uploads\/2026\/08\/Reuniao-25_ago-300x297.jpeg\" class=\"attachment-medium size-medium wp-image-46551\" alt=\"\" srcset=\"https:\/\/acrj.org.br\/wp-content\/uploads\/2026\/08\/Reuniao-25_ago-300x297.jpeg 300w, https:\/\/acrj.org.br\/wp-content\/uploads\/2026\/08\/Reuniao-25_ago-1024x1014.jpeg 1024w, https:\/\/acrj.org.br\/wp-content\/uploads\/2026\/08\/Reuniao-25_ago-150x150.jpeg 150w, https:\/\/acrj.org.br\/wp-content\/uploads\/2026\/08\/Reuniao-25_ago-768x761.jpeg 768w, https:\/\/acrj.org.br\/wp-content\/uploads\/2026\/08\/Reuniao-25_ago-1536x1522.jpeg 1536w, https:\/\/acrj.org.br\/wp-content\/uploads\/2026\/08\/Reuniao-25_ago.jpeg 1600w\" sizes=\"(max-width: 300px) 100vw, 300px\" \/><\/div>\n\t\t<\/a>\n\t\t\t\t<div class=\"elementor-post__text\">\n\t\t\t\t<h3 class=\"elementor-post__title\">\n\t\t\t<a href=\"https:\/\/acrj.org.br\/index.php\/2026\/08\/17\/palestra-sobre-a-evolucao-da-seguranca-corporativa-para-a-protecao-estrategica-dos-negocios\/\" >\n\t\t\t\tPalestra sobre a evolu\u00e7\u00e3o da seguran\u00e7a corporativa para a prote\u00e7\u00e3o estrat\u00e9gica dos neg\u00f3cios\t\t\t<\/a>\n\t\t<\/h3>\n\t\t\t\t<div class=\"elementor-post__excerpt\">\n\t\t\t<p>O Conselho Empresarial de Seguran\u00e7a da ACRJ vai promover, dia 25 de agosto (3\u00aa feira), \u00e0s 15h, uma palestra do especialista em Seguran\u00e7a Corporativa, Gest\u00e3o de Riscos, Gest\u00e3o de Crises,<\/p>\n\t\t<\/div>\n\t\t\n\t\t<a class=\"elementor-post__read-more\" href=\"https:\/\/acrj.org.br\/index.php\/2026\/08\/17\/palestra-sobre-a-evolucao-da-seguranca-corporativa-para-a-protecao-estrategica-dos-negocios\/\" aria-label=\"Leia mais sobre Palestra sobre a evolu\u00e7\u00e3o da seguran\u00e7a corporativa para a prote\u00e7\u00e3o estrat\u00e9gica dos neg\u00f3cios\" tabindex=\"-1\" >\n\t\t\tLeia mais \u00bb\t\t<\/a>\n\n\t\t\t\t<\/div>\n\t\t\t\t<\/article>\n\t\t\t\t<article class=\"elementor-post elementor-grid-item post-46648 post type-post status-publish format-standard has-post-thumbnail hentry category-eventos_acrj\" role=\"listitem\">\n\t\t\t\t<a class=\"elementor-post__thumbnail__link\" href=\"https:\/\/acrj.org.br\/index.php\/2026\/08\/17\/seminario-acordo-mercosul-uniao-europeia\/\" tabindex=\"-1\" >\n\t\t\t<div class=\"elementor-post__thumbnail\"><img loading=\"lazy\" decoding=\"async\" width=\"287\" height=\"300\" src=\"https:\/\/acrj.org.br\/wp-content\/uploads\/2026\/08\/IMG-20260820-WA00261-287x300.jpg\" class=\"attachment-medium size-medium wp-image-46649\" alt=\"\" srcset=\"https:\/\/acrj.org.br\/wp-content\/uploads\/2026\/08\/IMG-20260820-WA00261-287x300.jpg 287w, https:\/\/acrj.org.br\/wp-content\/uploads\/2026\/08\/IMG-20260820-WA00261-980x1024.jpg 980w, https:\/\/acrj.org.br\/wp-content\/uploads\/2026\/08\/IMG-20260820-WA00261-768x803.jpg 768w, https:\/\/acrj.org.br\/wp-content\/uploads\/2026\/08\/IMG-20260820-WA00261-1470x1536.jpg 1470w, https:\/\/acrj.org.br\/wp-content\/uploads\/2026\/08\/IMG-20260820-WA00261.jpg 1531w\" sizes=\"(max-width: 287px) 100vw, 287px\" \/><\/div>\n\t\t<\/a>\n\t\t\t\t<div class=\"elementor-post__text\">\n\t\t\t\t<h3 class=\"elementor-post__title\">\n\t\t\t<a href=\"https:\/\/acrj.org.br\/index.php\/2026\/08\/17\/seminario-acordo-mercosul-uniao-europeia\/\" >\n\t\t\t\tSEMIN\u00c1RIO ACORDO MERCOSUL &#8211; UNI\u00c3O EUROPEIA\t\t\t<\/a>\n\t\t<\/h3>\n\t\t\t\t<div class=\"elementor-post__excerpt\">\n\t\t\t<p>O Conselho Empresarial de Com\u00e9rcio Exterior da ACRJ promove, dia 25 de agosto, um debate sobre os impactos, competitividade, investimentos e integra\u00e7\u00e3o econ\u00f4mica entre Brasil e Europa. &#x1f449; Temas em<\/p>\n\t\t<\/div>\n\t\t\n\t\t<a class=\"elementor-post__read-more\" href=\"https:\/\/acrj.org.br\/index.php\/2026\/08\/17\/seminario-acordo-mercosul-uniao-europeia\/\" aria-label=\"Leia mais sobre SEMIN\u00c1RIO ACORDO MERCOSUL &#8211; UNI\u00c3O EUROPEIA\" tabindex=\"-1\" >\n\t\t\tLeia mais \u00bb\t\t<\/a>\n\n\t\t\t\t<\/div>\n\t\t\t\t<\/article>\n\t\t\t\t<article class=\"elementor-post elementor-grid-item post-46483 post type-post status-publish format-standard has-post-thumbnail hentry category-destaque_eventos category-eventos_acrj\" role=\"listitem\">\n\t\t\t\t<a class=\"elementor-post__thumbnail__link\" href=\"https:\/\/acrj.org.br\/index.php\/2026\/08\/13\/o-impacto-das-bets-na-saude-fisica-mental-e-financeira-dos-brasileiros\/\" tabindex=\"-1\" >\n\t\t\t<div class=\"elementor-post__thumbnail\"><img loading=\"lazy\" decoding=\"async\" width=\"300\" height=\"234\" src=\"https:\/\/acrj.org.br\/wp-content\/uploads\/2026\/08\/bets-para-o-site-300x234.png\" class=\"attachment-medium size-medium wp-image-46487\" alt=\"\" srcset=\"https:\/\/acrj.org.br\/wp-content\/uploads\/2026\/08\/bets-para-o-site-300x234.png 300w, https:\/\/acrj.org.br\/wp-content\/uploads\/2026\/08\/bets-para-o-site-1024x798.png 1024w, https:\/\/acrj.org.br\/wp-content\/uploads\/2026\/08\/bets-para-o-site-768x598.png 768w, https:\/\/acrj.org.br\/wp-content\/uploads\/2026\/08\/bets-para-o-site-1536x1197.png 1536w, https:\/\/acrj.org.br\/wp-content\/uploads\/2026\/08\/bets-para-o-site.png 1852w\" sizes=\"(max-width: 300px) 100vw, 300px\" \/><\/div>\n\t\t<\/a>\n\t\t\t\t<div class=\"elementor-post__text\">\n\t\t\t\t<h3 class=\"elementor-post__title\">\n\t\t\t<a href=\"https:\/\/acrj.org.br\/index.php\/2026\/08\/13\/o-impacto-das-bets-na-saude-fisica-mental-e-financeira-dos-brasileiros\/\" >\n\t\t\t\tO impacto das Bets na sa\u00fade f\u00edsica, mental e financeira dos brasileiros\t\t\t<\/a>\n\t\t<\/h3>\n\t\t\t\t<div class=\"elementor-post__excerpt\">\n\t\t\t<p>Este \u00e9 o tema do debate que ser\u00e1 promovido pela ACRJ, dia 21 de agosto, \u00e0s 11h, e que vai reunir especialistas de diferentes \u00e1reas para discutir os riscos e<\/p>\n\t\t<\/div>\n\t\t\n\t\t<a class=\"elementor-post__read-more\" href=\"https:\/\/acrj.org.br\/index.php\/2026\/08\/13\/o-impacto-das-bets-na-saude-fisica-mental-e-financeira-dos-brasileiros\/\" aria-label=\"Leia mais sobre O impacto das Bets na sa\u00fade f\u00edsica, mental e financeira dos brasileiros\" tabindex=\"-1\" >\n\t\t\tLeia mais \u00bb\t\t<\/a>\n\n\t\t\t\t<\/div>\n\t\t\t\t<\/article>\n\t\t\t\t<article class=\"elementor-post elementor-grid-item post-46403 post type-post status-publish format-standard has-post-thumbnail hentry category-eventos_acrj\" role=\"listitem\">\n\t\t\t\t<a class=\"elementor-post__thumbnail__link\" href=\"https:\/\/acrj.org.br\/index.php\/2026\/08\/12\/palestra-sobre-a-oligarquia-dos-poderes-e-a-crise-da-democracia-com-o-imortal-joaquim-falcao\/\" tabindex=\"-1\" >\n\t\t\t<div class=\"elementor-post__thumbnail\"><img loading=\"lazy\" decoding=\"async\" width=\"300\" height=\"257\" src=\"https:\/\/acrj.org.br\/wp-content\/uploads\/2026\/08\/palestra-Joaquim-Falcao_18_Ago-300x257.jpeg\" class=\"attachment-medium size-medium wp-image-46404\" alt=\"\" srcset=\"https:\/\/acrj.org.br\/wp-content\/uploads\/2026\/08\/palestra-Joaquim-Falcao_18_Ago-300x257.jpeg 300w, https:\/\/acrj.org.br\/wp-content\/uploads\/2026\/08\/palestra-Joaquim-Falcao_18_Ago-1024x879.jpeg 1024w, https:\/\/acrj.org.br\/wp-content\/uploads\/2026\/08\/palestra-Joaquim-Falcao_18_Ago-768x659.jpeg 768w, https:\/\/acrj.org.br\/wp-content\/uploads\/2026\/08\/palestra-Joaquim-Falcao_18_Ago-1536x1318.jpeg 1536w, https:\/\/acrj.org.br\/wp-content\/uploads\/2026\/08\/palestra-Joaquim-Falcao_18_Ago.jpeg 1600w\" sizes=\"(max-width: 300px) 100vw, 300px\" \/><\/div>\n\t\t<\/a>\n\t\t\t\t<div class=\"elementor-post__text\">\n\t\t\t\t<h3 class=\"elementor-post__title\">\n\t\t\t<a href=\"https:\/\/acrj.org.br\/index.php\/2026\/08\/12\/palestra-sobre-a-oligarquia-dos-poderes-e-a-crise-da-democracia-com-o-imortal-joaquim-falcao\/\" >\n\t\t\t\tPalestra sobre \u201cA Oligarquia dos Poderes e a Crise da Democracia\u201d, com o imortal Joaquim Falc\u00e3o\t\t\t<\/a>\n\t\t<\/h3>\n\t\t\t\t<div class=\"elementor-post__excerpt\">\n\t\t\t<p>O presidente do Conselho Superior da ACRJ, Ruy Barreto Filho, convida para a palestra especial, dia 18\/8, com o jurista, professor, escritor e grande benem\u00e9rito Joaquim Falc\u00e3o, autor do livro<\/p>\n\t\t<\/div>\n\t\t\n\t\t<a class=\"elementor-post__read-more\" href=\"https:\/\/acrj.org.br\/index.php\/2026\/08\/12\/palestra-sobre-a-oligarquia-dos-poderes-e-a-crise-da-democracia-com-o-imortal-joaquim-falcao\/\" aria-label=\"Leia mais sobre Palestra sobre \u201cA Oligarquia dos Poderes e a Crise da Democracia\u201d, com o imortal Joaquim Falc\u00e3o\" tabindex=\"-1\" >\n\t\t\tLeia mais \u00bb\t\t<\/a>\n\n\t\t\t\t<\/div>\n\t\t\t\t<\/article>\n\t\t\t\t<article class=\"elementor-post elementor-grid-item post-46464 post type-post status-publish format-standard has-post-thumbnail hentry category-eventos_acrj\" role=\"listitem\">\n\t\t\t\t<a class=\"elementor-post__thumbnail__link\" href=\"https:\/\/acrj.org.br\/index.php\/2026\/08\/11\/debate-sobre-o-rio-na-era-da-ia-onde-mercado-capital-e-inovacao-se-encontram\/\" tabindex=\"-1\" >\n\t\t\t<div class=\"elementor-post__thumbnail\"><img loading=\"lazy\" decoding=\"async\" width=\"300\" height=\"210\" src=\"https:\/\/acrj.org.br\/wp-content\/uploads\/2026\/08\/Reuniao-17_Ago-e1786466547798-300x210.jpeg\" class=\"attachment-medium size-medium wp-image-46465\" alt=\"\" srcset=\"https:\/\/acrj.org.br\/wp-content\/uploads\/2026\/08\/Reuniao-17_Ago-e1786466547798-300x210.jpeg 300w, https:\/\/acrj.org.br\/wp-content\/uploads\/2026\/08\/Reuniao-17_Ago-e1786466547798-1024x718.jpeg 1024w, https:\/\/acrj.org.br\/wp-content\/uploads\/2026\/08\/Reuniao-17_Ago-e1786466547798-768x539.jpeg 768w, https:\/\/acrj.org.br\/wp-content\/uploads\/2026\/08\/Reuniao-17_Ago-e1786466547798-1536x1077.jpeg 1536w, https:\/\/acrj.org.br\/wp-content\/uploads\/2026\/08\/Reuniao-17_Ago-e1786466547798.jpeg 1540w\" sizes=\"(max-width: 300px) 100vw, 300px\" \/><\/div>\n\t\t<\/a>\n\t\t\t\t<div class=\"elementor-post__text\">\n\t\t\t\t<h3 class=\"elementor-post__title\">\n\t\t\t<a href=\"https:\/\/acrj.org.br\/index.php\/2026\/08\/11\/debate-sobre-o-rio-na-era-da-ia-onde-mercado-capital-e-inovacao-se-encontram\/\" >\n\t\t\t\tDebate sobre \u201cO Rio na era da IA: onde mercado, capital e inova\u00e7\u00e3o se encontram\u201d\t\t\t<\/a>\n\t\t<\/h3>\n\t\t\t\t<div class=\"elementor-post__excerpt\">\n\t\t\t<p>&#8220;O Rio na era da IA: onde mercado, capital e inova\u00e7\u00e3o se encontram&#8221; \u00e9 o tema da palestra promovida pelo Conselho Empresarial de Desenvolvimento Econ\u00f4mico e Mercado de Capitais da<\/p>\n\t\t<\/div>\n\t\t\n\t\t<a class=\"elementor-post__read-more\" href=\"https:\/\/acrj.org.br\/index.php\/2026\/08\/11\/debate-sobre-o-rio-na-era-da-ia-onde-mercado-capital-e-inovacao-se-encontram\/\" aria-label=\"Leia mais sobre Debate sobre \u201cO Rio na era da IA: onde mercado, capital e inova\u00e7\u00e3o se encontram\u201d\" tabindex=\"-1\" >\n\t\t\tLeia mais \u00bb\t\t<\/a>\n\n\t\t\t\t<\/div>\n\t\t\t\t<\/article>\n\t\t\t\t<article class=\"elementor-post elementor-grid-item post-44621 post type-post status-publish format-standard has-post-thumbnail hentry category-eventos_acrj\" role=\"listitem\">\n\t\t\t\t<a class=\"elementor-post__thumbnail__link\" href=\"https:\/\/acrj.org.br\/index.php\/2026\/07\/16\/seminario-compliance-no-futebol-saf-fair-play-bets\/\" tabindex=\"-1\" >\n\t\t\t<div class=\"elementor-post__thumbnail\"><img loading=\"lazy\" decoding=\"async\" width=\"300\" height=\"193\" src=\"https:\/\/acrj.org.br\/wp-content\/uploads\/2026\/06\/Reuniao-7_Ago-1-e1785939411102-300x193.jpeg\" class=\"attachment-medium size-medium wp-image-46397\" alt=\"\" srcset=\"https:\/\/acrj.org.br\/wp-content\/uploads\/2026\/06\/Reuniao-7_Ago-1-e1785939411102-300x193.jpeg 300w, https:\/\/acrj.org.br\/wp-content\/uploads\/2026\/06\/Reuniao-7_Ago-1-e1785939411102-1024x659.jpeg 1024w, https:\/\/acrj.org.br\/wp-content\/uploads\/2026\/06\/Reuniao-7_Ago-1-e1785939411102-768x494.jpeg 768w, https:\/\/acrj.org.br\/wp-content\/uploads\/2026\/06\/Reuniao-7_Ago-1-e1785939411102-1536x989.jpeg 1536w, https:\/\/acrj.org.br\/wp-content\/uploads\/2026\/06\/Reuniao-7_Ago-1-e1785939411102.jpeg 1578w\" sizes=\"(max-width: 300px) 100vw, 300px\" \/><\/div>\n\t\t<\/a>\n\t\t\t\t<div class=\"elementor-post__text\">\n\t\t\t\t<h3 class=\"elementor-post__title\">\n\t\t\t<a href=\"https:\/\/acrj.org.br\/index.php\/2026\/07\/16\/seminario-compliance-no-futebol-saf-fair-play-bets\/\" >\n\t\t\t\tSemin\u00e1rio: Compliance no Futebol: SAF &#8211; FAIR PLAY &#8211; BETS\t\t\t<\/a>\n\t\t<\/h3>\n\t\t\t\t<div class=\"elementor-post__excerpt\">\n\t\t\t<p>O Conselho Empresarial de Governan\u00e7a, Compliance e Diversidade da ACRJ, promove, dia 7 de agosto, o semin\u00e1rio &#8220;Compliance no Futebol: SAF &#8211; FAIR PLAY &#8211; BETS&#8221;. O evento abordar\u00e1 os<\/p>\n\t\t<\/div>\n\t\t\n\t\t<a class=\"elementor-post__read-more\" href=\"https:\/\/acrj.org.br\/index.php\/2026\/07\/16\/seminario-compliance-no-futebol-saf-fair-play-bets\/\" aria-label=\"Leia mais sobre Semin\u00e1rio: Compliance no Futebol: SAF &#8211; FAIR PLAY &#8211; BETS\" tabindex=\"-1\" >\n\t\t\tLeia mais \u00bb\t\t<\/a>\n\n\t\t\t\t<\/div>\n\t\t\t\t<\/article>\n\t\t\t\t<article class=\"elementor-post elementor-grid-item post-45225 post type-post status-publish format-standard has-post-thumbnail hentry category-eventos_acrj\" role=\"listitem\">\n\t\t\t\t<a class=\"elementor-post__thumbnail__link\" href=\"https:\/\/acrj.org.br\/index.php\/2026\/06\/25\/palestra-sobre-mercado-de-petroleo-e-transicao-energetica\/\" tabindex=\"-1\" >\n\t\t\t<div class=\"elementor-post__thumbnail\"><img loading=\"lazy\" decoding=\"async\" width=\"300\" height=\"273\" src=\"https:\/\/acrj.org.br\/wp-content\/uploads\/2026\/06\/Reuniao-26_Jun-300x273.jpeg\" class=\"attachment-medium size-medium wp-image-45226\" alt=\"\" srcset=\"https:\/\/acrj.org.br\/wp-content\/uploads\/2026\/06\/Reuniao-26_Jun-300x273.jpeg 300w, https:\/\/acrj.org.br\/wp-content\/uploads\/2026\/06\/Reuniao-26_Jun-1024x931.jpeg 1024w, https:\/\/acrj.org.br\/wp-content\/uploads\/2026\/06\/Reuniao-26_Jun-768x698.jpeg 768w, https:\/\/acrj.org.br\/wp-content\/uploads\/2026\/06\/Reuniao-26_Jun-1536x1397.jpeg 1536w, https:\/\/acrj.org.br\/wp-content\/uploads\/2026\/06\/Reuniao-26_Jun.jpeg 1600w\" sizes=\"(max-width: 300px) 100vw, 300px\" \/><\/div>\n\t\t<\/a>\n\t\t\t\t<div class=\"elementor-post__text\">\n\t\t\t\t<h3 class=\"elementor-post__title\">\n\t\t\t<a href=\"https:\/\/acrj.org.br\/index.php\/2026\/06\/25\/palestra-sobre-mercado-de-petroleo-e-transicao-energetica\/\" >\n\t\t\t\tPALESTRA SOBRE MERCADO DE PETR\u00d3LEO E TRANSI\u00c7\u00c3O ENERG\u00c9TICA\t\t\t<\/a>\n\t\t<\/h3>\n\t\t\t\t<div class=\"elementor-post__excerpt\">\n\t\t\t<p>O Conselho Empresarial de Energia e Transi\u00e7\u00e3o Energ\u00e9tica da ACRJ, recebe, nesta 6\u00aa feira (26\/6), a diretora Executiva do IBP, Sylvie D&#8217;Apote, para apresentar a palestra \u201cO Mercado de petr\u00f3leo<\/p>\n\t\t<\/div>\n\t\t\n\t\t<a class=\"elementor-post__read-more\" href=\"https:\/\/acrj.org.br\/index.php\/2026\/06\/25\/palestra-sobre-mercado-de-petroleo-e-transicao-energetica\/\" aria-label=\"Leia mais sobre PALESTRA SOBRE MERCADO DE PETR\u00d3LEO E TRANSI\u00c7\u00c3O ENERG\u00c9TICA\" tabindex=\"-1\" >\n\t\t\tLeia mais \u00bb\t\t<\/a>\n\n\t\t\t\t<\/div>\n\t\t\t\t<\/article>\n\t\t\t\t<article class=\"elementor-post elementor-grid-item post-45083 post type-post status-publish format-standard has-post-thumbnail hentry category-eventos_acrj\" role=\"listitem\">\n\t\t\t\t<a class=\"elementor-post__thumbnail__link\" href=\"https:\/\/acrj.org.br\/index.php\/2026\/06\/22\/palestra-plano-de-voo\/\" tabindex=\"-1\" >\n\t\t\t<div class=\"elementor-post__thumbnail\"><img loading=\"lazy\" decoding=\"async\" width=\"300\" height=\"300\" src=\"https:\/\/acrj.org.br\/wp-content\/uploads\/2026\/06\/Reuniao-25-de-junho-300x300.jpeg\" class=\"attachment-medium size-medium wp-image-45084\" alt=\"\" srcset=\"https:\/\/acrj.org.br\/wp-content\/uploads\/2026\/06\/Reuniao-25-de-junho-300x300.jpeg 300w, https:\/\/acrj.org.br\/wp-content\/uploads\/2026\/06\/Reuniao-25-de-junho-1024x1019.jpeg 1024w, https:\/\/acrj.org.br\/wp-content\/uploads\/2026\/06\/Reuniao-25-de-junho-150x150.jpeg 150w, https:\/\/acrj.org.br\/wp-content\/uploads\/2026\/06\/Reuniao-25-de-junho.jpeg 1600w\" sizes=\"(max-width: 300px) 100vw, 300px\" \/><\/div>\n\t\t<\/a>\n\t\t\t\t<div class=\"elementor-post__text\">\n\t\t\t\t<h3 class=\"elementor-post__title\">\n\t\t\t<a href=\"https:\/\/acrj.org.br\/index.php\/2026\/06\/22\/palestra-plano-de-voo\/\" >\n\t\t\t\tPalestra Plano de Voo\t\t\t<\/a>\n\t\t<\/h3>\n\t\t\t\t<div class=\"elementor-post__excerpt\">\n\t\t\t<p>O Conselho Empresarial de Desenvolvimento Humano e Educa\u00e7\u00e3o Corporativa da ACRJ, recebe o jornalista Eduardo Mack, que vai falar sobre sua trajet\u00f3ria associada \u00e0 busca pelo conhecimento, seguran\u00e7a psicol\u00f3gica e<\/p>\n\t\t<\/div>\n\t\t\n\t\t<a class=\"elementor-post__read-more\" href=\"https:\/\/acrj.org.br\/index.php\/2026\/06\/22\/palestra-plano-de-voo\/\" aria-label=\"Leia mais sobre Palestra Plano de Voo\" tabindex=\"-1\" >\n\t\t\tLeia mais \u00bb\t\t<\/a>\n\n\t\t\t\t<\/div>\n\t\t\t\t<\/article>\n\t\t\t\t<article class=\"elementor-post elementor-grid-item post-44376 post type-post status-publish format-standard has-post-thumbnail hentry category-eventos_acrj\" role=\"listitem\">\n\t\t\t\t<a class=\"elementor-post__thumbnail__link\" href=\"https:\/\/acrj.org.br\/index.php\/2026\/06\/03\/palestra-sobre-o-riocomex\/\" tabindex=\"-1\" >\n\t\t\t<div class=\"elementor-post__thumbnail\"><img loading=\"lazy\" decoding=\"async\" width=\"300\" height=\"263\" src=\"https:\/\/acrj.org.br\/wp-content\/uploads\/2026\/06\/Reuniao-11_Jun-300x263.jpeg\" class=\"attachment-medium size-medium wp-image-44377\" alt=\"\" srcset=\"https:\/\/acrj.org.br\/wp-content\/uploads\/2026\/06\/Reuniao-11_Jun-300x263.jpeg 300w, https:\/\/acrj.org.br\/wp-content\/uploads\/2026\/06\/Reuniao-11_Jun-1024x896.jpeg 1024w, https:\/\/acrj.org.br\/wp-content\/uploads\/2026\/06\/Reuniao-11_Jun-768x672.jpeg 768w, https:\/\/acrj.org.br\/wp-content\/uploads\/2026\/06\/Reuniao-11_Jun-1536x1344.jpeg 1536w, https:\/\/acrj.org.br\/wp-content\/uploads\/2026\/06\/Reuniao-11_Jun.jpeg 1600w\" sizes=\"(max-width: 300px) 100vw, 300px\" \/><\/div>\n\t\t<\/a>\n\t\t\t\t<div class=\"elementor-post__text\">\n\t\t\t\t<h3 class=\"elementor-post__title\">\n\t\t\t<a href=\"https:\/\/acrj.org.br\/index.php\/2026\/06\/03\/palestra-sobre-o-riocomex\/\" >\n\t\t\t\tPalestra sobre o RIOCOMEX\t\t\t<\/a>\n\t\t<\/h3>\n\t\t\t\t<div class=\"elementor-post__excerpt\">\n\t\t\t<p>O Conselho Empresarial de Com\u00e9rcio Exterior da ACRJ promove, dia 11 de junho, uma palestra sobre a Lei N\u00ba 11.192\/2026, que trata sobre o RIOCOMEX, o regime tribut\u00e1rio diferenciado para<\/p>\n\t\t<\/div>\n\t\t\n\t\t<a class=\"elementor-post__read-more\" href=\"https:\/\/acrj.org.br\/index.php\/2026\/06\/03\/palestra-sobre-o-riocomex\/\" aria-label=\"Leia mais sobre Palestra sobre o RIOCOMEX\" tabindex=\"-1\" >\n\t\t\tLeia mais \u00bb\t\t<\/a>\n\n\t\t\t\t<\/div>\n\t\t\t\t<\/article>\n\t\t\t\t<\/div>\n\t\t\n\t\t\t\t<div class=\"e-load-more-anchor\" data-page=\"1\" data-max-page=\"4\" data-next-page=\"https:\/\/acrj.org.br\/index.php\/wp-json\/wp\/v2\/pages\/40920\/page\/2\/\"><\/div>\n\t\t\t\t<nav class=\"elementor-pagination\" aria-label=\"Pagina\u00e7\u00e3o\">\n\t\t\t<span class=\"page-numbers prev\"><<\/span>\n<span aria-current=\"page\" class=\"page-numbers current\"><span class=\"elementor-screen-only\">P\u00e1gina<\/span>1<\/span>\n<a class=\"page-numbers\" href=\"https:\/\/acrj.org.br\/index.php\/wp-json\/wp\/v2\/pages\/40920\/page\/2\/\"><span class=\"elementor-screen-only\">P\u00e1gina<\/span>2<\/a>\n<a class=\"page-numbers\" href=\"https:\/\/acrj.org.br\/index.php\/wp-json\/wp\/v2\/pages\/40920\/page\/3\/\"><span class=\"elementor-screen-only\">P\u00e1gina<\/span>3<\/a>\n<a class=\"page-numbers\" href=\"https:\/\/acrj.org.br\/index.php\/wp-json\/wp\/v2\/pages\/40920\/page\/4\/\"><span class=\"elementor-screen-only\">P\u00e1gina<\/span>4<\/a>\n<a class=\"page-numbers next\" href=\"https:\/\/acrj.org.br\/index.php\/wp-json\/wp\/v2\/pages\/40920\/page\/2\/\">><\/a>\t\t<\/nav>\n\t\t\t\t\t\t<\/div>\n\t\t\t\t<\/div>\n\t\t\t\t\t<\/div>\n\t\t<\/div>\n\t\t\t\t\t<\/div>\n\t\t<\/section>\n\t\t\t\t<\/div>\n\t\t","protected":false},"excerpt":{"rendered":"","protected":false},"author":1,"featured_media":35858,"parent":0,"menu_order":0,"comment_status":"closed","ping_status":"closed","template":"","meta":{"_exactmetrics_skip_tracking":false,"_customify_content_layout":"","_customify_sidebar":"","_customify_page_header_display":"default","_customify_disable_header":"","_customify_disable_header_top":"","_customify_disable_header_main":"","_customify_disable_header_bottom":"","_customify_disable_page_title":"","_customify_disable_content_vertical_padding":"","_customify_disable_footer_top":"","_customify_disable_footer_main":"","_customify_disable_footer_bottom":"","_customify_breadcrumb_display":"default","_customify_header_transparent_display":"","footnotes":""},"class_list":["post-40920","page","type-page","status-publish","has-post-thumbnail","hentry"],"_links":{"self":[{"href":"https:\/\/acrj.org.br\/index.php\/wp-json\/wp\/v2\/pages\/40920","targetHints":{"allow":["GET"]}}],"collection":[{"href":"https:\/\/acrj.org.br\/index.php\/wp-json\/wp\/v2\/pages"}],"about":[{"href":"https:\/\/acrj.org.br\/index.php\/wp-json\/wp\/v2\/types\/page"}],"author":[{"embeddable":true,"href":"https:\/\/acrj.org.br\/index.php\/wp-json\/wp\/v2\/users\/1"}],"replies":[{"embeddable":true,"href":"https:\/\/acrj.org.br\/index.php\/wp-json\/wp\/v2\/comments?post=40920"}],"version-history":[{"count":0,"href":"https:\/\/acrj.org.br\/index.php\/wp-json\/wp\/v2\/pages\/40920\/revisions"}],"wp:featuredmedia":[{"embeddable":true,"href":"https:\/\/acrj.org.br\/index.php\/wp-json\/wp\/v2\/media\/35858"}],"wp:attachment":[{"href":"https:\/\/acrj.org.br\/index.php\/wp-json\/wp\/v2\/media?parent=40920"}],"curies":[{"name":"wp","href":"https:\/\/api.w.org\/{rel}","templated":true}]}}