{"id":4069,"date":"2020-04-20T13:19:14","date_gmt":"2020-04-20T16:19:14","guid":{"rendered":"http:\/\/acrj.org.br\/?page_id=4069"},"modified":"2025-07-29T11:04:09","modified_gmt":"2025-07-29T14:04:09","slug":"artigos-2017","status":"publish","type":"page","link":"https:\/\/acrj.org.br\/index.php\/artigos-2017\/","title":{"rendered":"Artigos 2017"},"content":{"rendered":"\t\t<div data-elementor-type=\"wp-page\" data-elementor-id=\"4069\" class=\"elementor elementor-4069\" data-elementor-post-type=\"page\">\n\t\t\t\t\t\t<section class=\"elementor-section elementor-top-section elementor-element elementor-element-fa36aab elementor-section-stretched elementor-section-boxed elementor-section-height-default elementor-section-height-default\" data-id=\"fa36aab\" data-element_type=\"section\" data-e-type=\"section\" data-settings=\"{&quot;stretch_section&quot;:&quot;section-stretched&quot;,&quot;background_background&quot;:&quot;classic&quot;}\">\n\t\t\t\t\t\t<div class=\"elementor-container elementor-column-gap-no\">\n\t\t\t\t\t<div class=\"elementor-column elementor-col-100 elementor-top-column elementor-element elementor-element-94c1e1e\" data-id=\"94c1e1e\" data-element_type=\"column\" data-e-type=\"column\">\n\t\t\t<div class=\"elementor-widget-wrap elementor-element-populated\">\n\t\t\t\t\t\t<div class=\"elementor-element elementor-element-f7541f3 elementor-widget elementor-widget-spacer\" data-id=\"f7541f3\" data-element_type=\"widget\" data-e-type=\"widget\" data-widget_type=\"spacer.default\">\n\t\t\t\t<div class=\"elementor-widget-container\">\n\t\t\t\t\t\t\t<div class=\"elementor-spacer\">\n\t\t\t<div class=\"elementor-spacer-inner\"><\/div>\n\t\t<\/div>\n\t\t\t\t\t\t<\/div>\n\t\t\t\t<\/div>\n\t\t\t\t<div class=\"elementor-element elementor-element-f1ec172 elementor-widget elementor-widget-text-editor\" data-id=\"f1ec172\" data-element_type=\"widget\" data-e-type=\"widget\" data-widget_type=\"text-editor.default\">\n\t\t\t\t<div class=\"elementor-widget-container\">\n\t\t\t\t\t\t\t\t\tartigos de opini\u00e3o\t\t\t\t\t\t\t\t<\/div>\n\t\t\t\t<\/div>\n\t\t\t\t<div class=\"elementor-element elementor-element-ad406f5 elementor-widget elementor-widget-spacer\" data-id=\"ad406f5\" data-element_type=\"widget\" data-e-type=\"widget\" data-widget_type=\"spacer.default\">\n\t\t\t\t<div class=\"elementor-widget-container\">\n\t\t\t\t\t\t\t<div class=\"elementor-spacer\">\n\t\t\t<div class=\"elementor-spacer-inner\"><\/div>\n\t\t<\/div>\n\t\t\t\t\t\t<\/div>\n\t\t\t\t<\/div>\n\t\t\t\t\t<\/div>\n\t\t<\/div>\n\t\t\t\t\t<\/div>\n\t\t<\/section>\n\t\t\t\t<section class=\"elementor-section elementor-top-section elementor-element elementor-element-9dccb12 elementor-section-boxed elementor-section-height-default elementor-section-height-default\" data-id=\"9dccb12\" data-element_type=\"section\" data-e-type=\"section\">\n\t\t\t\t\t\t<div class=\"elementor-container elementor-column-gap-default\">\n\t\t\t\t\t<div class=\"elementor-column elementor-col-100 elementor-top-column elementor-element elementor-element-89dd693\" data-id=\"89dd693\" data-element_type=\"column\" data-e-type=\"column\">\n\t\t\t<div class=\"elementor-widget-wrap elementor-element-populated\">\n\t\t\t\t\t\t<div class=\"elementor-element elementor-element-74cb32c elementor-nav-menu__align-center elementor-nav-menu--dropdown-tablet elementor-nav-menu__text-align-aside elementor-nav-menu--toggle elementor-nav-menu--burger elementor-widget elementor-widget-nav-menu\" data-id=\"74cb32c\" data-element_type=\"widget\" data-e-type=\"widget\" data-settings=\"{&quot;layout&quot;:&quot;horizontal&quot;,&quot;submenu_icon&quot;:{&quot;value&quot;:&quot;&lt;i class=\\&quot;fas fa-caret-down\\&quot; aria-hidden=\\&quot;true\\&quot;&gt;&lt;\\\/i&gt;&quot;,&quot;library&quot;:&quot;fa-solid&quot;},&quot;toggle&quot;:&quot;burger&quot;}\" data-widget_type=\"nav-menu.default\">\n\t\t\t\t<div class=\"elementor-widget-container\">\n\t\t\t\t\t\t\t\t<nav aria-label=\"Menu\" class=\"elementor-nav-menu--main elementor-nav-menu__container elementor-nav-menu--layout-horizontal e--pointer-underline e--animation-fade\">\n\t\t\t\t<ul id=\"menu-1-74cb32c\" class=\"elementor-nav-menu\"><li class=\"menu-item menu-item-type-post_type menu-item-object-page menu-item-40872\"><a href=\"https:\/\/acrj.org.br\/index.php\/artigos-2026\/\" class=\"elementor-item\">2026<\/a><\/li>\n<li class=\"menu-item menu-item-type-post_type menu-item-object-page menu-item-33695\"><a href=\"https:\/\/acrj.org.br\/index.php\/artigos-2025\/\" class=\"elementor-item\">2025<\/a><\/li>\n<li class=\"menu-item menu-item-type-post_type menu-item-object-page menu-item-22305\"><a href=\"https:\/\/acrj.org.br\/index.php\/artigos-2024\/\" class=\"elementor-item\">2024<\/a><\/li>\n<li class=\"menu-item menu-item-type-post_type menu-item-object-page menu-item-14984\"><a href=\"https:\/\/acrj.org.br\/index.php\/artigos-2023\/\" class=\"elementor-item\">2023<\/a><\/li>\n<li class=\"menu-item menu-item-type-post_type menu-item-object-page menu-item-10207\"><a href=\"https:\/\/acrj.org.br\/index.php\/artigos-2022\/\" class=\"elementor-item\">2022<\/a><\/li>\n<li class=\"menu-item menu-item-type-post_type menu-item-object-page menu-item-6684\"><a href=\"https:\/\/acrj.org.br\/index.php\/artigos-2021\/\" class=\"elementor-item\">2021<\/a><\/li>\n<li class=\"menu-item menu-item-type-post_type menu-item-object-page menu-item-4073\"><a href=\"https:\/\/acrj.org.br\/index.php\/artigos\/\" class=\"elementor-item\">2020<\/a><\/li>\n<li class=\"menu-item menu-item-type-post_type menu-item-object-page menu-item-4082\"><a href=\"https:\/\/acrj.org.br\/index.php\/artigos-2019\/\" class=\"elementor-item\">2019<\/a><\/li>\n<li class=\"menu-item menu-item-type-post_type menu-item-object-page menu-item-4081\"><a href=\"https:\/\/acrj.org.br\/index.php\/artigos-2018\/\" class=\"elementor-item\">2018<\/a><\/li>\n<li class=\"menu-item menu-item-type-post_type menu-item-object-page menu-item-4074\"><a href=\"https:\/\/acrj.org.br\/index.php\/artigos-2017\/\" class=\"elementor-item\">2017<\/a><\/li>\n<\/ul>\t\t\t<\/nav>\n\t\t\t\t\t<div class=\"elementor-menu-toggle\" role=\"button\" tabindex=\"0\" aria-label=\"Alternar menu\" aria-expanded=\"false\">\n\t\t\t<i aria-hidden=\"true\" role=\"presentation\" class=\"elementor-menu-toggle__icon--open eicon-menu-bar\"><\/i><i aria-hidden=\"true\" role=\"presentation\" class=\"elementor-menu-toggle__icon--close eicon-close\"><\/i>\t\t<\/div>\n\t\t\t\t\t<nav class=\"elementor-nav-menu--dropdown elementor-nav-menu__container\" aria-hidden=\"true\">\n\t\t\t\t<ul id=\"menu-2-74cb32c\" class=\"elementor-nav-menu\"><li class=\"menu-item menu-item-type-post_type menu-item-object-page menu-item-40872\"><a href=\"https:\/\/acrj.org.br\/index.php\/artigos-2026\/\" class=\"elementor-item\" tabindex=\"-1\">2026<\/a><\/li>\n<li class=\"menu-item menu-item-type-post_type menu-item-object-page menu-item-33695\"><a href=\"https:\/\/acrj.org.br\/index.php\/artigos-2025\/\" class=\"elementor-item\" tabindex=\"-1\">2025<\/a><\/li>\n<li class=\"menu-item menu-item-type-post_type menu-item-object-page menu-item-22305\"><a href=\"https:\/\/acrj.org.br\/index.php\/artigos-2024\/\" class=\"elementor-item\" tabindex=\"-1\">2024<\/a><\/li>\n<li class=\"menu-item menu-item-type-post_type menu-item-object-page menu-item-14984\"><a href=\"https:\/\/acrj.org.br\/index.php\/artigos-2023\/\" class=\"elementor-item\" tabindex=\"-1\">2023<\/a><\/li>\n<li class=\"menu-item menu-item-type-post_type menu-item-object-page menu-item-10207\"><a href=\"https:\/\/acrj.org.br\/index.php\/artigos-2022\/\" class=\"elementor-item\" tabindex=\"-1\">2022<\/a><\/li>\n<li class=\"menu-item menu-item-type-post_type menu-item-object-page menu-item-6684\"><a href=\"https:\/\/acrj.org.br\/index.php\/artigos-2021\/\" class=\"elementor-item\" tabindex=\"-1\">2021<\/a><\/li>\n<li class=\"menu-item menu-item-type-post_type menu-item-object-page menu-item-4073\"><a href=\"https:\/\/acrj.org.br\/index.php\/artigos\/\" class=\"elementor-item\" tabindex=\"-1\">2020<\/a><\/li>\n<li class=\"menu-item menu-item-type-post_type menu-item-object-page menu-item-4082\"><a href=\"https:\/\/acrj.org.br\/index.php\/artigos-2019\/\" class=\"elementor-item\" tabindex=\"-1\">2019<\/a><\/li>\n<li class=\"menu-item menu-item-type-post_type menu-item-object-page menu-item-4081\"><a href=\"https:\/\/acrj.org.br\/index.php\/artigos-2018\/\" class=\"elementor-item\" tabindex=\"-1\">2018<\/a><\/li>\n<li class=\"menu-item menu-item-type-post_type menu-item-object-page menu-item-4074\"><a href=\"https:\/\/acrj.org.br\/index.php\/artigos-2017\/\" class=\"elementor-item\" tabindex=\"-1\">2017<\/a><\/li>\n<\/ul>\t\t\t<\/nav>\n\t\t\t\t\t\t<\/div>\n\t\t\t\t<\/div>\n\t\t\t\t\t<\/div>\n\t\t<\/div>\n\t\t\t\t\t<\/div>\n\t\t<\/section>\n\t\t\t\t<section class=\"elementor-section elementor-top-section elementor-element elementor-element-3c842ea elementor-section-boxed elementor-section-height-default elementor-section-height-default\" data-id=\"3c842ea\" data-element_type=\"section\" data-e-type=\"section\">\n\t\t\t\t\t\t<div class=\"elementor-container elementor-column-gap-default\">\n\t\t\t\t\t<div class=\"elementor-column elementor-col-100 elementor-top-column elementor-element elementor-element-d7f50d0\" data-id=\"d7f50d0\" data-element_type=\"column\" data-e-type=\"column\">\n\t\t\t<div class=\"elementor-widget-wrap elementor-element-populated\">\n\t\t\t\t\t\t<div class=\"elementor-element elementor-element-d842a26 elementor-grid-4 elementor-grid-tablet-1 elementor-grid-mobile-1 elementor-posts--thumbnail-top elementor-widget elementor-widget-posts\" data-id=\"d842a26\" data-element_type=\"widget\" data-e-type=\"widget\" data-settings=\"{&quot;pagination_type&quot;:&quot;numbers_and_prev_next&quot;,&quot;classic_columns&quot;:&quot;4&quot;,&quot;classic_columns_tablet&quot;:&quot;1&quot;,&quot;classic_columns_mobile&quot;:&quot;1&quot;,&quot;classic_row_gap&quot;:{&quot;unit&quot;:&quot;px&quot;,&quot;size&quot;:35,&quot;sizes&quot;:[]},&quot;classic_row_gap_tablet&quot;:{&quot;unit&quot;:&quot;px&quot;,&quot;size&quot;:&quot;&quot;,&quot;sizes&quot;:[]},&quot;classic_row_gap_mobile&quot;:{&quot;unit&quot;:&quot;px&quot;,&quot;size&quot;:&quot;&quot;,&quot;sizes&quot;:[]}}\" data-widget_type=\"posts.classic\">\n\t\t\t\t<div class=\"elementor-widget-container\">\n\t\t\t\t\t\t\t<div class=\"elementor-posts-container elementor-posts elementor-posts--skin-classic elementor-grid\" role=\"list\">\n\t\t\t\t<article class=\"elementor-post elementor-grid-item post-3092 post type-post status-publish format-standard has-post-thumbnail hentry category-artigos\" role=\"listitem\">\n\t\t\t\t<a class=\"elementor-post__thumbnail__link\" href=\"https:\/\/acrj.org.br\/index.php\/2017\/12\/25\/o-horror-o-horror\/\" tabindex=\"-1\" >\n\t\t\t<div class=\"elementor-post__thumbnail\"><img fetchpriority=\"high\" decoding=\"async\" width=\"300\" height=\"223\" src=\"https:\/\/acrj.org.br\/wp-content\/uploads\/2020\/03\/cravo_albin_principal-300x223.jpg\" class=\"attachment-medium size-medium wp-image-3093\" alt=\"\" srcset=\"https:\/\/acrj.org.br\/wp-content\/uploads\/2020\/03\/cravo_albin_principal-300x223.jpg 300w, https:\/\/acrj.org.br\/wp-content\/uploads\/2020\/03\/cravo_albin_principal-600x445.jpg 600w, https:\/\/acrj.org.br\/wp-content\/uploads\/2020\/03\/cravo_albin_principal.jpg 660w\" sizes=\"(max-width: 300px) 100vw, 300px\" \/><\/div>\n\t\t<\/a>\n\t\t\t\t<div class=\"elementor-post__text\">\n\t\t\t\t<h3 class=\"elementor-post__title\">\n\t\t\t<a href=\"https:\/\/acrj.org.br\/index.php\/2017\/12\/25\/o-horror-o-horror\/\" >\n\t\t\t\tO horror, o horror&#8230;\t\t\t<\/a>\n\t\t<\/h3>\n\t\t\t\t<div class=\"elementor-post__excerpt\">\n\t\t\t<p>Embora cab\u00edveis, n\u00e3o pensem que as duas palavras acima se referem \u00e0 indigna\u00e7\u00e3o pela cidadania ultrajada. Ou pela pris\u00e3o em s\u00e9rie dos pat\u00e9ticos dirigentes do<\/p>\n\t\t<\/div>\n\t\t\n\t\t<a class=\"elementor-post__read-more\" href=\"https:\/\/acrj.org.br\/index.php\/2017\/12\/25\/o-horror-o-horror\/\" aria-label=\"Leia mais sobre O horror, o horror&#8230;\" tabindex=\"-1\" >\n\t\t\tleia mais...\t\t<\/a>\n\n\t\t\t\t<\/div>\n\t\t\t\t<\/article>\n\t\t\t\t<article class=\"elementor-post elementor-grid-item post-3090 post type-post status-publish format-standard has-post-thumbnail hentry category-artigos\" role=\"listitem\">\n\t\t\t\t<a class=\"elementor-post__thumbnail__link\" href=\"https:\/\/acrj.org.br\/index.php\/2017\/12\/18\/mercado-financeiro-no-brasil-arroz-de-patos-no-jantar\/\" tabindex=\"-1\" >\n\t\t\t<div class=\"elementor-post__thumbnail\"><img decoding=\"async\" width=\"300\" height=\"223\" src=\"https:\/\/acrj.org.br\/wp-content\/uploads\/2020\/02\/antenor-300x223.jpeg\" class=\"attachment-medium size-medium wp-image-1461\" alt=\"\" srcset=\"https:\/\/acrj.org.br\/wp-content\/uploads\/2020\/02\/antenor-300x223.jpeg 300w, https:\/\/acrj.org.br\/wp-content\/uploads\/2020\/02\/antenor-600x445.jpeg 600w, https:\/\/acrj.org.br\/wp-content\/uploads\/2020\/02\/antenor.jpeg 660w\" sizes=\"(max-width: 300px) 100vw, 300px\" \/><\/div>\n\t\t<\/a>\n\t\t\t\t<div class=\"elementor-post__text\">\n\t\t\t\t<h3 class=\"elementor-post__title\">\n\t\t\t<a href=\"https:\/\/acrj.org.br\/index.php\/2017\/12\/18\/mercado-financeiro-no-brasil-arroz-de-patos-no-jantar\/\" >\n\t\t\t\tMercado financeiro no Brasil: arroz de patos no jantar\t\t\t<\/a>\n\t\t<\/h3>\n\t\t\t\t<div class=\"elementor-post__excerpt\">\n\t\t\t<p>Quem acompanha a atividade financeira mundial sabe muito bem que aplicar dinheiro na Nig\u00e9ria pode ser um grande neg\u00f3cio. Mas pode se perder tudo, de<\/p>\n\t\t<\/div>\n\t\t\n\t\t<a class=\"elementor-post__read-more\" href=\"https:\/\/acrj.org.br\/index.php\/2017\/12\/18\/mercado-financeiro-no-brasil-arroz-de-patos-no-jantar\/\" aria-label=\"Leia mais sobre Mercado financeiro no Brasil: arroz de patos no jantar\" tabindex=\"-1\" >\n\t\t\tleia mais...\t\t<\/a>\n\n\t\t\t\t<\/div>\n\t\t\t\t<\/article>\n\t\t\t\t<article class=\"elementor-post elementor-grid-item post-3087 post type-post status-publish format-standard has-post-thumbnail hentry category-artigos\" role=\"listitem\">\n\t\t\t\t<a class=\"elementor-post__thumbnail__link\" href=\"https:\/\/acrj.org.br\/index.php\/2017\/12\/13\/reforma-da-previdencia-uma-necessidade-urgente\/\" tabindex=\"-1\" >\n\t\t\t<div class=\"elementor-post__thumbnail\"><img decoding=\"async\" width=\"300\" height=\"223\" src=\"https:\/\/acrj.org.br\/wp-content\/uploads\/2020\/03\/0017cb83-4f15-4720-b2c0-c01188b4fc1b-300x223.jpg\" class=\"attachment-medium size-medium wp-image-3088\" alt=\"\" srcset=\"https:\/\/acrj.org.br\/wp-content\/uploads\/2020\/03\/0017cb83-4f15-4720-b2c0-c01188b4fc1b-300x223.jpg 300w, https:\/\/acrj.org.br\/wp-content\/uploads\/2020\/03\/0017cb83-4f15-4720-b2c0-c01188b4fc1b-600x445.jpg 600w, https:\/\/acrj.org.br\/wp-content\/uploads\/2020\/03\/0017cb83-4f15-4720-b2c0-c01188b4fc1b.jpg 660w\" sizes=\"(max-width: 300px) 100vw, 300px\" \/><\/div>\n\t\t<\/a>\n\t\t\t\t<div class=\"elementor-post__text\">\n\t\t\t\t<h3 class=\"elementor-post__title\">\n\t\t\t<a href=\"https:\/\/acrj.org.br\/index.php\/2017\/12\/13\/reforma-da-previdencia-uma-necessidade-urgente\/\" >\n\t\t\t\tReforma da Previd\u00eancia, uma necessidade urgente\t\t\t<\/a>\n\t\t<\/h3>\n\t\t\t\t<div class=\"elementor-post__excerpt\">\n\t\t\t<p>\u00c9 com imensa preocupa\u00e7\u00e3o que a Associa\u00e7\u00e3o Comercial do Rio de Janeiro v\u00ea os impasses na trajet\u00f3ria da necess\u00e1ria Reforma da Previd\u00eancia, que \u00e9 uma<\/p>\n\t\t<\/div>\n\t\t\n\t\t<a class=\"elementor-post__read-more\" href=\"https:\/\/acrj.org.br\/index.php\/2017\/12\/13\/reforma-da-previdencia-uma-necessidade-urgente\/\" aria-label=\"Leia mais sobre Reforma da Previd\u00eancia, uma necessidade urgente\" tabindex=\"-1\" >\n\t\t\tleia mais...\t\t<\/a>\n\n\t\t\t\t<\/div>\n\t\t\t\t<\/article>\n\t\t\t\t<article class=\"elementor-post elementor-grid-item post-3084 post type-post status-publish format-standard has-post-thumbnail hentry category-artigos\" role=\"listitem\">\n\t\t\t\t<a class=\"elementor-post__thumbnail__link\" href=\"https:\/\/acrj.org.br\/index.php\/2017\/12\/11\/pedido-de-socorro\/\" tabindex=\"-1\" >\n\t\t\t<div class=\"elementor-post__thumbnail\"><img loading=\"lazy\" decoding=\"async\" width=\"300\" height=\"300\" src=\"https:\/\/acrj.org.br\/wp-content\/uploads\/2020\/03\/angela_fonti_foto-300x300.jpg\" class=\"attachment-medium size-medium wp-image-3085\" alt=\"\" srcset=\"https:\/\/acrj.org.br\/wp-content\/uploads\/2020\/03\/angela_fonti_foto-300x300.jpg 300w, https:\/\/acrj.org.br\/wp-content\/uploads\/2020\/03\/angela_fonti_foto-100x100.jpg 100w, https:\/\/acrj.org.br\/wp-content\/uploads\/2020\/03\/angela_fonti_foto-150x150.jpg 150w, https:\/\/acrj.org.br\/wp-content\/uploads\/2020\/03\/angela_fonti_foto.jpg 408w\" sizes=\"(max-width: 300px) 100vw, 300px\" \/><\/div>\n\t\t<\/a>\n\t\t\t\t<div class=\"elementor-post__text\">\n\t\t\t\t<h3 class=\"elementor-post__title\">\n\t\t\t<a href=\"https:\/\/acrj.org.br\/index.php\/2017\/12\/11\/pedido-de-socorro\/\" >\n\t\t\t\tPedido de socorro\t\t\t<\/a>\n\t\t<\/h3>\n\t\t\t\t<div class=\"elementor-post__excerpt\">\n\t\t\t<p>(Acho que colocarei esse bilhete dentro de uma garrafa e jogarei no mar) Com tudo o que tenho lido e escutado por a\u00ed, cada vez<\/p>\n\t\t<\/div>\n\t\t\n\t\t<a class=\"elementor-post__read-more\" href=\"https:\/\/acrj.org.br\/index.php\/2017\/12\/11\/pedido-de-socorro\/\" aria-label=\"Leia mais sobre Pedido de socorro\" tabindex=\"-1\" >\n\t\t\tleia mais...\t\t<\/a>\n\n\t\t\t\t<\/div>\n\t\t\t\t<\/article>\n\t\t\t\t<article class=\"elementor-post elementor-grid-item post-3079 post type-post status-publish format-standard has-post-thumbnail hentry category-artigos\" role=\"listitem\">\n\t\t\t\t<a class=\"elementor-post__thumbnail__link\" href=\"https:\/\/acrj.org.br\/index.php\/2017\/12\/05\/agenda-positiva-de-governanca-publica\/\" tabindex=\"-1\" >\n\t\t\t<div class=\"elementor-post__thumbnail\"><img loading=\"lazy\" decoding=\"async\" width=\"300\" height=\"223\" src=\"https:\/\/acrj.org.br\/wp-content\/uploads\/2020\/03\/hmf-300x223.jpg\" class=\"attachment-medium size-medium wp-image-3080\" alt=\"\" srcset=\"https:\/\/acrj.org.br\/wp-content\/uploads\/2020\/03\/hmf-300x223.jpg 300w, https:\/\/acrj.org.br\/wp-content\/uploads\/2020\/03\/hmf-600x446.jpg 600w, https:\/\/acrj.org.br\/wp-content\/uploads\/2020\/03\/hmf-768x570.jpg 768w, https:\/\/acrj.org.br\/wp-content\/uploads\/2020\/03\/hmf.jpg 1006w\" sizes=\"(max-width: 300px) 100vw, 300px\" \/><\/div>\n\t\t<\/a>\n\t\t\t\t<div class=\"elementor-post__text\">\n\t\t\t\t<h3 class=\"elementor-post__title\">\n\t\t\t<a href=\"https:\/\/acrj.org.br\/index.php\/2017\/12\/05\/agenda-positiva-de-governanca-publica\/\" >\n\t\t\t\tAgenda positiva de governan\u00e7a p\u00fablica\t\t\t<\/a>\n\t\t<\/h3>\n\t\t\t\t<div class=\"elementor-post__excerpt\">\n\t\t\t<p>Publicado no Jornal O Globo &#8211; Dia 05\/12\/2017Clique aqui para ler o artigo na \u00edntegra Somos bombardeados com not\u00edcias de d\u00e9ficits fiscais, den\u00fancias de corrup\u00e7\u00e3o,<\/p>\n\t\t<\/div>\n\t\t\n\t\t<a class=\"elementor-post__read-more\" href=\"https:\/\/acrj.org.br\/index.php\/2017\/12\/05\/agenda-positiva-de-governanca-publica\/\" aria-label=\"Leia mais sobre Agenda positiva de governan\u00e7a p\u00fablica\" tabindex=\"-1\" >\n\t\t\tleia mais...\t\t<\/a>\n\n\t\t\t\t<\/div>\n\t\t\t\t<\/article>\n\t\t\t\t<article class=\"elementor-post elementor-grid-item post-3077 post type-post status-publish format-standard has-post-thumbnail hentry category-artigos\" role=\"listitem\">\n\t\t\t\t<a class=\"elementor-post__thumbnail__link\" href=\"https:\/\/acrj.org.br\/index.php\/2017\/12\/04\/rio-de-janeiro-decolando-com-o-brasil\/\" tabindex=\"-1\" >\n\t\t\t<div class=\"elementor-post__thumbnail\"><img loading=\"lazy\" decoding=\"async\" width=\"300\" height=\"223\" src=\"https:\/\/acrj.org.br\/wp-content\/uploads\/2020\/03\/cristiana_aguiar_salles-300x223.jpeg\" class=\"attachment-medium size-medium wp-image-3034\" alt=\"\" srcset=\"https:\/\/acrj.org.br\/wp-content\/uploads\/2020\/03\/cristiana_aguiar_salles-300x223.jpeg 300w, https:\/\/acrj.org.br\/wp-content\/uploads\/2020\/03\/cristiana_aguiar_salles-600x445.jpeg 600w, https:\/\/acrj.org.br\/wp-content\/uploads\/2020\/03\/cristiana_aguiar_salles.jpeg 660w\" sizes=\"(max-width: 300px) 100vw, 300px\" \/><\/div>\n\t\t<\/a>\n\t\t\t\t<div class=\"elementor-post__text\">\n\t\t\t\t<h3 class=\"elementor-post__title\">\n\t\t\t<a href=\"https:\/\/acrj.org.br\/index.php\/2017\/12\/04\/rio-de-janeiro-decolando-com-o-brasil\/\" >\n\t\t\t\tRio de Janeiro decolando com o Brasil\t\t\t<\/a>\n\t\t<\/h3>\n\t\t\t\t<div class=\"elementor-post__excerpt\">\n\t\t\t<p>Vivemos um problema de corrup\u00e7\u00e3o no Brasil que passa muito mais pela falta de conscientiza\u00e7\u00e3o do que pela falta de conhecimento ou puni\u00e7\u00e3o.&nbsp; A maioria<\/p>\n\t\t<\/div>\n\t\t\n\t\t<a class=\"elementor-post__read-more\" href=\"https:\/\/acrj.org.br\/index.php\/2017\/12\/04\/rio-de-janeiro-decolando-com-o-brasil\/\" aria-label=\"Leia mais sobre Rio de Janeiro decolando com o Brasil\" tabindex=\"-1\" >\n\t\t\tleia mais...\t\t<\/a>\n\n\t\t\t\t<\/div>\n\t\t\t\t<\/article>\n\t\t\t\t<article class=\"elementor-post elementor-grid-item post-3075 post type-post status-publish format-standard has-post-thumbnail hentry category-artigos\" role=\"listitem\">\n\t\t\t\t<a class=\"elementor-post__thumbnail__link\" href=\"https:\/\/acrj.org.br\/index.php\/2017\/11\/27\/alternativa-de-utilizacao-de-negocios-processuais-em-casos-de-arbitragem\/\" tabindex=\"-1\" >\n\t\t\t<div class=\"elementor-post__thumbnail\"><img loading=\"lazy\" decoding=\"async\" width=\"300\" height=\"300\" src=\"https:\/\/acrj.org.br\/wp-content\/uploads\/2020\/02\/daniel-homem-de-carvalho_b2-300x300.jpg\" class=\"attachment-medium size-medium wp-image-1414\" alt=\"\" srcset=\"https:\/\/acrj.org.br\/wp-content\/uploads\/2020\/02\/daniel-homem-de-carvalho_b2-300x300.jpg 300w, https:\/\/acrj.org.br\/wp-content\/uploads\/2020\/02\/daniel-homem-de-carvalho_b2-100x100.jpg 100w, https:\/\/acrj.org.br\/wp-content\/uploads\/2020\/02\/daniel-homem-de-carvalho_b2-600x600.jpg 600w, https:\/\/acrj.org.br\/wp-content\/uploads\/2020\/02\/daniel-homem-de-carvalho_b2-150x150.jpg 150w, https:\/\/acrj.org.br\/wp-content\/uploads\/2020\/02\/daniel-homem-de-carvalho_b2.jpg 660w\" sizes=\"(max-width: 300px) 100vw, 300px\" \/><\/div>\n\t\t<\/a>\n\t\t\t\t<div class=\"elementor-post__text\">\n\t\t\t\t<h3 class=\"elementor-post__title\">\n\t\t\t<a href=\"https:\/\/acrj.org.br\/index.php\/2017\/11\/27\/alternativa-de-utilizacao-de-negocios-processuais-em-casos-de-arbitragem\/\" >\n\t\t\t\tAlternativa de utiliza\u00e7\u00e3o de neg\u00f3cios processuais em casos de arbitragem\t\t\t<\/a>\n\t\t<\/h3>\n\t\t\t\t<div class=\"elementor-post__excerpt\">\n\t\t\t<p>Nos tempos atuais, h\u00e1 uma tend\u00eancia para que sejam ampliados os limites da autonomia privada na regulamenta\u00e7\u00e3o dos procedimentos. \u00c9 o que chamamos de princ\u00edpio<\/p>\n\t\t<\/div>\n\t\t\n\t\t<a class=\"elementor-post__read-more\" href=\"https:\/\/acrj.org.br\/index.php\/2017\/11\/27\/alternativa-de-utilizacao-de-negocios-processuais-em-casos-de-arbitragem\/\" aria-label=\"Leia mais sobre Alternativa de utiliza\u00e7\u00e3o de neg\u00f3cios processuais em casos de arbitragem\" tabindex=\"-1\" >\n\t\t\tleia mais...\t\t<\/a>\n\n\t\t\t\t<\/div>\n\t\t\t\t<\/article>\n\t\t\t\t<article class=\"elementor-post elementor-grid-item post-3072 post type-post status-publish format-standard has-post-thumbnail hentry category-artigos\" role=\"listitem\">\n\t\t\t\t<a class=\"elementor-post__thumbnail__link\" href=\"https:\/\/acrj.org.br\/index.php\/2017\/10\/30\/voce-protege-seu-ativo-de-propriedade-intelectual\/\" tabindex=\"-1\" >\n\t\t\t<div class=\"elementor-post__thumbnail\"><img loading=\"lazy\" decoding=\"async\" width=\"300\" height=\"223\" src=\"https:\/\/acrj.org.br\/wp-content\/uploads\/2020\/03\/site_inteligenvia-300x223.jpg\" class=\"attachment-medium size-medium wp-image-3073\" alt=\"\" srcset=\"https:\/\/acrj.org.br\/wp-content\/uploads\/2020\/03\/site_inteligenvia-300x223.jpg 300w, https:\/\/acrj.org.br\/wp-content\/uploads\/2020\/03\/site_inteligenvia-600x445.jpg 600w, https:\/\/acrj.org.br\/wp-content\/uploads\/2020\/03\/site_inteligenvia.jpg 660w\" sizes=\"(max-width: 300px) 100vw, 300px\" \/><\/div>\n\t\t<\/a>\n\t\t\t\t<div class=\"elementor-post__text\">\n\t\t\t\t<h3 class=\"elementor-post__title\">\n\t\t\t<a href=\"https:\/\/acrj.org.br\/index.php\/2017\/10\/30\/voce-protege-seu-ativo-de-propriedade-intelectual\/\" >\n\t\t\t\tVoc\u00ea protege seu ativo de propriedade intelectual?\t\t\t<\/a>\n\t\t<\/h3>\n\t\t\t\t<div class=\"elementor-post__excerpt\">\n\t\t\t<p>A defici\u00eancia na gest\u00e3o de \u201cAtivos de Propriedade Intelectual\u201d gera perdas de investimento em pesquisa, desenvolvimento e inova\u00e7\u00e3o, impedindo que a empresa se posicione competitivamente<\/p>\n\t\t<\/div>\n\t\t\n\t\t<a class=\"elementor-post__read-more\" href=\"https:\/\/acrj.org.br\/index.php\/2017\/10\/30\/voce-protege-seu-ativo-de-propriedade-intelectual\/\" aria-label=\"Leia mais sobre Voc\u00ea protege seu ativo de propriedade intelectual?\" tabindex=\"-1\" >\n\t\t\tleia mais...\t\t<\/a>\n\n\t\t\t\t<\/div>\n\t\t\t\t<\/article>\n\t\t\t\t<article class=\"elementor-post elementor-grid-item post-3055 post type-post status-publish format-standard has-post-thumbnail hentry category-artigos\" role=\"listitem\">\n\t\t\t\t<a class=\"elementor-post__thumbnail__link\" href=\"https:\/\/acrj.org.br\/index.php\/2017\/10\/23\/cidades-inteligentes-ou-humanas-e-inteligentes\/\" tabindex=\"-1\" >\n\t\t\t<div class=\"elementor-post__thumbnail\"><img loading=\"lazy\" decoding=\"async\" width=\"300\" height=\"223\" src=\"https:\/\/acrj.org.br\/wp-content\/uploads\/2020\/03\/boneco_augusto_carvalho-300x223.jpg\" class=\"attachment-medium size-medium wp-image-3056\" alt=\"\" srcset=\"https:\/\/acrj.org.br\/wp-content\/uploads\/2020\/03\/boneco_augusto_carvalho-300x223.jpg 300w, https:\/\/acrj.org.br\/wp-content\/uploads\/2020\/03\/boneco_augusto_carvalho-600x445.jpg 600w, https:\/\/acrj.org.br\/wp-content\/uploads\/2020\/03\/boneco_augusto_carvalho.jpg 660w\" sizes=\"(max-width: 300px) 100vw, 300px\" \/><\/div>\n\t\t<\/a>\n\t\t\t\t<div class=\"elementor-post__text\">\n\t\t\t\t<h3 class=\"elementor-post__title\">\n\t\t\t<a href=\"https:\/\/acrj.org.br\/index.php\/2017\/10\/23\/cidades-inteligentes-ou-humanas-e-inteligentes\/\" >\n\t\t\t\tCidades Inteligentes ou Humanas e Inteligentes\t\t\t<\/a>\n\t\t<\/h3>\n\t\t\t\t<div class=\"elementor-post__excerpt\">\n\t\t\t<p>Alguns desafios enfrentados atualmente pelas cidades, devem ser superados atrav\u00e9s da implementa\u00e7\u00e3o de uma estrat\u00e9gia colaborativa e inclusiva do cidad\u00e3o. A inova\u00e7\u00e3o na gest\u00e3o p\u00fablica<\/p>\n\t\t<\/div>\n\t\t\n\t\t<a class=\"elementor-post__read-more\" href=\"https:\/\/acrj.org.br\/index.php\/2017\/10\/23\/cidades-inteligentes-ou-humanas-e-inteligentes\/\" aria-label=\"Leia mais sobre Cidades Inteligentes ou Humanas e Inteligentes\" tabindex=\"-1\" >\n\t\t\tleia mais...\t\t<\/a>\n\n\t\t\t\t<\/div>\n\t\t\t\t<\/article>\n\t\t\t\t<article class=\"elementor-post elementor-grid-item post-3053 post type-post status-publish format-standard has-post-thumbnail hentry category-artigos\" role=\"listitem\">\n\t\t\t\t<a class=\"elementor-post__thumbnail__link\" href=\"https:\/\/acrj.org.br\/index.php\/2017\/10\/16\/capoeira-parangole-e-constituinte\/\" tabindex=\"-1\" >\n\t\t\t<div class=\"elementor-post__thumbnail\"><img loading=\"lazy\" decoding=\"async\" width=\"300\" height=\"223\" src=\"https:\/\/acrj.org.br\/wp-content\/uploads\/2020\/02\/whatsapp_image_2019-07-30_at_16.32.35-300x223.jpeg\" class=\"attachment-medium size-medium wp-image-1473\" alt=\"\" srcset=\"https:\/\/acrj.org.br\/wp-content\/uploads\/2020\/02\/whatsapp_image_2019-07-30_at_16.32.35-300x223.jpeg 300w, https:\/\/acrj.org.br\/wp-content\/uploads\/2020\/02\/whatsapp_image_2019-07-30_at_16.32.35-600x445.jpeg 600w, https:\/\/acrj.org.br\/wp-content\/uploads\/2020\/02\/whatsapp_image_2019-07-30_at_16.32.35.jpeg 660w\" sizes=\"(max-width: 300px) 100vw, 300px\" \/><\/div>\n\t\t<\/a>\n\t\t\t\t<div class=\"elementor-post__text\">\n\t\t\t\t<h3 class=\"elementor-post__title\">\n\t\t\t<a href=\"https:\/\/acrj.org.br\/index.php\/2017\/10\/16\/capoeira-parangole-e-constituinte\/\" >\n\t\t\t\tCapoeira, \u201cParangol\u00e9\u201d e Constituinte\t\t\t<\/a>\n\t\t<\/h3>\n\t\t\t\t<div class=\"elementor-post__excerpt\">\n\t\t\t<p>&#8220;O objetivo \u00e9 dar ao p\u00fablico a chance de deixar de ser p\u00fablico espectador, de fora, para participante na atividade criadora\u201d&nbsp;(Helio Oiticica) Este rec\u00e9m nascido<\/p>\n\t\t<\/div>\n\t\t\n\t\t<a class=\"elementor-post__read-more\" href=\"https:\/\/acrj.org.br\/index.php\/2017\/10\/16\/capoeira-parangole-e-constituinte\/\" aria-label=\"Leia mais sobre Capoeira, \u201cParangol\u00e9\u201d e Constituinte\" tabindex=\"-1\" >\n\t\t\tleia mais...\t\t<\/a>\n\n\t\t\t\t<\/div>\n\t\t\t\t<\/article>\n\t\t\t\t<article class=\"elementor-post elementor-grid-item post-3050 post type-post status-publish format-standard has-post-thumbnail hentry category-artigos\" role=\"listitem\">\n\t\t\t\t<a class=\"elementor-post__thumbnail__link\" href=\"https:\/\/acrj.org.br\/index.php\/2017\/10\/10\/o-brasil-sangrado\/\" tabindex=\"-1\" >\n\t\t\t<div class=\"elementor-post__thumbnail\"><img loading=\"lazy\" decoding=\"async\" width=\"300\" height=\"296\" src=\"https:\/\/acrj.org.br\/wp-content\/uploads\/2020\/03\/antonio_barros_leal_b-300x296.jpg\" class=\"attachment-medium size-medium wp-image-3051\" alt=\"\" srcset=\"https:\/\/acrj.org.br\/wp-content\/uploads\/2020\/03\/antonio_barros_leal_b-300x296.jpg 300w, https:\/\/acrj.org.br\/wp-content\/uploads\/2020\/03\/antonio_barros_leal_b-100x100.jpg 100w, https:\/\/acrj.org.br\/wp-content\/uploads\/2020\/03\/antonio_barros_leal_b.jpg 308w\" sizes=\"(max-width: 300px) 100vw, 300px\" \/><\/div>\n\t\t<\/a>\n\t\t\t\t<div class=\"elementor-post__text\">\n\t\t\t\t<h3 class=\"elementor-post__title\">\n\t\t\t<a href=\"https:\/\/acrj.org.br\/index.php\/2017\/10\/10\/o-brasil-sangrado\/\" >\n\t\t\t\tO Brasil sa(n)grado\t\t\t<\/a>\n\t\t<\/h3>\n\t\t\t\t<div class=\"elementor-post__excerpt\">\n\t\t\t<p>Para quem o Brasil \u00e9 sagrado e por quem ele sangra? \u00c9 sagrado para quem recebe dele sem trabalhar. Para quem, supostamente, presta-lhe servi\u00e7os, mas<\/p>\n\t\t<\/div>\n\t\t\n\t\t<a class=\"elementor-post__read-more\" href=\"https:\/\/acrj.org.br\/index.php\/2017\/10\/10\/o-brasil-sangrado\/\" aria-label=\"Leia mais sobre O Brasil sa(n)grado\" tabindex=\"-1\" >\n\t\t\tleia mais...\t\t<\/a>\n\n\t\t\t\t<\/div>\n\t\t\t\t<\/article>\n\t\t\t\t<article class=\"elementor-post elementor-grid-item post-1440 post type-post status-publish format-standard has-post-thumbnail hentry category-artigos\" role=\"listitem\">\n\t\t\t\t<a class=\"elementor-post__thumbnail__link\" href=\"https:\/\/acrj.org.br\/index.php\/2017\/09\/25\/um-rio-de-oportunidades\/\" tabindex=\"-1\" >\n\t\t\t<div class=\"elementor-post__thumbnail\"><img loading=\"lazy\" decoding=\"async\" width=\"300\" height=\"300\" src=\"https:\/\/acrj.org.br\/wp-content\/uploads\/2020\/02\/fabiana_bentes_b2-300x300.jpg\" class=\"attachment-medium size-medium wp-image-1439\" alt=\"\" srcset=\"https:\/\/acrj.org.br\/wp-content\/uploads\/2020\/02\/fabiana_bentes_b2-300x300.jpg 300w, https:\/\/acrj.org.br\/wp-content\/uploads\/2020\/02\/fabiana_bentes_b2-100x100.jpg 100w, https:\/\/acrj.org.br\/wp-content\/uploads\/2020\/02\/fabiana_bentes_b2-600x600.jpg 600w, https:\/\/acrj.org.br\/wp-content\/uploads\/2020\/02\/fabiana_bentes_b2-150x150.jpg 150w, https:\/\/acrj.org.br\/wp-content\/uploads\/2020\/02\/fabiana_bentes_b2.jpg 660w\" sizes=\"(max-width: 300px) 100vw, 300px\" \/><\/div>\n\t\t<\/a>\n\t\t\t\t<div class=\"elementor-post__text\">\n\t\t\t\t<h3 class=\"elementor-post__title\">\n\t\t\t<a href=\"https:\/\/acrj.org.br\/index.php\/2017\/09\/25\/um-rio-de-oportunidades\/\" >\n\t\t\t\tUm Rio de Oportunidades\t\t\t<\/a>\n\t\t<\/h3>\n\t\t\t\t<div class=\"elementor-post__excerpt\">\n\t\t\t<p>O t\u00edtulo de Cidade Maravilhosa \u00e9 \u00fanico, \u00e9 real, \u00e9 do Rio de Janeiro e, isso, ningu\u00e9m tasca. Somos um Estado geograficamente exuberante, culturalmente ecl\u00e9tico,<\/p>\n\t\t<\/div>\n\t\t\n\t\t<a class=\"elementor-post__read-more\" href=\"https:\/\/acrj.org.br\/index.php\/2017\/09\/25\/um-rio-de-oportunidades\/\" aria-label=\"Leia mais sobre Um Rio de Oportunidades\" tabindex=\"-1\" >\n\t\t\tleia mais...\t\t<\/a>\n\n\t\t\t\t<\/div>\n\t\t\t\t<\/article>\n\t\t\t\t<article class=\"elementor-post elementor-grid-item post-1437 post type-post status-publish format-standard has-post-thumbnail hentry category-artigos\" role=\"listitem\">\n\t\t\t\t<a class=\"elementor-post__thumbnail__link\" href=\"https:\/\/acrj.org.br\/index.php\/2017\/09\/18\/pauta-positiva-ja\/\" tabindex=\"-1\" >\n\t\t\t<div class=\"elementor-post__thumbnail\"><img loading=\"lazy\" decoding=\"async\" width=\"300\" height=\"300\" src=\"https:\/\/acrj.org.br\/wp-content\/uploads\/2020\/02\/decio_freire_b2-300x300.jpg\" class=\"attachment-medium size-medium wp-image-1435\" alt=\"\" srcset=\"https:\/\/acrj.org.br\/wp-content\/uploads\/2020\/02\/decio_freire_b2-300x300.jpg 300w, https:\/\/acrj.org.br\/wp-content\/uploads\/2020\/02\/decio_freire_b2-100x100.jpg 100w, https:\/\/acrj.org.br\/wp-content\/uploads\/2020\/02\/decio_freire_b2-600x600.jpg 600w, https:\/\/acrj.org.br\/wp-content\/uploads\/2020\/02\/decio_freire_b2-150x150.jpg 150w, https:\/\/acrj.org.br\/wp-content\/uploads\/2020\/02\/decio_freire_b2.jpg 659w\" sizes=\"(max-width: 300px) 100vw, 300px\" \/><\/div>\n\t\t<\/a>\n\t\t\t\t<div class=\"elementor-post__text\">\n\t\t\t\t<h3 class=\"elementor-post__title\">\n\t\t\t<a href=\"https:\/\/acrj.org.br\/index.php\/2017\/09\/18\/pauta-positiva-ja\/\" >\n\t\t\t\tPauta positiva j\u00e1\t\t\t<\/a>\n\t\t<\/h3>\n\t\t\t\t<div class=\"elementor-post__excerpt\">\n\t\t\t<p>Isto, aliado a uma legisla\u00e7\u00e3o trabalhista da d\u00e9cada de 1940, constru\u00edda sobre bases que remontam \u00e0 Carta Enc\u00edclica&nbsp;Rerum Novarum&nbsp;do Papa Le\u00e3o XIII, de 1891, torna<\/p>\n\t\t<\/div>\n\t\t\n\t\t<a class=\"elementor-post__read-more\" href=\"https:\/\/acrj.org.br\/index.php\/2017\/09\/18\/pauta-positiva-ja\/\" aria-label=\"Leia mais sobre Pauta positiva j\u00e1\" tabindex=\"-1\" >\n\t\t\tleia mais...\t\t<\/a>\n\n\t\t\t\t<\/div>\n\t\t\t\t<\/article>\n\t\t\t\t<article class=\"elementor-post elementor-grid-item post-3044 post type-post status-publish format-standard has-post-thumbnail hentry category-artigos\" role=\"listitem\">\n\t\t\t\t<a class=\"elementor-post__thumbnail__link\" href=\"https:\/\/acrj.org.br\/index.php\/2017\/08\/28\/as-licoes-de-san-tiago\/\" tabindex=\"-1\" >\n\t\t\t<div class=\"elementor-post__thumbnail\"><img loading=\"lazy\" decoding=\"async\" width=\"300\" height=\"223\" src=\"https:\/\/acrj.org.br\/wp-content\/uploads\/2020\/03\/mmm_principal-300x223.jpg\" class=\"attachment-medium size-medium wp-image-2934\" alt=\"\" srcset=\"https:\/\/acrj.org.br\/wp-content\/uploads\/2020\/03\/mmm_principal-300x223.jpg 300w, https:\/\/acrj.org.br\/wp-content\/uploads\/2020\/03\/mmm_principal-600x445.jpg 600w, https:\/\/acrj.org.br\/wp-content\/uploads\/2020\/03\/mmm_principal.jpg 660w\" sizes=\"(max-width: 300px) 100vw, 300px\" \/><\/div>\n\t\t<\/a>\n\t\t\t\t<div class=\"elementor-post__text\">\n\t\t\t\t<h3 class=\"elementor-post__title\">\n\t\t\t<a href=\"https:\/\/acrj.org.br\/index.php\/2017\/08\/28\/as-licoes-de-san-tiago\/\" >\n\t\t\t\tAs li\u00e7\u00f5es de San Tiago\t\t\t<\/a>\n\t\t<\/h3>\n\t\t\t\t<div class=\"elementor-post__excerpt\">\n\t\t\t<p>Queria ver o Brasil acompanhar, adiantar-se ao pulsar da Hist\u00f3ria. Angustiava-o ver malbaratadas as condi\u00e7\u00f5es indispens\u00e1veis \u00e0 viabilidade do projeto brasileiro Em momentos de turbul\u00eancia<\/p>\n\t\t<\/div>\n\t\t\n\t\t<a class=\"elementor-post__read-more\" href=\"https:\/\/acrj.org.br\/index.php\/2017\/08\/28\/as-licoes-de-san-tiago\/\" aria-label=\"Leia mais sobre As li\u00e7\u00f5es de San Tiago\" tabindex=\"-1\" >\n\t\t\tleia mais...\t\t<\/a>\n\n\t\t\t\t<\/div>\n\t\t\t\t<\/article>\n\t\t\t\t<article class=\"elementor-post elementor-grid-item post-3041 post type-post status-publish format-standard has-post-thumbnail hentry category-artigos\" role=\"listitem\">\n\t\t\t\t<a class=\"elementor-post__thumbnail__link\" href=\"https:\/\/acrj.org.br\/index.php\/2017\/08\/28\/debatendo-educacao-em-todos-os-espacos-um-caminho-para-o-brasil\/\" tabindex=\"-1\" >\n\t\t\t<div class=\"elementor-post__thumbnail\"><img loading=\"lazy\" decoding=\"async\" width=\"300\" height=\"300\" src=\"https:\/\/acrj.org.br\/wp-content\/uploads\/2020\/03\/claudia_costin2-300x300.jpg\" class=\"attachment-medium size-medium wp-image-3042\" alt=\"\" srcset=\"https:\/\/acrj.org.br\/wp-content\/uploads\/2020\/03\/claudia_costin2-300x300.jpg 300w, https:\/\/acrj.org.br\/wp-content\/uploads\/2020\/03\/claudia_costin2-100x100.jpg 100w, https:\/\/acrj.org.br\/wp-content\/uploads\/2020\/03\/claudia_costin2-600x600.jpg 600w, https:\/\/acrj.org.br\/wp-content\/uploads\/2020\/03\/claudia_costin2-150x150.jpg 150w, https:\/\/acrj.org.br\/wp-content\/uploads\/2020\/03\/claudia_costin2.jpg 660w\" sizes=\"(max-width: 300px) 100vw, 300px\" \/><\/div>\n\t\t<\/a>\n\t\t\t\t<div class=\"elementor-post__text\">\n\t\t\t\t<h3 class=\"elementor-post__title\">\n\t\t\t<a href=\"https:\/\/acrj.org.br\/index.php\/2017\/08\/28\/debatendo-educacao-em-todos-os-espacos-um-caminho-para-o-brasil\/\" >\n\t\t\t\tDebatendo educa\u00e7\u00e3o em todos os espa\u00e7os, um caminho para o Brasil\t\t\t<\/a>\n\t\t<\/h3>\n\t\t\t\t<div class=\"elementor-post__excerpt\">\n\t\t\t<p>Sim, h\u00e1 intensos debates, e vis\u00f5es divergentes n\u00e3o param de aparecer, mas h\u00e1 um esbo\u00e7o de agenda comum que tende a unificar os que se<\/p>\n\t\t<\/div>\n\t\t\n\t\t<a class=\"elementor-post__read-more\" href=\"https:\/\/acrj.org.br\/index.php\/2017\/08\/28\/debatendo-educacao-em-todos-os-espacos-um-caminho-para-o-brasil\/\" aria-label=\"Leia mais sobre Debatendo educa\u00e7\u00e3o em todos os espa\u00e7os, um caminho para o Brasil\" tabindex=\"-1\" >\n\t\t\tleia mais...\t\t<\/a>\n\n\t\t\t\t<\/div>\n\t\t\t\t<\/article>\n\t\t\t\t<article class=\"elementor-post elementor-grid-item post-3039 post type-post status-publish format-standard has-post-thumbnail hentry category-artigos\" role=\"listitem\">\n\t\t\t\t<a class=\"elementor-post__thumbnail__link\" href=\"https:\/\/acrj.org.br\/index.php\/2017\/08\/27\/de-maos-dadas-para-a-retomada-do-rio\/\" tabindex=\"-1\" >\n\t\t\t<div class=\"elementor-post__thumbnail\"><img loading=\"lazy\" decoding=\"async\" width=\"300\" height=\"223\" src=\"https:\/\/acrj.org.br\/wp-content\/uploads\/2020\/02\/img-20191101-wa0015-300x223.jpg\" class=\"attachment-medium size-medium wp-image-1443\" alt=\"\" srcset=\"https:\/\/acrj.org.br\/wp-content\/uploads\/2020\/02\/img-20191101-wa0015-300x223.jpg 300w, https:\/\/acrj.org.br\/wp-content\/uploads\/2020\/02\/img-20191101-wa0015-600x445.jpg 600w, https:\/\/acrj.org.br\/wp-content\/uploads\/2020\/02\/img-20191101-wa0015.jpg 660w\" sizes=\"(max-width: 300px) 100vw, 300px\" \/><\/div>\n\t\t<\/a>\n\t\t\t\t<div class=\"elementor-post__text\">\n\t\t\t\t<h3 class=\"elementor-post__title\">\n\t\t\t<a href=\"https:\/\/acrj.org.br\/index.php\/2017\/08\/27\/de-maos-dadas-para-a-retomada-do-rio\/\" >\n\t\t\t\tDe m\u00e3os dadas para a retomada do Rio\t\t\t<\/a>\n\t\t<\/h3>\n\t\t\t\t<div class=\"elementor-post__excerpt\">\n\t\t\t<p>Como presidente da Associa\u00e7\u00e3o&nbsp;Comercial do Rio&nbsp;de Janeiro, para o bi\u00eanio&nbsp;2017-2019, meu compromisso \u00e9&nbsp;com a \u00e9tica, a renova\u00e7\u00e3o e o futuro,&nbsp;tendo como prioridade o&nbsp;fortalecimento da representa\u00e7\u00e3o<\/p>\n\t\t<\/div>\n\t\t\n\t\t<a class=\"elementor-post__read-more\" href=\"https:\/\/acrj.org.br\/index.php\/2017\/08\/27\/de-maos-dadas-para-a-retomada-do-rio\/\" aria-label=\"Leia mais sobre De m\u00e3os dadas para a retomada do Rio\" tabindex=\"-1\" >\n\t\t\tleia mais...\t\t<\/a>\n\n\t\t\t\t<\/div>\n\t\t\t\t<\/article>\n\t\t\t\t<article class=\"elementor-post elementor-grid-item post-3047 post type-post status-publish format-standard has-post-thumbnail hentry category-artigos\" role=\"listitem\">\n\t\t\t\t<a class=\"elementor-post__thumbnail__link\" href=\"https:\/\/acrj.org.br\/index.php\/2017\/08\/17\/ter-ou-nao-ter-uma-area-de-compliance\/\" tabindex=\"-1\" >\n\t\t\t<div class=\"elementor-post__thumbnail\"><img loading=\"lazy\" decoding=\"async\" width=\"300\" height=\"300\" src=\"https:\/\/acrj.org.br\/wp-content\/uploads\/2020\/03\/humberto_mota_b2-300x300.jpg\" class=\"attachment-medium size-medium wp-image-3048\" alt=\"\" srcset=\"https:\/\/acrj.org.br\/wp-content\/uploads\/2020\/03\/humberto_mota_b2-300x300.jpg 300w, https:\/\/acrj.org.br\/wp-content\/uploads\/2020\/03\/humberto_mota_b2-100x100.jpg 100w, https:\/\/acrj.org.br\/wp-content\/uploads\/2020\/03\/humberto_mota_b2-600x600.jpg 600w, https:\/\/acrj.org.br\/wp-content\/uploads\/2020\/03\/humberto_mota_b2-150x150.jpg 150w, https:\/\/acrj.org.br\/wp-content\/uploads\/2020\/03\/humberto_mota_b2.jpg 660w\" sizes=\"(max-width: 300px) 100vw, 300px\" \/><\/div>\n\t\t<\/a>\n\t\t\t\t<div class=\"elementor-post__text\">\n\t\t\t\t<h3 class=\"elementor-post__title\">\n\t\t\t<a href=\"https:\/\/acrj.org.br\/index.php\/2017\/08\/17\/ter-ou-nao-ter-uma-area-de-compliance\/\" >\n\t\t\t\tTer ou n\u00e3o ter uma \u00e1rea de Compliance?\t\t\t<\/a>\n\t\t<\/h3>\n\t\t\t\t<div class=\"elementor-post__excerpt\">\n\t\t\t<p>Esta pergunta \u00e9 recorrente na mente dos empres\u00e1rios brasileiros que, desafiados pelos frequentes esc\u00e2ndalos de corru\u00e7\u00e3o, necessidade de melhores&nbsp;performances&nbsp;e crescentes cobran\u00e7as sociais por empresas ecologicamente<\/p>\n\t\t<\/div>\n\t\t\n\t\t<a class=\"elementor-post__read-more\" href=\"https:\/\/acrj.org.br\/index.php\/2017\/08\/17\/ter-ou-nao-ter-uma-area-de-compliance\/\" aria-label=\"Leia mais sobre Ter ou n\u00e3o ter uma \u00e1rea de Compliance?\" tabindex=\"-1\" >\n\t\t\tleia mais...\t\t<\/a>\n\n\t\t\t\t<\/div>\n\t\t\t\t<\/article>\n\t\t\t\t<article class=\"elementor-post elementor-grid-item post-1422 post type-post status-publish format-standard has-post-thumbnail hentry category-artigos\" role=\"listitem\">\n\t\t\t\t<a class=\"elementor-post__thumbnail__link\" href=\"https:\/\/acrj.org.br\/index.php\/2017\/08\/10\/um-senhor-senador\/\" tabindex=\"-1\" >\n\t\t\t<div class=\"elementor-post__thumbnail\"><img loading=\"lazy\" decoding=\"async\" width=\"300\" height=\"300\" src=\"https:\/\/acrj.org.br\/wp-content\/uploads\/2020\/02\/aristoteles-drummond_b2-300x300.jpg\" class=\"attachment-medium size-medium wp-image-1424\" alt=\"\" srcset=\"https:\/\/acrj.org.br\/wp-content\/uploads\/2020\/02\/aristoteles-drummond_b2-300x300.jpg 300w, https:\/\/acrj.org.br\/wp-content\/uploads\/2020\/02\/aristoteles-drummond_b2-100x100.jpg 100w, https:\/\/acrj.org.br\/wp-content\/uploads\/2020\/02\/aristoteles-drummond_b2-600x600.jpg 600w, https:\/\/acrj.org.br\/wp-content\/uploads\/2020\/02\/aristoteles-drummond_b2-150x150.jpg 150w, https:\/\/acrj.org.br\/wp-content\/uploads\/2020\/02\/aristoteles-drummond_b2.jpg 660w\" sizes=\"(max-width: 300px) 100vw, 300px\" \/><\/div>\n\t\t<\/a>\n\t\t\t\t<div class=\"elementor-post__text\">\n\t\t\t\t<h3 class=\"elementor-post__title\">\n\t\t\t<a href=\"https:\/\/acrj.org.br\/index.php\/2017\/08\/10\/um-senhor-senador\/\" >\n\t\t\t\tUm senhor senador\t\t\t<\/a>\n\t\t<\/h3>\n\t\t\t\t<div class=\"elementor-post__excerpt\">\n\t\t\t<p>O senador foi direto aos pontos da reforma que tirou o mofo da legisla\u00e7\u00e3o primorosa no lan\u00e7amento, mas que acabou ultrapassada diante das imensas transforma\u00e7\u00f5es<\/p>\n\t\t<\/div>\n\t\t\n\t\t<a class=\"elementor-post__read-more\" href=\"https:\/\/acrj.org.br\/index.php\/2017\/08\/10\/um-senhor-senador\/\" aria-label=\"Leia mais sobre Um senhor senador\" tabindex=\"-1\" >\n\t\t\tleia mais...\t\t<\/a>\n\n\t\t\t\t<\/div>\n\t\t\t\t<\/article>\n\t\t\t\t<article class=\"elementor-post elementor-grid-item post-1413 post type-post status-publish format-standard has-post-thumbnail hentry category-artigos\" role=\"listitem\">\n\t\t\t\t<a class=\"elementor-post__thumbnail__link\" href=\"https:\/\/acrj.org.br\/index.php\/2017\/08\/07\/reforma-trabalhista-possivel\/\" tabindex=\"-1\" >\n\t\t\t<div class=\"elementor-post__thumbnail\"><img loading=\"lazy\" decoding=\"async\" width=\"300\" height=\"300\" src=\"https:\/\/acrj.org.br\/wp-content\/uploads\/2020\/02\/daniel-homem-de-carvalho_b2-300x300.jpg\" class=\"attachment-medium size-medium wp-image-1414\" alt=\"\" srcset=\"https:\/\/acrj.org.br\/wp-content\/uploads\/2020\/02\/daniel-homem-de-carvalho_b2-300x300.jpg 300w, https:\/\/acrj.org.br\/wp-content\/uploads\/2020\/02\/daniel-homem-de-carvalho_b2-100x100.jpg 100w, https:\/\/acrj.org.br\/wp-content\/uploads\/2020\/02\/daniel-homem-de-carvalho_b2-600x600.jpg 600w, https:\/\/acrj.org.br\/wp-content\/uploads\/2020\/02\/daniel-homem-de-carvalho_b2-150x150.jpg 150w, https:\/\/acrj.org.br\/wp-content\/uploads\/2020\/02\/daniel-homem-de-carvalho_b2.jpg 660w\" sizes=\"(max-width: 300px) 100vw, 300px\" \/><\/div>\n\t\t<\/a>\n\t\t\t\t<div class=\"elementor-post__text\">\n\t\t\t\t<h3 class=\"elementor-post__title\">\n\t\t\t<a href=\"https:\/\/acrj.org.br\/index.php\/2017\/08\/07\/reforma-trabalhista-possivel\/\" >\n\t\t\t\tReforma trabalhista poss\u00edvel\t\t\t<\/a>\n\t\t<\/h3>\n\t\t\t\t<div class=\"elementor-post__excerpt\">\n\t\t\t<p>A Reforma Trabalhista, recentemente sancionada pelo Presidente da Rep\u00fablica, chegou tarde, mas em momento oportuno, quando o pa\u00eds enfrenta uma grave crise financeira e fiscal,<\/p>\n\t\t<\/div>\n\t\t\n\t\t<a class=\"elementor-post__read-more\" href=\"https:\/\/acrj.org.br\/index.php\/2017\/08\/07\/reforma-trabalhista-possivel\/\" aria-label=\"Leia mais sobre Reforma trabalhista poss\u00edvel\" tabindex=\"-1\" >\n\t\t\tleia mais...\t\t<\/a>\n\n\t\t\t\t<\/div>\n\t\t\t\t<\/article>\n\t\t\t\t<article class=\"elementor-post elementor-grid-item post-1434 post type-post status-publish format-standard has-post-thumbnail hentry category-artigos\" role=\"listitem\">\n\t\t\t\t<a class=\"elementor-post__thumbnail__link\" href=\"https:\/\/acrj.org.br\/index.php\/2017\/07\/26\/aumento-de-tributos-sobre-o-combustivel-impacto-imediato-sobre-a-economia-em-um-cenario-de-recessao\/\" tabindex=\"-1\" >\n\t\t\t<div class=\"elementor-post__thumbnail\"><img loading=\"lazy\" decoding=\"async\" width=\"300\" height=\"300\" src=\"https:\/\/acrj.org.br\/wp-content\/uploads\/2020\/02\/decio_freire_b2-300x300.jpg\" class=\"attachment-medium size-medium wp-image-1435\" alt=\"\" srcset=\"https:\/\/acrj.org.br\/wp-content\/uploads\/2020\/02\/decio_freire_b2-300x300.jpg 300w, https:\/\/acrj.org.br\/wp-content\/uploads\/2020\/02\/decio_freire_b2-100x100.jpg 100w, https:\/\/acrj.org.br\/wp-content\/uploads\/2020\/02\/decio_freire_b2-600x600.jpg 600w, https:\/\/acrj.org.br\/wp-content\/uploads\/2020\/02\/decio_freire_b2-150x150.jpg 150w, https:\/\/acrj.org.br\/wp-content\/uploads\/2020\/02\/decio_freire_b2.jpg 659w\" sizes=\"(max-width: 300px) 100vw, 300px\" \/><\/div>\n\t\t<\/a>\n\t\t\t\t<div class=\"elementor-post__text\">\n\t\t\t\t<h3 class=\"elementor-post__title\">\n\t\t\t<a href=\"https:\/\/acrj.org.br\/index.php\/2017\/07\/26\/aumento-de-tributos-sobre-o-combustivel-impacto-imediato-sobre-a-economia-em-um-cenario-de-recessao\/\" >\n\t\t\t\tAumento de tributos sobre o combust\u00edvel &#8211; Impacto imediato sobre a economia em um cen\u00e1rio de recess\u00e3o\t\t\t<\/a>\n\t\t<\/h3>\n\t\t\t\t<div class=\"elementor-post__excerpt\">\n\t\t\t<p>Foi publicado, ent\u00e3o, no \u00faltimo dia 21 de julho, o Decreto n\u00ba 9.101, de 20 de julho de 2017, promovendo altera\u00e7\u00f5es da legisla\u00e7\u00e3o tribut\u00e1ria, acarretando<\/p>\n\t\t<\/div>\n\t\t\n\t\t<a class=\"elementor-post__read-more\" href=\"https:\/\/acrj.org.br\/index.php\/2017\/07\/26\/aumento-de-tributos-sobre-o-combustivel-impacto-imediato-sobre-a-economia-em-um-cenario-de-recessao\/\" aria-label=\"Leia mais sobre Aumento de tributos sobre o combust\u00edvel &#8211; Impacto imediato sobre a economia em um cen\u00e1rio de recess\u00e3o\" tabindex=\"-1\" >\n\t\t\tleia mais...\t\t<\/a>\n\n\t\t\t\t<\/div>\n\t\t\t\t<\/article>\n\t\t\t\t<article class=\"elementor-post elementor-grid-item post-1432 post type-post status-publish format-standard has-post-thumbnail hentry category-artigos\" role=\"listitem\">\n\t\t\t\t<a class=\"elementor-post__thumbnail__link\" href=\"https:\/\/acrj.org.br\/index.php\/2017\/07\/20\/inteligencia-emocional-no-bndes\/\" tabindex=\"-1\" >\n\t\t\t<div class=\"elementor-post__thumbnail\"><img loading=\"lazy\" decoding=\"async\" width=\"300\" height=\"300\" src=\"https:\/\/acrj.org.br\/wp-content\/uploads\/2020\/02\/aristoteles-drummond_b2-300x300.jpg\" class=\"attachment-medium size-medium wp-image-1424\" alt=\"\" srcset=\"https:\/\/acrj.org.br\/wp-content\/uploads\/2020\/02\/aristoteles-drummond_b2-300x300.jpg 300w, https:\/\/acrj.org.br\/wp-content\/uploads\/2020\/02\/aristoteles-drummond_b2-100x100.jpg 100w, https:\/\/acrj.org.br\/wp-content\/uploads\/2020\/02\/aristoteles-drummond_b2-600x600.jpg 600w, https:\/\/acrj.org.br\/wp-content\/uploads\/2020\/02\/aristoteles-drummond_b2-150x150.jpg 150w, https:\/\/acrj.org.br\/wp-content\/uploads\/2020\/02\/aristoteles-drummond_b2.jpg 660w\" sizes=\"(max-width: 300px) 100vw, 300px\" \/><\/div>\n\t\t<\/a>\n\t\t\t\t<div class=\"elementor-post__text\">\n\t\t\t\t<h3 class=\"elementor-post__title\">\n\t\t\t<a href=\"https:\/\/acrj.org.br\/index.php\/2017\/07\/20\/inteligencia-emocional-no-bndes\/\" >\n\t\t\t\tIntelig\u00eancia emocional no BNDES\t\t\t<\/a>\n\t\t<\/h3>\n\t\t\t\t<div class=\"elementor-post__excerpt\">\n\t\t\t<p>Hoje, a prioridade \u00e9 o emprego e a retomada do crescimento. E o BNDES \u00e9 o mais poderoso instrumento do governo Paulo Rabello de Castro<\/p>\n\t\t<\/div>\n\t\t\n\t\t<a class=\"elementor-post__read-more\" href=\"https:\/\/acrj.org.br\/index.php\/2017\/07\/20\/inteligencia-emocional-no-bndes\/\" aria-label=\"Leia mais sobre Intelig\u00eancia emocional no BNDES\" tabindex=\"-1\" >\n\t\t\tleia mais...\t\t<\/a>\n\n\t\t\t\t<\/div>\n\t\t\t\t<\/article>\n\t\t\t\t<article class=\"elementor-post elementor-grid-item post-1429 post type-post status-publish format-standard has-post-thumbnail hentry category-artigos\" role=\"listitem\">\n\t\t\t\t<a class=\"elementor-post__thumbnail__link\" href=\"https:\/\/acrj.org.br\/index.php\/2017\/07\/17\/nao-sera-assim\/\" tabindex=\"-1\" >\n\t\t\t<div class=\"elementor-post__thumbnail\"><img loading=\"lazy\" decoding=\"async\" width=\"300\" height=\"276\" src=\"https:\/\/acrj.org.br\/wp-content\/uploads\/2020\/02\/jose_luiz_b2-300x276.jpg\" class=\"attachment-medium size-medium wp-image-1428\" alt=\"\" srcset=\"https:\/\/acrj.org.br\/wp-content\/uploads\/2020\/02\/jose_luiz_b2-300x276.jpg 300w, https:\/\/acrj.org.br\/wp-content\/uploads\/2020\/02\/jose_luiz_b2-600x553.jpg 600w, https:\/\/acrj.org.br\/wp-content\/uploads\/2020\/02\/jose_luiz_b2.jpg 660w\" sizes=\"(max-width: 300px) 100vw, 300px\" \/><\/div>\n\t\t<\/a>\n\t\t\t\t<div class=\"elementor-post__text\">\n\t\t\t\t<h3 class=\"elementor-post__title\">\n\t\t\t<a href=\"https:\/\/acrj.org.br\/index.php\/2017\/07\/17\/nao-sera-assim\/\" >\n\t\t\t\tN\u00e3o ser\u00e1 assim\t\t\t<\/a>\n\t\t<\/h3>\n\t\t\t\t<div class=\"elementor-post__excerpt\">\n\t\t\t<p>A inten\u00e7\u00e3o expressa no rec\u00e9m-divulgado documento \u201cProposta para o aprimoramento do marco legal do setor el\u00e9trico\u201d n\u00e3o se cumprir\u00e1 a contento se ele n\u00e3o vier<\/p>\n\t\t<\/div>\n\t\t\n\t\t<a class=\"elementor-post__read-more\" href=\"https:\/\/acrj.org.br\/index.php\/2017\/07\/17\/nao-sera-assim\/\" aria-label=\"Leia mais sobre N\u00e3o ser\u00e1 assim\" tabindex=\"-1\" >\n\t\t\tleia mais...\t\t<\/a>\n\n\t\t\t\t<\/div>\n\t\t\t\t<\/article>\n\t\t\t\t<\/div>\n\t\t\n\t\t\t\t\t\t<\/div>\n\t\t\t\t<\/div>\n\t\t\t\t\t<\/div>\n\t\t<\/div>\n\t\t\t\t\t<\/div>\n\t\t<\/section>\n\t\t\t\t<\/div>\n\t\t","protected":false},"excerpt":{"rendered":"<p>artigos de opini\u00e3o<\/p>\n","protected":false},"author":1,"featured_media":0,"parent":0,"menu_order":0,"comment_status":"closed","ping_status":"closed","template":"","meta":{"_exactmetrics_skip_tracking":false,"_exactmetrics_sitenote_active":false,"_exactmetrics_sitenote_note":"","_exactmetrics_sitenote_category":0,"footnotes":""},"class_list":["post-4069","page","type-page","status-publish","hentry"],"_links":{"self":[{"href":"https:\/\/acrj.org.br\/index.php\/wp-json\/wp\/v2\/pages\/4069","targetHints":{"allow":["GET"]}}],"collection":[{"href":"https:\/\/acrj.org.br\/index.php\/wp-json\/wp\/v2\/pages"}],"about":[{"href":"https:\/\/acrj.org.br\/index.php\/wp-json\/wp\/v2\/types\/page"}],"author":[{"embeddable":true,"href":"https:\/\/acrj.org.br\/index.php\/wp-json\/wp\/v2\/users\/1"}],"replies":[{"embeddable":true,"href":"https:\/\/acrj.org.br\/index.php\/wp-json\/wp\/v2\/comments?post=4069"}],"version-history":[{"count":0,"href":"https:\/\/acrj.org.br\/index.php\/wp-json\/wp\/v2\/pages\/4069\/revisions"}],"wp:attachment":[{"href":"https:\/\/acrj.org.br\/index.php\/wp-json\/wp\/v2\/media?parent=4069"}],"curies":[{"name":"wp","href":"https:\/\/api.w.org\/{rel}","templated":true}]}}