{"id":37032,"date":"2025-06-30T11:34:57","date_gmt":"2025-06-30T14:34:57","guid":{"rendered":"https:\/\/acrj.org.br\/?page_id=37032"},"modified":"2026-01-14T16:40:58","modified_gmt":"2026-01-14T19:40:58","slug":"eventos_24","status":"publish","type":"page","link":"https:\/\/acrj.org.br\/index.php\/eventos_24\/","title":{"rendered":"Eventos_24"},"content":{"rendered":"\t\t<div data-elementor-type=\"wp-page\" data-elementor-id=\"37032\" class=\"elementor elementor-37032\" data-elementor-post-type=\"page\">\n\t\t\t\t\t\t<section class=\"elementor-section elementor-top-section elementor-element elementor-element-eba1477 elementor-section-stretched elementor-section-boxed elementor-section-height-default elementor-section-height-default\" data-id=\"eba1477\" data-element_type=\"section\" data-e-type=\"section\" data-settings=\"{&quot;stretch_section&quot;:&quot;section-stretched&quot;,&quot;background_background&quot;:&quot;classic&quot;}\">\n\t\t\t\t\t\t<div class=\"elementor-container elementor-column-gap-default\">\n\t\t\t\t\t<div class=\"elementor-column elementor-col-100 elementor-top-column elementor-element elementor-element-1eca02a\" data-id=\"1eca02a\" data-element_type=\"column\" data-e-type=\"column\">\n\t\t\t<div class=\"elementor-widget-wrap elementor-element-populated\">\n\t\t\t\t\t\t<div class=\"elementor-element elementor-element-c25eda6 elementor-nav-menu__align-center elementor-nav-menu--dropdown-tablet elementor-nav-menu__text-align-aside elementor-nav-menu--toggle elementor-nav-menu--burger elementor-widget elementor-widget-nav-menu\" data-id=\"c25eda6\" data-element_type=\"widget\" data-e-type=\"widget\" data-settings=\"{&quot;layout&quot;:&quot;horizontal&quot;,&quot;submenu_icon&quot;:{&quot;value&quot;:&quot;&lt;i class=\\&quot;fas fa-caret-down\\&quot; aria-hidden=\\&quot;true\\&quot;&gt;&lt;\\\/i&gt;&quot;,&quot;library&quot;:&quot;fa-solid&quot;},&quot;toggle&quot;:&quot;burger&quot;}\" data-widget_type=\"nav-menu.default\">\n\t\t\t\t<div class=\"elementor-widget-container\">\n\t\t\t\t\t\t\t\t<nav aria-label=\"Menu\" class=\"elementor-nav-menu--main elementor-nav-menu__container elementor-nav-menu--layout-horizontal e--pointer-underline e--animation-fade\">\n\t\t\t\t<ul id=\"menu-1-c25eda6\" class=\"elementor-nav-menu\"><li class=\"menu-item menu-item-type-post_type menu-item-object-page menu-item-40929\"><a href=\"https:\/\/acrj.org.br\/index.php\/eventos_26\/\" class=\"elementor-item\">2026<\/a><\/li>\n<li class=\"menu-item menu-item-type-post_type menu-item-object-page menu-item-37021\"><a href=\"https:\/\/acrj.org.br\/index.php\/eventos\/\" class=\"elementor-item\">2025<\/a><\/li>\n<li class=\"menu-item menu-item-type-post_type menu-item-object-page menu-item-37037\"><a href=\"https:\/\/acrj.org.br\/index.php\/eventos_24\/\" class=\"elementor-item\">2024<\/a><\/li>\n<li class=\"menu-item menu-item-type-post_type menu-item-object-page menu-item-37020\"><a href=\"https:\/\/acrj.org.br\/index.php\/eventos_23\/\" class=\"elementor-item\">2023<\/a><\/li>\n<\/ul>\t\t\t<\/nav>\n\t\t\t\t\t<div class=\"elementor-menu-toggle\" role=\"button\" tabindex=\"0\" aria-label=\"Alternar menu\" aria-expanded=\"false\">\n\t\t\t<i aria-hidden=\"true\" role=\"presentation\" class=\"elementor-menu-toggle__icon--open eicon-menu-bar\"><\/i><i aria-hidden=\"true\" role=\"presentation\" class=\"elementor-menu-toggle__icon--close eicon-close\"><\/i>\t\t<\/div>\n\t\t\t\t\t<nav class=\"elementor-nav-menu--dropdown elementor-nav-menu__container\" aria-hidden=\"true\">\n\t\t\t\t<ul id=\"menu-2-c25eda6\" class=\"elementor-nav-menu\"><li class=\"menu-item menu-item-type-post_type menu-item-object-page menu-item-40929\"><a href=\"https:\/\/acrj.org.br\/index.php\/eventos_26\/\" class=\"elementor-item\" tabindex=\"-1\">2026<\/a><\/li>\n<li class=\"menu-item menu-item-type-post_type menu-item-object-page menu-item-37021\"><a href=\"https:\/\/acrj.org.br\/index.php\/eventos\/\" class=\"elementor-item\" tabindex=\"-1\">2025<\/a><\/li>\n<li class=\"menu-item menu-item-type-post_type menu-item-object-page menu-item-37037\"><a href=\"https:\/\/acrj.org.br\/index.php\/eventos_24\/\" class=\"elementor-item\" tabindex=\"-1\">2024<\/a><\/li>\n<li class=\"menu-item menu-item-type-post_type menu-item-object-page menu-item-37020\"><a href=\"https:\/\/acrj.org.br\/index.php\/eventos_23\/\" class=\"elementor-item\" tabindex=\"-1\">2023<\/a><\/li>\n<\/ul>\t\t\t<\/nav>\n\t\t\t\t\t\t<\/div>\n\t\t\t\t<\/div>\n\t\t\t\t<div class=\"elementor-element elementor-element-7ee98d4 elementor-grid-4 elementor-grid-tablet-1 elementor-grid-mobile-1 elementor-posts--thumbnail-top elementor-widget elementor-widget-posts\" data-id=\"7ee98d4\" data-element_type=\"widget\" data-e-type=\"widget\" data-settings=\"{&quot;classic_columns&quot;:&quot;4&quot;,&quot;pagination_type&quot;:&quot;numbers_and_prev_next&quot;,&quot;classic_columns_tablet&quot;:&quot;1&quot;,&quot;classic_columns_mobile&quot;:&quot;1&quot;,&quot;classic_row_gap&quot;:{&quot;unit&quot;:&quot;px&quot;,&quot;size&quot;:35,&quot;sizes&quot;:[]},&quot;classic_row_gap_tablet&quot;:{&quot;unit&quot;:&quot;px&quot;,&quot;size&quot;:&quot;&quot;,&quot;sizes&quot;:[]},&quot;classic_row_gap_mobile&quot;:{&quot;unit&quot;:&quot;px&quot;,&quot;size&quot;:&quot;&quot;,&quot;sizes&quot;:[]}}\" data-widget_type=\"posts.classic\">\n\t\t\t\t<div class=\"elementor-widget-container\">\n\t\t\t\t\t\t\t<div class=\"elementor-posts-container elementor-posts elementor-posts--skin-classic elementor-grid\" role=\"list\">\n\t\t\t\t<article class=\"elementor-post elementor-grid-item post-33131 post type-post status-publish format-standard has-post-thumbnail hentry category-destaque_eventos category-eventos_acrj\" role=\"listitem\">\n\t\t\t\t<a class=\"elementor-post__thumbnail__link\" href=\"https:\/\/acrj.org.br\/index.php\/2024\/11\/23\/forum-boas-praticas-em-gestao-de-pessoas\/\" tabindex=\"-1\" >\n\t\t\t<div class=\"elementor-post__thumbnail\"><img fetchpriority=\"high\" decoding=\"async\" width=\"300\" height=\"225\" src=\"https:\/\/acrj.org.br\/wp-content\/uploads\/2024\/11\/Forum_28_nov_capa-300x225.png\" class=\"attachment-medium size-medium wp-image-33167\" alt=\"\" srcset=\"https:\/\/acrj.org.br\/wp-content\/uploads\/2024\/11\/Forum_28_nov_capa-300x225.png 300w, https:\/\/acrj.org.br\/wp-content\/uploads\/2024\/11\/Forum_28_nov_capa-1024x768.png 1024w, https:\/\/acrj.org.br\/wp-content\/uploads\/2024\/11\/Forum_28_nov_capa-768x576.png 768w, https:\/\/acrj.org.br\/wp-content\/uploads\/2024\/11\/Forum_28_nov_capa.png 1080w\" sizes=\"(max-width: 300px) 100vw, 300px\" \/><\/div>\n\t\t<\/a>\n\t\t\t\t<div class=\"elementor-post__text\">\n\t\t\t\t<h3 class=\"elementor-post__title\">\n\t\t\t<a href=\"https:\/\/acrj.org.br\/index.php\/2024\/11\/23\/forum-boas-praticas-em-gestao-de-pessoas\/\" >\n\t\t\t\tF\u00f3rum Boas Pr\u00e1ticas em Gest\u00e3o de Pessoas\t\t\t<\/a>\n\t\t<\/h3>\n\t\t\t\t<div class=\"elementor-post__excerpt\">\n\t\t\t<p>A ACRJ promove, dia 28 de novembro, das 9h \u00e0s 17h30, o F\u00f3rum Boas Pr\u00e1ticas em Gest\u00e3o de Pessoas, que contar\u00e1 com o debate em<\/p>\n\t\t<\/div>\n\t\t\n\t\t<a class=\"elementor-post__read-more\" href=\"https:\/\/acrj.org.br\/index.php\/2024\/11\/23\/forum-boas-praticas-em-gestao-de-pessoas\/\" aria-label=\"Leia mais sobre F\u00f3rum Boas Pr\u00e1ticas em Gest\u00e3o de Pessoas\" tabindex=\"-1\" >\n\t\t\tLeia mais \u00bb\t\t<\/a>\n\n\t\t\t\t<\/div>\n\t\t\t\t<\/article>\n\t\t\t\t<article class=\"elementor-post elementor-grid-item post-33055 post type-post status-publish format-standard has-post-thumbnail hentry category-eventos_acrj\" role=\"listitem\">\n\t\t\t\t<a class=\"elementor-post__thumbnail__link\" href=\"https:\/\/acrj.org.br\/index.php\/2024\/11\/22\/seminario-sobre-inteligencia-artificial-na-cultura\/\" tabindex=\"-1\" >\n\t\t\t<div class=\"elementor-post__thumbnail\"><img decoding=\"async\" width=\"300\" height=\"190\" src=\"https:\/\/acrj.org.br\/wp-content\/uploads\/2024\/11\/Seminario-IA-na-Cultura_27_nov.jpeg_home-300x190.jpeg\" class=\"attachment-medium size-medium wp-image-33057\" alt=\"\" srcset=\"https:\/\/acrj.org.br\/wp-content\/uploads\/2024\/11\/Seminario-IA-na-Cultura_27_nov.jpeg_home-300x190.jpeg 300w, https:\/\/acrj.org.br\/wp-content\/uploads\/2024\/11\/Seminario-IA-na-Cultura_27_nov.jpeg_home.jpeg 645w\" sizes=\"(max-width: 300px) 100vw, 300px\" \/><\/div>\n\t\t<\/a>\n\t\t\t\t<div class=\"elementor-post__text\">\n\t\t\t\t<h3 class=\"elementor-post__title\">\n\t\t\t<a href=\"https:\/\/acrj.org.br\/index.php\/2024\/11\/22\/seminario-sobre-inteligencia-artificial-na-cultura\/\" >\n\t\t\t\tSemin\u00e1rio sobre Intelig\u00eancia Artificial na Cultura\t\t\t<\/a>\n\t\t<\/h3>\n\t\t\t\t<div class=\"elementor-post__excerpt\">\n\t\t\t<p>A ACRJ promove, dia 27 de novembro, de 8h30 \u00e0s 17h, o semin\u00e1rio Intelig\u00eancia Artificial na Cultura, que vai abordar os impactos da IA nas<\/p>\n\t\t<\/div>\n\t\t\n\t\t<a class=\"elementor-post__read-more\" href=\"https:\/\/acrj.org.br\/index.php\/2024\/11\/22\/seminario-sobre-inteligencia-artificial-na-cultura\/\" aria-label=\"Leia mais sobre Semin\u00e1rio sobre Intelig\u00eancia Artificial na Cultura\" tabindex=\"-1\" >\n\t\t\tLeia mais \u00bb\t\t<\/a>\n\n\t\t\t\t<\/div>\n\t\t\t\t<\/article>\n\t\t\t\t<article class=\"elementor-post elementor-grid-item post-33182 post type-post status-publish format-standard has-post-thumbnail hentry category-eventos_acrj\" role=\"listitem\">\n\t\t\t\t<a class=\"elementor-post__thumbnail__link\" href=\"https:\/\/acrj.org.br\/index.php\/2024\/11\/20\/transforme-a-longevidade-em-negocio\/\" tabindex=\"-1\" >\n\t\t\t<div class=\"elementor-post__thumbnail\"><img decoding=\"async\" width=\"300\" height=\"300\" src=\"https:\/\/acrj.org.br\/wp-content\/uploads\/2024\/11\/revolucao-prateada-300x300.jpeg\" class=\"attachment-medium size-medium wp-image-33183\" alt=\"\" srcset=\"https:\/\/acrj.org.br\/wp-content\/uploads\/2024\/11\/revolucao-prateada-300x300.jpeg 300w, https:\/\/acrj.org.br\/wp-content\/uploads\/2024\/11\/revolucao-prateada-1024x1024.jpeg 1024w, https:\/\/acrj.org.br\/wp-content\/uploads\/2024\/11\/revolucao-prateada-150x150.jpeg 150w, https:\/\/acrj.org.br\/wp-content\/uploads\/2024\/11\/revolucao-prateada-768x768.jpeg 768w, https:\/\/acrj.org.br\/wp-content\/uploads\/2024\/11\/revolucao-prateada.jpeg 1080w\" sizes=\"(max-width: 300px) 100vw, 300px\" \/><\/div>\n\t\t<\/a>\n\t\t\t\t<div class=\"elementor-post__text\">\n\t\t\t\t<h3 class=\"elementor-post__title\">\n\t\t\t<a href=\"https:\/\/acrj.org.br\/index.php\/2024\/11\/20\/transforme-a-longevidade-em-negocio\/\" >\n\t\t\t\tTransforme a longevidade em neg\u00f3cio\t\t\t<\/a>\n\t\t<\/h3>\n\t\t\t\t<div class=\"elementor-post__excerpt\">\n\t\t\t<p>O Sebrae Rio, em parceria com a ACRJ, promove, dia 26 de novembro, o evento Revolu\u00e7\u00e3o Prateada, que vai mostrar como o empreendedorismo s\u00eanior pode<\/p>\n\t\t<\/div>\n\t\t\n\t\t<a class=\"elementor-post__read-more\" href=\"https:\/\/acrj.org.br\/index.php\/2024\/11\/20\/transforme-a-longevidade-em-negocio\/\" aria-label=\"Leia mais sobre Transforme a longevidade em neg\u00f3cio\" tabindex=\"-1\" >\n\t\t\tLeia mais \u00bb\t\t<\/a>\n\n\t\t\t\t<\/div>\n\t\t\t\t<\/article>\n\t\t\t\t<article class=\"elementor-post elementor-grid-item post-32996 post type-post status-publish format-standard has-post-thumbnail hentry category-destaque_eventos category-eventos_acrj\" role=\"listitem\">\n\t\t\t\t<a class=\"elementor-post__thumbnail__link\" href=\"https:\/\/acrj.org.br\/index.php\/2024\/11\/11\/palestra-sobre-transicao-energetica-nas-cidades\/\" tabindex=\"-1\" >\n\t\t\t<div class=\"elementor-post__thumbnail\"><img loading=\"lazy\" decoding=\"async\" width=\"300\" height=\"276\" src=\"https:\/\/acrj.org.br\/wp-content\/uploads\/2024\/11\/Reuniao-22_nov-300x276.jpeg\" class=\"attachment-medium size-medium wp-image-32999\" alt=\"\" srcset=\"https:\/\/acrj.org.br\/wp-content\/uploads\/2024\/11\/Reuniao-22_nov-300x276.jpeg 300w, https:\/\/acrj.org.br\/wp-content\/uploads\/2024\/11\/Reuniao-22_nov-1024x942.jpeg 1024w, https:\/\/acrj.org.br\/wp-content\/uploads\/2024\/11\/Reuniao-22_nov-768x707.jpeg 768w, https:\/\/acrj.org.br\/wp-content\/uploads\/2024\/11\/Reuniao-22_nov-1536x1413.jpeg 1536w, https:\/\/acrj.org.br\/wp-content\/uploads\/2024\/11\/Reuniao-22_nov.jpeg 1600w\" sizes=\"(max-width: 300px) 100vw, 300px\" \/><\/div>\n\t\t<\/a>\n\t\t\t\t<div class=\"elementor-post__text\">\n\t\t\t\t<h3 class=\"elementor-post__title\">\n\t\t\t<a href=\"https:\/\/acrj.org.br\/index.php\/2024\/11\/11\/palestra-sobre-transicao-energetica-nas-cidades\/\" >\n\t\t\t\tPalestra sobre Transi\u00e7\u00e3o Energ\u00e9tica nas Cidades\t\t\t<\/a>\n\t\t<\/h3>\n\t\t\t\t<div class=\"elementor-post__excerpt\">\n\t\t\t<p>A ACRJ receber\u00e1, dia 22 de novembro, \u00e0s 10h, o professor da PUC Rio, Edmar de Almeida, que far\u00e1 a palestra Transi\u00e7\u00e3o Energ\u00e9tica nas Cidades.<\/p>\n\t\t<\/div>\n\t\t\n\t\t<a class=\"elementor-post__read-more\" href=\"https:\/\/acrj.org.br\/index.php\/2024\/11\/11\/palestra-sobre-transicao-energetica-nas-cidades\/\" aria-label=\"Leia mais sobre Palestra sobre Transi\u00e7\u00e3o Energ\u00e9tica nas Cidades\" tabindex=\"-1\" >\n\t\t\tLeia mais \u00bb\t\t<\/a>\n\n\t\t\t\t<\/div>\n\t\t\t\t<\/article>\n\t\t\t\t<article class=\"elementor-post elementor-grid-item post-32612 post type-post status-publish format-standard has-post-thumbnail hentry category-destaque_eventos category-eventos_acrj category-noticias\" role=\"listitem\">\n\t\t\t\t<a class=\"elementor-post__thumbnail__link\" href=\"https:\/\/acrj.org.br\/index.php\/2024\/10\/29\/acrj-participa-da-fis-week-2004\/\" tabindex=\"-1\" >\n\t\t\t<div class=\"elementor-post__thumbnail\"><img loading=\"lazy\" decoding=\"async\" width=\"240\" height=\"300\" src=\"https:\/\/acrj.org.br\/wp-content\/uploads\/2024\/10\/feed-240x300.jpeg\" class=\"attachment-medium size-medium wp-image-32613\" alt=\"\" srcset=\"https:\/\/acrj.org.br\/wp-content\/uploads\/2024\/10\/feed-240x300.jpeg 240w, https:\/\/acrj.org.br\/wp-content\/uploads\/2024\/10\/feed-819x1024.jpeg 819w, https:\/\/acrj.org.br\/wp-content\/uploads\/2024\/10\/feed-768x961.jpeg 768w, https:\/\/acrj.org.br\/wp-content\/uploads\/2024\/10\/feed.jpeg 1080w\" sizes=\"(max-width: 240px) 100vw, 240px\" \/><\/div>\n\t\t<\/a>\n\t\t\t\t<div class=\"elementor-post__text\">\n\t\t\t\t<h3 class=\"elementor-post__title\">\n\t\t\t<a href=\"https:\/\/acrj.org.br\/index.php\/2024\/10\/29\/acrj-participa-da-fis-week-2004\/\" >\n\t\t\t\tACRJ participa da FIS WEEK 2004\t\t\t<\/a>\n\t\t<\/h3>\n\t\t\t\t<div class=\"elementor-post__excerpt\">\n\t\t\t<p>A ACRJ estar\u00e1 presente na #fisweek2024, de 6 a 8 de novembro, o maior encontro de Inova\u00e7\u00e3o, Empreendedorismo e Tend\u00eancias da Sa\u00fade da Am\u00e9rica Latina<\/p>\n\t\t<\/div>\n\t\t\n\t\t<a class=\"elementor-post__read-more\" href=\"https:\/\/acrj.org.br\/index.php\/2024\/10\/29\/acrj-participa-da-fis-week-2004\/\" aria-label=\"Leia mais sobre ACRJ participa da FIS WEEK 2004\" tabindex=\"-1\" >\n\t\t\tLeia mais \u00bb\t\t<\/a>\n\n\t\t\t\t<\/div>\n\t\t\t\t<\/article>\n\t\t\t\t<article class=\"elementor-post elementor-grid-item post-32533 post type-post status-publish format-standard has-post-thumbnail hentry category-destaque_eventos category-eventos_acrj\" role=\"listitem\">\n\t\t\t\t<a class=\"elementor-post__thumbnail__link\" href=\"https:\/\/acrj.org.br\/index.php\/2024\/10\/28\/conselho-de-governanca-compliance-e-diversidade-debate-planos-para-2025\/\" tabindex=\"-1\" >\n\t\t\t<div class=\"elementor-post__thumbnail\"><img loading=\"lazy\" decoding=\"async\" width=\"288\" height=\"300\" src=\"https:\/\/acrj.org.br\/wp-content\/uploads\/2024\/10\/Reuniao-1_nov-288x300.jpeg\" class=\"attachment-medium size-medium wp-image-32534\" alt=\"\" srcset=\"https:\/\/acrj.org.br\/wp-content\/uploads\/2024\/10\/Reuniao-1_nov-288x300.jpeg 288w, https:\/\/acrj.org.br\/wp-content\/uploads\/2024\/10\/Reuniao-1_nov-983x1024.jpeg 983w, https:\/\/acrj.org.br\/wp-content\/uploads\/2024\/10\/Reuniao-1_nov-768x800.jpeg 768w, https:\/\/acrj.org.br\/wp-content\/uploads\/2024\/10\/Reuniao-1_nov-1475x1536.jpeg 1475w, https:\/\/acrj.org.br\/wp-content\/uploads\/2024\/10\/Reuniao-1_nov.jpeg 1536w\" sizes=\"(max-width: 288px) 100vw, 288px\" \/><\/div>\n\t\t<\/a>\n\t\t\t\t<div class=\"elementor-post__text\">\n\t\t\t\t<h3 class=\"elementor-post__title\">\n\t\t\t<a href=\"https:\/\/acrj.org.br\/index.php\/2024\/10\/28\/conselho-de-governanca-compliance-e-diversidade-debate-planos-para-2025\/\" >\n\t\t\t\tConselho de Governan\u00e7a, Compliance e Diversidade debate planos para 2025\t\t\t<\/a>\n\t\t<\/h3>\n\t\t\t\t<div class=\"elementor-post__excerpt\">\n\t\t\t<p>O Conselho se re\u00fane dia 1\u00ba de novembro, \u00e0s 10 horas, para debater a Agenda Positiva para 2025, os projetos comuns com os demais Conselhos<\/p>\n\t\t<\/div>\n\t\t\n\t\t<a class=\"elementor-post__read-more\" href=\"https:\/\/acrj.org.br\/index.php\/2024\/10\/28\/conselho-de-governanca-compliance-e-diversidade-debate-planos-para-2025\/\" aria-label=\"Leia mais sobre Conselho de Governan\u00e7a, Compliance e Diversidade debate planos para 2025\" tabindex=\"-1\" >\n\t\t\tLeia mais \u00bb\t\t<\/a>\n\n\t\t\t\t<\/div>\n\t\t\t\t<\/article>\n\t\t\t\t<article class=\"elementor-post elementor-grid-item post-32456 post type-post status-publish format-standard has-post-thumbnail hentry category-destaque_eventos category-eventos_acrj\" role=\"listitem\">\n\t\t\t\t<a class=\"elementor-post__thumbnail__link\" href=\"https:\/\/acrj.org.br\/index.php\/2024\/10\/23\/conselho-superior-da-acrj-promove-palestra-sobre-a-zpe-do-acu\/\" tabindex=\"-1\" >\n\t\t\t<div class=\"elementor-post__thumbnail\"><img loading=\"lazy\" decoding=\"async\" width=\"300\" height=\"232\" src=\"https:\/\/acrj.org.br\/wp-content\/uploads\/2024\/10\/reuniao-28_out-300x232.jpg\" class=\"attachment-medium size-medium wp-image-32457\" alt=\"\" srcset=\"https:\/\/acrj.org.br\/wp-content\/uploads\/2024\/10\/reuniao-28_out-300x232.jpg 300w, https:\/\/acrj.org.br\/wp-content\/uploads\/2024\/10\/reuniao-28_out-768x593.jpg 768w, https:\/\/acrj.org.br\/wp-content\/uploads\/2024\/10\/reuniao-28_out.jpg 922w\" sizes=\"(max-width: 300px) 100vw, 300px\" \/><\/div>\n\t\t<\/a>\n\t\t\t\t<div class=\"elementor-post__text\">\n\t\t\t\t<h3 class=\"elementor-post__title\">\n\t\t\t<a href=\"https:\/\/acrj.org.br\/index.php\/2024\/10\/23\/conselho-superior-da-acrj-promove-palestra-sobre-a-zpe-do-acu\/\" >\n\t\t\t\tConselho Superior da ACRJ promove palestra sobre a ZPE do A\u00e7u\t\t\t<\/a>\n\t\t<\/h3>\n\t\t\t\t<div class=\"elementor-post__excerpt\">\n\t\t\t<p>O Conselho Superior da ACRJ recebe, na pr\u00f3xima 2\u00aa feira, \u00e0s 11h30, o Procurador Marcelo Lopes, presidente da Comiss\u00e3o Especial da ZPE do A\u00e7u. Ele<\/p>\n\t\t<\/div>\n\t\t\n\t\t<a class=\"elementor-post__read-more\" href=\"https:\/\/acrj.org.br\/index.php\/2024\/10\/23\/conselho-superior-da-acrj-promove-palestra-sobre-a-zpe-do-acu\/\" aria-label=\"Leia mais sobre Conselho Superior da ACRJ promove palestra sobre a ZPE do A\u00e7u\" tabindex=\"-1\" >\n\t\t\tLeia mais \u00bb\t\t<\/a>\n\n\t\t\t\t<\/div>\n\t\t\t\t<\/article>\n\t\t\t\t<article class=\"elementor-post elementor-grid-item post-32134 post type-post status-publish format-standard has-post-thumbnail hentry category-eventos_acrj\" role=\"listitem\">\n\t\t\t\t<a class=\"elementor-post__thumbnail__link\" href=\"https:\/\/acrj.org.br\/index.php\/2024\/10\/11\/palestra-sobre-cooperativismo-financeiro\/\" tabindex=\"-1\" >\n\t\t\t<div class=\"elementor-post__thumbnail\"><img loading=\"lazy\" decoding=\"async\" width=\"300\" height=\"291\" src=\"https:\/\/acrj.org.br\/wp-content\/uploads\/2024\/10\/Reuniao-15_out-300x291.jpg\" class=\"attachment-medium size-medium wp-image-32135\" alt=\"\" srcset=\"https:\/\/acrj.org.br\/wp-content\/uploads\/2024\/10\/Reuniao-15_out-300x291.jpg 300w, https:\/\/acrj.org.br\/wp-content\/uploads\/2024\/10\/Reuniao-15_out-1024x992.jpg 1024w, https:\/\/acrj.org.br\/wp-content\/uploads\/2024\/10\/Reuniao-15_out-768x744.jpg 768w, https:\/\/acrj.org.br\/wp-content\/uploads\/2024\/10\/Reuniao-15_out-1536x1488.jpg 1536w, https:\/\/acrj.org.br\/wp-content\/uploads\/2024\/10\/Reuniao-15_out.jpg 1600w\" sizes=\"(max-width: 300px) 100vw, 300px\" \/><\/div>\n\t\t<\/a>\n\t\t\t\t<div class=\"elementor-post__text\">\n\t\t\t\t<h3 class=\"elementor-post__title\">\n\t\t\t<a href=\"https:\/\/acrj.org.br\/index.php\/2024\/10\/11\/palestra-sobre-cooperativismo-financeiro\/\" >\n\t\t\t\tPalestra sobre Cooperativismo Financeiro\t\t\t<\/a>\n\t\t<\/h3>\n\t\t\t\t<div class=\"elementor-post__excerpt\">\n\t\t\t<p>A ACRJ promove, dia 15 de outubro, \u00e0s 10h, a palestra Cooperativismo Financeiro: impulsionando seus neg\u00f3cios, com o diretor-executivo do Sicoob Coomperj (Cooperativa de cr\u00e9dito<\/p>\n\t\t<\/div>\n\t\t\n\t\t<a class=\"elementor-post__read-more\" href=\"https:\/\/acrj.org.br\/index.php\/2024\/10\/11\/palestra-sobre-cooperativismo-financeiro\/\" aria-label=\"Leia mais sobre Palestra sobre Cooperativismo Financeiro\" tabindex=\"-1\" >\n\t\t\tLeia mais \u00bb\t\t<\/a>\n\n\t\t\t\t<\/div>\n\t\t\t\t<\/article>\n\t\t\t\t<article class=\"elementor-post elementor-grid-item post-31958 post type-post status-publish format-standard has-post-thumbnail hentry category-destaque_eventos category-eventos_acrj\" role=\"listitem\">\n\t\t\t\t<a class=\"elementor-post__thumbnail__link\" href=\"https:\/\/acrj.org.br\/index.php\/2024\/10\/08\/presidente-da-acrj-participa-do-congresso-norte-nordeste-de-gestao-em-saude\/\" tabindex=\"-1\" >\n\t\t\t<div class=\"elementor-post__thumbnail\"><img loading=\"lazy\" decoding=\"async\" width=\"241\" height=\"300\" src=\"https:\/\/acrj.org.br\/wp-content\/uploads\/2024\/10\/IMG-20241007-WA0095-241x300.jpg\" class=\"attachment-medium size-medium wp-image-31959\" alt=\"\" srcset=\"https:\/\/acrj.org.br\/wp-content\/uploads\/2024\/10\/IMG-20241007-WA0095-241x300.jpg 241w, https:\/\/acrj.org.br\/wp-content\/uploads\/2024\/10\/IMG-20241007-WA0095.jpg 720w\" sizes=\"(max-width: 241px) 100vw, 241px\" \/><\/div>\n\t\t<\/a>\n\t\t\t\t<div class=\"elementor-post__text\">\n\t\t\t\t<h3 class=\"elementor-post__title\">\n\t\t\t<a href=\"https:\/\/acrj.org.br\/index.php\/2024\/10\/08\/presidente-da-acrj-participa-do-congresso-norte-nordeste-de-gestao-em-saude\/\" >\n\t\t\t\tPresidente da ACRJ participa do Congresso Norte-Nordeste de Gest\u00e3o em Sa\u00fade\t\t\t<\/a>\n\t\t<\/h3>\n\t\t\t\t<div class=\"elementor-post__excerpt\">\n\t\t\t<p>O presidente da ACRJ, Josier Vilar, participar\u00e1 do 13\u00ba Congresso Norte-Nordeste de Gest\u00e3o em Sa\u00fade, dia 23 de outubro, no Centro de Conven\u00e7\u00f5es de Pernambuco,<\/p>\n\t\t<\/div>\n\t\t\n\t\t<a class=\"elementor-post__read-more\" href=\"https:\/\/acrj.org.br\/index.php\/2024\/10\/08\/presidente-da-acrj-participa-do-congresso-norte-nordeste-de-gestao-em-saude\/\" aria-label=\"Leia mais sobre Presidente da ACRJ participa do Congresso Norte-Nordeste de Gest\u00e3o em Sa\u00fade\" tabindex=\"-1\" >\n\t\t\tLeia mais \u00bb\t\t<\/a>\n\n\t\t\t\t<\/div>\n\t\t\t\t<\/article>\n\t\t\t\t<article class=\"elementor-post elementor-grid-item post-31852 post type-post status-publish format-standard has-post-thumbnail hentry category-eventos_acrj\" role=\"listitem\">\n\t\t\t\t<a class=\"elementor-post__thumbnail__link\" href=\"https:\/\/acrj.org.br\/index.php\/2024\/10\/04\/almoco-do-empresario-com-eduardo-eugenio-gouvea-vieira\/\" tabindex=\"-1\" >\n\t\t\t<div class=\"elementor-post__thumbnail\"><img loading=\"lazy\" decoding=\"async\" width=\"300\" height=\"300\" src=\"https:\/\/acrj.org.br\/wp-content\/uploads\/2024\/10\/IMG-20241005-WA0038-300x300.jpg\" class=\"attachment-medium size-medium wp-image-31858\" alt=\"\" srcset=\"https:\/\/acrj.org.br\/wp-content\/uploads\/2024\/10\/IMG-20241005-WA0038-300x300.jpg 300w, https:\/\/acrj.org.br\/wp-content\/uploads\/2024\/10\/IMG-20241005-WA0038-1024x1024.jpg 1024w, https:\/\/acrj.org.br\/wp-content\/uploads\/2024\/10\/IMG-20241005-WA0038-150x150.jpg 150w, https:\/\/acrj.org.br\/wp-content\/uploads\/2024\/10\/IMG-20241005-WA0038-768x768.jpg 768w, https:\/\/acrj.org.br\/wp-content\/uploads\/2024\/10\/IMG-20241005-WA0038.jpg 1080w\" sizes=\"(max-width: 300px) 100vw, 300px\" \/><\/div>\n\t\t<\/a>\n\t\t\t\t<div class=\"elementor-post__text\">\n\t\t\t\t<h3 class=\"elementor-post__title\">\n\t\t\t<a href=\"https:\/\/acrj.org.br\/index.php\/2024\/10\/04\/almoco-do-empresario-com-eduardo-eugenio-gouvea-vieira\/\" >\n\t\t\t\tAlmo\u00e7o do Empres\u00e1rio com Eduardo Eug\u00eanio Gouv\u00eaa Vieira\t\t\t<\/a>\n\t\t<\/h3>\n\t\t\t\t<div class=\"elementor-post__excerpt\">\n\t\t\t<p>A ACRJ promove nesta 2a feira, dia 7 de outubro, o Almo\u00e7o do Empres\u00e1rio com uma homenagem ao presidente da Firjan, Eduardo Eugenio Gouv\u00eaa Vieira.<\/p>\n\t\t<\/div>\n\t\t\n\t\t<a class=\"elementor-post__read-more\" href=\"https:\/\/acrj.org.br\/index.php\/2024\/10\/04\/almoco-do-empresario-com-eduardo-eugenio-gouvea-vieira\/\" aria-label=\"Leia mais sobre Almo\u00e7o do Empres\u00e1rio com Eduardo Eug\u00eanio Gouv\u00eaa Vieira\" tabindex=\"-1\" >\n\t\t\tLeia mais \u00bb\t\t<\/a>\n\n\t\t\t\t<\/div>\n\t\t\t\t<\/article>\n\t\t\t\t<article class=\"elementor-post elementor-grid-item post-31799 post type-post status-publish format-standard has-post-thumbnail hentry category-destaque_eventos category-eventos_acrj\" role=\"listitem\">\n\t\t\t\t<a class=\"elementor-post__thumbnail__link\" href=\"https:\/\/acrj.org.br\/index.php\/2024\/10\/04\/consul-geral-da-republica-dominicana-participa-da-serie-cafe-com-consul\/\" tabindex=\"-1\" >\n\t\t\t<div class=\"elementor-post__thumbnail\"><img loading=\"lazy\" decoding=\"async\" width=\"300\" height=\"151\" src=\"https:\/\/acrj.org.br\/wp-content\/uploads\/2024\/10\/capa_cafe-com-consul-da-R-Dominicana-300x151.jpg\" class=\"attachment-medium size-medium wp-image-31800\" alt=\"\" srcset=\"https:\/\/acrj.org.br\/wp-content\/uploads\/2024\/10\/capa_cafe-com-consul-da-R-Dominicana-300x151.jpg 300w, https:\/\/acrj.org.br\/wp-content\/uploads\/2024\/10\/capa_cafe-com-consul-da-R-Dominicana-1024x516.jpg 1024w, https:\/\/acrj.org.br\/wp-content\/uploads\/2024\/10\/capa_cafe-com-consul-da-R-Dominicana-768x387.jpg 768w, https:\/\/acrj.org.br\/wp-content\/uploads\/2024\/10\/capa_cafe-com-consul-da-R-Dominicana.jpg 1160w\" sizes=\"(max-width: 300px) 100vw, 300px\" \/><\/div>\n\t\t<\/a>\n\t\t\t\t<div class=\"elementor-post__text\">\n\t\t\t\t<h3 class=\"elementor-post__title\">\n\t\t\t<a href=\"https:\/\/acrj.org.br\/index.php\/2024\/10\/04\/consul-geral-da-republica-dominicana-participa-da-serie-cafe-com-consul\/\" >\n\t\t\t\tC\u00f4nsul-geral da Rep\u00fablica Dominicana participa da s\u00e9rie \u201cCaf\u00e9 com C\u00f4nsul\u201d\t\t\t<\/a>\n\t\t<\/h3>\n\t\t\t\t<div class=\"elementor-post__excerpt\">\n\t\t\t<p>A ACRJ recebe, dia 8 de outubro, \u00e0s 9 horas, o c\u00f4nsul-geral da Rep\u00fablica Dominicana, Roberto Enrique Rubio Cunillera. Ele participa da s\u00e9rie \u201cCaf\u00e9 com<\/p>\n\t\t<\/div>\n\t\t\n\t\t<a class=\"elementor-post__read-more\" href=\"https:\/\/acrj.org.br\/index.php\/2024\/10\/04\/consul-geral-da-republica-dominicana-participa-da-serie-cafe-com-consul\/\" aria-label=\"Leia mais sobre C\u00f4nsul-geral da Rep\u00fablica Dominicana participa da s\u00e9rie \u201cCaf\u00e9 com C\u00f4nsul\u201d\" tabindex=\"-1\" >\n\t\t\tLeia mais \u00bb\t\t<\/a>\n\n\t\t\t\t<\/div>\n\t\t\t\t<\/article>\n\t\t\t\t<article class=\"elementor-post elementor-grid-item post-31735 post type-post status-publish format-standard has-post-thumbnail hentry category-destaque_eventos category-eventos_acrj\" role=\"listitem\">\n\t\t\t\t<a class=\"elementor-post__thumbnail__link\" href=\"https:\/\/acrj.org.br\/index.php\/2024\/09\/30\/acrj-promove-seminario-sobre-compliance-empresarial\/\" tabindex=\"-1\" >\n\t\t\t<div class=\"elementor-post__thumbnail\"><img loading=\"lazy\" decoding=\"async\" width=\"300\" height=\"155\" src=\"https:\/\/acrj.org.br\/wp-content\/uploads\/2024\/09\/reuniao-4_out_capa-300x155.jpg\" class=\"attachment-medium size-medium wp-image-31739\" alt=\"\" srcset=\"https:\/\/acrj.org.br\/wp-content\/uploads\/2024\/09\/reuniao-4_out_capa-300x155.jpg 300w, https:\/\/acrj.org.br\/wp-content\/uploads\/2024\/09\/reuniao-4_out_capa-768x398.jpg 768w, https:\/\/acrj.org.br\/wp-content\/uploads\/2024\/09\/reuniao-4_out_capa.jpg 969w\" sizes=\"(max-width: 300px) 100vw, 300px\" \/><\/div>\n\t\t<\/a>\n\t\t\t\t<div class=\"elementor-post__text\">\n\t\t\t\t<h3 class=\"elementor-post__title\">\n\t\t\t<a href=\"https:\/\/acrj.org.br\/index.php\/2024\/09\/30\/acrj-promove-seminario-sobre-compliance-empresarial\/\" >\n\t\t\t\tACRJ promove Semin\u00e1rio sobre Compliance Empresarial\t\t\t<\/a>\n\t\t<\/h3>\n\t\t\t\t<div class=\"elementor-post__excerpt\">\n\t\t\t<p>A ACRJ promove, dia 4 de outubro, \u00e0s 10h, o semin\u00e1rio Compliance Empresarial, que abordar\u00e1 os temas: Comunica\u00e7\u00e3o N\u00e3o-Violenta, com Marie B\u00e8ndelac, e Preven\u00e7\u00e3o ao<\/p>\n\t\t<\/div>\n\t\t\n\t\t<a class=\"elementor-post__read-more\" href=\"https:\/\/acrj.org.br\/index.php\/2024\/09\/30\/acrj-promove-seminario-sobre-compliance-empresarial\/\" aria-label=\"Leia mais sobre ACRJ promove Semin\u00e1rio sobre Compliance Empresarial\" tabindex=\"-1\" >\n\t\t\tLeia mais \u00bb\t\t<\/a>\n\n\t\t\t\t<\/div>\n\t\t\t\t<\/article>\n\t\t\t\t<\/div>\n\t\t\n\t\t\t\t<div class=\"e-load-more-anchor\" data-page=\"1\" data-max-page=\"5\" data-next-page=\"https:\/\/acrj.org.br\/index.php\/wp-json\/wp\/v2\/pages\/37032\/page\/2\/\"><\/div>\n\t\t\t\t<nav class=\"elementor-pagination\" aria-label=\"Pagina\u00e7\u00e3o\">\n\t\t\t<span class=\"page-numbers prev\"><<\/span>\n<span aria-current=\"page\" class=\"page-numbers current\"><span class=\"elementor-screen-only\">P\u00e1gina<\/span>1<\/span>\n<a class=\"page-numbers\" href=\"https:\/\/acrj.org.br\/index.php\/wp-json\/wp\/v2\/pages\/37032\/page\/2\/\"><span class=\"elementor-screen-only\">P\u00e1gina<\/span>2<\/a>\n<a class=\"page-numbers\" href=\"https:\/\/acrj.org.br\/index.php\/wp-json\/wp\/v2\/pages\/37032\/page\/3\/\"><span class=\"elementor-screen-only\">P\u00e1gina<\/span>3<\/a>\n<a class=\"page-numbers\" href=\"https:\/\/acrj.org.br\/index.php\/wp-json\/wp\/v2\/pages\/37032\/page\/4\/\"><span class=\"elementor-screen-only\">P\u00e1gina<\/span>4<\/a>\n<a class=\"page-numbers\" href=\"https:\/\/acrj.org.br\/index.php\/wp-json\/wp\/v2\/pages\/37032\/page\/5\/\"><span class=\"elementor-screen-only\">P\u00e1gina<\/span>5<\/a>\n<a class=\"page-numbers next\" href=\"https:\/\/acrj.org.br\/index.php\/wp-json\/wp\/v2\/pages\/37032\/page\/2\/\">><\/a>\t\t<\/nav>\n\t\t\t\t\t\t<\/div>\n\t\t\t\t<\/div>\n\t\t\t\t\t<\/div>\n\t\t<\/div>\n\t\t\t\t\t<\/div>\n\t\t<\/section>\n\t\t\t\t<\/div>\n\t\t","protected":false},"excerpt":{"rendered":"","protected":false},"author":1,"featured_media":0,"parent":0,"menu_order":0,"comment_status":"closed","ping_status":"closed","template":"","meta":{"_exactmetrics_skip_tracking":false,"_exactmetrics_sitenote_active":false,"_exactmetrics_sitenote_note":"","_exactmetrics_sitenote_category":0,"footnotes":""},"class_list":["post-37032","page","type-page","status-publish","hentry"],"_links":{"self":[{"href":"https:\/\/acrj.org.br\/index.php\/wp-json\/wp\/v2\/pages\/37032","targetHints":{"allow":["GET"]}}],"collection":[{"href":"https:\/\/acrj.org.br\/index.php\/wp-json\/wp\/v2\/pages"}],"about":[{"href":"https:\/\/acrj.org.br\/index.php\/wp-json\/wp\/v2\/types\/page"}],"author":[{"embeddable":true,"href":"https:\/\/acrj.org.br\/index.php\/wp-json\/wp\/v2\/users\/1"}],"replies":[{"embeddable":true,"href":"https:\/\/acrj.org.br\/index.php\/wp-json\/wp\/v2\/comments?post=37032"}],"version-history":[{"count":0,"href":"https:\/\/acrj.org.br\/index.php\/wp-json\/wp\/v2\/pages\/37032\/revisions"}],"wp:attachment":[{"href":"https:\/\/acrj.org.br\/index.php\/wp-json\/wp\/v2\/media?parent=37032"}],"curies":[{"name":"wp","href":"https:\/\/api.w.org\/{rel}","templated":true}]}}