{"id":33682,"date":"2025-01-10T11:41:15","date_gmt":"2025-01-10T14:41:15","guid":{"rendered":"https:\/\/acrj.org.br\/?page_id=33682"},"modified":"2025-11-13T13:09:05","modified_gmt":"2025-11-13T16:09:05","slug":"noticias-2025","status":"publish","type":"page","link":"https:\/\/acrj.org.br\/index.php\/noticias-2025\/","title":{"rendered":"Not\u00edcias 2025"},"content":{"rendered":"\t\t<div data-elementor-type=\"wp-page\" data-elementor-id=\"33682\" class=\"elementor elementor-33682\" data-elementor-post-type=\"page\">\n\t\t\t\t\t\t<section class=\"elementor-section elementor-top-section elementor-element elementor-element-b65be00 elementor-section-stretched elementor-section-boxed elementor-section-height-default elementor-section-height-default\" data-id=\"b65be00\" data-element_type=\"section\" data-e-type=\"section\" data-settings=\"{&quot;stretch_section&quot;:&quot;section-stretched&quot;,&quot;background_background&quot;:&quot;classic&quot;}\">\n\t\t\t\t\t\t<div class=\"elementor-container elementor-column-gap-no\">\n\t\t\t\t\t<div class=\"elementor-column elementor-col-100 elementor-top-column elementor-element elementor-element-279cd4c\" data-id=\"279cd4c\" data-element_type=\"column\" data-e-type=\"column\">\n\t\t\t<div class=\"elementor-widget-wrap elementor-element-populated\">\n\t\t\t\t\t\t<div class=\"elementor-element elementor-element-bfaf5c5 elementor-widget elementor-widget-spacer\" data-id=\"bfaf5c5\" data-element_type=\"widget\" data-e-type=\"widget\" data-widget_type=\"spacer.default\">\n\t\t\t\t<div class=\"elementor-widget-container\">\n\t\t\t\t\t\t\t<div class=\"elementor-spacer\">\n\t\t\t<div class=\"elementor-spacer-inner\"><\/div>\n\t\t<\/div>\n\t\t\t\t\t\t<\/div>\n\t\t\t\t<\/div>\n\t\t\t\t<div class=\"elementor-element elementor-element-6a6ec5e elementor-widget elementor-widget-text-editor\" data-id=\"6a6ec5e\" data-element_type=\"widget\" data-e-type=\"widget\" data-widget_type=\"text-editor.default\">\n\t\t\t\t<div class=\"elementor-widget-container\">\n\t\t\t\t\t\t\t\t\tnot\u00edcias\t\t\t\t\t\t\t\t<\/div>\n\t\t\t\t<\/div>\n\t\t\t\t<div class=\"elementor-element elementor-element-f3deda4 elementor-widget elementor-widget-spacer\" data-id=\"f3deda4\" data-element_type=\"widget\" data-e-type=\"widget\" data-widget_type=\"spacer.default\">\n\t\t\t\t<div class=\"elementor-widget-container\">\n\t\t\t\t\t\t\t<div class=\"elementor-spacer\">\n\t\t\t<div class=\"elementor-spacer-inner\"><\/div>\n\t\t<\/div>\n\t\t\t\t\t\t<\/div>\n\t\t\t\t<\/div>\n\t\t\t\t\t<\/div>\n\t\t<\/div>\n\t\t\t\t\t<\/div>\n\t\t<\/section>\n\t\t\t\t<section class=\"elementor-section elementor-top-section elementor-element elementor-element-40dea29 elementor-section-boxed elementor-section-height-default elementor-section-height-default\" data-id=\"40dea29\" data-element_type=\"section\" data-e-type=\"section\">\n\t\t\t\t\t\t<div class=\"elementor-container elementor-column-gap-default\">\n\t\t\t\t\t<div class=\"elementor-column elementor-col-100 elementor-top-column elementor-element elementor-element-545487b\" data-id=\"545487b\" data-element_type=\"column\" data-e-type=\"column\">\n\t\t\t<div class=\"elementor-widget-wrap elementor-element-populated\">\n\t\t\t\t\t\t<div class=\"elementor-element elementor-element-fc70f5d elementor-nav-menu__align-center elementor-nav-menu--dropdown-tablet elementor-nav-menu__text-align-aside elementor-nav-menu--toggle elementor-nav-menu--burger elementor-widget elementor-widget-nav-menu\" data-id=\"fc70f5d\" data-element_type=\"widget\" data-e-type=\"widget\" data-settings=\"{&quot;layout&quot;:&quot;horizontal&quot;,&quot;submenu_icon&quot;:{&quot;value&quot;:&quot;&lt;i class=\\&quot;fas fa-caret-down\\&quot; aria-hidden=\\&quot;true\\&quot;&gt;&lt;\\\/i&gt;&quot;,&quot;library&quot;:&quot;fa-solid&quot;},&quot;toggle&quot;:&quot;burger&quot;}\" data-widget_type=\"nav-menu.default\">\n\t\t\t\t<div class=\"elementor-widget-container\">\n\t\t\t\t\t\t\t\t<nav aria-label=\"Menu\" class=\"elementor-nav-menu--main elementor-nav-menu__container elementor-nav-menu--layout-horizontal e--pointer-underline e--animation-fade\">\n\t\t\t\t<ul id=\"menu-1-fc70f5d\" class=\"elementor-nav-menu\"><li class=\"menu-item menu-item-type-post_type menu-item-object-page menu-item-40871\"><a href=\"https:\/\/acrj.org.br\/index.php\/noticias-2026\/\" class=\"elementor-item\">2026<\/a><\/li>\n<li class=\"menu-item menu-item-type-post_type menu-item-object-page menu-item-33696\"><a href=\"https:\/\/acrj.org.br\/index.php\/noticias-2025\/\" class=\"elementor-item\">2025<\/a><\/li>\n<li class=\"menu-item menu-item-type-post_type menu-item-object-page menu-item-22311\"><a href=\"https:\/\/acrj.org.br\/index.php\/noticias-2024\/\" class=\"elementor-item\">2024<\/a><\/li>\n<li class=\"menu-item menu-item-type-post_type menu-item-object-page menu-item-14279\"><a href=\"https:\/\/acrj.org.br\/index.php\/noticias-2023\/\" class=\"elementor-item\">2023<\/a><\/li>\n<li class=\"menu-item menu-item-type-post_type menu-item-object-page menu-item-10209\"><a href=\"https:\/\/acrj.org.br\/index.php\/noticias-2022\/\" class=\"elementor-item\">2022<\/a><\/li>\n<li class=\"menu-item menu-item-type-post_type menu-item-object-page menu-item-6708\"><a href=\"https:\/\/acrj.org.br\/index.php\/noticias-2021\/\" class=\"elementor-item\">2021<\/a><\/li>\n<li class=\"menu-item menu-item-type-post_type menu-item-object-page menu-item-1590\"><a href=\"https:\/\/acrj.org.br\/index.php\/noticias\/\" class=\"elementor-item\">2020<\/a><\/li>\n<li class=\"menu-item menu-item-type-post_type menu-item-object-page menu-item-1585\"><a href=\"https:\/\/acrj.org.br\/index.php\/2019-2\/\" class=\"elementor-item\">2019<\/a><\/li>\n<li class=\"menu-item menu-item-type-post_type menu-item-object-page menu-item-1584\"><a href=\"https:\/\/acrj.org.br\/index.php\/2018-2\/\" class=\"elementor-item\">2018<\/a><\/li>\n<li class=\"menu-item menu-item-type-post_type menu-item-object-page menu-item-1583\"><a href=\"https:\/\/acrj.org.br\/index.php\/2017-2\/\" class=\"elementor-item\">2017<\/a><\/li>\n<\/ul>\t\t\t<\/nav>\n\t\t\t\t\t<div class=\"elementor-menu-toggle\" role=\"button\" tabindex=\"0\" aria-label=\"Alternar menu\" aria-expanded=\"false\">\n\t\t\t<i aria-hidden=\"true\" role=\"presentation\" class=\"elementor-menu-toggle__icon--open fas fa-bars\"><\/i><i aria-hidden=\"true\" role=\"presentation\" class=\"elementor-menu-toggle__icon--close eicon-close\"><\/i>\t\t<\/div>\n\t\t\t\t\t<nav class=\"elementor-nav-menu--dropdown elementor-nav-menu__container\" aria-hidden=\"true\">\n\t\t\t\t<ul id=\"menu-2-fc70f5d\" class=\"elementor-nav-menu\"><li class=\"menu-item menu-item-type-post_type menu-item-object-page menu-item-40871\"><a href=\"https:\/\/acrj.org.br\/index.php\/noticias-2026\/\" class=\"elementor-item\" tabindex=\"-1\">2026<\/a><\/li>\n<li class=\"menu-item menu-item-type-post_type menu-item-object-page menu-item-33696\"><a href=\"https:\/\/acrj.org.br\/index.php\/noticias-2025\/\" class=\"elementor-item\" tabindex=\"-1\">2025<\/a><\/li>\n<li class=\"menu-item menu-item-type-post_type menu-item-object-page menu-item-22311\"><a href=\"https:\/\/acrj.org.br\/index.php\/noticias-2024\/\" class=\"elementor-item\" tabindex=\"-1\">2024<\/a><\/li>\n<li class=\"menu-item menu-item-type-post_type menu-item-object-page menu-item-14279\"><a href=\"https:\/\/acrj.org.br\/index.php\/noticias-2023\/\" class=\"elementor-item\" tabindex=\"-1\">2023<\/a><\/li>\n<li class=\"menu-item menu-item-type-post_type menu-item-object-page menu-item-10209\"><a href=\"https:\/\/acrj.org.br\/index.php\/noticias-2022\/\" class=\"elementor-item\" tabindex=\"-1\">2022<\/a><\/li>\n<li class=\"menu-item menu-item-type-post_type menu-item-object-page menu-item-6708\"><a href=\"https:\/\/acrj.org.br\/index.php\/noticias-2021\/\" class=\"elementor-item\" tabindex=\"-1\">2021<\/a><\/li>\n<li class=\"menu-item menu-item-type-post_type menu-item-object-page menu-item-1590\"><a href=\"https:\/\/acrj.org.br\/index.php\/noticias\/\" class=\"elementor-item\" tabindex=\"-1\">2020<\/a><\/li>\n<li class=\"menu-item menu-item-type-post_type menu-item-object-page menu-item-1585\"><a href=\"https:\/\/acrj.org.br\/index.php\/2019-2\/\" class=\"elementor-item\" tabindex=\"-1\">2019<\/a><\/li>\n<li class=\"menu-item menu-item-type-post_type menu-item-object-page menu-item-1584\"><a href=\"https:\/\/acrj.org.br\/index.php\/2018-2\/\" class=\"elementor-item\" tabindex=\"-1\">2018<\/a><\/li>\n<li class=\"menu-item menu-item-type-post_type menu-item-object-page menu-item-1583\"><a href=\"https:\/\/acrj.org.br\/index.php\/2017-2\/\" class=\"elementor-item\" tabindex=\"-1\">2017<\/a><\/li>\n<\/ul>\t\t\t<\/nav>\n\t\t\t\t\t\t<\/div>\n\t\t\t\t<\/div>\n\t\t\t\t\t<\/div>\n\t\t<\/div>\n\t\t\t\t\t<\/div>\n\t\t<\/section>\n\t\t\t\t<section class=\"elementor-section elementor-top-section elementor-element elementor-element-4f2f943 elementor-section-boxed elementor-section-height-default elementor-section-height-default\" data-id=\"4f2f943\" data-element_type=\"section\" data-e-type=\"section\">\n\t\t\t\t\t\t<div class=\"elementor-container elementor-column-gap-default\">\n\t\t\t\t\t<div class=\"elementor-column elementor-col-100 elementor-top-column elementor-element elementor-element-a6d3948\" data-id=\"a6d3948\" data-element_type=\"column\" data-e-type=\"column\">\n\t\t\t<div class=\"elementor-widget-wrap elementor-element-populated\">\n\t\t\t\t\t\t<div class=\"elementor-element elementor-element-ae5ba68 elementor-grid-4 elementor-grid-tablet-1 elementor-grid-mobile-1 elementor-posts--thumbnail-top elementor-widget elementor-widget-posts\" data-id=\"ae5ba68\" data-element_type=\"widget\" data-e-type=\"widget\" data-settings=\"{&quot;classic_columns&quot;:&quot;4&quot;,&quot;pagination_type&quot;:&quot;numbers_and_prev_next&quot;,&quot;classic_columns_tablet&quot;:&quot;1&quot;,&quot;classic_columns_mobile&quot;:&quot;1&quot;,&quot;classic_row_gap&quot;:{&quot;unit&quot;:&quot;px&quot;,&quot;size&quot;:35,&quot;sizes&quot;:[]},&quot;classic_row_gap_tablet&quot;:{&quot;unit&quot;:&quot;px&quot;,&quot;size&quot;:&quot;&quot;,&quot;sizes&quot;:[]},&quot;classic_row_gap_mobile&quot;:{&quot;unit&quot;:&quot;px&quot;,&quot;size&quot;:&quot;&quot;,&quot;sizes&quot;:[]}}\" data-widget_type=\"posts.classic\">\n\t\t\t\t<div class=\"elementor-widget-container\">\n\t\t\t\t\t\t\t<div class=\"elementor-posts-container elementor-posts elementor-posts--skin-classic elementor-grid\" role=\"list\">\n\t\t\t\t<article class=\"elementor-post elementor-grid-item post-40843 post type-post status-publish format-standard has-post-thumbnail hentry category-noticias\" role=\"listitem\">\n\t\t\t\t<a class=\"elementor-post__thumbnail__link\" href=\"https:\/\/acrj.org.br\/index.php\/2025\/12\/29\/acrj-entrega-as-cestas-da-campanha-natal-solidario-2025\/\" tabindex=\"-1\" >\n\t\t\t<div class=\"elementor-post__thumbnail\"><img fetchpriority=\"high\" decoding=\"async\" width=\"768\" height=\"576\" src=\"https:\/\/acrj.org.br\/wp-content\/uploads\/2025\/12\/home-2-768x576.jpg\" class=\"attachment-medium_large size-medium_large wp-image-41032\" alt=\"\" srcset=\"https:\/\/acrj.org.br\/wp-content\/uploads\/2025\/12\/home-2-768x576.jpg 768w, https:\/\/acrj.org.br\/wp-content\/uploads\/2025\/12\/home-2-300x225.jpg 300w, https:\/\/acrj.org.br\/wp-content\/uploads\/2025\/12\/home-2.jpg 800w\" sizes=\"(max-width: 768px) 100vw, 768px\" \/><\/div>\n\t\t<\/a>\n\t\t\t\t<div class=\"elementor-post__text\">\n\t\t\t\t<h3 class=\"elementor-post__title\">\n\t\t\t<a href=\"https:\/\/acrj.org.br\/index.php\/2025\/12\/29\/acrj-entrega-as-cestas-da-campanha-natal-solidario-2025\/\" >\n\t\t\t\tACRJ entrega as cestas da Campanha Natal Solid\u00e1rio 2025\t\t\t<\/a>\n\t\t<\/h3>\n\t\t\t\t<div class=\"elementor-post__excerpt\">\n\t\t\t<p>&#x1f91d; A ACRJ entregou as cestas b\u00e1sicas da campanha Natal Solid\u00e1rio ACRJ 2025 para as fam\u00edlias da ONG \u00c1frica, na Mangueira, e do Projeto Uer\u00ea,<\/p>\n\t\t<\/div>\n\t\t\n\t\t<a class=\"elementor-post__read-more\" href=\"https:\/\/acrj.org.br\/index.php\/2025\/12\/29\/acrj-entrega-as-cestas-da-campanha-natal-solidario-2025\/\" aria-label=\"Leia mais sobre ACRJ entrega as cestas da Campanha Natal Solid\u00e1rio 2025\" tabindex=\"-1\" >\n\t\t\tLeia mais \u00bb\t\t<\/a>\n\n\t\t\t\t<\/div>\n\t\t\t\t<\/article>\n\t\t\t\t<article class=\"elementor-post elementor-grid-item post-40850 post type-post status-publish format-standard has-post-thumbnail hentry category-noticias\" role=\"listitem\">\n\t\t\t\t<a class=\"elementor-post__thumbnail__link\" href=\"https:\/\/acrj.org.br\/index.php\/2025\/12\/22\/acrj-e-contra-a-ampliacao-de-voos-no-aeroporto-santos-dumont\/\" tabindex=\"-1\" >\n\t\t\t<div class=\"elementor-post__thumbnail\"><img decoding=\"async\" width=\"768\" height=\"635\" src=\"https:\/\/acrj.org.br\/wp-content\/uploads\/2025\/04\/Posicionamento1-768x635.jpg\" class=\"attachment-medium_large size-medium_large wp-image-35513\" alt=\"\" srcset=\"https:\/\/acrj.org.br\/wp-content\/uploads\/2025\/04\/Posicionamento1-768x635.jpg 768w, https:\/\/acrj.org.br\/wp-content\/uploads\/2025\/04\/Posicionamento1-300x248.jpg 300w, https:\/\/acrj.org.br\/wp-content\/uploads\/2025\/04\/Posicionamento1-1024x847.jpg 1024w, https:\/\/acrj.org.br\/wp-content\/uploads\/2025\/04\/Posicionamento1.jpg 1125w\" sizes=\"(max-width: 768px) 100vw, 768px\" \/><\/div>\n\t\t<\/a>\n\t\t\t\t<div class=\"elementor-post__text\">\n\t\t\t\t<h3 class=\"elementor-post__title\">\n\t\t\t<a href=\"https:\/\/acrj.org.br\/index.php\/2025\/12\/22\/acrj-e-contra-a-ampliacao-de-voos-no-aeroporto-santos-dumont\/\" >\n\t\t\t\tACRJ \u00e9 contra a amplia\u00e7\u00e3o de voos no aeroporto Santos Dumont\t\t\t<\/a>\n\t\t<\/h3>\n\t\t\t\t<div class=\"elementor-post__excerpt\">\n\t\t\t<p>&nbsp;A ASSOCIA\u00c7\u00c3O COMERCIAL DO RIO DE JANEIRO &#8211; ACRJ, diante das not\u00edcias que contrariam o bom senso, a l\u00f3gica econ\u00f4mica, o planejamento p\u00fablico e a<\/p>\n\t\t<\/div>\n\t\t\n\t\t<a class=\"elementor-post__read-more\" href=\"https:\/\/acrj.org.br\/index.php\/2025\/12\/22\/acrj-e-contra-a-ampliacao-de-voos-no-aeroporto-santos-dumont\/\" aria-label=\"Leia mais sobre ACRJ \u00e9 contra a amplia\u00e7\u00e3o de voos no aeroporto Santos Dumont\" tabindex=\"-1\" >\n\t\t\tLeia mais \u00bb\t\t<\/a>\n\n\t\t\t\t<\/div>\n\t\t\t\t<\/article>\n\t\t\t\t<article class=\"elementor-post elementor-grid-item post-40678 post type-post status-publish format-standard has-post-thumbnail hentry category-noticias\" role=\"listitem\">\n\t\t\t\t<a class=\"elementor-post__thumbnail__link\" href=\"https:\/\/acrj.org.br\/index.php\/2025\/12\/18\/mensagem-do-presidente\/\" tabindex=\"-1\" >\n\t\t\t<div class=\"elementor-post__thumbnail\"><img decoding=\"async\" width=\"768\" height=\"576\" src=\"https:\/\/acrj.org.br\/wp-content\/uploads\/2025\/12\/cartao-de-natal_site-768x576.jpeg\" class=\"attachment-medium_large size-medium_large wp-image-40790\" alt=\"\" srcset=\"https:\/\/acrj.org.br\/wp-content\/uploads\/2025\/12\/cartao-de-natal_site-768x576.jpeg 768w, https:\/\/acrj.org.br\/wp-content\/uploads\/2025\/12\/cartao-de-natal_site-300x225.jpeg 300w, https:\/\/acrj.org.br\/wp-content\/uploads\/2025\/12\/cartao-de-natal_site.jpeg 822w\" sizes=\"(max-width: 768px) 100vw, 768px\" \/><\/div>\n\t\t<\/a>\n\t\t\t\t<div class=\"elementor-post__text\">\n\t\t\t\t<h3 class=\"elementor-post__title\">\n\t\t\t<a href=\"https:\/\/acrj.org.br\/index.php\/2025\/12\/18\/mensagem-do-presidente\/\" >\n\t\t\t\tBoas Festas!\t\t\t<\/a>\n\t\t<\/h3>\n\t\t\t\t<div class=\"elementor-post__excerpt\">\n\t\t\t<p>Aos Associados, conselheiros, colaboradores e amigos da ACRJ. A ACRJ retornar\u00e1 das f\u00e9rias coletivas no dia 12 de janeiro.<\/p>\n\t\t<\/div>\n\t\t\n\t\t<a class=\"elementor-post__read-more\" href=\"https:\/\/acrj.org.br\/index.php\/2025\/12\/18\/mensagem-do-presidente\/\" aria-label=\"Leia mais sobre Boas Festas!\" tabindex=\"-1\" >\n\t\t\tLeia mais \u00bb\t\t<\/a>\n\n\t\t\t\t<\/div>\n\t\t\t\t<\/article>\n\t\t\t\t<article class=\"elementor-post elementor-grid-item post-40808 post type-post status-publish format-standard has-post-thumbnail hentry category-destaque_noticias category-noticias\" role=\"listitem\">\n\t\t\t\t<a class=\"elementor-post__thumbnail__link\" href=\"https:\/\/acrj.org.br\/index.php\/2025\/12\/17\/40808\/\" tabindex=\"-1\" >\n\t\t\t<div class=\"elementor-post__thumbnail\"><img loading=\"lazy\" decoding=\"async\" width=\"768\" height=\"576\" src=\"https:\/\/acrj.org.br\/wp-content\/uploads\/2025\/12\/WhatsApp-Image-2025-12-17-at-09.23.27-768x576.jpeg\" class=\"attachment-medium_large size-medium_large wp-image-40809\" alt=\"\" srcset=\"https:\/\/acrj.org.br\/wp-content\/uploads\/2025\/12\/WhatsApp-Image-2025-12-17-at-09.23.27-768x576.jpeg 768w, https:\/\/acrj.org.br\/wp-content\/uploads\/2025\/12\/WhatsApp-Image-2025-12-17-at-09.23.27-300x225.jpeg 300w, https:\/\/acrj.org.br\/wp-content\/uploads\/2025\/12\/WhatsApp-Image-2025-12-17-at-09.23.27-1024x768.jpeg 1024w, https:\/\/acrj.org.br\/wp-content\/uploads\/2025\/12\/WhatsApp-Image-2025-12-17-at-09.23.27.jpeg 1280w\" sizes=\"(max-width: 768px) 100vw, 768px\" \/><\/div>\n\t\t<\/a>\n\t\t\t\t<div class=\"elementor-post__text\">\n\t\t\t\t<h3 class=\"elementor-post__title\">\n\t\t\t<a href=\"https:\/\/acrj.org.br\/index.php\/2025\/12\/17\/40808\/\" >\n\t\t\t\tDoa\u00e7\u00f5es do 3\u00ba F\u00f3rum Rio Empreendedor s\u00e3o entregues \u00e0s crian\u00e7as na Mar\u00e9\t\t\t<\/a>\n\t\t<\/h3>\n\t\t\t\t<div class=\"elementor-post__excerpt\">\n\t\t\t<p>O empreendedorismo carioca tamb\u00e9m \u00e9 feito de solidariedade. Como parte fundamental das a\u00e7\u00f5es sociais da ACRJ, os brinquedos doados pelos participantes da terceira edi\u00e7\u00e3o do<\/p>\n\t\t<\/div>\n\t\t\n\t\t<a class=\"elementor-post__read-more\" href=\"https:\/\/acrj.org.br\/index.php\/2025\/12\/17\/40808\/\" aria-label=\"Leia mais sobre Doa\u00e7\u00f5es do 3\u00ba F\u00f3rum Rio Empreendedor s\u00e3o entregues \u00e0s crian\u00e7as na Mar\u00e9\" tabindex=\"-1\" >\n\t\t\tLeia mais \u00bb\t\t<\/a>\n\n\t\t\t\t<\/div>\n\t\t\t\t<\/article>\n\t\t\t\t<article class=\"elementor-post elementor-grid-item post-40795 post type-post status-publish format-standard has-post-thumbnail hentry category-noticias\" role=\"listitem\">\n\t\t\t\t<a class=\"elementor-post__thumbnail__link\" href=\"https:\/\/acrj.org.br\/index.php\/2025\/12\/12\/mensagem-do-presidente-2\/\" tabindex=\"-1\" >\n\t\t\t<div class=\"elementor-post__thumbnail\"><img loading=\"lazy\" decoding=\"async\" width=\"768\" height=\"509\" src=\"https:\/\/acrj.org.br\/wp-content\/uploads\/2025\/06\/josier1-768x509.jpg\" class=\"attachment-medium_large size-medium_large wp-image-36683\" alt=\"\" srcset=\"https:\/\/acrj.org.br\/wp-content\/uploads\/2025\/06\/josier1-768x509.jpg 768w, https:\/\/acrj.org.br\/wp-content\/uploads\/2025\/06\/josier1-300x199.jpg 300w, https:\/\/acrj.org.br\/wp-content\/uploads\/2025\/06\/josier1-1024x678.jpg 1024w, https:\/\/acrj.org.br\/wp-content\/uploads\/2025\/06\/josier1-1536x1018.jpg 1536w, https:\/\/acrj.org.br\/wp-content\/uploads\/2025\/06\/josier1.jpg 1698w\" sizes=\"(max-width: 768px) 100vw, 768px\" \/><\/div>\n\t\t<\/a>\n\t\t\t\t<div class=\"elementor-post__text\">\n\t\t\t\t<h3 class=\"elementor-post__title\">\n\t\t\t<a href=\"https:\/\/acrj.org.br\/index.php\/2025\/12\/12\/mensagem-do-presidente-2\/\" >\n\t\t\t\tMensagem do Presidente\t\t\t<\/a>\n\t\t<\/h3>\n\t\t\t\t<div class=\"elementor-post__excerpt\">\n\t\t\t<p>Caros Associados, Conselheiros, Diretores, Vice-Presidentes, Benem\u00e9ritos e Grandes Benem\u00e9ritos, Colaboradores e Funcion\u00e1rios.<\/p>\n\t\t<\/div>\n\t\t\n\t\t<a class=\"elementor-post__read-more\" href=\"https:\/\/acrj.org.br\/index.php\/2025\/12\/12\/mensagem-do-presidente-2\/\" aria-label=\"Leia mais sobre Mensagem do Presidente\" tabindex=\"-1\" >\n\t\t\tLeia mais \u00bb\t\t<\/a>\n\n\t\t\t\t<\/div>\n\t\t\t\t<\/article>\n\t\t\t\t<article class=\"elementor-post elementor-grid-item post-40779 post type-post status-publish format-standard has-post-thumbnail hentry category-destaque_conselhos category-noticias\" role=\"listitem\">\n\t\t\t\t<a class=\"elementor-post__thumbnail__link\" href=\"https:\/\/acrj.org.br\/index.php\/2025\/12\/12\/conselheiros-de-economia-prateada-definem-planos-para-2026\/\" tabindex=\"-1\" >\n\t\t\t<div class=\"elementor-post__thumbnail\"><img loading=\"lazy\" decoding=\"async\" width=\"768\" height=\"495\" src=\"https:\/\/acrj.org.br\/wp-content\/uploads\/2025\/12\/grupo-2-768x495.jpg\" class=\"attachment-medium_large size-medium_large wp-image-40780\" alt=\"\" srcset=\"https:\/\/acrj.org.br\/wp-content\/uploads\/2025\/12\/grupo-2-768x495.jpg 768w, https:\/\/acrj.org.br\/wp-content\/uploads\/2025\/12\/grupo-2-300x193.jpg 300w, https:\/\/acrj.org.br\/wp-content\/uploads\/2025\/12\/grupo-2-1024x660.jpg 1024w, https:\/\/acrj.org.br\/wp-content\/uploads\/2025\/12\/grupo-2-1536x990.jpg 1536w, https:\/\/acrj.org.br\/wp-content\/uploads\/2025\/12\/grupo-2-2048x1320.jpg 2048w\" sizes=\"(max-width: 768px) 100vw, 768px\" \/><\/div>\n\t\t<\/a>\n\t\t\t\t<div class=\"elementor-post__text\">\n\t\t\t\t<h3 class=\"elementor-post__title\">\n\t\t\t<a href=\"https:\/\/acrj.org.br\/index.php\/2025\/12\/12\/conselheiros-de-economia-prateada-definem-planos-para-2026\/\" >\n\t\t\t\tConselheiros de Economia Prateada definem planos para 2026\t\t\t<\/a>\n\t\t<\/h3>\n\t\t\t\t<div class=\"elementor-post__excerpt\">\n\t\t\t<p>O Conselho Empresarial de Economia Prateada e Longevidade da ACRJ realizou a \u00faltima reuni\u00e3o do ano, dia 11\/12, definindo algumas pautas para a atua\u00e7\u00e3o dos<\/p>\n\t\t<\/div>\n\t\t\n\t\t<a class=\"elementor-post__read-more\" href=\"https:\/\/acrj.org.br\/index.php\/2025\/12\/12\/conselheiros-de-economia-prateada-definem-planos-para-2026\/\" aria-label=\"Leia mais sobre Conselheiros de Economia Prateada definem planos para 2026\" tabindex=\"-1\" >\n\t\t\tLeia mais \u00bb\t\t<\/a>\n\n\t\t\t\t<\/div>\n\t\t\t\t<\/article>\n\t\t\t\t<article class=\"elementor-post elementor-grid-item post-40772 post type-post status-publish format-standard has-post-thumbnail hentry category-destaque_conselhos category-noticias\" role=\"listitem\">\n\t\t\t\t<a class=\"elementor-post__thumbnail__link\" href=\"https:\/\/acrj.org.br\/index.php\/2025\/12\/11\/conselho-de-governanca-marca-presenca-no-10o-premio-sou-do-esporte\/\" tabindex=\"-1\" >\n\t\t\t<div class=\"elementor-post__thumbnail\"><img loading=\"lazy\" decoding=\"async\" width=\"768\" height=\"512\" src=\"https:\/\/acrj.org.br\/wp-content\/uploads\/2025\/12\/Humberto_premio-sou-do-esporte-768x512.jpeg\" class=\"attachment-medium_large size-medium_large wp-image-40774\" alt=\"\" srcset=\"https:\/\/acrj.org.br\/wp-content\/uploads\/2025\/12\/Humberto_premio-sou-do-esporte-768x512.jpeg 768w, https:\/\/acrj.org.br\/wp-content\/uploads\/2025\/12\/Humberto_premio-sou-do-esporte-300x200.jpeg 300w, https:\/\/acrj.org.br\/wp-content\/uploads\/2025\/12\/Humberto_premio-sou-do-esporte-1024x682.jpeg 1024w, https:\/\/acrj.org.br\/wp-content\/uploads\/2025\/12\/Humberto_premio-sou-do-esporte.jpeg 1280w\" sizes=\"(max-width: 768px) 100vw, 768px\" \/><\/div>\n\t\t<\/a>\n\t\t\t\t<div class=\"elementor-post__text\">\n\t\t\t\t<h3 class=\"elementor-post__title\">\n\t\t\t<a href=\"https:\/\/acrj.org.br\/index.php\/2025\/12\/11\/conselho-de-governanca-marca-presenca-no-10o-premio-sou-do-esporte\/\" >\n\t\t\t\tConselho de Governan\u00e7a marca presen\u00e7a no 10\u00ba Pr\u00eamio Sou do Esporte\t\t\t<\/a>\n\t\t<\/h3>\n\t\t\t\t<div class=\"elementor-post__excerpt\">\n\t\t\t<p>O presidente do Conselho Empresarial de Governan\u00e7a, Compliance e Diversidade da ACRJ, Humberto Mota Filho, um dos conselheiros convidados, para a avalia\u00e7\u00e3o dos crit\u00e9rios de<\/p>\n\t\t<\/div>\n\t\t\n\t\t<a class=\"elementor-post__read-more\" href=\"https:\/\/acrj.org.br\/index.php\/2025\/12\/11\/conselho-de-governanca-marca-presenca-no-10o-premio-sou-do-esporte\/\" aria-label=\"Leia mais sobre Conselho de Governan\u00e7a marca presen\u00e7a no 10\u00ba Pr\u00eamio Sou do Esporte\" tabindex=\"-1\" >\n\t\t\tLeia mais \u00bb\t\t<\/a>\n\n\t\t\t\t<\/div>\n\t\t\t\t<\/article>\n\t\t\t\t<article class=\"elementor-post elementor-grid-item post-40764 post type-post status-publish format-standard has-post-thumbnail hentry category-destaque_conselhos category-noticias\" role=\"listitem\">\n\t\t\t\t<a class=\"elementor-post__thumbnail__link\" href=\"https:\/\/acrj.org.br\/index.php\/2025\/12\/11\/40764\/\" tabindex=\"-1\" >\n\t\t\t<div class=\"elementor-post__thumbnail\"><img loading=\"lazy\" decoding=\"async\" width=\"768\" height=\"576\" src=\"https:\/\/acrj.org.br\/wp-content\/uploads\/2025\/12\/Reuniao-10_dez-768x576.jpeg\" class=\"attachment-medium_large size-medium_large wp-image-40768\" alt=\"\" srcset=\"https:\/\/acrj.org.br\/wp-content\/uploads\/2025\/12\/Reuniao-10_dez-768x576.jpeg 768w, https:\/\/acrj.org.br\/wp-content\/uploads\/2025\/12\/Reuniao-10_dez-300x225.jpeg 300w, https:\/\/acrj.org.br\/wp-content\/uploads\/2025\/12\/Reuniao-10_dez-1024x768.jpeg 1024w, https:\/\/acrj.org.br\/wp-content\/uploads\/2025\/12\/Reuniao-10_dez-1536x1152.jpeg 1536w, https:\/\/acrj.org.br\/wp-content\/uploads\/2025\/12\/Reuniao-10_dez.jpeg 1600w\" sizes=\"(max-width: 768px) 100vw, 768px\" \/><\/div>\n\t\t<\/a>\n\t\t\t\t<div class=\"elementor-post__text\">\n\t\t\t\t<h3 class=\"elementor-post__title\">\n\t\t\t<a href=\"https:\/\/acrj.org.br\/index.php\/2025\/12\/11\/40764\/\" >\n\t\t\t\tApresenta\u00e7\u00e3o destaca o futuro do setor energ\u00e9tico no Brasil e no mundo\t\t\t<\/a>\n\t\t<\/h3>\n\t\t\t\t<div class=\"elementor-post__excerpt\">\n\t\t\t<p>O Conselho Empresarial de Energia da ACRJ recebeu, dia 10\/12, o diretor do \u00a0Energy Center da MIT Technology Review Brasil, Luiz Mandarino, e Rafael Marquez,<\/p>\n\t\t<\/div>\n\t\t\n\t\t<a class=\"elementor-post__read-more\" href=\"https:\/\/acrj.org.br\/index.php\/2025\/12\/11\/40764\/\" aria-label=\"Leia mais sobre Apresenta\u00e7\u00e3o destaca o futuro do setor energ\u00e9tico no Brasil e no mundo\" tabindex=\"-1\" >\n\t\t\tLeia mais \u00bb\t\t<\/a>\n\n\t\t\t\t<\/div>\n\t\t\t\t<\/article>\n\t\t\t\t<article class=\"elementor-post elementor-grid-item post-40753 post type-post status-publish format-standard has-post-thumbnail hentry category-destaque_noticias category-noticias\" role=\"listitem\">\n\t\t\t\t<a class=\"elementor-post__thumbnail__link\" href=\"https:\/\/acrj.org.br\/index.php\/2025\/12\/11\/presidente-josier-vilar-participa-de-encontro-com-liderancas-da-saude-em-niteroi\/\" tabindex=\"-1\" >\n\t\t\t<div class=\"elementor-post__thumbnail\"><img loading=\"lazy\" decoding=\"async\" width=\"768\" height=\"512\" src=\"https:\/\/acrj.org.br\/wp-content\/uploads\/2025\/12\/WhatsApp-Image-2025-12-10-at-18.28.12-1-768x512.jpeg\" class=\"attachment-medium_large size-medium_large wp-image-40754\" alt=\"\" srcset=\"https:\/\/acrj.org.br\/wp-content\/uploads\/2025\/12\/WhatsApp-Image-2025-12-10-at-18.28.12-1-768x512.jpeg 768w, https:\/\/acrj.org.br\/wp-content\/uploads\/2025\/12\/WhatsApp-Image-2025-12-10-at-18.28.12-1-300x200.jpeg 300w, https:\/\/acrj.org.br\/wp-content\/uploads\/2025\/12\/WhatsApp-Image-2025-12-10-at-18.28.12-1-1024x682.jpeg 1024w, https:\/\/acrj.org.br\/wp-content\/uploads\/2025\/12\/WhatsApp-Image-2025-12-10-at-18.28.12-1.jpeg 1280w\" sizes=\"(max-width: 768px) 100vw, 768px\" \/><\/div>\n\t\t<\/a>\n\t\t\t\t<div class=\"elementor-post__text\">\n\t\t\t\t<h3 class=\"elementor-post__title\">\n\t\t\t<a href=\"https:\/\/acrj.org.br\/index.php\/2025\/12\/11\/presidente-josier-vilar-participa-de-encontro-com-liderancas-da-saude-em-niteroi\/\" >\n\t\t\t\tPresidente Josier Vilar participa de encontro com lideran\u00e7as da sa\u00fade em Niter\u00f3i\t\t\t<\/a>\n\t\t<\/h3>\n\t\t\t\t<div class=\"elementor-post__excerpt\">\n\t\t\t<p>Presidente da ACRJ, Josier Vilar, participou, dia 9\/12, do almo\u00e7o institucional de confraterniza\u00e7\u00e3o do Sindicato dos Hospitais e Cl\u00ednicas do Leste Fluminense (Sindhleste) reunindo autoridades,<\/p>\n\t\t<\/div>\n\t\t\n\t\t<a class=\"elementor-post__read-more\" href=\"https:\/\/acrj.org.br\/index.php\/2025\/12\/11\/presidente-josier-vilar-participa-de-encontro-com-liderancas-da-saude-em-niteroi\/\" aria-label=\"Leia mais sobre Presidente Josier Vilar participa de encontro com lideran\u00e7as da sa\u00fade em Niter\u00f3i\" tabindex=\"-1\" >\n\t\t\tLeia mais \u00bb\t\t<\/a>\n\n\t\t\t\t<\/div>\n\t\t\t\t<\/article>\n\t\t\t\t<article class=\"elementor-post elementor-grid-item post-40728 post type-post status-publish format-standard has-post-thumbnail hentry category-destaque_conselhos category-noticias\" role=\"listitem\">\n\t\t\t\t<a class=\"elementor-post__thumbnail__link\" href=\"https:\/\/acrj.org.br\/index.php\/2025\/12\/08\/conselho-debate-governanca-politica-e-os-desafios-para-2026\/\" tabindex=\"-1\" >\n\t\t\t<div class=\"elementor-post__thumbnail\"><img loading=\"lazy\" decoding=\"async\" width=\"768\" height=\"476\" src=\"https:\/\/acrj.org.br\/wp-content\/uploads\/2025\/12\/WhatsApp-Image-2025-12-05-at-17.52.51-e1765208277128-768x476.jpeg\" class=\"attachment-medium_large size-medium_large wp-image-40729\" alt=\"\" srcset=\"https:\/\/acrj.org.br\/wp-content\/uploads\/2025\/12\/WhatsApp-Image-2025-12-05-at-17.52.51-e1765208277128-768x476.jpeg 768w, https:\/\/acrj.org.br\/wp-content\/uploads\/2025\/12\/WhatsApp-Image-2025-12-05-at-17.52.51-e1765208277128-300x186.jpeg 300w, https:\/\/acrj.org.br\/wp-content\/uploads\/2025\/12\/WhatsApp-Image-2025-12-05-at-17.52.51-e1765208277128.jpeg 960w\" sizes=\"(max-width: 768px) 100vw, 768px\" \/><\/div>\n\t\t<\/a>\n\t\t\t\t<div class=\"elementor-post__text\">\n\t\t\t\t<h3 class=\"elementor-post__title\">\n\t\t\t<a href=\"https:\/\/acrj.org.br\/index.php\/2025\/12\/08\/conselho-debate-governanca-politica-e-os-desafios-para-2026\/\" >\n\t\t\t\tConselho debate governan\u00e7a pol\u00edtica e os desafios para 2026\t\t\t<\/a>\n\t\t<\/h3>\n\t\t\t\t<div class=\"elementor-post__excerpt\">\n\t\t\t<p>O Conselho Empresarial de Governan\u00e7a, Compliance e Diversidade da ACRJ realizou a \u00faltima reuni\u00e3o do ano, dia 5 de dezembro, com um almo\u00e7o de confraterniza\u00e7\u00e3o<\/p>\n\t\t<\/div>\n\t\t\n\t\t<a class=\"elementor-post__read-more\" href=\"https:\/\/acrj.org.br\/index.php\/2025\/12\/08\/conselho-debate-governanca-politica-e-os-desafios-para-2026\/\" aria-label=\"Leia mais sobre Conselho debate governan\u00e7a pol\u00edtica e os desafios para 2026\" tabindex=\"-1\" >\n\t\t\tLeia mais \u00bb\t\t<\/a>\n\n\t\t\t\t<\/div>\n\t\t\t\t<\/article>\n\t\t\t\t<article class=\"elementor-post elementor-grid-item post-40724 post type-post status-publish format-standard has-post-thumbnail hentry category-noticias\" role=\"listitem\">\n\t\t\t\t<a class=\"elementor-post__thumbnail__link\" href=\"https:\/\/acrj.org.br\/index.php\/2025\/12\/08\/mensagem-do-presidente-do-conselho-superior\/\" tabindex=\"-1\" >\n\t\t\t<div class=\"elementor-post__thumbnail\"><img loading=\"lazy\" decoding=\"async\" width=\"768\" height=\"560\" src=\"https:\/\/acrj.org.br\/wp-content\/uploads\/2025\/12\/Ruy-768x560.jpg\" class=\"attachment-medium_large size-medium_large wp-image-40725\" alt=\"\" srcset=\"https:\/\/acrj.org.br\/wp-content\/uploads\/2025\/12\/Ruy-768x560.jpg 768w, https:\/\/acrj.org.br\/wp-content\/uploads\/2025\/12\/Ruy-300x219.jpg 300w, https:\/\/acrj.org.br\/wp-content\/uploads\/2025\/12\/Ruy-1024x746.jpg 1024w, https:\/\/acrj.org.br\/wp-content\/uploads\/2025\/12\/Ruy-1536x1119.jpg 1536w, https:\/\/acrj.org.br\/wp-content\/uploads\/2025\/12\/Ruy-2048x1492.jpg 2048w\" sizes=\"(max-width: 768px) 100vw, 768px\" \/><\/div>\n\t\t<\/a>\n\t\t\t\t<div class=\"elementor-post__text\">\n\t\t\t\t<h3 class=\"elementor-post__title\">\n\t\t\t<a href=\"https:\/\/acrj.org.br\/index.php\/2025\/12\/08\/mensagem-do-presidente-do-conselho-superior\/\" >\n\t\t\t\tMensagem do presidente do Conselho Superior\t\t\t<\/a>\n\t\t<\/h3>\n\t\t\t\t<div class=\"elementor-post__excerpt\">\n\t\t\t<p>Caros Associados, Grandes Benem\u00e9ritos e Benem\u00e9ritos, Diretores, Conselheiros e Colaboradores.<\/p>\n\t\t<\/div>\n\t\t\n\t\t<a class=\"elementor-post__read-more\" href=\"https:\/\/acrj.org.br\/index.php\/2025\/12\/08\/mensagem-do-presidente-do-conselho-superior\/\" aria-label=\"Leia mais sobre Mensagem do presidente do Conselho Superior\" tabindex=\"-1\" >\n\t\t\tLeia mais \u00bb\t\t<\/a>\n\n\t\t\t\t<\/div>\n\t\t\t\t<\/article>\n\t\t\t\t<article class=\"elementor-post elementor-grid-item post-40710 post type-post status-publish format-standard has-post-thumbnail hentry category-destaque_conselhos category-noticias\" role=\"listitem\">\n\t\t\t\t<a class=\"elementor-post__thumbnail__link\" href=\"https:\/\/acrj.org.br\/index.php\/2025\/12\/08\/conselho-de-varejo-faz-balanco-da-black-friday-e-debate-consumo-da-geracao-50\/\" tabindex=\"-1\" >\n\t\t\t<div class=\"elementor-post__thumbnail\"><img loading=\"lazy\" decoding=\"async\" width=\"768\" height=\"420\" src=\"https:\/\/acrj.org.br\/wp-content\/uploads\/2025\/12\/grupo-1-768x420.jpg\" class=\"attachment-medium_large size-medium_large wp-image-40711\" alt=\"\" srcset=\"https:\/\/acrj.org.br\/wp-content\/uploads\/2025\/12\/grupo-1-768x420.jpg 768w, https:\/\/acrj.org.br\/wp-content\/uploads\/2025\/12\/grupo-1-300x164.jpg 300w, https:\/\/acrj.org.br\/wp-content\/uploads\/2025\/12\/grupo-1-1024x560.jpg 1024w, https:\/\/acrj.org.br\/wp-content\/uploads\/2025\/12\/grupo-1.jpg 1054w\" sizes=\"(max-width: 768px) 100vw, 768px\" \/><\/div>\n\t\t<\/a>\n\t\t\t\t<div class=\"elementor-post__text\">\n\t\t\t\t<h3 class=\"elementor-post__title\">\n\t\t\t<a href=\"https:\/\/acrj.org.br\/index.php\/2025\/12\/08\/conselho-de-varejo-faz-balanco-da-black-friday-e-debate-consumo-da-geracao-50\/\" >\n\t\t\t\tConselho de Varejo faz balan\u00e7o da black Friday e debate consumo da gera\u00e7\u00e3o 50+\t\t\t<\/a>\n\t\t<\/h3>\n\t\t\t\t<div class=\"elementor-post__excerpt\">\n\t\t\t<p>O Conselho Empresarial de Varejo da ACRJ encerrou as atividades do ano, no dia 5 de dezembro, com uma reuni\u00e3o durante a qual foi apresentado<\/p>\n\t\t<\/div>\n\t\t\n\t\t<a class=\"elementor-post__read-more\" href=\"https:\/\/acrj.org.br\/index.php\/2025\/12\/08\/conselho-de-varejo-faz-balanco-da-black-friday-e-debate-consumo-da-geracao-50\/\" aria-label=\"Leia mais sobre Conselho de Varejo faz balan\u00e7o da black Friday e debate consumo da gera\u00e7\u00e3o 50+\" tabindex=\"-1\" >\n\t\t\tLeia mais \u00bb\t\t<\/a>\n\n\t\t\t\t<\/div>\n\t\t\t\t<\/article>\n\t\t\t\t<\/div>\n\t\t\n\t\t\t\t<div class=\"e-load-more-anchor\" data-page=\"1\" data-max-page=\"16\" data-next-page=\"https:\/\/acrj.org.br\/index.php\/wp-json\/wp\/v2\/pages\/33682\/page\/2\/\"><\/div>\n\t\t\t\t<nav class=\"elementor-pagination\" aria-label=\"Pagina\u00e7\u00e3o\">\n\t\t\t<span class=\"page-numbers prev\"><<\/span>\n<span aria-current=\"page\" class=\"page-numbers current\"><span class=\"elementor-screen-only\">P\u00e1gina<\/span>1<\/span>\n<a class=\"page-numbers\" href=\"https:\/\/acrj.org.br\/index.php\/wp-json\/wp\/v2\/pages\/33682\/page\/2\/\"><span class=\"elementor-screen-only\">P\u00e1gina<\/span>2<\/a>\n<a class=\"page-numbers\" href=\"https:\/\/acrj.org.br\/index.php\/wp-json\/wp\/v2\/pages\/33682\/page\/3\/\"><span class=\"elementor-screen-only\">P\u00e1gina<\/span>3<\/a>\n<a class=\"page-numbers\" href=\"https:\/\/acrj.org.br\/index.php\/wp-json\/wp\/v2\/pages\/33682\/page\/4\/\"><span class=\"elementor-screen-only\">P\u00e1gina<\/span>4<\/a>\n<a class=\"page-numbers\" href=\"https:\/\/acrj.org.br\/index.php\/wp-json\/wp\/v2\/pages\/33682\/page\/5\/\"><span class=\"elementor-screen-only\">P\u00e1gina<\/span>5<\/a>\n<a class=\"page-numbers\" href=\"https:\/\/acrj.org.br\/index.php\/wp-json\/wp\/v2\/pages\/33682\/page\/6\/\"><span class=\"elementor-screen-only\">P\u00e1gina<\/span>6<\/a>\n<a class=\"page-numbers\" href=\"https:\/\/acrj.org.br\/index.php\/wp-json\/wp\/v2\/pages\/33682\/page\/7\/\"><span class=\"elementor-screen-only\">P\u00e1gina<\/span>7<\/a>\n<a class=\"page-numbers\" href=\"https:\/\/acrj.org.br\/index.php\/wp-json\/wp\/v2\/pages\/33682\/page\/8\/\"><span class=\"elementor-screen-only\">P\u00e1gina<\/span>8<\/a>\n<a class=\"page-numbers\" href=\"https:\/\/acrj.org.br\/index.php\/wp-json\/wp\/v2\/pages\/33682\/page\/9\/\"><span class=\"elementor-screen-only\">P\u00e1gina<\/span>9<\/a>\n<a class=\"page-numbers\" href=\"https:\/\/acrj.org.br\/index.php\/wp-json\/wp\/v2\/pages\/33682\/page\/10\/\"><span class=\"elementor-screen-only\">P\u00e1gina<\/span>10<\/a>\n<a class=\"page-numbers\" href=\"https:\/\/acrj.org.br\/index.php\/wp-json\/wp\/v2\/pages\/33682\/page\/11\/\"><span class=\"elementor-screen-only\">P\u00e1gina<\/span>11<\/a>\n<a class=\"page-numbers\" href=\"https:\/\/acrj.org.br\/index.php\/wp-json\/wp\/v2\/pages\/33682\/page\/12\/\"><span class=\"elementor-screen-only\">P\u00e1gina<\/span>12<\/a>\n<a class=\"page-numbers\" href=\"https:\/\/acrj.org.br\/index.php\/wp-json\/wp\/v2\/pages\/33682\/page\/13\/\"><span class=\"elementor-screen-only\">P\u00e1gina<\/span>13<\/a>\n<a class=\"page-numbers\" href=\"https:\/\/acrj.org.br\/index.php\/wp-json\/wp\/v2\/pages\/33682\/page\/14\/\"><span class=\"elementor-screen-only\">P\u00e1gina<\/span>14<\/a>\n<a class=\"page-numbers\" href=\"https:\/\/acrj.org.br\/index.php\/wp-json\/wp\/v2\/pages\/33682\/page\/15\/\"><span class=\"elementor-screen-only\">P\u00e1gina<\/span>15<\/a>\n<a class=\"page-numbers\" href=\"https:\/\/acrj.org.br\/index.php\/wp-json\/wp\/v2\/pages\/33682\/page\/16\/\"><span class=\"elementor-screen-only\">P\u00e1gina<\/span>16<\/a>\n<a class=\"page-numbers next\" href=\"https:\/\/acrj.org.br\/index.php\/wp-json\/wp\/v2\/pages\/33682\/page\/2\/\">><\/a>\t\t<\/nav>\n\t\t\t\t\t\t<\/div>\n\t\t\t\t<\/div>\n\t\t\t\t\t<\/div>\n\t\t<\/div>\n\t\t\t\t\t<\/div>\n\t\t<\/section>\n\t\t\t\t<\/div>\n\t\t","protected":false},"excerpt":{"rendered":"<p>not\u00edcias<\/p>\n","protected":false},"author":1,"featured_media":35858,"parent":0,"menu_order":0,"comment_status":"closed","ping_status":"closed","template":"","meta":{"_exactmetrics_skip_tracking":false,"_exactmetrics_sitenote_active":false,"_exactmetrics_sitenote_note":"","_exactmetrics_sitenote_category":0,"footnotes":""},"class_list":["post-33682","page","type-page","status-publish","has-post-thumbnail","hentry"],"_links":{"self":[{"href":"https:\/\/acrj.org.br\/index.php\/wp-json\/wp\/v2\/pages\/33682","targetHints":{"allow":["GET"]}}],"collection":[{"href":"https:\/\/acrj.org.br\/index.php\/wp-json\/wp\/v2\/pages"}],"about":[{"href":"https:\/\/acrj.org.br\/index.php\/wp-json\/wp\/v2\/types\/page"}],"author":[{"embeddable":true,"href":"https:\/\/acrj.org.br\/index.php\/wp-json\/wp\/v2\/users\/1"}],"replies":[{"embeddable":true,"href":"https:\/\/acrj.org.br\/index.php\/wp-json\/wp\/v2\/comments?post=33682"}],"version-history":[{"count":0,"href":"https:\/\/acrj.org.br\/index.php\/wp-json\/wp\/v2\/pages\/33682\/revisions"}],"wp:featuredmedia":[{"embeddable":true,"href":"https:\/\/acrj.org.br\/index.php\/wp-json\/wp\/v2\/media\/35858"}],"wp:attachment":[{"href":"https:\/\/acrj.org.br\/index.php\/wp-json\/wp\/v2\/media?parent=33682"}],"curies":[{"name":"wp","href":"https:\/\/api.w.org\/{rel}","templated":true}]}}