{"id":25623,"date":"2024-05-06T11:29:11","date_gmt":"2024-05-06T14:29:11","guid":{"rendered":"https:\/\/acrj.org.br\/?page_id=25623"},"modified":"2026-01-14T18:47:04","modified_gmt":"2026-01-14T21:47:04","slug":"eventos","status":"publish","type":"page","link":"https:\/\/acrj.org.br\/index.php\/eventos\/","title":{"rendered":"Eventos_25"},"content":{"rendered":"\t\t<div data-elementor-type=\"wp-page\" data-elementor-id=\"25623\" class=\"elementor elementor-25623\" data-elementor-post-type=\"page\">\n\t\t\t\t\t\t<section class=\"elementor-section elementor-top-section elementor-element elementor-element-d0b7f8e elementor-section-stretched elementor-section-boxed elementor-section-height-default elementor-section-height-default\" data-id=\"d0b7f8e\" data-element_type=\"section\" data-e-type=\"section\" data-settings=\"{&quot;stretch_section&quot;:&quot;section-stretched&quot;,&quot;background_background&quot;:&quot;classic&quot;}\">\n\t\t\t\t\t\t<div class=\"elementor-container elementor-column-gap-no\">\n\t\t\t\t\t<div class=\"elementor-column elementor-col-100 elementor-top-column elementor-element elementor-element-48f1835\" data-id=\"48f1835\" data-element_type=\"column\" data-e-type=\"column\">\n\t\t\t<div class=\"elementor-widget-wrap elementor-element-populated\">\n\t\t\t\t\t\t<div class=\"elementor-element elementor-element-2c22b56 elementor-widget elementor-widget-spacer\" data-id=\"2c22b56\" data-element_type=\"widget\" data-e-type=\"widget\" data-widget_type=\"spacer.default\">\n\t\t\t\t<div class=\"elementor-widget-container\">\n\t\t\t\t\t\t\t<div class=\"elementor-spacer\">\n\t\t\t<div class=\"elementor-spacer-inner\"><\/div>\n\t\t<\/div>\n\t\t\t\t\t\t<\/div>\n\t\t\t\t<\/div>\n\t\t\t\t<div class=\"elementor-element elementor-element-4968285 elementor-widget elementor-widget-text-editor\" data-id=\"4968285\" data-element_type=\"widget\" data-e-type=\"widget\" data-widget_type=\"text-editor.default\">\n\t\t\t\t<div class=\"elementor-widget-container\">\n\t\t\t\t\t\t\t\t\tEventos\t\t\t\t\t\t\t\t<\/div>\n\t\t\t\t<\/div>\n\t\t\t\t<div class=\"elementor-element elementor-element-c49a654 elementor-widget elementor-widget-spacer\" data-id=\"c49a654\" data-element_type=\"widget\" data-e-type=\"widget\" data-widget_type=\"spacer.default\">\n\t\t\t\t<div class=\"elementor-widget-container\">\n\t\t\t\t\t\t\t<div class=\"elementor-spacer\">\n\t\t\t<div class=\"elementor-spacer-inner\"><\/div>\n\t\t<\/div>\n\t\t\t\t\t\t<\/div>\n\t\t\t\t<\/div>\n\t\t\t\t\t<\/div>\n\t\t<\/div>\n\t\t\t\t\t<\/div>\n\t\t<\/section>\n\t\t\t\t<section class=\"elementor-section elementor-top-section elementor-element elementor-element-d49b4b6 elementor-section-stretched elementor-section-boxed elementor-section-height-default elementor-section-height-default\" data-id=\"d49b4b6\" data-element_type=\"section\" data-e-type=\"section\" data-settings=\"{&quot;stretch_section&quot;:&quot;section-stretched&quot;,&quot;background_background&quot;:&quot;classic&quot;}\">\n\t\t\t\t\t\t<div class=\"elementor-container elementor-column-gap-default\">\n\t\t\t\t\t<div class=\"elementor-column elementor-col-100 elementor-top-column elementor-element elementor-element-6ae1af6\" data-id=\"6ae1af6\" data-element_type=\"column\" data-e-type=\"column\">\n\t\t\t<div class=\"elementor-widget-wrap elementor-element-populated\">\n\t\t\t\t\t\t<div class=\"elementor-element elementor-element-2966041 elementor-nav-menu__align-center elementor-nav-menu--dropdown-tablet elementor-nav-menu__text-align-aside elementor-nav-menu--toggle elementor-nav-menu--burger elementor-widget elementor-widget-nav-menu\" data-id=\"2966041\" data-element_type=\"widget\" data-e-type=\"widget\" data-settings=\"{&quot;layout&quot;:&quot;horizontal&quot;,&quot;submenu_icon&quot;:{&quot;value&quot;:&quot;&lt;i class=\\&quot;fas fa-caret-down\\&quot; aria-hidden=\\&quot;true\\&quot;&gt;&lt;\\\/i&gt;&quot;,&quot;library&quot;:&quot;fa-solid&quot;},&quot;toggle&quot;:&quot;burger&quot;}\" data-widget_type=\"nav-menu.default\">\n\t\t\t\t<div class=\"elementor-widget-container\">\n\t\t\t\t\t\t\t\t<nav aria-label=\"Menu\" class=\"elementor-nav-menu--main elementor-nav-menu__container elementor-nav-menu--layout-horizontal e--pointer-underline e--animation-fade\">\n\t\t\t\t<ul id=\"menu-1-2966041\" class=\"elementor-nav-menu\"><li class=\"menu-item menu-item-type-post_type menu-item-object-page menu-item-40929\"><a href=\"https:\/\/acrj.org.br\/index.php\/eventos_26\/\" class=\"elementor-item\">2026<\/a><\/li>\n<li class=\"menu-item menu-item-type-post_type menu-item-object-page menu-item-37021\"><a href=\"https:\/\/acrj.org.br\/index.php\/eventos\/\" class=\"elementor-item\">2025<\/a><\/li>\n<li class=\"menu-item menu-item-type-post_type menu-item-object-page menu-item-37037\"><a href=\"https:\/\/acrj.org.br\/index.php\/eventos_24\/\" class=\"elementor-item\">2024<\/a><\/li>\n<li class=\"menu-item menu-item-type-post_type menu-item-object-page menu-item-37020\"><a href=\"https:\/\/acrj.org.br\/index.php\/eventos_23\/\" class=\"elementor-item\">2023<\/a><\/li>\n<\/ul>\t\t\t<\/nav>\n\t\t\t\t\t<div class=\"elementor-menu-toggle\" role=\"button\" tabindex=\"0\" aria-label=\"Alternar menu\" aria-expanded=\"false\">\n\t\t\t<i aria-hidden=\"true\" role=\"presentation\" class=\"elementor-menu-toggle__icon--open eicon-menu-bar\"><\/i><i aria-hidden=\"true\" role=\"presentation\" class=\"elementor-menu-toggle__icon--close eicon-close\"><\/i>\t\t<\/div>\n\t\t\t\t\t<nav class=\"elementor-nav-menu--dropdown elementor-nav-menu__container\" aria-hidden=\"true\">\n\t\t\t\t<ul id=\"menu-2-2966041\" class=\"elementor-nav-menu\"><li class=\"menu-item menu-item-type-post_type menu-item-object-page menu-item-40929\"><a href=\"https:\/\/acrj.org.br\/index.php\/eventos_26\/\" class=\"elementor-item\" tabindex=\"-1\">2026<\/a><\/li>\n<li class=\"menu-item menu-item-type-post_type menu-item-object-page menu-item-37021\"><a href=\"https:\/\/acrj.org.br\/index.php\/eventos\/\" class=\"elementor-item\" tabindex=\"-1\">2025<\/a><\/li>\n<li class=\"menu-item menu-item-type-post_type menu-item-object-page menu-item-37037\"><a href=\"https:\/\/acrj.org.br\/index.php\/eventos_24\/\" class=\"elementor-item\" tabindex=\"-1\">2024<\/a><\/li>\n<li class=\"menu-item menu-item-type-post_type menu-item-object-page menu-item-37020\"><a href=\"https:\/\/acrj.org.br\/index.php\/eventos_23\/\" class=\"elementor-item\" tabindex=\"-1\">2023<\/a><\/li>\n<\/ul>\t\t\t<\/nav>\n\t\t\t\t\t\t<\/div>\n\t\t\t\t<\/div>\n\t\t\t\t<div class=\"elementor-element elementor-element-6cdcf71 elementor-grid-4 elementor-grid-tablet-1 elementor-grid-mobile-1 elementor-posts--thumbnail-top elementor-widget elementor-widget-posts\" data-id=\"6cdcf71\" data-element_type=\"widget\" data-e-type=\"widget\" data-settings=\"{&quot;classic_columns&quot;:&quot;4&quot;,&quot;pagination_type&quot;:&quot;numbers_and_prev_next&quot;,&quot;classic_columns_tablet&quot;:&quot;1&quot;,&quot;classic_columns_mobile&quot;:&quot;1&quot;,&quot;classic_row_gap&quot;:{&quot;unit&quot;:&quot;px&quot;,&quot;size&quot;:35,&quot;sizes&quot;:[]},&quot;classic_row_gap_tablet&quot;:{&quot;unit&quot;:&quot;px&quot;,&quot;size&quot;:&quot;&quot;,&quot;sizes&quot;:[]},&quot;classic_row_gap_mobile&quot;:{&quot;unit&quot;:&quot;px&quot;,&quot;size&quot;:&quot;&quot;,&quot;sizes&quot;:[]}}\" data-widget_type=\"posts.classic\">\n\t\t\t\t<div class=\"elementor-widget-container\">\n\t\t\t\t\t\t\t<div class=\"elementor-posts-container elementor-posts elementor-posts--skin-classic elementor-grid\" role=\"list\">\n\t\t\t\t<article class=\"elementor-post elementor-grid-item post-40145 post type-post status-publish format-standard has-post-thumbnail hentry category-eventos_acrj\" role=\"listitem\">\n\t\t\t\t<a class=\"elementor-post__thumbnail__link\" href=\"https:\/\/acrj.org.br\/index.php\/2025\/11\/28\/palestra-sobre-governanca-politica-2026\/\" tabindex=\"-1\" >\n\t\t\t<div class=\"elementor-post__thumbnail\"><img fetchpriority=\"high\" decoding=\"async\" width=\"1600\" height=\"1519\" src=\"https:\/\/acrj.org.br\/wp-content\/uploads\/2025\/11\/Reuniao-5_dezembro.jpeg\" class=\"attachment-full size-full wp-image-40146\" alt=\"\" srcset=\"https:\/\/acrj.org.br\/wp-content\/uploads\/2025\/11\/Reuniao-5_dezembro.jpeg 1600w, https:\/\/acrj.org.br\/wp-content\/uploads\/2025\/11\/Reuniao-5_dezembro-300x285.jpeg 300w, https:\/\/acrj.org.br\/wp-content\/uploads\/2025\/11\/Reuniao-5_dezembro-1024x972.jpeg 1024w, https:\/\/acrj.org.br\/wp-content\/uploads\/2025\/11\/Reuniao-5_dezembro-768x729.jpeg 768w, https:\/\/acrj.org.br\/wp-content\/uploads\/2025\/11\/Reuniao-5_dezembro-1536x1458.jpeg 1536w\" sizes=\"(max-width: 1600px) 100vw, 1600px\" \/><\/div>\n\t\t<\/a>\n\t\t\t\t<div class=\"elementor-post__text\">\n\t\t\t\t<h3 class=\"elementor-post__title\">\n\t\t\t<a href=\"https:\/\/acrj.org.br\/index.php\/2025\/11\/28\/palestra-sobre-governanca-politica-2026\/\" >\n\t\t\t\tPalestra sobre Governan\u00e7a Pol\u00edtica 2026\t\t\t<\/a>\n\t\t<\/h3>\n\t\t\t\t<div class=\"elementor-post__excerpt\">\n\t\t\t<p>O Conselho Empresarial de Governan\u00e7a, Compliance e Diversidade da ACRJ encerra suas atividades do ano no dia 5 de dezembro, com a participa\u00e7\u00e3o do professor<\/p>\n\t\t<\/div>\n\t\t\n\t\t<a class=\"elementor-post__read-more\" href=\"https:\/\/acrj.org.br\/index.php\/2025\/11\/28\/palestra-sobre-governanca-politica-2026\/\" aria-label=\"Leia mais sobre Palestra sobre Governan\u00e7a Pol\u00edtica 2026\" tabindex=\"-1\" >\n\t\t\tLeia mais \u00bb\t\t<\/a>\n\n\t\t\t\t<\/div>\n\t\t\t\t<\/article>\n\t\t\t\t<article class=\"elementor-post elementor-grid-item post-40216 post type-post status-publish format-standard has-post-thumbnail hentry category-eventos_acrj\" role=\"listitem\">\n\t\t\t\t<a class=\"elementor-post__thumbnail__link\" href=\"https:\/\/acrj.org.br\/index.php\/2025\/11\/27\/seminario-tributacao-dos-dividendos-e-os-super-ricos\/\" tabindex=\"-1\" >\n\t\t\t<div class=\"elementor-post__thumbnail\"><img decoding=\"async\" width=\"1306\" height=\"1600\" src=\"https:\/\/acrj.org.br\/wp-content\/uploads\/2025\/11\/seminario_3_DEZ.jpeg\" class=\"attachment-full size-full wp-image-40220\" alt=\"\" srcset=\"https:\/\/acrj.org.br\/wp-content\/uploads\/2025\/11\/seminario_3_DEZ.jpeg 1306w, https:\/\/acrj.org.br\/wp-content\/uploads\/2025\/11\/seminario_3_DEZ-245x300.jpeg 245w, https:\/\/acrj.org.br\/wp-content\/uploads\/2025\/11\/seminario_3_DEZ-836x1024.jpeg 836w, https:\/\/acrj.org.br\/wp-content\/uploads\/2025\/11\/seminario_3_DEZ-768x941.jpeg 768w, https:\/\/acrj.org.br\/wp-content\/uploads\/2025\/11\/seminario_3_DEZ-1254x1536.jpeg 1254w\" sizes=\"(max-width: 1306px) 100vw, 1306px\" \/><\/div>\n\t\t<\/a>\n\t\t\t\t<div class=\"elementor-post__text\">\n\t\t\t\t<h3 class=\"elementor-post__title\">\n\t\t\t<a href=\"https:\/\/acrj.org.br\/index.php\/2025\/11\/27\/seminario-tributacao-dos-dividendos-e-os-super-ricos\/\" >\n\t\t\t\tSemin\u00e1rio sobre Tributa\u00e7\u00e3o dos Dividendos e os Super Ricos\t\t\t<\/a>\n\t\t<\/h3>\n\t\t\t\t<div class=\"elementor-post__excerpt\">\n\t\t\t<p>O Conselho Empresarial de Assuntos Jur\u00eddicos e Tribut\u00e1rios da ACRJ promove, dia 3 de dezembro, a partir das 9h, o semin\u00e1rio \u201cTributa\u00e7\u00e3o dos dividendos e<\/p>\n\t\t<\/div>\n\t\t\n\t\t<a class=\"elementor-post__read-more\" href=\"https:\/\/acrj.org.br\/index.php\/2025\/11\/27\/seminario-tributacao-dos-dividendos-e-os-super-ricos\/\" aria-label=\"Leia mais sobre Semin\u00e1rio sobre Tributa\u00e7\u00e3o dos Dividendos e os Super Ricos\" tabindex=\"-1\" >\n\t\t\tLeia mais \u00bb\t\t<\/a>\n\n\t\t\t\t<\/div>\n\t\t\t\t<\/article>\n\t\t\t\t<article class=\"elementor-post elementor-grid-item post-40088 post type-post status-publish format-standard has-post-thumbnail hentry category-eventos_acrj\" role=\"listitem\">\n\t\t\t\t<a class=\"elementor-post__thumbnail__link\" href=\"https:\/\/acrj.org.br\/index.php\/2025\/11\/13\/acrj-recebe-o-governador-do-rio-grande-do-sul-eduardo-leite-para-o-almoco-do-empresario\/\" tabindex=\"-1\" >\n\t\t\t<div class=\"elementor-post__thumbnail\"><img decoding=\"async\" width=\"2560\" height=\"1916\" src=\"https:\/\/acrj.org.br\/wp-content\/uploads\/2025\/11\/281125_almoco_empresario_eduardo_leite-04-scaled.png\" class=\"attachment-full size-full wp-image-40092\" alt=\"\" srcset=\"https:\/\/acrj.org.br\/wp-content\/uploads\/2025\/11\/281125_almoco_empresario_eduardo_leite-04-scaled.png 2560w, https:\/\/acrj.org.br\/wp-content\/uploads\/2025\/11\/281125_almoco_empresario_eduardo_leite-04-300x225.png 300w, https:\/\/acrj.org.br\/wp-content\/uploads\/2025\/11\/281125_almoco_empresario_eduardo_leite-04-1024x766.png 1024w, https:\/\/acrj.org.br\/wp-content\/uploads\/2025\/11\/281125_almoco_empresario_eduardo_leite-04-768x575.png 768w, https:\/\/acrj.org.br\/wp-content\/uploads\/2025\/11\/281125_almoco_empresario_eduardo_leite-04-1536x1150.png 1536w, https:\/\/acrj.org.br\/wp-content\/uploads\/2025\/11\/281125_almoco_empresario_eduardo_leite-04-2048x1533.png 2048w\" sizes=\"(max-width: 2560px) 100vw, 2560px\" \/><\/div>\n\t\t<\/a>\n\t\t\t\t<div class=\"elementor-post__text\">\n\t\t\t\t<h3 class=\"elementor-post__title\">\n\t\t\t<a href=\"https:\/\/acrj.org.br\/index.php\/2025\/11\/13\/acrj-recebe-o-governador-do-rio-grande-do-sul-eduardo-leite-para-o-almoco-do-empresario\/\" >\n\t\t\t\tACRJ receber\u00e1 o governador do Rio Grande do Sul, Eduardo Leite, para o Almo\u00e7o do Empres\u00e1rio\t\t\t<\/a>\n\t\t<\/h3>\n\t\t\t\t<div class=\"elementor-post__excerpt\">\n\t\t\t<p>A ACRJ promove, dia 28 de novembro, \u00e0s 12h30, um almo\u00e7o com a participa\u00e7\u00e3o do governador Eduardo Leite, que vai falar sobre &#8220;Um novo modelo<\/p>\n\t\t<\/div>\n\t\t\n\t\t<a class=\"elementor-post__read-more\" href=\"https:\/\/acrj.org.br\/index.php\/2025\/11\/13\/acrj-recebe-o-governador-do-rio-grande-do-sul-eduardo-leite-para-o-almoco-do-empresario\/\" aria-label=\"Leia mais sobre ACRJ receber\u00e1 o governador do Rio Grande do Sul, Eduardo Leite, para o Almo\u00e7o do Empres\u00e1rio\" tabindex=\"-1\" >\n\t\t\tLeia mais \u00bb\t\t<\/a>\n\n\t\t\t\t<\/div>\n\t\t\t\t<\/article>\n\t\t\t\t<article class=\"elementor-post elementor-grid-item post-40152 post type-post status-publish format-standard has-post-thumbnail hentry category-destaque_eventos category-eventos_acrj\" role=\"listitem\">\n\t\t\t\t<a class=\"elementor-post__thumbnail__link\" href=\"https:\/\/acrj.org.br\/index.php\/2025\/11\/12\/debate-sobre-a-inteligencia-corporativa-como-ferramenta-para-os-empresarios\/\" tabindex=\"-1\" >\n\t\t\t<div class=\"elementor-post__thumbnail\"><img loading=\"lazy\" decoding=\"async\" width=\"1550\" height=\"1600\" src=\"https:\/\/acrj.org.br\/wp-content\/uploads\/2025\/11\/reuniao-25_nov-1.jpeg\" class=\"attachment-full size-full wp-image-40347\" alt=\"\" srcset=\"https:\/\/acrj.org.br\/wp-content\/uploads\/2025\/11\/reuniao-25_nov-1.jpeg 1550w, https:\/\/acrj.org.br\/wp-content\/uploads\/2025\/11\/reuniao-25_nov-1-291x300.jpeg 291w, https:\/\/acrj.org.br\/wp-content\/uploads\/2025\/11\/reuniao-25_nov-1-992x1024.jpeg 992w, https:\/\/acrj.org.br\/wp-content\/uploads\/2025\/11\/reuniao-25_nov-1-768x793.jpeg 768w, https:\/\/acrj.org.br\/wp-content\/uploads\/2025\/11\/reuniao-25_nov-1-1488x1536.jpeg 1488w\" sizes=\"(max-width: 1550px) 100vw, 1550px\" \/><\/div>\n\t\t<\/a>\n\t\t\t\t<div class=\"elementor-post__text\">\n\t\t\t\t<h3 class=\"elementor-post__title\">\n\t\t\t<a href=\"https:\/\/acrj.org.br\/index.php\/2025\/11\/12\/debate-sobre-a-inteligencia-corporativa-como-ferramenta-para-os-empresarios\/\" >\n\t\t\t\tSecret\u00e1rio de Seguran\u00e7a do Rio participar\u00e1 de encontro na ACRJ sobre Intelig\u00eancia Corporativa\t\t\t<\/a>\n\t\t<\/h3>\n\t\t\t\t<div class=\"elementor-post__excerpt\">\n\t\t\t<p>O Conselho Empresarial de Seguran\u00e7a da ACRJ recebe, dia 25 de novembro, o secret\u00e1rio Estadual de Seguran\u00e7a, Victor C\u00e9sar dos Santos, o comandante do Bope,<\/p>\n\t\t<\/div>\n\t\t\n\t\t<a class=\"elementor-post__read-more\" href=\"https:\/\/acrj.org.br\/index.php\/2025\/11\/12\/debate-sobre-a-inteligencia-corporativa-como-ferramenta-para-os-empresarios\/\" aria-label=\"Leia mais sobre Secret\u00e1rio de Seguran\u00e7a do Rio participar\u00e1 de encontro na ACRJ sobre Intelig\u00eancia Corporativa\" tabindex=\"-1\" >\n\t\t\tLeia mais \u00bb\t\t<\/a>\n\n\t\t\t\t<\/div>\n\t\t\t\t<\/article>\n\t\t\t\t<article class=\"elementor-post elementor-grid-item post-40491 post type-post status-publish format-standard has-post-thumbnail hentry category-eventos_acrj\" role=\"listitem\">\n\t\t\t\t<a class=\"elementor-post__thumbnail__link\" href=\"https:\/\/acrj.org.br\/index.php\/2025\/11\/12\/palestra-sobre-inovacao-e-solucoes-sustentaveis-para-os-negocios\/\" tabindex=\"-1\" >\n\t\t\t<div class=\"elementor-post__thumbnail\"><img loading=\"lazy\" decoding=\"async\" width=\"1600\" height=\"1511\" src=\"https:\/\/acrj.org.br\/wp-content\/uploads\/2025\/11\/Reuniao-27_nov.jpeg\" class=\"attachment-full size-full wp-image-40492\" alt=\"\" srcset=\"https:\/\/acrj.org.br\/wp-content\/uploads\/2025\/11\/Reuniao-27_nov.jpeg 1600w, https:\/\/acrj.org.br\/wp-content\/uploads\/2025\/11\/Reuniao-27_nov-300x283.jpeg 300w, https:\/\/acrj.org.br\/wp-content\/uploads\/2025\/11\/Reuniao-27_nov-1024x967.jpeg 1024w, https:\/\/acrj.org.br\/wp-content\/uploads\/2025\/11\/Reuniao-27_nov-768x725.jpeg 768w, https:\/\/acrj.org.br\/wp-content\/uploads\/2025\/11\/Reuniao-27_nov-1536x1451.jpeg 1536w\" sizes=\"(max-width: 1600px) 100vw, 1600px\" \/><\/div>\n\t\t<\/a>\n\t\t\t\t<div class=\"elementor-post__text\">\n\t\t\t\t<h3 class=\"elementor-post__title\">\n\t\t\t<a href=\"https:\/\/acrj.org.br\/index.php\/2025\/11\/12\/palestra-sobre-inovacao-e-solucoes-sustentaveis-para-os-negocios\/\" >\n\t\t\t\tPalestra sobre inova\u00e7\u00e3o e solu\u00e7\u00f5es sustent\u00e1veis para os neg\u00f3cios\t\t\t<\/a>\n\t\t<\/h3>\n\t\t\t\t<div class=\"elementor-post__excerpt\">\n\t\t\t<p>O Conselho Empresarial de Desenvolvimento Humano e Educa\u00e7\u00e3o Corporativa da ACRJ recebe, dia 27 de novembro, em sua reuni\u00e3o mensal, a s\u00f3cia da Impact Hub<\/p>\n\t\t<\/div>\n\t\t\n\t\t<a class=\"elementor-post__read-more\" href=\"https:\/\/acrj.org.br\/index.php\/2025\/11\/12\/palestra-sobre-inovacao-e-solucoes-sustentaveis-para-os-negocios\/\" aria-label=\"Leia mais sobre Palestra sobre inova\u00e7\u00e3o e solu\u00e7\u00f5es sustent\u00e1veis para os neg\u00f3cios\" tabindex=\"-1\" >\n\t\t\tLeia mais \u00bb\t\t<\/a>\n\n\t\t\t\t<\/div>\n\t\t\t\t<\/article>\n\t\t\t\t<article class=\"elementor-post elementor-grid-item post-40182 post type-post status-publish format-standard has-post-thumbnail hentry category-eventos_acrj\" role=\"listitem\">\n\t\t\t\t<a class=\"elementor-post__thumbnail__link\" href=\"https:\/\/acrj.org.br\/index.php\/2025\/11\/12\/seminario-sobre-reforma-tributaria-e-o-valor-de-sua-empresa\/\" tabindex=\"-1\" >\n\t\t\t<div class=\"elementor-post__thumbnail\"><img loading=\"lazy\" decoding=\"async\" width=\"1497\" height=\"1600\" src=\"https:\/\/acrj.org.br\/wp-content\/uploads\/2025\/11\/seminario-reforma-tributaria_19_nov.jpeg\" class=\"attachment-full size-full wp-image-40184\" alt=\"\" srcset=\"https:\/\/acrj.org.br\/wp-content\/uploads\/2025\/11\/seminario-reforma-tributaria_19_nov.jpeg 1497w, https:\/\/acrj.org.br\/wp-content\/uploads\/2025\/11\/seminario-reforma-tributaria_19_nov-281x300.jpeg 281w, https:\/\/acrj.org.br\/wp-content\/uploads\/2025\/11\/seminario-reforma-tributaria_19_nov-958x1024.jpeg 958w, https:\/\/acrj.org.br\/wp-content\/uploads\/2025\/11\/seminario-reforma-tributaria_19_nov-768x821.jpeg 768w, https:\/\/acrj.org.br\/wp-content\/uploads\/2025\/11\/seminario-reforma-tributaria_19_nov-1437x1536.jpeg 1437w\" sizes=\"(max-width: 1497px) 100vw, 1497px\" \/><\/div>\n\t\t<\/a>\n\t\t\t\t<div class=\"elementor-post__text\">\n\t\t\t\t<h3 class=\"elementor-post__title\">\n\t\t\t<a href=\"https:\/\/acrj.org.br\/index.php\/2025\/11\/12\/seminario-sobre-reforma-tributaria-e-o-valor-de-sua-empresa\/\" >\n\t\t\t\tSemin\u00e1rio sobre Reforma Tribut\u00e1ria e o valor de sua empresa\t\t\t<\/a>\n\t\t<\/h3>\n\t\t\t\t<div class=\"elementor-post__excerpt\">\n\t\t\t<p>O Conselho Empresarial de Desenvolvimento Econ\u00f4mico e Mercado de Capitais da ACRJ promove, dia 19 de novembro, \u00e0s 10h, o semin\u00e1rio \u201cReforma Tribut\u00e1ria \u2013 como<\/p>\n\t\t<\/div>\n\t\t\n\t\t<a class=\"elementor-post__read-more\" href=\"https:\/\/acrj.org.br\/index.php\/2025\/11\/12\/seminario-sobre-reforma-tributaria-e-o-valor-de-sua-empresa\/\" aria-label=\"Leia mais sobre Semin\u00e1rio sobre Reforma Tribut\u00e1ria e o valor de sua empresa\" tabindex=\"-1\" >\n\t\t\tLeia mais \u00bb\t\t<\/a>\n\n\t\t\t\t<\/div>\n\t\t\t\t<\/article>\n\t\t\t\t<article class=\"elementor-post elementor-grid-item post-40006 post type-post status-publish format-standard has-post-thumbnail hentry category-eventos_acrj\" role=\"listitem\">\n\t\t\t\t<a class=\"elementor-post__thumbnail__link\" href=\"https:\/\/acrj.org.br\/index.php\/2025\/11\/11\/palestra-sobre-oportunidades-de-negocios-na-america-do-sul\/\" tabindex=\"-1\" >\n\t\t\t<div class=\"elementor-post__thumbnail\"><img loading=\"lazy\" decoding=\"async\" width=\"1600\" height=\"1384\" src=\"https:\/\/acrj.org.br\/wp-content\/uploads\/2025\/10\/reuniao_19-NOV.jpeg\" class=\"attachment-full size-full wp-image-40007\" alt=\"\" srcset=\"https:\/\/acrj.org.br\/wp-content\/uploads\/2025\/10\/reuniao_19-NOV.jpeg 1600w, https:\/\/acrj.org.br\/wp-content\/uploads\/2025\/10\/reuniao_19-NOV-300x260.jpeg 300w, https:\/\/acrj.org.br\/wp-content\/uploads\/2025\/10\/reuniao_19-NOV-1024x886.jpeg 1024w, https:\/\/acrj.org.br\/wp-content\/uploads\/2025\/10\/reuniao_19-NOV-768x664.jpeg 768w, https:\/\/acrj.org.br\/wp-content\/uploads\/2025\/10\/reuniao_19-NOV-1536x1329.jpeg 1536w\" sizes=\"(max-width: 1600px) 100vw, 1600px\" \/><\/div>\n\t\t<\/a>\n\t\t\t\t<div class=\"elementor-post__text\">\n\t\t\t\t<h3 class=\"elementor-post__title\">\n\t\t\t<a href=\"https:\/\/acrj.org.br\/index.php\/2025\/11\/11\/palestra-sobre-oportunidades-de-negocios-na-america-do-sul\/\" >\n\t\t\t\tPalestra sobre Oportunidades de Neg\u00f3cios na Am\u00e9rica do Sul\t\t\t<\/a>\n\t\t<\/h3>\n\t\t\t\t<div class=\"elementor-post__excerpt\">\n\t\t\t<p>A ACRJ promove, dia 19 de novembro, \u00e0s 9h30, uma apresenta\u00e7\u00e3o sobre as oportunidades de neg\u00f3cios na Am\u00e9rica do Sul, com a participa\u00e7\u00e3o dos c\u00f4nsules<\/p>\n\t\t<\/div>\n\t\t\n\t\t<a class=\"elementor-post__read-more\" href=\"https:\/\/acrj.org.br\/index.php\/2025\/11\/11\/palestra-sobre-oportunidades-de-negocios-na-america-do-sul\/\" aria-label=\"Leia mais sobre Palestra sobre Oportunidades de Neg\u00f3cios na Am\u00e9rica do Sul\" tabindex=\"-1\" >\n\t\t\tLeia mais \u00bb\t\t<\/a>\n\n\t\t\t\t<\/div>\n\t\t\t\t<\/article>\n\t\t\t\t<article class=\"elementor-post elementor-grid-item post-40111 post type-post status-publish format-standard has-post-thumbnail hentry category-eventos_acrj\" role=\"listitem\">\n\t\t\t\t<a class=\"elementor-post__thumbnail__link\" href=\"https:\/\/acrj.org.br\/index.php\/2025\/11\/11\/encontro-com-o-fotografo-e-pintor-carlos-vergara-no-conselho-de-cultura\/\" tabindex=\"-1\" >\n\t\t\t<div class=\"elementor-post__thumbnail\"><img loading=\"lazy\" decoding=\"async\" width=\"1600\" height=\"1531\" src=\"https:\/\/acrj.org.br\/wp-content\/uploads\/2025\/11\/reuniao-dia-12_nov.jpeg\" class=\"attachment-full size-full wp-image-40112\" alt=\"\" srcset=\"https:\/\/acrj.org.br\/wp-content\/uploads\/2025\/11\/reuniao-dia-12_nov.jpeg 1600w, https:\/\/acrj.org.br\/wp-content\/uploads\/2025\/11\/reuniao-dia-12_nov-300x287.jpeg 300w, https:\/\/acrj.org.br\/wp-content\/uploads\/2025\/11\/reuniao-dia-12_nov-1024x980.jpeg 1024w, https:\/\/acrj.org.br\/wp-content\/uploads\/2025\/11\/reuniao-dia-12_nov-768x735.jpeg 768w, https:\/\/acrj.org.br\/wp-content\/uploads\/2025\/11\/reuniao-dia-12_nov-1536x1470.jpeg 1536w\" sizes=\"(max-width: 1600px) 100vw, 1600px\" \/><\/div>\n\t\t<\/a>\n\t\t\t\t<div class=\"elementor-post__text\">\n\t\t\t\t<h3 class=\"elementor-post__title\">\n\t\t\t<a href=\"https:\/\/acrj.org.br\/index.php\/2025\/11\/11\/encontro-com-o-fotografo-e-pintor-carlos-vergara-no-conselho-de-cultura\/\" >\n\t\t\t\tEncontro com o fot\u00f3grafo e pintor Carlos Vergara no Conselho de Cultura\t\t\t<\/a>\n\t\t<\/h3>\n\t\t\t\t<div class=\"elementor-post__excerpt\">\n\t\t\t<p>A ACRJ recebe, nesta 4\u00aa feira (12\/11), o fot\u00f3grafo e pintor Carlos Vergara, que vai participara da reuni\u00e3o mensal do Conselho Empresarial de Cultura. Ele<\/p>\n\t\t<\/div>\n\t\t\n\t\t<a class=\"elementor-post__read-more\" href=\"https:\/\/acrj.org.br\/index.php\/2025\/11\/11\/encontro-com-o-fotografo-e-pintor-carlos-vergara-no-conselho-de-cultura\/\" aria-label=\"Leia mais sobre Encontro com o fot\u00f3grafo e pintor Carlos Vergara no Conselho de Cultura\" tabindex=\"-1\" >\n\t\t\tLeia mais \u00bb\t\t<\/a>\n\n\t\t\t\t<\/div>\n\t\t\t\t<\/article>\n\t\t\t\t<article class=\"elementor-post elementor-grid-item post-39823 post type-post status-publish format-standard has-post-thumbnail hentry category-destaque_eventos category-eventos_acrj\" role=\"listitem\">\n\t\t\t\t<a class=\"elementor-post__thumbnail__link\" href=\"https:\/\/acrj.org.br\/index.php\/2025\/10\/30\/seminario-desafios-do-compliance-de-protecao-de-dados\/\" tabindex=\"-1\" >\n\t\t\t<div class=\"elementor-post__thumbnail\"><img loading=\"lazy\" decoding=\"async\" width=\"2050\" height=\"1538\" src=\"https:\/\/acrj.org.br\/wp-content\/uploads\/2025\/11\/reuniao-7_nov.png\" class=\"attachment-full size-full wp-image-40093\" alt=\"\" srcset=\"https:\/\/acrj.org.br\/wp-content\/uploads\/2025\/11\/reuniao-7_nov.png 2050w, https:\/\/acrj.org.br\/wp-content\/uploads\/2025\/11\/reuniao-7_nov-300x225.png 300w, https:\/\/acrj.org.br\/wp-content\/uploads\/2025\/11\/reuniao-7_nov-1024x768.png 1024w, https:\/\/acrj.org.br\/wp-content\/uploads\/2025\/11\/reuniao-7_nov-768x576.png 768w, https:\/\/acrj.org.br\/wp-content\/uploads\/2025\/11\/reuniao-7_nov-1536x1152.png 1536w, https:\/\/acrj.org.br\/wp-content\/uploads\/2025\/11\/reuniao-7_nov-2048x1536.png 2048w\" sizes=\"(max-width: 2050px) 100vw, 2050px\" \/><\/div>\n\t\t<\/a>\n\t\t\t\t<div class=\"elementor-post__text\">\n\t\t\t\t<h3 class=\"elementor-post__title\">\n\t\t\t<a href=\"https:\/\/acrj.org.br\/index.php\/2025\/10\/30\/seminario-desafios-do-compliance-de-protecao-de-dados\/\" >\n\t\t\t\tSemin\u00e1rio &#8220;Desafios do Compliance de Prote\u00e7\u00e3o de Dados&#8221;\t\t\t<\/a>\n\t\t<\/h3>\n\t\t\t\t<div class=\"elementor-post__excerpt\">\n\t\t\t<p>A prote\u00e7\u00e3o de dados pessoais ser\u00e1 tema de mais um encontro promovido pela ACRJ, atrav\u00e9s de seu Conselho Empresarial de Governan\u00e7a, Compliance e Diversidade, da<\/p>\n\t\t<\/div>\n\t\t\n\t\t<a class=\"elementor-post__read-more\" href=\"https:\/\/acrj.org.br\/index.php\/2025\/10\/30\/seminario-desafios-do-compliance-de-protecao-de-dados\/\" aria-label=\"Leia mais sobre Semin\u00e1rio &#8220;Desafios do Compliance de Prote\u00e7\u00e3o de Dados&#8221;\" tabindex=\"-1\" >\n\t\t\tLeia mais \u00bb\t\t<\/a>\n\n\t\t\t\t<\/div>\n\t\t\t\t<\/article>\n\t\t\t\t<article class=\"elementor-post elementor-grid-item post-39869 post type-post status-publish format-standard has-post-thumbnail hentry category-destaque_eventos category-eventos_acrj\" role=\"listitem\">\n\t\t\t\t<a class=\"elementor-post__thumbnail__link\" href=\"https:\/\/acrj.org.br\/index.php\/2025\/10\/27\/palestra-sobre-geopolitica-seguranca-e-defesa\/\" tabindex=\"-1\" >\n\t\t\t<div class=\"elementor-post__thumbnail\"><img loading=\"lazy\" decoding=\"async\" width=\"1600\" height=\"1414\" src=\"https:\/\/acrj.org.br\/wp-content\/uploads\/2025\/10\/reuniao-30_out-1.jpeg\" class=\"attachment-full size-full wp-image-39870\" alt=\"\" srcset=\"https:\/\/acrj.org.br\/wp-content\/uploads\/2025\/10\/reuniao-30_out-1.jpeg 1600w, https:\/\/acrj.org.br\/wp-content\/uploads\/2025\/10\/reuniao-30_out-1-300x265.jpeg 300w, https:\/\/acrj.org.br\/wp-content\/uploads\/2025\/10\/reuniao-30_out-1-1024x905.jpeg 1024w, https:\/\/acrj.org.br\/wp-content\/uploads\/2025\/10\/reuniao-30_out-1-768x679.jpeg 768w, https:\/\/acrj.org.br\/wp-content\/uploads\/2025\/10\/reuniao-30_out-1-1536x1357.jpeg 1536w\" sizes=\"(max-width: 1600px) 100vw, 1600px\" \/><\/div>\n\t\t<\/a>\n\t\t\t\t<div class=\"elementor-post__text\">\n\t\t\t\t<h3 class=\"elementor-post__title\">\n\t\t\t<a href=\"https:\/\/acrj.org.br\/index.php\/2025\/10\/27\/palestra-sobre-geopolitica-seguranca-e-defesa\/\" >\n\t\t\t\tPalestra sobre geopol\u00edtica, seguran\u00e7a e defesa\t\t\t<\/a>\n\t\t<\/h3>\n\t\t\t\t<div class=\"elementor-post__excerpt\">\n\t\t\t<p>O Conselho Empresarial de Seguran\u00e7a da ACRJ promove dia 30\/10, \u00e0s 16h, a palestra sobre geopol\u00edtica, seguran\u00e7a e defesa com a especialista Jessica Germano. &#x1f193;<\/p>\n\t\t<\/div>\n\t\t\n\t\t<a class=\"elementor-post__read-more\" href=\"https:\/\/acrj.org.br\/index.php\/2025\/10\/27\/palestra-sobre-geopolitica-seguranca-e-defesa\/\" aria-label=\"Leia mais sobre Palestra sobre geopol\u00edtica, seguran\u00e7a e defesa\" tabindex=\"-1\" >\n\t\t\tLeia mais \u00bb\t\t<\/a>\n\n\t\t\t\t<\/div>\n\t\t\t\t<\/article>\n\t\t\t\t<article class=\"elementor-post elementor-grid-item post-39865 post type-post status-publish format-standard has-post-thumbnail hentry category-destaque_eventos category-eventos_acrj\" role=\"listitem\">\n\t\t\t\t<a class=\"elementor-post__thumbnail__link\" href=\"https:\/\/acrj.org.br\/index.php\/2025\/10\/24\/palestra-sobre-tomada-de-decisao-e-governanca-corporativa\/\" tabindex=\"-1\" >\n\t\t\t<div class=\"elementor-post__thumbnail\"><img loading=\"lazy\" decoding=\"async\" width=\"1555\" height=\"1600\" src=\"https:\/\/acrj.org.br\/wp-content\/uploads\/2025\/10\/reuniao-30_out.jpeg\" class=\"attachment-full size-full wp-image-39866\" alt=\"\" srcset=\"https:\/\/acrj.org.br\/wp-content\/uploads\/2025\/10\/reuniao-30_out.jpeg 1555w, https:\/\/acrj.org.br\/wp-content\/uploads\/2025\/10\/reuniao-30_out-292x300.jpeg 292w, https:\/\/acrj.org.br\/wp-content\/uploads\/2025\/10\/reuniao-30_out-995x1024.jpeg 995w, https:\/\/acrj.org.br\/wp-content\/uploads\/2025\/10\/reuniao-30_out-768x790.jpeg 768w, https:\/\/acrj.org.br\/wp-content\/uploads\/2025\/10\/reuniao-30_out-1493x1536.jpeg 1493w\" sizes=\"(max-width: 1555px) 100vw, 1555px\" \/><\/div>\n\t\t<\/a>\n\t\t\t\t<div class=\"elementor-post__text\">\n\t\t\t\t<h3 class=\"elementor-post__title\">\n\t\t\t<a href=\"https:\/\/acrj.org.br\/index.php\/2025\/10\/24\/palestra-sobre-tomada-de-decisao-e-governanca-corporativa\/\" >\n\t\t\t\tPalestra sobre tomada de decis\u00e3o e governan\u00e7a corporativa\t\t\t<\/a>\n\t\t<\/h3>\n\t\t\t\t<div class=\"elementor-post__excerpt\">\n\t\t\t<p>O Conselho Empresarial de Desenvolvimento Humano e Educa\u00e7\u00e3o Corporativa da ACRJ convida para a palestra sobre tomada de decis\u00e3o e governan\u00e7a corporativa com a especialista<\/p>\n\t\t<\/div>\n\t\t\n\t\t<a class=\"elementor-post__read-more\" href=\"https:\/\/acrj.org.br\/index.php\/2025\/10\/24\/palestra-sobre-tomada-de-decisao-e-governanca-corporativa\/\" aria-label=\"Leia mais sobre Palestra sobre tomada de decis\u00e3o e governan\u00e7a corporativa\" tabindex=\"-1\" >\n\t\t\tLeia mais \u00bb\t\t<\/a>\n\n\t\t\t\t<\/div>\n\t\t\t\t<\/article>\n\t\t\t\t<article class=\"elementor-post elementor-grid-item post-39835 post type-post status-publish format-standard has-post-thumbnail hentry category-destaque_eventos category-eventos_acrj\" role=\"listitem\">\n\t\t\t\t<a class=\"elementor-post__thumbnail__link\" href=\"https:\/\/acrj.org.br\/index.php\/2025\/10\/21\/palestra-analise-economica-e-estrategias-para-o-varejo-brasileiro\/\" tabindex=\"-1\" >\n\t\t\t<div class=\"elementor-post__thumbnail\"><img loading=\"lazy\" decoding=\"async\" width=\"1147\" height=\"814\" src=\"https:\/\/acrj.org.br\/wp-content\/uploads\/2025\/10\/reuniao-24_out_home.jpeg\" class=\"attachment-full size-full wp-image-39838\" alt=\"\" srcset=\"https:\/\/acrj.org.br\/wp-content\/uploads\/2025\/10\/reuniao-24_out_home.jpeg 1147w, https:\/\/acrj.org.br\/wp-content\/uploads\/2025\/10\/reuniao-24_out_home-300x213.jpeg 300w, https:\/\/acrj.org.br\/wp-content\/uploads\/2025\/10\/reuniao-24_out_home-1024x727.jpeg 1024w, https:\/\/acrj.org.br\/wp-content\/uploads\/2025\/10\/reuniao-24_out_home-768x545.jpeg 768w\" sizes=\"(max-width: 1147px) 100vw, 1147px\" \/><\/div>\n\t\t<\/a>\n\t\t\t\t<div class=\"elementor-post__text\">\n\t\t\t\t<h3 class=\"elementor-post__title\">\n\t\t\t<a href=\"https:\/\/acrj.org.br\/index.php\/2025\/10\/21\/palestra-analise-economica-e-estrategias-para-o-varejo-brasileiro\/\" >\n\t\t\t\tPalestra &#8220;An\u00e1lise Econ\u00f4mica e Estrat\u00e9gias para o Varejo Brasileiro&#8221;\t\t\t<\/a>\n\t\t<\/h3>\n\t\t\t\t<div class=\"elementor-post__excerpt\">\n\t\t\t<p>O economista-chefe da CNC (Confedera\u00e7\u00e3o Nacional do Com\u00e9rcio de Bens e Servi\u00e7os), F\u00e1bio Bentes, \u00e9 o convidado da reuni\u00e3o conjunta dos Conselhos Empresariais de Varejo,<\/p>\n\t\t<\/div>\n\t\t\n\t\t<a class=\"elementor-post__read-more\" href=\"https:\/\/acrj.org.br\/index.php\/2025\/10\/21\/palestra-analise-economica-e-estrategias-para-o-varejo-brasileiro\/\" aria-label=\"Leia mais sobre Palestra &#8220;An\u00e1lise Econ\u00f4mica e Estrat\u00e9gias para o Varejo Brasileiro&#8221;\" tabindex=\"-1\" >\n\t\t\tLeia mais \u00bb\t\t<\/a>\n\n\t\t\t\t<\/div>\n\t\t\t\t<\/article>\n\t\t\t\t<\/div>\n\t\t\n\t\t\t\t<div class=\"e-load-more-anchor\" data-page=\"1\" data-max-page=\"5\" data-next-page=\"https:\/\/acrj.org.br\/index.php\/wp-json\/wp\/v2\/pages\/25623\/page\/2\/\"><\/div>\n\t\t\t\t<nav class=\"elementor-pagination\" aria-label=\"Pagina\u00e7\u00e3o\">\n\t\t\t<span class=\"page-numbers prev\"><<\/span>\n<span aria-current=\"page\" class=\"page-numbers current\"><span class=\"elementor-screen-only\">P\u00e1gina<\/span>1<\/span>\n<a class=\"page-numbers\" href=\"https:\/\/acrj.org.br\/index.php\/wp-json\/wp\/v2\/pages\/25623\/page\/2\/\"><span class=\"elementor-screen-only\">P\u00e1gina<\/span>2<\/a>\n<a class=\"page-numbers\" href=\"https:\/\/acrj.org.br\/index.php\/wp-json\/wp\/v2\/pages\/25623\/page\/3\/\"><span class=\"elementor-screen-only\">P\u00e1gina<\/span>3<\/a>\n<a class=\"page-numbers\" href=\"https:\/\/acrj.org.br\/index.php\/wp-json\/wp\/v2\/pages\/25623\/page\/4\/\"><span class=\"elementor-screen-only\">P\u00e1gina<\/span>4<\/a>\n<a class=\"page-numbers\" href=\"https:\/\/acrj.org.br\/index.php\/wp-json\/wp\/v2\/pages\/25623\/page\/5\/\"><span class=\"elementor-screen-only\">P\u00e1gina<\/span>5<\/a>\n<a class=\"page-numbers next\" href=\"https:\/\/acrj.org.br\/index.php\/wp-json\/wp\/v2\/pages\/25623\/page\/2\/\">><\/a>\t\t<\/nav>\n\t\t\t\t\t\t<\/div>\n\t\t\t\t<\/div>\n\t\t\t\t\t<\/div>\n\t\t<\/div>\n\t\t\t\t\t<\/div>\n\t\t<\/section>\n\t\t\t\t<\/div>\n\t\t","protected":false},"excerpt":{"rendered":"<p>Eventos<\/p>\n","protected":false},"author":1,"featured_media":35858,"parent":0,"menu_order":0,"comment_status":"closed","ping_status":"closed","template":"","meta":{"_exactmetrics_skip_tracking":false,"_exactmetrics_sitenote_active":false,"_exactmetrics_sitenote_note":"","_exactmetrics_sitenote_category":0,"footnotes":""},"class_list":["post-25623","page","type-page","status-publish","has-post-thumbnail","hentry"],"_links":{"self":[{"href":"https:\/\/acrj.org.br\/index.php\/wp-json\/wp\/v2\/pages\/25623","targetHints":{"allow":["GET"]}}],"collection":[{"href":"https:\/\/acrj.org.br\/index.php\/wp-json\/wp\/v2\/pages"}],"about":[{"href":"https:\/\/acrj.org.br\/index.php\/wp-json\/wp\/v2\/types\/page"}],"author":[{"embeddable":true,"href":"https:\/\/acrj.org.br\/index.php\/wp-json\/wp\/v2\/users\/1"}],"replies":[{"embeddable":true,"href":"https:\/\/acrj.org.br\/index.php\/wp-json\/wp\/v2\/comments?post=25623"}],"version-history":[{"count":1,"href":"https:\/\/acrj.org.br\/index.php\/wp-json\/wp\/v2\/pages\/25623\/revisions"}],"predecessor-version":[{"id":40936,"href":"https:\/\/acrj.org.br\/index.php\/wp-json\/wp\/v2\/pages\/25623\/revisions\/40936"}],"wp:featuredmedia":[{"embeddable":true,"href":"https:\/\/acrj.org.br\/index.php\/wp-json\/wp\/v2\/media\/35858"}],"wp:attachment":[{"href":"https:\/\/acrj.org.br\/index.php\/wp-json\/wp\/v2\/media?parent=25623"}],"curies":[{"name":"wp","href":"https:\/\/api.w.org\/{rel}","templated":true}]}}