{"id":24757,"date":"2024-04-18T19:37:05","date_gmt":"2024-04-18T22:37:05","guid":{"rendered":"https:\/\/acrj.org.br\/?page_id=24757"},"modified":"2026-01-13T12:32:52","modified_gmt":"2026-01-13T15:32:52","slug":"fala-presidente","status":"publish","type":"page","link":"https:\/\/acrj.org.br\/index.php\/fala-presidente\/","title":{"rendered":"Fala, Presidente!"},"content":{"rendered":"\t\t<div data-elementor-type=\"wp-page\" data-elementor-id=\"24757\" class=\"elementor elementor-24757\" data-elementor-post-type=\"page\">\n\t\t\t\t\t\t<section class=\"elementor-section elementor-top-section elementor-element elementor-element-77cab43 elementor-section-stretched elementor-section-boxed elementor-section-height-default elementor-section-height-default\" data-id=\"77cab43\" data-element_type=\"section\" data-e-type=\"section\" data-settings=\"{&quot;stretch_section&quot;:&quot;section-stretched&quot;,&quot;background_background&quot;:&quot;classic&quot;}\">\n\t\t\t\t\t\t<div class=\"elementor-container elementor-column-gap-no\">\n\t\t\t\t\t<div class=\"elementor-column elementor-col-50 elementor-top-column elementor-element elementor-element-7ecb943\" data-id=\"7ecb943\" data-element_type=\"column\" data-e-type=\"column\">\n\t\t\t<div class=\"elementor-widget-wrap elementor-element-populated\">\n\t\t\t\t\t\t<div class=\"elementor-element elementor-element-783974e elementor-widget elementor-widget-spacer\" data-id=\"783974e\" data-element_type=\"widget\" data-e-type=\"widget\" data-widget_type=\"spacer.default\">\n\t\t\t\t<div class=\"elementor-widget-container\">\n\t\t\t\t\t\t\t<div class=\"elementor-spacer\">\n\t\t\t<div class=\"elementor-spacer-inner\"><\/div>\n\t\t<\/div>\n\t\t\t\t\t\t<\/div>\n\t\t\t\t<\/div>\n\t\t\t\t<div class=\"elementor-element elementor-element-a0433b4 elementor-widget elementor-widget-text-editor\" data-id=\"a0433b4\" data-element_type=\"widget\" data-e-type=\"widget\" data-widget_type=\"text-editor.default\">\n\t\t\t\t<div class=\"elementor-widget-container\">\n\t\t\t\t\t\t\t\t\tFala, Presidente!\t\t\t\t\t\t\t\t<\/div>\n\t\t\t\t<\/div>\n\t\t\t\t<div class=\"elementor-element elementor-element-b475a2d elementor-widget elementor-widget-spacer\" data-id=\"b475a2d\" data-element_type=\"widget\" data-e-type=\"widget\" data-widget_type=\"spacer.default\">\n\t\t\t\t<div class=\"elementor-widget-container\">\n\t\t\t\t\t\t\t<div class=\"elementor-spacer\">\n\t\t\t<div class=\"elementor-spacer-inner\"><\/div>\n\t\t<\/div>\n\t\t\t\t\t\t<\/div>\n\t\t\t\t<\/div>\n\t\t\t\t\t<\/div>\n\t\t<\/div>\n\t\t\t\t<div class=\"elementor-column elementor-col-50 elementor-top-column elementor-element elementor-element-3ad0dc7\" data-id=\"3ad0dc7\" data-element_type=\"column\" data-e-type=\"column\">\n\t\t\t<div class=\"elementor-widget-wrap elementor-element-populated\">\n\t\t\t\t\t\t<div class=\"elementor-element elementor-element-2dfdbe7 elementor-widget elementor-widget-image\" data-id=\"2dfdbe7\" data-element_type=\"widget\" data-e-type=\"widget\" data-widget_type=\"image.default\">\n\t\t\t\t<div class=\"elementor-widget-container\">\n\t\t\t\t\t\t\t\t\t\t\t\t\t\t\t<img fetchpriority=\"high\" decoding=\"async\" width=\"843\" height=\"843\" src=\"https:\/\/acrj.org.br\/wp-content\/uploads\/2025\/06\/josier-vilar2.png\" class=\"attachment-large size-large wp-image-36791\" alt=\"\" srcset=\"https:\/\/acrj.org.br\/wp-content\/uploads\/2025\/06\/josier-vilar2.png 1000w, https:\/\/acrj.org.br\/wp-content\/uploads\/2025\/06\/josier-vilar2-300x300.png 300w, https:\/\/acrj.org.br\/wp-content\/uploads\/2025\/06\/josier-vilar2-150x150.png 150w, https:\/\/acrj.org.br\/wp-content\/uploads\/2025\/06\/josier-vilar2-768x768.png 768w, https:\/\/acrj.org.br\/wp-content\/uploads\/2025\/06\/elementor\/thumbs\/josier-vilar2-r7lbumuytd2howv4e0z9y67pwrdqkso20170ej9pcw.png 400w\" sizes=\"(max-width: 843px) 100vw, 843px\" \/>\t\t\t\t\t\t\t\t\t\t\t\t\t\t\t<\/div>\n\t\t\t\t<\/div>\n\t\t\t\t\t<\/div>\n\t\t<\/div>\n\t\t\t\t\t<\/div>\n\t\t<\/section>\n\t\t\t\t<section class=\"elementor-section elementor-top-section elementor-element elementor-element-8d6b1ed elementor-section-stretched elementor-section-boxed elementor-section-height-default elementor-section-height-default\" data-id=\"8d6b1ed\" data-element_type=\"section\" data-e-type=\"section\" data-settings=\"{&quot;stretch_section&quot;:&quot;section-stretched&quot;,&quot;background_background&quot;:&quot;classic&quot;}\">\n\t\t\t\t\t\t<div class=\"elementor-container elementor-column-gap-default\">\n\t\t\t\t\t<div class=\"elementor-column elementor-col-100 elementor-top-column elementor-element elementor-element-fb16231\" data-id=\"fb16231\" data-element_type=\"column\" data-e-type=\"column\">\n\t\t\t<div class=\"elementor-widget-wrap elementor-element-populated\">\n\t\t\t\t\t\t<div class=\"elementor-element elementor-element-6d5ae43 elementor-widget elementor-widget-spacer\" data-id=\"6d5ae43\" data-element_type=\"widget\" data-e-type=\"widget\" data-widget_type=\"spacer.default\">\n\t\t\t\t<div class=\"elementor-widget-container\">\n\t\t\t\t\t\t\t<div class=\"elementor-spacer\">\n\t\t\t<div class=\"elementor-spacer-inner\"><\/div>\n\t\t<\/div>\n\t\t\t\t\t\t<\/div>\n\t\t\t\t<\/div>\n\t\t\t\t<div class=\"elementor-element elementor-element-4c0819b elementor-grid-4 elementor-posts--thumbnail-none elementor-grid-tablet-2 elementor-grid-mobile-1 elementor-widget elementor-widget-posts\" data-id=\"4c0819b\" data-element_type=\"widget\" data-e-type=\"widget\" data-settings=\"{&quot;classic_columns&quot;:&quot;4&quot;,&quot;pagination_type&quot;:&quot;numbers_and_prev_next&quot;,&quot;classic_columns_tablet&quot;:&quot;2&quot;,&quot;classic_columns_mobile&quot;:&quot;1&quot;,&quot;classic_row_gap&quot;:{&quot;unit&quot;:&quot;px&quot;,&quot;size&quot;:35,&quot;sizes&quot;:[]},&quot;classic_row_gap_tablet&quot;:{&quot;unit&quot;:&quot;px&quot;,&quot;size&quot;:&quot;&quot;,&quot;sizes&quot;:[]},&quot;classic_row_gap_mobile&quot;:{&quot;unit&quot;:&quot;px&quot;,&quot;size&quot;:&quot;&quot;,&quot;sizes&quot;:[]}}\" data-widget_type=\"posts.classic\">\n\t\t\t\t<div class=\"elementor-widget-container\">\n\t\t\t\t\t\t\t<div class=\"elementor-posts-container elementor-posts elementor-posts--skin-classic elementor-grid\" role=\"list\">\n\t\t\t\t<article class=\"elementor-post elementor-grid-item post-42751 post type-post status-publish format-standard has-post-thumbnail hentry category-artigos category-destaque_presidente category-fala_presidente\" role=\"listitem\">\n\t\t\t\t<div class=\"elementor-post__text\">\n\t\t\t\t<h3 class=\"elementor-post__title\">\n\t\t\t<a href=\"https:\/\/acrj.org.br\/index.php\/2026\/04\/16\/associacao-comercial-critica-projeto-que-quer-transformar-camelos-irregulares-da-orla-em-patrimonio-imaterial-do-rio\/\" >\n\t\t\t\tACRJ critica projeto que prop\u00f5e camel\u00f4s irregulares da orla como patrim\u00f4nio imaterial do Rio\t\t\t<\/a>\n\t\t<\/h3>\n\t\t\t\t<div class=\"elementor-post__excerpt\">\n\t\t\t<p>Por Josier Vilar, presidente da ACRJ. Publicado no Di\u00e1rio do Rio.<\/p>\t\t<\/div>\n\t\t\n\t\t<a class=\"elementor-post__read-more\" href=\"https:\/\/acrj.org.br\/index.php\/2026\/04\/16\/associacao-comercial-critica-projeto-que-quer-transformar-camelos-irregulares-da-orla-em-patrimonio-imaterial-do-rio\/\" aria-label=\"Leia mais sobre ACRJ critica projeto que prop\u00f5e camel\u00f4s irregulares da orla como patrim\u00f4nio imaterial do Rio\" tabindex=\"-1\" >\n\t\t\tLeia mais \u00bb\t\t<\/a>\n\n\t\t\t\t<\/div>\n\t\t\t\t<\/article>\n\t\t\t\t<article class=\"elementor-post elementor-grid-item post-42533 post type-post status-publish format-standard has-post-thumbnail hentry category-artigos category-destaque_presidente category-fala_presidente\" role=\"listitem\">\n\t\t\t\t<div class=\"elementor-post__text\">\n\t\t\t\t<h3 class=\"elementor-post__title\">\n\t\t\t<a href=\"https:\/\/acrj.org.br\/index.php\/2026\/04\/07\/a-economia-e-o-futuro-do-rio-de-janeiro-estao-em-risco\/\" >\n\t\t\t\tA economia e o futuro do Rio de Janeiro est\u00e3o em risco\t\t\t<\/a>\n\t\t<\/h3>\n\t\t\t\t<div class=\"elementor-post__excerpt\">\n\t\t\t<p>Por Josier Vilar, presidente da Associa\u00e7\u00e3o Comercial do Rio de Janeiro \u2013 ACRJ. Artigo publicado no Jornal O Dia.<br \/> 07\/04\/2026<\/p>\t\t<\/div>\n\t\t\n\t\t<a class=\"elementor-post__read-more\" href=\"https:\/\/acrj.org.br\/index.php\/2026\/04\/07\/a-economia-e-o-futuro-do-rio-de-janeiro-estao-em-risco\/\" aria-label=\"Leia mais sobre A economia e o futuro do Rio de Janeiro est\u00e3o em risco\" tabindex=\"-1\" >\n\t\t\tLeia mais \u00bb\t\t<\/a>\n\n\t\t\t\t<\/div>\n\t\t\t\t<\/article>\n\t\t\t\t<article class=\"elementor-post elementor-grid-item post-42518 post type-post status-publish format-standard has-post-thumbnail hentry category-artigos category-destaque_presidente category-fala_presidente\" role=\"listitem\">\n\t\t\t\t<div class=\"elementor-post__text\">\n\t\t\t\t<h3 class=\"elementor-post__title\">\n\t\t\t<a href=\"https:\/\/acrj.org.br\/index.php\/2026\/04\/06\/a-corrupcao-que-destroi-o-brasil-moral-e-economicamente\/\" >\n\t\t\t\tA corrup\u00e7\u00e3o que destr\u00f3i o Brasil moral e economicamente\t\t\t<\/a>\n\t\t<\/h3>\n\t\t\t\t<div class=\"elementor-post__excerpt\">\n\t\t\t<p>Por Josier Vilar &#8211; Presidente da Associa\u00e7\u00e3o Comercial do Rio de Janeiro \u2013 ACRJ. Artigo publicado no Di\u00e1rio do Rio.<br \/> 06\/04\/2026<\/p>\t\t<\/div>\n\t\t\n\t\t<a class=\"elementor-post__read-more\" href=\"https:\/\/acrj.org.br\/index.php\/2026\/04\/06\/a-corrupcao-que-destroi-o-brasil-moral-e-economicamente\/\" aria-label=\"Leia mais sobre A corrup\u00e7\u00e3o que destr\u00f3i o Brasil moral e economicamente\" tabindex=\"-1\" >\n\t\t\tLeia mais \u00bb\t\t<\/a>\n\n\t\t\t\t<\/div>\n\t\t\t\t<\/article>\n\t\t\t\t<article class=\"elementor-post elementor-grid-item post-42335 post type-post status-publish format-standard has-post-thumbnail hentry category-artigos category-destaque_presidente category-fala_presidente\" role=\"listitem\">\n\t\t\t\t<div class=\"elementor-post__text\">\n\t\t\t\t<h3 class=\"elementor-post__title\">\n\t\t\t<a href=\"https:\/\/acrj.org.br\/index.php\/2026\/03\/20\/a-epidemia-silenciosa-das-calcadas-brasileiras\/\" >\n\t\t\t\tA epidemia silenciosa das cal\u00e7adas brasileiras\t\t\t<\/a>\n\t\t<\/h3>\n\t\t\t\t<div class=\"elementor-post__excerpt\">\n\t\t\t<p>Por Josier Vilar &#8211; presidente da Associa\u00e7\u00e3o Comercial do Rio de Janeiro (ACRJ). Artigo publicado no Di\u00e1rio do Rio.<br \/> 20\/03\/2026<\/p>\t\t<\/div>\n\t\t\n\t\t<a class=\"elementor-post__read-more\" href=\"https:\/\/acrj.org.br\/index.php\/2026\/03\/20\/a-epidemia-silenciosa-das-calcadas-brasileiras\/\" aria-label=\"Leia mais sobre A epidemia silenciosa das cal\u00e7adas brasileiras\" tabindex=\"-1\" >\n\t\t\tLeia mais \u00bb\t\t<\/a>\n\n\t\t\t\t<\/div>\n\t\t\t\t<\/article>\n\t\t\t\t<article class=\"elementor-post elementor-grid-item post-42253 post type-post status-publish format-standard has-post-thumbnail hentry category-artigos category-destaque_presidente category-fala_presidente\" role=\"listitem\">\n\t\t\t\t<div class=\"elementor-post__text\">\n\t\t\t\t<h3 class=\"elementor-post__title\">\n\t\t\t<a href=\"https:\/\/acrj.org.br\/index.php\/2026\/03\/16\/reforma-administrativa-ou-comeca-pelas-pessoas-ou-nao-sai-do-lugar\/\" >\n\t\t\t\tReforma Administrativa : ou come\u00e7a pelas pessoas ou n\u00e3o sai do lugar\t\t\t<\/a>\n\t\t<\/h3>\n\t\t\t\t<div class=\"elementor-post__excerpt\">\n\t\t\t<p>Por Josier Vilar \u2013 presidente da Associa\u00e7\u00e3o Comercial do Rio de Janeiro. Artigo publicado no Jornal O Dia.<br \/> 16\/03\/2026<\/p>\t\t<\/div>\n\t\t\n\t\t<a class=\"elementor-post__read-more\" href=\"https:\/\/acrj.org.br\/index.php\/2026\/03\/16\/reforma-administrativa-ou-comeca-pelas-pessoas-ou-nao-sai-do-lugar\/\" aria-label=\"Leia mais sobre Reforma Administrativa : ou come\u00e7a pelas pessoas ou n\u00e3o sai do lugar\" tabindex=\"-1\" >\n\t\t\tLeia mais \u00bb\t\t<\/a>\n\n\t\t\t\t<\/div>\n\t\t\t\t<\/article>\n\t\t\t\t<article class=\"elementor-post elementor-grid-item post-42110 post type-post status-publish format-standard has-post-thumbnail hentry category-artigos category-destaque_presidente category-fala_presidente\" role=\"listitem\">\n\t\t\t\t<div class=\"elementor-post__text\">\n\t\t\t\t<h3 class=\"elementor-post__title\">\n\t\t\t<a href=\"https:\/\/acrj.org.br\/index.php\/2026\/03\/09\/o-galeao-como-motor-do-desenvolvimento-economico-do-rio-de-janeiro\/\" >\n\t\t\t\tO Gale\u00e3o como motor do desenvolvimento econ\u00f4mico do Rio de Janeiro\t\t\t<\/a>\n\t\t<\/h3>\n\t\t\t\t<div class=\"elementor-post__excerpt\">\n\t\t\t<p>Por Josier Vilar, presidente da Associa\u00e7\u00e3o Comercial do Rio de Janeiro (ACRJ). Artigo publicado no Di\u00e1rio do Rio.<br \/> 09\/03\/2026<\/p>\t\t<\/div>\n\t\t\n\t\t<a class=\"elementor-post__read-more\" href=\"https:\/\/acrj.org.br\/index.php\/2026\/03\/09\/o-galeao-como-motor-do-desenvolvimento-economico-do-rio-de-janeiro\/\" aria-label=\"Leia mais sobre O Gale\u00e3o como motor do desenvolvimento econ\u00f4mico do Rio de Janeiro\" tabindex=\"-1\" >\n\t\t\tLeia mais \u00bb\t\t<\/a>\n\n\t\t\t\t<\/div>\n\t\t\t\t<\/article>\n\t\t\t\t<article class=\"elementor-post elementor-grid-item post-41950 post type-post status-publish format-standard has-post-thumbnail hentry category-artigos category-fala_presidente\" role=\"listitem\">\n\t\t\t\t<div class=\"elementor-post__text\">\n\t\t\t\t<h3 class=\"elementor-post__title\">\n\t\t\t<a href=\"https:\/\/acrj.org.br\/index.php\/2026\/03\/01\/rio-461-anos-uma-cidade-eterna-jovem-e-cheia-de-futuro\/\" >\n\t\t\t\tRio, 461 anos: uma cidade eterna, jovem e cheia de futuro\t\t\t<\/a>\n\t\t<\/h3>\n\t\t\t\t<div class=\"elementor-post__excerpt\">\n\t\t\t<p>Por Josier Marques Vilar, presidente da ACRJ.<br \/> 01\/03\/2026<\/p>\t\t<\/div>\n\t\t\n\t\t<a class=\"elementor-post__read-more\" href=\"https:\/\/acrj.org.br\/index.php\/2026\/03\/01\/rio-461-anos-uma-cidade-eterna-jovem-e-cheia-de-futuro\/\" aria-label=\"Leia mais sobre Rio, 461 anos: uma cidade eterna, jovem e cheia de futuro\" tabindex=\"-1\" >\n\t\t\tLeia mais \u00bb\t\t<\/a>\n\n\t\t\t\t<\/div>\n\t\t\t\t<\/article>\n\t\t\t\t<article class=\"elementor-post elementor-grid-item post-41765 post type-post status-publish format-standard has-post-thumbnail hentry category-artigos category-fala_presidente\" role=\"listitem\">\n\t\t\t\t<div class=\"elementor-post__text\">\n\t\t\t\t<h3 class=\"elementor-post__title\">\n\t\t\t<a href=\"https:\/\/acrj.org.br\/index.php\/2026\/02\/24\/rio-de-janeiro-o-valor-da-imagem-e-o-futuro-da-cidade\/\" >\n\t\t\t\tRio de Janeiro: O valor da imagem e o futuro da cidade\t\t\t<\/a>\n\t\t<\/h3>\n\t\t\t\t<div class=\"elementor-post__excerpt\">\n\t\t\t<p>Por Josier M. Vilar, presidente da Associa\u00e7\u00e3o Comercial do Rio de Janeiro.<br \/> 24\/02\/2026<\/p>\t\t<\/div>\n\t\t\n\t\t<a class=\"elementor-post__read-more\" href=\"https:\/\/acrj.org.br\/index.php\/2026\/02\/24\/rio-de-janeiro-o-valor-da-imagem-e-o-futuro-da-cidade\/\" aria-label=\"Leia mais sobre Rio de Janeiro: O valor da imagem e o futuro da cidade\" tabindex=\"-1\" >\n\t\t\tLeia mais \u00bb\t\t<\/a>\n\n\t\t\t\t<\/div>\n\t\t\t\t<\/article>\n\t\t\t\t<article class=\"elementor-post elementor-grid-item post-41451 post type-post status-publish format-standard has-post-thumbnail hentry category-artigos category-fala_presidente\" role=\"listitem\">\n\t\t\t\t<div class=\"elementor-post__text\">\n\t\t\t\t<h3 class=\"elementor-post__title\">\n\t\t\t<a href=\"https:\/\/acrj.org.br\/index.php\/2026\/01\/28\/uma-copacabana-inteligente-o-rio-precisa-ter\/\" >\n\t\t\t\tUma Copacabana Inteligente: O Rio precisa ter!\t\t\t<\/a>\n\t\t<\/h3>\n\t\t\t\t<div class=\"elementor-post__excerpt\">\n\t\t\t<p>Por Josier Vilar \u2013 presidente da Associa\u00e7\u00e3o Comercial do Rio de Janeiro. Artigo publicado no Jornal O Dia.<br \/> 28\/01\/2026<\/p>\t\t<\/div>\n\t\t\n\t\t<a class=\"elementor-post__read-more\" href=\"https:\/\/acrj.org.br\/index.php\/2026\/01\/28\/uma-copacabana-inteligente-o-rio-precisa-ter\/\" aria-label=\"Leia mais sobre Uma Copacabana Inteligente: O Rio precisa ter!\" tabindex=\"-1\" >\n\t\t\tLeia mais \u00bb\t\t<\/a>\n\n\t\t\t\t<\/div>\n\t\t\t\t<\/article>\n\t\t\t\t<article class=\"elementor-post elementor-grid-item post-40873 post type-post status-publish format-standard has-post-thumbnail hentry category-artigos category-fala_presidente\" role=\"listitem\">\n\t\t\t\t<div class=\"elementor-post__text\">\n\t\t\t\t<h3 class=\"elementor-post__title\">\n\t\t\t<a href=\"https:\/\/acrj.org.br\/index.php\/2026\/01\/09\/onde-mora-o-verdadeiro-perigo-da-formacao-medica\/\" >\n\t\t\t\tOnde mora o verdadeiro perigo da forma\u00e7\u00e3o m\u00e9dica\t\t\t<\/a>\n\t\t<\/h3>\n\t\t\t\t<div class=\"elementor-post__excerpt\">\n\t\t\t<p>Por Josier Vilar, m\u00e9dico e presidente da Associa\u00e7\u00e3o Comercial do Rio de Janeiro (ACRJ). Artigo publicado no Jornal O Dia.<br \/> 09\/01\/2026<\/p>\t\t<\/div>\n\t\t\n\t\t<a class=\"elementor-post__read-more\" href=\"https:\/\/acrj.org.br\/index.php\/2026\/01\/09\/onde-mora-o-verdadeiro-perigo-da-formacao-medica\/\" aria-label=\"Leia mais sobre Onde mora o verdadeiro perigo da forma\u00e7\u00e3o m\u00e9dica\" tabindex=\"-1\" >\n\t\t\tLeia mais \u00bb\t\t<\/a>\n\n\t\t\t\t<\/div>\n\t\t\t\t<\/article>\n\t\t\t\t<article class=\"elementor-post elementor-grid-item post-40746 post type-post status-publish format-standard has-post-thumbnail hentry category-artigos category-fala_presidente\" role=\"listitem\">\n\t\t\t\t<div class=\"elementor-post__text\">\n\t\t\t\t<h3 class=\"elementor-post__title\">\n\t\t\t<a href=\"https:\/\/acrj.org.br\/index.php\/2025\/12\/10\/brasilia-nunca-mais\/\" >\n\t\t\t\tBras\u00edlia nunca mais\t\t\t<\/a>\n\t\t<\/h3>\n\t\t\t\t<div class=\"elementor-post__excerpt\">\n\t\t\t<p>Por Josier Vilar, presidente da ACRJ. Artigo publicado no Jornal O Dia.<br \/> 10\/12\/2025<\/p>\t\t<\/div>\n\t\t\n\t\t<a class=\"elementor-post__read-more\" href=\"https:\/\/acrj.org.br\/index.php\/2025\/12\/10\/brasilia-nunca-mais\/\" aria-label=\"Leia mais sobre Bras\u00edlia nunca mais\" tabindex=\"-1\" >\n\t\t\tLeia mais \u00bb\t\t<\/a>\n\n\t\t\t\t<\/div>\n\t\t\t\t<\/article>\n\t\t\t\t<article class=\"elementor-post elementor-grid-item post-40731 post type-post status-publish format-standard has-post-thumbnail hentry category-artigos category-destaque_presidente category-fala_presidente\" role=\"listitem\">\n\t\t\t\t<div class=\"elementor-post__text\">\n\t\t\t\t<h3 class=\"elementor-post__title\">\n\t\t\t<a href=\"https:\/\/acrj.org.br\/index.php\/2025\/12\/08\/o-rio-de-janeiro-e-sua-estranha-mania-de-acreditar-no-amanha\/\" >\n\t\t\t\tO Rio de Janeiro e sua estranha mania de acreditar no amanh\u00e3\t\t\t<\/a>\n\t\t<\/h3>\n\t\t\t\t<div class=\"elementor-post__excerpt\">\n\t\t\t<p>Por Josier Vilar, presidente da Associa\u00e7\u00e3o Comercial do Rio de Janeiro. Artigo publicado no Di\u00e1rio do Rio.<br \/> 08\/12\/2025<\/p>\t\t<\/div>\n\t\t\n\t\t<a class=\"elementor-post__read-more\" href=\"https:\/\/acrj.org.br\/index.php\/2025\/12\/08\/o-rio-de-janeiro-e-sua-estranha-mania-de-acreditar-no-amanha\/\" aria-label=\"Leia mais sobre O Rio de Janeiro e sua estranha mania de acreditar no amanh\u00e3\" tabindex=\"-1\" >\n\t\t\tLeia mais \u00bb\t\t<\/a>\n\n\t\t\t\t<\/div>\n\t\t\t\t<\/article>\n\t\t\t\t<\/div>\n\t\t\n\t\t\t\t<div class=\"e-load-more-anchor\" data-page=\"1\" data-max-page=\"3\" data-next-page=\"https:\/\/acrj.org.br\/index.php\/wp-json\/wp\/v2\/pages\/24757\/page\/2\/\"><\/div>\n\t\t\t\t<nav class=\"elementor-pagination\" aria-label=\"Pagina\u00e7\u00e3o\">\n\t\t\t<span class=\"page-numbers prev\"><<\/span>\n<span aria-current=\"page\" class=\"page-numbers current\"><span class=\"elementor-screen-only\">P\u00e1gina<\/span>1<\/span>\n<a class=\"page-numbers\" href=\"https:\/\/acrj.org.br\/index.php\/wp-json\/wp\/v2\/pages\/24757\/page\/2\/\"><span class=\"elementor-screen-only\">P\u00e1gina<\/span>2<\/a>\n<a class=\"page-numbers\" href=\"https:\/\/acrj.org.br\/index.php\/wp-json\/wp\/v2\/pages\/24757\/page\/3\/\"><span class=\"elementor-screen-only\">P\u00e1gina<\/span>3<\/a>\n<a class=\"page-numbers next\" href=\"https:\/\/acrj.org.br\/index.php\/wp-json\/wp\/v2\/pages\/24757\/page\/2\/\">><\/a>\t\t<\/nav>\n\t\t\t\t\t\t<\/div>\n\t\t\t\t<\/div>\n\t\t\t\t<div class=\"elementor-element elementor-element-bca711f elementor-widget elementor-widget-spacer\" data-id=\"bca711f\" data-element_type=\"widget\" data-e-type=\"widget\" data-widget_type=\"spacer.default\">\n\t\t\t\t<div class=\"elementor-widget-container\">\n\t\t\t\t\t\t\t<div class=\"elementor-spacer\">\n\t\t\t<div class=\"elementor-spacer-inner\"><\/div>\n\t\t<\/div>\n\t\t\t\t\t\t<\/div>\n\t\t\t\t<\/div>\n\t\t\t\t\t<\/div>\n\t\t<\/div>\n\t\t\t\t\t<\/div>\n\t\t<\/section>\n\t\t\t\t<\/div>\n\t\t","protected":false},"excerpt":{"rendered":"<p>Fala, Presidente!<\/p>\n","protected":false},"author":1,"featured_media":40060,"parent":0,"menu_order":0,"comment_status":"closed","ping_status":"closed","template":"","meta":{"_exactmetrics_skip_tracking":false,"_exactmetrics_sitenote_active":false,"_exactmetrics_sitenote_note":"","_exactmetrics_sitenote_category":0,"footnotes":""},"class_list":["post-24757","page","type-page","status-publish","has-post-thumbnail","hentry"],"_links":{"self":[{"href":"https:\/\/acrj.org.br\/index.php\/wp-json\/wp\/v2\/pages\/24757","targetHints":{"allow":["GET"]}}],"collection":[{"href":"https:\/\/acrj.org.br\/index.php\/wp-json\/wp\/v2\/pages"}],"about":[{"href":"https:\/\/acrj.org.br\/index.php\/wp-json\/wp\/v2\/types\/page"}],"author":[{"embeddable":true,"href":"https:\/\/acrj.org.br\/index.php\/wp-json\/wp\/v2\/users\/1"}],"replies":[{"embeddable":true,"href":"https:\/\/acrj.org.br\/index.php\/wp-json\/wp\/v2\/comments?post=24757"}],"version-history":[{"count":0,"href":"https:\/\/acrj.org.br\/index.php\/wp-json\/wp\/v2\/pages\/24757\/revisions"}],"wp:featuredmedia":[{"embeddable":true,"href":"https:\/\/acrj.org.br\/index.php\/wp-json\/wp\/v2\/media\/40060"}],"wp:attachment":[{"href":"https:\/\/acrj.org.br\/index.php\/wp-json\/wp\/v2\/media?parent=24757"}],"curies":[{"name":"wp","href":"https:\/\/api.w.org\/{rel}","templated":true}]}}