{"id":22306,"date":"2024-01-05T15:52:04","date_gmt":"2024-01-05T18:52:04","guid":{"rendered":"https:\/\/acrj.org.br\/?page_id=22306"},"modified":"2025-07-29T12:36:55","modified_gmt":"2025-07-29T15:36:55","slug":"noticias-2024","status":"publish","type":"page","link":"https:\/\/acrj.org.br\/index.php\/noticias-2024\/","title":{"rendered":"Not\u00edcias 2024"},"content":{"rendered":"\t\t<div data-elementor-type=\"wp-page\" data-elementor-id=\"22306\" class=\"elementor elementor-22306\" data-elementor-post-type=\"page\">\n\t\t\t\t\t\t<section class=\"elementor-section elementor-top-section elementor-element elementor-element-d11f354 elementor-section-stretched elementor-section-boxed elementor-section-height-default elementor-section-height-default\" data-id=\"d11f354\" data-element_type=\"section\" data-e-type=\"section\" data-settings=\"{&quot;stretch_section&quot;:&quot;section-stretched&quot;,&quot;background_background&quot;:&quot;classic&quot;}\">\n\t\t\t\t\t\t<div class=\"elementor-container elementor-column-gap-no\">\n\t\t\t\t\t<div class=\"elementor-column elementor-col-100 elementor-top-column elementor-element elementor-element-12866c7\" data-id=\"12866c7\" data-element_type=\"column\" data-e-type=\"column\">\n\t\t\t<div class=\"elementor-widget-wrap elementor-element-populated\">\n\t\t\t\t\t\t<div class=\"elementor-element elementor-element-a2cff50 elementor-widget elementor-widget-spacer\" data-id=\"a2cff50\" data-element_type=\"widget\" data-e-type=\"widget\" data-widget_type=\"spacer.default\">\n\t\t\t\t<div class=\"elementor-widget-container\">\n\t\t\t\t\t\t\t<div class=\"elementor-spacer\">\n\t\t\t<div class=\"elementor-spacer-inner\"><\/div>\n\t\t<\/div>\n\t\t\t\t\t\t<\/div>\n\t\t\t\t<\/div>\n\t\t\t\t<div class=\"elementor-element elementor-element-74e8135 elementor-widget elementor-widget-text-editor\" data-id=\"74e8135\" data-element_type=\"widget\" data-e-type=\"widget\" data-widget_type=\"text-editor.default\">\n\t\t\t\t<div class=\"elementor-widget-container\">\n\t\t\t\t\t\t\t\t\tnot\u00edcias\t\t\t\t\t\t\t\t<\/div>\n\t\t\t\t<\/div>\n\t\t\t\t<div class=\"elementor-element elementor-element-97c1a08 elementor-widget elementor-widget-spacer\" data-id=\"97c1a08\" data-element_type=\"widget\" data-e-type=\"widget\" data-widget_type=\"spacer.default\">\n\t\t\t\t<div class=\"elementor-widget-container\">\n\t\t\t\t\t\t\t<div class=\"elementor-spacer\">\n\t\t\t<div class=\"elementor-spacer-inner\"><\/div>\n\t\t<\/div>\n\t\t\t\t\t\t<\/div>\n\t\t\t\t<\/div>\n\t\t\t\t\t<\/div>\n\t\t<\/div>\n\t\t\t\t\t<\/div>\n\t\t<\/section>\n\t\t\t\t<section class=\"elementor-section elementor-top-section elementor-element elementor-element-2518d81 elementor-section-boxed elementor-section-height-default elementor-section-height-default\" data-id=\"2518d81\" data-element_type=\"section\" data-e-type=\"section\">\n\t\t\t\t\t\t<div class=\"elementor-container elementor-column-gap-default\">\n\t\t\t\t\t<div class=\"elementor-column elementor-col-100 elementor-top-column elementor-element elementor-element-1e95a8b\" data-id=\"1e95a8b\" data-element_type=\"column\" data-e-type=\"column\">\n\t\t\t<div class=\"elementor-widget-wrap elementor-element-populated\">\n\t\t\t\t\t\t<div class=\"elementor-element elementor-element-3550c21 elementor-nav-menu__align-center elementor-nav-menu--dropdown-tablet elementor-nav-menu__text-align-aside elementor-nav-menu--toggle elementor-nav-menu--burger elementor-widget elementor-widget-nav-menu\" data-id=\"3550c21\" data-element_type=\"widget\" data-e-type=\"widget\" data-settings=\"{&quot;layout&quot;:&quot;horizontal&quot;,&quot;submenu_icon&quot;:{&quot;value&quot;:&quot;&lt;i class=\\&quot;fas fa-caret-down\\&quot; aria-hidden=\\&quot;true\\&quot;&gt;&lt;\\\/i&gt;&quot;,&quot;library&quot;:&quot;fa-solid&quot;},&quot;toggle&quot;:&quot;burger&quot;}\" data-widget_type=\"nav-menu.default\">\n\t\t\t\t<div class=\"elementor-widget-container\">\n\t\t\t\t\t\t\t\t<nav aria-label=\"Menu\" class=\"elementor-nav-menu--main elementor-nav-menu__container elementor-nav-menu--layout-horizontal e--pointer-underline e--animation-fade\">\n\t\t\t\t<ul id=\"menu-1-3550c21\" class=\"elementor-nav-menu\"><li class=\"menu-item menu-item-type-post_type menu-item-object-page menu-item-40871\"><a href=\"https:\/\/acrj.org.br\/index.php\/noticias-2026\/\" class=\"elementor-item\">2026<\/a><\/li>\n<li class=\"menu-item menu-item-type-post_type menu-item-object-page menu-item-33696\"><a href=\"https:\/\/acrj.org.br\/index.php\/noticias-2025\/\" class=\"elementor-item\">2025<\/a><\/li>\n<li class=\"menu-item menu-item-type-post_type menu-item-object-page menu-item-22311\"><a href=\"https:\/\/acrj.org.br\/index.php\/noticias-2024\/\" class=\"elementor-item\">2024<\/a><\/li>\n<li class=\"menu-item menu-item-type-post_type menu-item-object-page menu-item-14279\"><a href=\"https:\/\/acrj.org.br\/index.php\/noticias-2023\/\" class=\"elementor-item\">2023<\/a><\/li>\n<li class=\"menu-item menu-item-type-post_type menu-item-object-page menu-item-10209\"><a href=\"https:\/\/acrj.org.br\/index.php\/noticias-2022\/\" class=\"elementor-item\">2022<\/a><\/li>\n<li class=\"menu-item menu-item-type-post_type menu-item-object-page menu-item-6708\"><a href=\"https:\/\/acrj.org.br\/index.php\/noticias-2021\/\" class=\"elementor-item\">2021<\/a><\/li>\n<li class=\"menu-item menu-item-type-post_type menu-item-object-page menu-item-1590\"><a href=\"https:\/\/acrj.org.br\/index.php\/noticias\/\" class=\"elementor-item\">2020<\/a><\/li>\n<li class=\"menu-item menu-item-type-post_type menu-item-object-page menu-item-1585\"><a href=\"https:\/\/acrj.org.br\/index.php\/2019-2\/\" class=\"elementor-item\">2019<\/a><\/li>\n<li class=\"menu-item menu-item-type-post_type menu-item-object-page menu-item-1584\"><a href=\"https:\/\/acrj.org.br\/index.php\/2018-2\/\" class=\"elementor-item\">2018<\/a><\/li>\n<li class=\"menu-item menu-item-type-post_type menu-item-object-page menu-item-1583\"><a href=\"https:\/\/acrj.org.br\/index.php\/2017-2\/\" class=\"elementor-item\">2017<\/a><\/li>\n<\/ul>\t\t\t<\/nav>\n\t\t\t\t\t<div class=\"elementor-menu-toggle\" role=\"button\" tabindex=\"0\" aria-label=\"Alternar menu\" aria-expanded=\"false\">\n\t\t\t<i aria-hidden=\"true\" role=\"presentation\" class=\"elementor-menu-toggle__icon--open fas fa-bars\"><\/i><i aria-hidden=\"true\" role=\"presentation\" class=\"elementor-menu-toggle__icon--close eicon-close\"><\/i>\t\t<\/div>\n\t\t\t\t\t<nav class=\"elementor-nav-menu--dropdown elementor-nav-menu__container\" aria-hidden=\"true\">\n\t\t\t\t<ul id=\"menu-2-3550c21\" class=\"elementor-nav-menu\"><li class=\"menu-item menu-item-type-post_type menu-item-object-page menu-item-40871\"><a href=\"https:\/\/acrj.org.br\/index.php\/noticias-2026\/\" class=\"elementor-item\" tabindex=\"-1\">2026<\/a><\/li>\n<li class=\"menu-item menu-item-type-post_type menu-item-object-page menu-item-33696\"><a href=\"https:\/\/acrj.org.br\/index.php\/noticias-2025\/\" class=\"elementor-item\" tabindex=\"-1\">2025<\/a><\/li>\n<li class=\"menu-item menu-item-type-post_type menu-item-object-page menu-item-22311\"><a href=\"https:\/\/acrj.org.br\/index.php\/noticias-2024\/\" class=\"elementor-item\" tabindex=\"-1\">2024<\/a><\/li>\n<li class=\"menu-item menu-item-type-post_type menu-item-object-page menu-item-14279\"><a href=\"https:\/\/acrj.org.br\/index.php\/noticias-2023\/\" class=\"elementor-item\" tabindex=\"-1\">2023<\/a><\/li>\n<li class=\"menu-item menu-item-type-post_type menu-item-object-page menu-item-10209\"><a href=\"https:\/\/acrj.org.br\/index.php\/noticias-2022\/\" class=\"elementor-item\" tabindex=\"-1\">2022<\/a><\/li>\n<li class=\"menu-item menu-item-type-post_type menu-item-object-page menu-item-6708\"><a href=\"https:\/\/acrj.org.br\/index.php\/noticias-2021\/\" class=\"elementor-item\" tabindex=\"-1\">2021<\/a><\/li>\n<li class=\"menu-item menu-item-type-post_type menu-item-object-page menu-item-1590\"><a href=\"https:\/\/acrj.org.br\/index.php\/noticias\/\" class=\"elementor-item\" tabindex=\"-1\">2020<\/a><\/li>\n<li class=\"menu-item menu-item-type-post_type menu-item-object-page menu-item-1585\"><a href=\"https:\/\/acrj.org.br\/index.php\/2019-2\/\" class=\"elementor-item\" tabindex=\"-1\">2019<\/a><\/li>\n<li class=\"menu-item menu-item-type-post_type menu-item-object-page menu-item-1584\"><a href=\"https:\/\/acrj.org.br\/index.php\/2018-2\/\" class=\"elementor-item\" tabindex=\"-1\">2018<\/a><\/li>\n<li class=\"menu-item menu-item-type-post_type menu-item-object-page menu-item-1583\"><a href=\"https:\/\/acrj.org.br\/index.php\/2017-2\/\" class=\"elementor-item\" tabindex=\"-1\">2017<\/a><\/li>\n<\/ul>\t\t\t<\/nav>\n\t\t\t\t\t\t<\/div>\n\t\t\t\t<\/div>\n\t\t\t\t\t<\/div>\n\t\t<\/div>\n\t\t\t\t\t<\/div>\n\t\t<\/section>\n\t\t\t\t<section class=\"elementor-section elementor-top-section elementor-element elementor-element-9576909 elementor-section-boxed elementor-section-height-default elementor-section-height-default\" data-id=\"9576909\" data-element_type=\"section\" data-e-type=\"section\">\n\t\t\t\t\t\t<div class=\"elementor-container elementor-column-gap-default\">\n\t\t\t\t\t<div class=\"elementor-column elementor-col-100 elementor-top-column elementor-element elementor-element-a51162b\" data-id=\"a51162b\" data-element_type=\"column\" data-e-type=\"column\">\n\t\t\t<div class=\"elementor-widget-wrap elementor-element-populated\">\n\t\t\t\t\t\t<div class=\"elementor-element elementor-element-f597f98 elementor-grid-4 elementor-grid-tablet-1 elementor-grid-mobile-1 elementor-posts--thumbnail-top elementor-widget elementor-widget-posts\" data-id=\"f597f98\" data-element_type=\"widget\" data-e-type=\"widget\" data-settings=\"{&quot;classic_columns&quot;:&quot;4&quot;,&quot;pagination_type&quot;:&quot;numbers_and_prev_next&quot;,&quot;classic_columns_tablet&quot;:&quot;1&quot;,&quot;classic_columns_mobile&quot;:&quot;1&quot;,&quot;classic_row_gap&quot;:{&quot;unit&quot;:&quot;px&quot;,&quot;size&quot;:35,&quot;sizes&quot;:[]},&quot;classic_row_gap_tablet&quot;:{&quot;unit&quot;:&quot;px&quot;,&quot;size&quot;:&quot;&quot;,&quot;sizes&quot;:[]},&quot;classic_row_gap_mobile&quot;:{&quot;unit&quot;:&quot;px&quot;,&quot;size&quot;:&quot;&quot;,&quot;sizes&quot;:[]}}\" data-widget_type=\"posts.classic\">\n\t\t\t\t<div class=\"elementor-widget-container\">\n\t\t\t\t\t\t\t<div class=\"elementor-posts-container elementor-posts elementor-posts--skin-classic elementor-grid\" role=\"list\">\n\t\t\t\t<article class=\"elementor-post elementor-grid-item post-33625 post type-post status-publish format-standard has-post-thumbnail hentry category-noticias\" role=\"listitem\">\n\t\t\t\t<a class=\"elementor-post__thumbnail__link\" href=\"https:\/\/acrj.org.br\/index.php\/2024\/12\/18\/boas-festas-e-ate-2025\/\" tabindex=\"-1\" >\n\t\t\t<div class=\"elementor-post__thumbnail\"><img fetchpriority=\"high\" decoding=\"async\" width=\"300\" height=\"225\" src=\"https:\/\/acrj.org.br\/wp-content\/uploads\/2024\/12\/cartao-de-natal2024_site-300x225.jpeg\" class=\"attachment-medium size-medium wp-image-33406\" alt=\"\" srcset=\"https:\/\/acrj.org.br\/wp-content\/uploads\/2024\/12\/cartao-de-natal2024_site-300x225.jpeg 300w, https:\/\/acrj.org.br\/wp-content\/uploads\/2024\/12\/cartao-de-natal2024_site-1024x768.jpeg 1024w, https:\/\/acrj.org.br\/wp-content\/uploads\/2024\/12\/cartao-de-natal2024_site-768x576.jpeg 768w, https:\/\/acrj.org.br\/wp-content\/uploads\/2024\/12\/cartao-de-natal2024_site.jpeg 1080w\" sizes=\"(max-width: 300px) 100vw, 300px\" \/><\/div>\n\t\t<\/a>\n\t\t\t\t<div class=\"elementor-post__text\">\n\t\t\t\t<h3 class=\"elementor-post__title\">\n\t\t\t<a href=\"https:\/\/acrj.org.br\/index.php\/2024\/12\/18\/boas-festas-e-ate-2025\/\" >\n\t\t\t\tBoas Festas e at\u00e9 2025 !!\t\t\t<\/a>\n\t\t<\/h3>\n\t\t\t\t<div class=\"elementor-post__excerpt\">\n\t\t\t<p>Aos Conselheiros, Associados, Funcion\u00e1rios, Colaboradores, Parceiros e Amigos da Associa\u00e7\u00e3o Comercial do Rio de Janeiro.<\/p>\n\t\t<\/div>\n\t\t\n\t\t<a class=\"elementor-post__read-more\" href=\"https:\/\/acrj.org.br\/index.php\/2024\/12\/18\/boas-festas-e-ate-2025\/\" aria-label=\"Leia mais sobre Boas Festas e at\u00e9 2025 !!\" tabindex=\"-1\" >\n\t\t\tLeia mais \u00bb\t\t<\/a>\n\n\t\t\t\t<\/div>\n\t\t\t\t<\/article>\n\t\t\t\t<article class=\"elementor-post elementor-grid-item post-33580 post type-post status-publish format-standard has-post-thumbnail hentry category-destaque_noticias category-noticias\" role=\"listitem\">\n\t\t\t\t<a class=\"elementor-post__thumbnail__link\" href=\"https:\/\/acrj.org.br\/index.php\/2024\/12\/17\/acrj-participa-do-lancamento-do-projeto-piloto-do-onibus-movido-a-gas-natural-e-biometano\/\" tabindex=\"-1\" >\n\t\t\t<div class=\"elementor-post__thumbnail\"><img decoding=\"async\" width=\"300\" height=\"216\" src=\"https:\/\/acrj.org.br\/wp-content\/uploads\/2024\/12\/claudio-castro-e1734443966787-300x216.jpeg\" class=\"attachment-medium size-medium wp-image-33575\" alt=\"\" srcset=\"https:\/\/acrj.org.br\/wp-content\/uploads\/2024\/12\/claudio-castro-e1734443966787-300x216.jpeg 300w, https:\/\/acrj.org.br\/wp-content\/uploads\/2024\/12\/claudio-castro-e1734443966787-1024x736.jpeg 1024w, https:\/\/acrj.org.br\/wp-content\/uploads\/2024\/12\/claudio-castro-e1734443966787-768x552.jpeg 768w, https:\/\/acrj.org.br\/wp-content\/uploads\/2024\/12\/claudio-castro-e1734443966787.jpeg 1395w\" sizes=\"(max-width: 300px) 100vw, 300px\" \/><\/div>\n\t\t<\/a>\n\t\t\t\t<div class=\"elementor-post__text\">\n\t\t\t\t<h3 class=\"elementor-post__title\">\n\t\t\t<a href=\"https:\/\/acrj.org.br\/index.php\/2024\/12\/17\/acrj-participa-do-lancamento-do-projeto-piloto-do-onibus-movido-a-gas-natural-e-biometano\/\" >\n\t\t\t\tACRJ participa do lan\u00e7amento do projeto piloto do \u00f4nibus movido a g\u00e1s natural e biometano\t\t\t<\/a>\n\t\t<\/h3>\n\t\t\t\t<div class=\"elementor-post__excerpt\">\n\t\t\t<p>O presidente do Conselho Empresarial de Energia e Transi\u00e7\u00e3o Energ\u00e9tica da ACRJ, Gabriel Kropsch, representou o presidente Josier Vilar no lan\u00e7amento do projeto piloto do<\/p>\n\t\t<\/div>\n\t\t\n\t\t<a class=\"elementor-post__read-more\" href=\"https:\/\/acrj.org.br\/index.php\/2024\/12\/17\/acrj-participa-do-lancamento-do-projeto-piloto-do-onibus-movido-a-gas-natural-e-biometano\/\" aria-label=\"Leia mais sobre ACRJ participa do lan\u00e7amento do projeto piloto do \u00f4nibus movido a g\u00e1s natural e biometano\" tabindex=\"-1\" >\n\t\t\tLeia mais \u00bb\t\t<\/a>\n\n\t\t\t\t<\/div>\n\t\t\t\t<\/article>\n\t\t\t\t<article class=\"elementor-post elementor-grid-item post-33644 post type-post status-publish format-standard has-post-thumbnail hentry category-destaque_conselhos category-noticias\" role=\"listitem\">\n\t\t\t\t<a class=\"elementor-post__thumbnail__link\" href=\"https:\/\/acrj.org.br\/index.php\/2024\/12\/16\/conselho-de-cultura-faz-confraternizacao-com-balanco-do-ano\/\" tabindex=\"-1\" >\n\t\t\t<div class=\"elementor-post__thumbnail\"><img decoding=\"async\" width=\"300\" height=\"235\" src=\"https:\/\/acrj.org.br\/wp-content\/uploads\/2024\/12\/home-1-300x235.jpeg\" class=\"attachment-medium size-medium wp-image-33645\" alt=\"\" srcset=\"https:\/\/acrj.org.br\/wp-content\/uploads\/2024\/12\/home-1-300x235.jpeg 300w, https:\/\/acrj.org.br\/wp-content\/uploads\/2024\/12\/home-1-768x602.jpeg 768w, https:\/\/acrj.org.br\/wp-content\/uploads\/2024\/12\/home-1.jpeg 960w\" sizes=\"(max-width: 300px) 100vw, 300px\" \/><\/div>\n\t\t<\/a>\n\t\t\t\t<div class=\"elementor-post__text\">\n\t\t\t\t<h3 class=\"elementor-post__title\">\n\t\t\t<a href=\"https:\/\/acrj.org.br\/index.php\/2024\/12\/16\/conselho-de-cultura-faz-confraternizacao-com-balanco-do-ano\/\" >\n\t\t\t\tConselho de Cultura faz confraterniza\u00e7\u00e3o e balan\u00e7o do ano\t\t\t<\/a>\n\t\t<\/h3>\n\t\t\t\t<div class=\"elementor-post__excerpt\">\n\t\t\t<p>A \u00faltima reuni\u00e3o do Conselho Empresarial de Cultura da ACRJ, realizada dia 16\/12, foi marcada por uma confraterniza\u00e7\u00e3o entre os conselheiros, que participaram de um<\/p>\n\t\t<\/div>\n\t\t\n\t\t<a class=\"elementor-post__read-more\" href=\"https:\/\/acrj.org.br\/index.php\/2024\/12\/16\/conselho-de-cultura-faz-confraternizacao-com-balanco-do-ano\/\" aria-label=\"Leia mais sobre Conselho de Cultura faz confraterniza\u00e7\u00e3o e balan\u00e7o do ano\" tabindex=\"-1\" >\n\t\t\tLeia mais \u00bb\t\t<\/a>\n\n\t\t\t\t<\/div>\n\t\t\t\t<\/article>\n\t\t\t\t<article class=\"elementor-post elementor-grid-item post-33520 post type-post status-publish format-standard has-post-thumbnail hentry category-destaque_conselhos category-noticias\" role=\"listitem\">\n\t\t\t\t<a class=\"elementor-post__thumbnail__link\" href=\"https:\/\/acrj.org.br\/index.php\/2024\/12\/13\/as-realizacoes-de-2024-e-o-futuro-do-varejo-foram-debatidos-na-ultima-reuniao-do-ano-do-conselho\/\" tabindex=\"-1\" >\n\t\t\t<div class=\"elementor-post__thumbnail\"><img loading=\"lazy\" decoding=\"async\" width=\"300\" height=\"173\" src=\"https:\/\/acrj.org.br\/wp-content\/uploads\/2024\/12\/home-e1734117984534-300x173.jpeg\" class=\"attachment-medium size-medium wp-image-33521\" alt=\"\" srcset=\"https:\/\/acrj.org.br\/wp-content\/uploads\/2024\/12\/home-e1734117984534-300x173.jpeg 300w, https:\/\/acrj.org.br\/wp-content\/uploads\/2024\/12\/home-e1734117984534-1024x592.jpeg 1024w, https:\/\/acrj.org.br\/wp-content\/uploads\/2024\/12\/home-e1734117984534-768x444.jpeg 768w, https:\/\/acrj.org.br\/wp-content\/uploads\/2024\/12\/home-e1734117984534-1536x888.jpeg 1536w, https:\/\/acrj.org.br\/wp-content\/uploads\/2024\/12\/home-e1734117984534.jpeg 1600w\" sizes=\"(max-width: 300px) 100vw, 300px\" \/><\/div>\n\t\t<\/a>\n\t\t\t\t<div class=\"elementor-post__text\">\n\t\t\t\t<h3 class=\"elementor-post__title\">\n\t\t\t<a href=\"https:\/\/acrj.org.br\/index.php\/2024\/12\/13\/as-realizacoes-de-2024-e-o-futuro-do-varejo-foram-debatidos-na-ultima-reuniao-do-ano-do-conselho\/\" >\n\t\t\t\tAs realiza\u00e7\u00f5es de 2024 e o futuro do varejo foram debatidos na \u00faltima reuni\u00e3o do Conselho\t\t\t<\/a>\n\t\t<\/h3>\n\t\t\t\t<div class=\"elementor-post__excerpt\">\n\t\t\t<p>O \u00faltimo encontro do Conselho Empresarial de Varejo, dia 13 de dezembro, foi marcado pelo balan\u00e7o do ano de 2024, que relembrou as realiza\u00e7\u00f5es do<\/p>\n\t\t<\/div>\n\t\t\n\t\t<a class=\"elementor-post__read-more\" href=\"https:\/\/acrj.org.br\/index.php\/2024\/12\/13\/as-realizacoes-de-2024-e-o-futuro-do-varejo-foram-debatidos-na-ultima-reuniao-do-ano-do-conselho\/\" aria-label=\"Leia mais sobre As realiza\u00e7\u00f5es de 2024 e o futuro do varejo foram debatidos na \u00faltima reuni\u00e3o do Conselho\" tabindex=\"-1\" >\n\t\t\tLeia mais \u00bb\t\t<\/a>\n\n\t\t\t\t<\/div>\n\t\t\t\t<\/article>\n\t\t\t\t<article class=\"elementor-post elementor-grid-item post-33497 post type-post status-publish format-standard has-post-thumbnail hentry category-destaque_conselhos category-noticias\" role=\"listitem\">\n\t\t\t\t<a class=\"elementor-post__thumbnail__link\" href=\"https:\/\/acrj.org.br\/index.php\/2024\/12\/13\/acrj-atraves-do-conselho-de-esportes-e-contra-a-votacao-do-projeto-que-pode-prejudicar-a-lei-de-incentivo-ao-esporte\/\" tabindex=\"-1\" >\n\t\t\t<div class=\"elementor-post__thumbnail\"><img loading=\"lazy\" decoding=\"async\" width=\"300\" height=\"180\" src=\"https:\/\/acrj.org.br\/wp-content\/uploads\/2024\/12\/home-3-300x180.jpg\" class=\"attachment-medium size-medium wp-image-33501\" alt=\"\" srcset=\"https:\/\/acrj.org.br\/wp-content\/uploads\/2024\/12\/home-3-300x180.jpg 300w, https:\/\/acrj.org.br\/wp-content\/uploads\/2024\/12\/home-3-1024x613.jpg 1024w, https:\/\/acrj.org.br\/wp-content\/uploads\/2024\/12\/home-3-768x460.jpg 768w, https:\/\/acrj.org.br\/wp-content\/uploads\/2024\/12\/home-3-1536x920.jpg 1536w, https:\/\/acrj.org.br\/wp-content\/uploads\/2024\/12\/home-3-2048x1227.jpg 2048w\" sizes=\"(max-width: 300px) 100vw, 300px\" \/><\/div>\n\t\t<\/a>\n\t\t\t\t<div class=\"elementor-post__text\">\n\t\t\t\t<h3 class=\"elementor-post__title\">\n\t\t\t<a href=\"https:\/\/acrj.org.br\/index.php\/2024\/12\/13\/acrj-atraves-do-conselho-de-esportes-e-contra-a-votacao-do-projeto-que-pode-prejudicar-a-lei-de-incentivo-ao-esporte\/\" >\n\t\t\t\tACRJ, atrav\u00e9s do Conselho de Esportes, \u00e9 contra o Projeto que pode prejudicar a Lei de Incentivo ao Esporte\t\t\t<\/a>\n\t\t<\/h3>\n\t\t\t\t<div class=\"elementor-post__excerpt\">\n\t\t\t<p>O Conselho Empresarial de Esportes, Lazer e Desenvolvimento Social da ACRJ se reuniu nesta 6\u00aa feira (13\/12) de forma extraordin\u00e1ria para discutir a vota\u00e7\u00e3o do<\/p>\n\t\t<\/div>\n\t\t\n\t\t<a class=\"elementor-post__read-more\" href=\"https:\/\/acrj.org.br\/index.php\/2024\/12\/13\/acrj-atraves-do-conselho-de-esportes-e-contra-a-votacao-do-projeto-que-pode-prejudicar-a-lei-de-incentivo-ao-esporte\/\" aria-label=\"Leia mais sobre ACRJ, atrav\u00e9s do Conselho de Esportes, \u00e9 contra o Projeto que pode prejudicar a Lei de Incentivo ao Esporte\" tabindex=\"-1\" >\n\t\t\tLeia mais \u00bb\t\t<\/a>\n\n\t\t\t\t<\/div>\n\t\t\t\t<\/article>\n\t\t\t\t<article class=\"elementor-post elementor-grid-item post-33473 post type-post status-publish format-standard has-post-thumbnail hentry category-destaque_conselhos category-noticias\" role=\"listitem\">\n\t\t\t\t<a class=\"elementor-post__thumbnail__link\" href=\"https:\/\/acrj.org.br\/index.php\/2024\/12\/12\/conselho-de-inovacao-define-eixos-de-atuacao-para-o-proximo-ano\/\" tabindex=\"-1\" >\n\t\t\t<div class=\"elementor-post__thumbnail\"><img loading=\"lazy\" decoding=\"async\" width=\"300\" height=\"166\" src=\"https:\/\/acrj.org.br\/wp-content\/uploads\/2024\/12\/mesa-1-300x166.jpg\" class=\"attachment-medium size-medium wp-image-33474\" alt=\"\" srcset=\"https:\/\/acrj.org.br\/wp-content\/uploads\/2024\/12\/mesa-1-300x166.jpg 300w, https:\/\/acrj.org.br\/wp-content\/uploads\/2024\/12\/mesa-1-1024x568.jpg 1024w, https:\/\/acrj.org.br\/wp-content\/uploads\/2024\/12\/mesa-1-768x426.jpg 768w, https:\/\/acrj.org.br\/wp-content\/uploads\/2024\/12\/mesa-1-1536x852.jpg 1536w, https:\/\/acrj.org.br\/wp-content\/uploads\/2024\/12\/mesa-1-2048x1135.jpg 2048w\" sizes=\"(max-width: 300px) 100vw, 300px\" \/><\/div>\n\t\t<\/a>\n\t\t\t\t<div class=\"elementor-post__text\">\n\t\t\t\t<h3 class=\"elementor-post__title\">\n\t\t\t<a href=\"https:\/\/acrj.org.br\/index.php\/2024\/12\/12\/conselho-de-inovacao-define-eixos-de-atuacao-para-o-proximo-ano\/\" >\n\t\t\t\tConselho de Inova\u00e7\u00e3o define eixos de atua\u00e7\u00e3o para o pr\u00f3ximo ano\t\t\t<\/a>\n\t\t<\/h3>\n\t\t\t\t<div class=\"elementor-post__excerpt\">\n\t\t\t<p>Durante reuni\u00e3o realizada dia 11 de dezembro, o Conselho Empresarial de Inova\u00e7\u00e3o, Transforma\u00e7\u00e3o Digital e Tecnologia da ACRJ debateu o planejamento de a\u00e7\u00f5es para os<\/p>\n\t\t<\/div>\n\t\t\n\t\t<a class=\"elementor-post__read-more\" href=\"https:\/\/acrj.org.br\/index.php\/2024\/12\/12\/conselho-de-inovacao-define-eixos-de-atuacao-para-o-proximo-ano\/\" aria-label=\"Leia mais sobre Conselho de Inova\u00e7\u00e3o define eixos de atua\u00e7\u00e3o para o pr\u00f3ximo ano\" tabindex=\"-1\" >\n\t\t\tLeia mais \u00bb\t\t<\/a>\n\n\t\t\t\t<\/div>\n\t\t\t\t<\/article>\n\t\t\t\t<article class=\"elementor-post elementor-grid-item post-33445 post type-post status-publish format-standard has-post-thumbnail hentry category-destaque_conselhos category-noticias\" role=\"listitem\">\n\t\t\t\t<a class=\"elementor-post__thumbnail__link\" href=\"https:\/\/acrj.org.br\/index.php\/2024\/12\/10\/seminario-vai-debater-as-oportunidades-do-comercio-exterior-no-rio-de-janeiro\/\" tabindex=\"-1\" >\n\t\t\t<div class=\"elementor-post__thumbnail\"><img loading=\"lazy\" decoding=\"async\" width=\"300\" height=\"225\" src=\"https:\/\/acrj.org.br\/wp-content\/uploads\/2024\/12\/grupo-300x225.jpeg\" class=\"attachment-medium size-medium wp-image-33446\" alt=\"\" srcset=\"https:\/\/acrj.org.br\/wp-content\/uploads\/2024\/12\/grupo-300x225.jpeg 300w, https:\/\/acrj.org.br\/wp-content\/uploads\/2024\/12\/grupo-1024x768.jpeg 1024w, https:\/\/acrj.org.br\/wp-content\/uploads\/2024\/12\/grupo-768x576.jpeg 768w, https:\/\/acrj.org.br\/wp-content\/uploads\/2024\/12\/grupo.jpeg 1280w\" sizes=\"(max-width: 300px) 100vw, 300px\" \/><\/div>\n\t\t<\/a>\n\t\t\t\t<div class=\"elementor-post__text\">\n\t\t\t\t<h3 class=\"elementor-post__title\">\n\t\t\t<a href=\"https:\/\/acrj.org.br\/index.php\/2024\/12\/10\/seminario-vai-debater-as-oportunidades-do-comercio-exterior-no-rio-de-janeiro\/\" >\n\t\t\t\tSemin\u00e1rio vai debater as oportunidades do Com\u00e9rcio Exterior no Rio de Janeiro\t\t\t<\/a>\n\t\t<\/h3>\n\t\t\t\t<div class=\"elementor-post__excerpt\">\n\t\t\t<p>O Conselho Empresarial de Rela\u00e7\u00f5es Internacionais e Com\u00e9rcio Exterior da ACRJ se reuniu, dia 10 de dezembro, para avaliar sua atua\u00e7\u00e3o ao longo de 2024<\/p>\n\t\t<\/div>\n\t\t\n\t\t<a class=\"elementor-post__read-more\" href=\"https:\/\/acrj.org.br\/index.php\/2024\/12\/10\/seminario-vai-debater-as-oportunidades-do-comercio-exterior-no-rio-de-janeiro\/\" aria-label=\"Leia mais sobre Semin\u00e1rio vai debater as oportunidades do Com\u00e9rcio Exterior no Rio de Janeiro\" tabindex=\"-1\" >\n\t\t\tLeia mais \u00bb\t\t<\/a>\n\n\t\t\t\t<\/div>\n\t\t\t\t<\/article>\n\t\t\t\t<article class=\"elementor-post elementor-grid-item post-33424 post type-post status-publish format-standard has-post-thumbnail hentry category-destaque_conselhos category-noticias\" role=\"listitem\">\n\t\t\t\t<a class=\"elementor-post__thumbnail__link\" href=\"https:\/\/acrj.org.br\/index.php\/2024\/12\/10\/balanco-do-ano-e-acoes-para-2025-na-pauta-do-conselho-das-mpes\/\" tabindex=\"-1\" >\n\t\t\t<div class=\"elementor-post__thumbnail\"><img loading=\"lazy\" decoding=\"async\" width=\"300\" height=\"178\" src=\"https:\/\/acrj.org.br\/wp-content\/uploads\/2024\/12\/home-2-300x178.jpg\" class=\"attachment-medium size-medium wp-image-33425\" alt=\"\" srcset=\"https:\/\/acrj.org.br\/wp-content\/uploads\/2024\/12\/home-2-300x178.jpg 300w, https:\/\/acrj.org.br\/wp-content\/uploads\/2024\/12\/home-2-1024x608.jpg 1024w, https:\/\/acrj.org.br\/wp-content\/uploads\/2024\/12\/home-2-768x456.jpg 768w, https:\/\/acrj.org.br\/wp-content\/uploads\/2024\/12\/home-2.jpg 1515w\" sizes=\"(max-width: 300px) 100vw, 300px\" \/><\/div>\n\t\t<\/a>\n\t\t\t\t<div class=\"elementor-post__text\">\n\t\t\t\t<h3 class=\"elementor-post__title\">\n\t\t\t<a href=\"https:\/\/acrj.org.br\/index.php\/2024\/12\/10\/balanco-do-ano-e-acoes-para-2025-na-pauta-do-conselho-das-mpes\/\" >\n\t\t\t\tBalan\u00e7o do ano e a\u00e7\u00f5es para 2025 na pauta do Conselho das MPEs\t\t\t<\/a>\n\t\t<\/h3>\n\t\t\t\t<div class=\"elementor-post__excerpt\">\n\t\t\t<p>O Conselho Empresarial das Micro e Pequenas e Empresas da ACRJ promoveu a \u00faltima reuni\u00e3o do ano, dia 10 de dezembro, para discutir algumas a\u00e7\u00f5es<\/p>\n\t\t<\/div>\n\t\t\n\t\t<a class=\"elementor-post__read-more\" href=\"https:\/\/acrj.org.br\/index.php\/2024\/12\/10\/balanco-do-ano-e-acoes-para-2025-na-pauta-do-conselho-das-mpes\/\" aria-label=\"Leia mais sobre Balan\u00e7o do ano e a\u00e7\u00f5es para 2025 na pauta do Conselho das MPEs\" tabindex=\"-1\" >\n\t\t\tLeia mais \u00bb\t\t<\/a>\n\n\t\t\t\t<\/div>\n\t\t\t\t<\/article>\n\t\t\t\t<article class=\"elementor-post elementor-grid-item post-33366 post type-post status-publish format-standard has-post-thumbnail hentry category-destaque_conselhos category-noticias\" role=\"listitem\">\n\t\t\t\t<a class=\"elementor-post__thumbnail__link\" href=\"https:\/\/acrj.org.br\/index.php\/2024\/12\/06\/conselho-de-logistica-e-transporte-faz-balanco-do-ano-e-discute-a-renovacao-da-concessao-da-fca\/\" tabindex=\"-1\" >\n\t\t\t<div class=\"elementor-post__thumbnail\"><img loading=\"lazy\" decoding=\"async\" width=\"300\" height=\"158\" src=\"https:\/\/acrj.org.br\/wp-content\/uploads\/2024\/12\/home-300x158.jpg\" class=\"attachment-medium size-medium wp-image-33370\" alt=\"\" srcset=\"https:\/\/acrj.org.br\/wp-content\/uploads\/2024\/12\/home-300x158.jpg 300w, https:\/\/acrj.org.br\/wp-content\/uploads\/2024\/12\/home-1024x540.jpg 1024w, https:\/\/acrj.org.br\/wp-content\/uploads\/2024\/12\/home-768x405.jpg 768w, https:\/\/acrj.org.br\/wp-content\/uploads\/2024\/12\/home-1536x810.jpg 1536w, https:\/\/acrj.org.br\/wp-content\/uploads\/2024\/12\/home-2048x1080.jpg 2048w\" sizes=\"(max-width: 300px) 100vw, 300px\" \/><\/div>\n\t\t<\/a>\n\t\t\t\t<div class=\"elementor-post__text\">\n\t\t\t\t<h3 class=\"elementor-post__title\">\n\t\t\t<a href=\"https:\/\/acrj.org.br\/index.php\/2024\/12\/06\/conselho-de-logistica-e-transporte-faz-balanco-do-ano-e-discute-a-renovacao-da-concessao-da-fca\/\" >\n\t\t\t\tConselho de Log\u00edstica faz balan\u00e7o de atividades e discute a renova\u00e7\u00e3o da Concess\u00e3o da FCA\t\t\t<\/a>\n\t\t<\/h3>\n\t\t\t\t<div class=\"elementor-post__excerpt\">\n\t\t\t<p>Na \u00faltima reuni\u00e3o do ano, realizada dia 5 de dezembro, o Conselho Empresarial de Log\u00edstica e Transporte da ACRJ abordou a renova\u00e7\u00e3o antecipada da Concess\u00e3o<\/p>\n\t\t<\/div>\n\t\t\n\t\t<a class=\"elementor-post__read-more\" href=\"https:\/\/acrj.org.br\/index.php\/2024\/12\/06\/conselho-de-logistica-e-transporte-faz-balanco-do-ano-e-discute-a-renovacao-da-concessao-da-fca\/\" aria-label=\"Leia mais sobre Conselho de Log\u00edstica faz balan\u00e7o de atividades e discute a renova\u00e7\u00e3o da Concess\u00e3o da FCA\" tabindex=\"-1\" >\n\t\t\tLeia mais \u00bb\t\t<\/a>\n\n\t\t\t\t<\/div>\n\t\t\t\t<\/article>\n\t\t\t\t<article class=\"elementor-post elementor-grid-item post-33334 post type-post status-publish format-standard has-post-thumbnail hentry category-destaque_conselhos category-noticias category-sem-categoria\" role=\"listitem\">\n\t\t\t\t<a class=\"elementor-post__thumbnail__link\" href=\"https:\/\/acrj.org.br\/index.php\/2024\/12\/04\/conselho-debate-controle-e-licenciamento-ambiental-e-apresenta-case-de-sucesso-da-novelis\/\" tabindex=\"-1\" >\n\t\t\t<div class=\"elementor-post__thumbnail\"><img loading=\"lazy\" decoding=\"async\" width=\"300\" height=\"152\" src=\"https:\/\/acrj.org.br\/wp-content\/uploads\/2024\/12\/Imagem1-300x152.jpg\" class=\"attachment-medium size-medium wp-image-33338\" alt=\"\" srcset=\"https:\/\/acrj.org.br\/wp-content\/uploads\/2024\/12\/Imagem1-300x152.jpg 300w, https:\/\/acrj.org.br\/wp-content\/uploads\/2024\/12\/Imagem1-1024x518.jpg 1024w, https:\/\/acrj.org.br\/wp-content\/uploads\/2024\/12\/Imagem1-768x388.jpg 768w, https:\/\/acrj.org.br\/wp-content\/uploads\/2024\/12\/Imagem1-1536x777.jpg 1536w, https:\/\/acrj.org.br\/wp-content\/uploads\/2024\/12\/Imagem1.jpg 1782w\" sizes=\"(max-width: 300px) 100vw, 300px\" \/><\/div>\n\t\t<\/a>\n\t\t\t\t<div class=\"elementor-post__text\">\n\t\t\t\t<h3 class=\"elementor-post__title\">\n\t\t\t<a href=\"https:\/\/acrj.org.br\/index.php\/2024\/12\/04\/conselho-debate-controle-e-licenciamento-ambiental-e-apresenta-case-de-sucesso-da-novelis\/\" >\n\t\t\t\tConselho debate Controle e Licenciamento Ambiental e apresenta case da Novelis\t\t\t<\/a>\n\t\t<\/h3>\n\t\t\t\t<div class=\"elementor-post__excerpt\">\n\t\t\t<p>Em reuni\u00e3o realizada dia 28\/11, o Conselho Empresarial de Meio Ambiente e Sustentabilidade da ACRJ (Cemas) recebeu dois convidados: o subsecret\u00e1rio de Controle e Licenciamento<\/p>\n\t\t<\/div>\n\t\t\n\t\t<a class=\"elementor-post__read-more\" href=\"https:\/\/acrj.org.br\/index.php\/2024\/12\/04\/conselho-debate-controle-e-licenciamento-ambiental-e-apresenta-case-de-sucesso-da-novelis\/\" aria-label=\"Leia mais sobre Conselho debate Controle e Licenciamento Ambiental e apresenta case da Novelis\" tabindex=\"-1\" >\n\t\t\tLeia mais \u00bb\t\t<\/a>\n\n\t\t\t\t<\/div>\n\t\t\t\t<\/article>\n\t\t\t\t<article class=\"elementor-post elementor-grid-item post-33284 post type-post status-publish format-standard has-post-thumbnail hentry category-destaque_conselhos category-noticias category-sem-categoria\" role=\"listitem\">\n\t\t\t\t<a class=\"elementor-post__thumbnail__link\" href=\"https:\/\/acrj.org.br\/index.php\/2024\/12\/02\/diretor-do-instituto-de-mobilidade-social-fala-sobre-a-plataforma-de-impacto-no-ce-de-educacao\/\" tabindex=\"-1\" >\n\t\t\t<div class=\"elementor-post__thumbnail\"><img loading=\"lazy\" decoding=\"async\" width=\"300\" height=\"164\" src=\"https:\/\/acrj.org.br\/wp-content\/uploads\/2024\/12\/site-scaled-e1734116853805-300x164.jpg\" class=\"attachment-medium size-medium wp-image-33285\" alt=\"\" srcset=\"https:\/\/acrj.org.br\/wp-content\/uploads\/2024\/12\/site-scaled-e1734116853805-300x164.jpg 300w, https:\/\/acrj.org.br\/wp-content\/uploads\/2024\/12\/site-scaled-e1734116853805-1024x559.jpg 1024w, https:\/\/acrj.org.br\/wp-content\/uploads\/2024\/12\/site-scaled-e1734116853805-768x419.jpg 768w, https:\/\/acrj.org.br\/wp-content\/uploads\/2024\/12\/site-scaled-e1734116853805-1536x839.jpg 1536w, https:\/\/acrj.org.br\/wp-content\/uploads\/2024\/12\/site-scaled-e1734116853805.jpg 1617w\" sizes=\"(max-width: 300px) 100vw, 300px\" \/><\/div>\n\t\t<\/a>\n\t\t\t\t<div class=\"elementor-post__text\">\n\t\t\t\t<h3 class=\"elementor-post__title\">\n\t\t\t<a href=\"https:\/\/acrj.org.br\/index.php\/2024\/12\/02\/diretor-do-instituto-de-mobilidade-social-fala-sobre-a-plataforma-de-impacto-no-ce-de-educacao\/\" >\n\t\t\t\tConselheiro do IMDS fala sobre a Plataforma de Impacto no CE de Educa\u00e7\u00e3o\t\t\t<\/a>\n\t\t<\/h3>\n\t\t\t\t<div class=\"elementor-post__excerpt\">\n\t\t\t<p>O Conselho Empresarial de Educa\u00e7\u00e3o da ACRJ recebeu, dia 27\/11, o conselheiro do Instituto de Mobilidade e Desenvolvimento Social (IMDS), S\u00e9rgio Ferreira, deu uma vis\u00e3o<\/p>\n\t\t<\/div>\n\t\t\n\t\t<a class=\"elementor-post__read-more\" href=\"https:\/\/acrj.org.br\/index.php\/2024\/12\/02\/diretor-do-instituto-de-mobilidade-social-fala-sobre-a-plataforma-de-impacto-no-ce-de-educacao\/\" aria-label=\"Leia mais sobre Conselheiro do IMDS fala sobre a Plataforma de Impacto no CE de Educa\u00e7\u00e3o\" tabindex=\"-1\" >\n\t\t\tLeia mais \u00bb\t\t<\/a>\n\n\t\t\t\t<\/div>\n\t\t\t\t<\/article>\n\t\t\t\t<article class=\"elementor-post elementor-grid-item post-33275 post type-post status-publish format-standard has-post-thumbnail hentry category-destaque_conselhos category-noticias\" role=\"listitem\">\n\t\t\t\t<a class=\"elementor-post__thumbnail__link\" href=\"https:\/\/acrj.org.br\/index.php\/2024\/11\/29\/33275\/\" tabindex=\"-1\" >\n\t\t\t<div class=\"elementor-post__thumbnail\"><img loading=\"lazy\" decoding=\"async\" width=\"300\" height=\"135\" src=\"https:\/\/acrj.org.br\/wp-content\/uploads\/2024\/11\/Auditorio1-300x135.jpg\" class=\"attachment-medium size-medium wp-image-33314\" alt=\"\" srcset=\"https:\/\/acrj.org.br\/wp-content\/uploads\/2024\/11\/Auditorio1-300x135.jpg 300w, https:\/\/acrj.org.br\/wp-content\/uploads\/2024\/11\/Auditorio1-1024x461.jpg 1024w, https:\/\/acrj.org.br\/wp-content\/uploads\/2024\/11\/Auditorio1-768x345.jpg 768w, https:\/\/acrj.org.br\/wp-content\/uploads\/2024\/11\/Auditorio1-1536x691.jpg 1536w, https:\/\/acrj.org.br\/wp-content\/uploads\/2024\/11\/Auditorio1-2048x921.jpg 2048w\" sizes=\"(max-width: 300px) 100vw, 300px\" \/><\/div>\n\t\t<\/a>\n\t\t\t\t<div class=\"elementor-post__text\">\n\t\t\t\t<h3 class=\"elementor-post__title\">\n\t\t\t<a href=\"https:\/\/acrj.org.br\/index.php\/2024\/11\/29\/33275\/\" >\n\t\t\t\tEspecialistas debatem os desafios do uso da Intelig\u00eancia Artificial no setor cultural\t\t\t<\/a>\n\t\t<\/h3>\n\t\t\t\t<div class=\"elementor-post__excerpt\">\n\t\t\t<p>O Semin\u00e1rio \u201cA Intelig\u00eancia Artificial na Cultura\u201d reuniu, na sede da ACRJ, dia 27\/11, v\u00e1rios especialistas para debater os impactos da IA nos setores culturais<\/p>\n\t\t<\/div>\n\t\t\n\t\t<a class=\"elementor-post__read-more\" href=\"https:\/\/acrj.org.br\/index.php\/2024\/11\/29\/33275\/\" aria-label=\"Leia mais sobre Especialistas debatem os desafios do uso da Intelig\u00eancia Artificial no setor cultural\" tabindex=\"-1\" >\n\t\t\tLeia mais \u00bb\t\t<\/a>\n\n\t\t\t\t<\/div>\n\t\t\t\t<\/article>\n\t\t\t\t<\/div>\n\t\t\n\t\t\t\t<div class=\"e-load-more-anchor\" data-page=\"1\" data-max-page=\"24\" data-next-page=\"https:\/\/acrj.org.br\/index.php\/wp-json\/wp\/v2\/pages\/22306\/page\/2\/\"><\/div>\n\t\t\t\t<nav class=\"elementor-pagination\" aria-label=\"Pagina\u00e7\u00e3o\">\n\t\t\t<span class=\"page-numbers prev\"><<\/span>\n<span aria-current=\"page\" class=\"page-numbers current\"><span class=\"elementor-screen-only\">P\u00e1gina<\/span>1<\/span>\n<a class=\"page-numbers\" href=\"https:\/\/acrj.org.br\/index.php\/wp-json\/wp\/v2\/pages\/22306\/page\/2\/\"><span class=\"elementor-screen-only\">P\u00e1gina<\/span>2<\/a>\n<a class=\"page-numbers\" href=\"https:\/\/acrj.org.br\/index.php\/wp-json\/wp\/v2\/pages\/22306\/page\/3\/\"><span class=\"elementor-screen-only\">P\u00e1gina<\/span>3<\/a>\n<a class=\"page-numbers\" href=\"https:\/\/acrj.org.br\/index.php\/wp-json\/wp\/v2\/pages\/22306\/page\/4\/\"><span class=\"elementor-screen-only\">P\u00e1gina<\/span>4<\/a>\n<a class=\"page-numbers\" href=\"https:\/\/acrj.org.br\/index.php\/wp-json\/wp\/v2\/pages\/22306\/page\/5\/\"><span class=\"elementor-screen-only\">P\u00e1gina<\/span>5<\/a>\n<a class=\"page-numbers\" href=\"https:\/\/acrj.org.br\/index.php\/wp-json\/wp\/v2\/pages\/22306\/page\/6\/\"><span class=\"elementor-screen-only\">P\u00e1gina<\/span>6<\/a>\n<a class=\"page-numbers\" href=\"https:\/\/acrj.org.br\/index.php\/wp-json\/wp\/v2\/pages\/22306\/page\/7\/\"><span class=\"elementor-screen-only\">P\u00e1gina<\/span>7<\/a>\n<a class=\"page-numbers\" href=\"https:\/\/acrj.org.br\/index.php\/wp-json\/wp\/v2\/pages\/22306\/page\/8\/\"><span class=\"elementor-screen-only\">P\u00e1gina<\/span>8<\/a>\n<a class=\"page-numbers\" href=\"https:\/\/acrj.org.br\/index.php\/wp-json\/wp\/v2\/pages\/22306\/page\/9\/\"><span class=\"elementor-screen-only\">P\u00e1gina<\/span>9<\/a>\n<a class=\"page-numbers\" href=\"https:\/\/acrj.org.br\/index.php\/wp-json\/wp\/v2\/pages\/22306\/page\/10\/\"><span class=\"elementor-screen-only\">P\u00e1gina<\/span>10<\/a>\n<a class=\"page-numbers\" href=\"https:\/\/acrj.org.br\/index.php\/wp-json\/wp\/v2\/pages\/22306\/page\/11\/\"><span class=\"elementor-screen-only\">P\u00e1gina<\/span>11<\/a>\n<a class=\"page-numbers\" href=\"https:\/\/acrj.org.br\/index.php\/wp-json\/wp\/v2\/pages\/22306\/page\/12\/\"><span class=\"elementor-screen-only\">P\u00e1gina<\/span>12<\/a>\n<a class=\"page-numbers\" href=\"https:\/\/acrj.org.br\/index.php\/wp-json\/wp\/v2\/pages\/22306\/page\/13\/\"><span class=\"elementor-screen-only\">P\u00e1gina<\/span>13<\/a>\n<a class=\"page-numbers\" href=\"https:\/\/acrj.org.br\/index.php\/wp-json\/wp\/v2\/pages\/22306\/page\/14\/\"><span class=\"elementor-screen-only\">P\u00e1gina<\/span>14<\/a>\n<a class=\"page-numbers\" href=\"https:\/\/acrj.org.br\/index.php\/wp-json\/wp\/v2\/pages\/22306\/page\/15\/\"><span class=\"elementor-screen-only\">P\u00e1gina<\/span>15<\/a>\n<a class=\"page-numbers\" href=\"https:\/\/acrj.org.br\/index.php\/wp-json\/wp\/v2\/pages\/22306\/page\/16\/\"><span class=\"elementor-screen-only\">P\u00e1gina<\/span>16<\/a>\n<a class=\"page-numbers\" href=\"https:\/\/acrj.org.br\/index.php\/wp-json\/wp\/v2\/pages\/22306\/page\/17\/\"><span class=\"elementor-screen-only\">P\u00e1gina<\/span>17<\/a>\n<a class=\"page-numbers\" href=\"https:\/\/acrj.org.br\/index.php\/wp-json\/wp\/v2\/pages\/22306\/page\/18\/\"><span class=\"elementor-screen-only\">P\u00e1gina<\/span>18<\/a>\n<a class=\"page-numbers\" href=\"https:\/\/acrj.org.br\/index.php\/wp-json\/wp\/v2\/pages\/22306\/page\/19\/\"><span class=\"elementor-screen-only\">P\u00e1gina<\/span>19<\/a>\n<a class=\"page-numbers\" href=\"https:\/\/acrj.org.br\/index.php\/wp-json\/wp\/v2\/pages\/22306\/page\/20\/\"><span class=\"elementor-screen-only\">P\u00e1gina<\/span>20<\/a>\n<a class=\"page-numbers\" href=\"https:\/\/acrj.org.br\/index.php\/wp-json\/wp\/v2\/pages\/22306\/page\/21\/\"><span class=\"elementor-screen-only\">P\u00e1gina<\/span>21<\/a>\n<a class=\"page-numbers\" href=\"https:\/\/acrj.org.br\/index.php\/wp-json\/wp\/v2\/pages\/22306\/page\/22\/\"><span class=\"elementor-screen-only\">P\u00e1gina<\/span>22<\/a>\n<a class=\"page-numbers\" href=\"https:\/\/acrj.org.br\/index.php\/wp-json\/wp\/v2\/pages\/22306\/page\/23\/\"><span class=\"elementor-screen-only\">P\u00e1gina<\/span>23<\/a>\n<a class=\"page-numbers\" href=\"https:\/\/acrj.org.br\/index.php\/wp-json\/wp\/v2\/pages\/22306\/page\/24\/\"><span class=\"elementor-screen-only\">P\u00e1gina<\/span>24<\/a>\n<a class=\"page-numbers next\" href=\"https:\/\/acrj.org.br\/index.php\/wp-json\/wp\/v2\/pages\/22306\/page\/2\/\">><\/a>\t\t<\/nav>\n\t\t\t\t\t\t<\/div>\n\t\t\t\t<\/div>\n\t\t\t\t\t<\/div>\n\t\t<\/div>\n\t\t\t\t\t<\/div>\n\t\t<\/section>\n\t\t\t\t<\/div>\n\t\t","protected":false},"excerpt":{"rendered":"<p>not\u00edcias<\/p>\n","protected":false},"author":1,"featured_media":0,"parent":0,"menu_order":0,"comment_status":"closed","ping_status":"closed","template":"","meta":{"_exactmetrics_skip_tracking":false,"_exactmetrics_sitenote_active":false,"_exactmetrics_sitenote_note":"","_exactmetrics_sitenote_category":0,"footnotes":""},"class_list":["post-22306","page","type-page","status-publish","hentry"],"_links":{"self":[{"href":"https:\/\/acrj.org.br\/index.php\/wp-json\/wp\/v2\/pages\/22306","targetHints":{"allow":["GET"]}}],"collection":[{"href":"https:\/\/acrj.org.br\/index.php\/wp-json\/wp\/v2\/pages"}],"about":[{"href":"https:\/\/acrj.org.br\/index.php\/wp-json\/wp\/v2\/types\/page"}],"author":[{"embeddable":true,"href":"https:\/\/acrj.org.br\/index.php\/wp-json\/wp\/v2\/users\/1"}],"replies":[{"embeddable":true,"href":"https:\/\/acrj.org.br\/index.php\/wp-json\/wp\/v2\/comments?post=22306"}],"version-history":[{"count":0,"href":"https:\/\/acrj.org.br\/index.php\/wp-json\/wp\/v2\/pages\/22306\/revisions"}],"wp:attachment":[{"href":"https:\/\/acrj.org.br\/index.php\/wp-json\/wp\/v2\/media?parent=22306"}],"curies":[{"name":"wp","href":"https:\/\/api.w.org\/{rel}","templated":true}]}}