{"id":176,"date":"2020-02-06T10:11:11","date_gmt":"2020-02-06T13:11:11","guid":{"rendered":"http:\/\/acrj2020.profissional.ws\/?page_id=176"},"modified":"2026-02-11T22:51:17","modified_gmt":"2026-02-12T01:51:17","slug":"empresarial-de-comercio-exterior","status":"publish","type":"page","link":"https:\/\/acrj.org.br\/index.php\/empresarial-de-comercio-exterior\/","title":{"rendered":"CONSELHO EMPRESARIAL DE COM\u00c9RCIO EXTERIOR"},"content":{"rendered":"\t\t<div data-elementor-type=\"wp-page\" data-elementor-id=\"176\" class=\"elementor elementor-176\" data-elementor-post-type=\"page\">\n\t\t\t\t\t\t<section class=\"elementor-section elementor-top-section elementor-element elementor-element-65638610 elementor-section-boxed elementor-section-height-default elementor-section-height-default\" data-id=\"65638610\" data-element_type=\"section\" data-e-type=\"section\">\n\t\t\t\t\t\t<div class=\"elementor-container elementor-column-gap-default\">\n\t\t\t\t\t<div class=\"elementor-column elementor-col-100 elementor-top-column elementor-element elementor-element-210ee54d\" data-id=\"210ee54d\" data-element_type=\"column\" data-e-type=\"column\">\n\t\t\t<div class=\"elementor-widget-wrap elementor-element-populated\">\n\t\t\t\t\t\t<div class=\"elementor-element elementor-element-218d75f6 elementor-widget elementor-widget-text-editor\" data-id=\"218d75f6\" data-element_type=\"widget\" data-e-type=\"widget\" data-widget_type=\"text-editor.default\">\n\t\t\t\t<div class=\"elementor-widget-container\">\n\t\t\t\t\t\t\t\t\t\n<p>Tem como objetivo fomentar o com\u00e9rcio exterior brasileiro, promovendo, incentivando e apoiando pr\u00e1ticas comerciais em \u00e2mbito internacional, al\u00e9m de estimular a integra\u00e7\u00e3o do empresariado fluminense \u00e0s din\u00e2micas globais\u00a0de\u00a0mercado.<\/p>\n\t\t\t\t\t\t\t\t<\/div>\n\t\t\t\t<\/div>\n\t\t\t\t\t<\/div>\n\t\t<\/div>\n\t\t\t\t\t<\/div>\n\t\t<\/section>\n\t\t\t\t<section class=\"elementor-section elementor-top-section elementor-element elementor-element-4d5531b elementor-section-boxed elementor-section-height-default elementor-section-height-default\" data-id=\"4d5531b\" data-element_type=\"section\" data-e-type=\"section\">\n\t\t\t\t\t\t<div class=\"elementor-container elementor-column-gap-default\">\n\t\t\t\t\t<div class=\"elementor-column elementor-col-20 elementor-top-column elementor-element elementor-element-a2fb72d\" data-id=\"a2fb72d\" data-element_type=\"column\" data-e-type=\"column\">\n\t\t\t<div class=\"elementor-widget-wrap\">\n\t\t\t\t\t\t\t<\/div>\n\t\t<\/div>\n\t\t\t\t<div class=\"elementor-column elementor-col-20 elementor-top-column elementor-element elementor-element-5a2a856\" data-id=\"5a2a856\" data-element_type=\"column\" data-e-type=\"column\">\n\t\t\t<div class=\"elementor-widget-wrap elementor-element-populated\">\n\t\t\t\t\t\t<div class=\"elementor-element elementor-element-0b7287e elementor-widget__width-initial elementor-widget elementor-widget-image\" data-id=\"0b7287e\" data-element_type=\"widget\" data-e-type=\"widget\" data-widget_type=\"image.default\">\n\t\t\t\t<div class=\"elementor-widget-container\">\n\t\t\t\t\t\t\t\t\t\t\t\t\t\t\t<img decoding=\"async\" src=\"https:\/\/acrj.org.br\/wp-content\/uploads\/elementor\/thumbs\/Celia-Regina-rfkwrxxrh5p3k28wtljw7lopgj7hbjrfr7hhb3b3uo.png\" title=\"C\u00e9lia Regina\" alt=\"C\u00e9lia Regina\" loading=\"lazy\" \/>\t\t\t\t\t\t\t\t\t\t\t\t\t\t\t<\/div>\n\t\t\t\t<\/div>\n\t\t\t\t<div class=\"elementor-element elementor-element-879a4fa elementor-widget__width-initial elementor-absolute elementor-widget elementor-widget-image\" data-id=\"879a4fa\" data-element_type=\"widget\" data-e-type=\"widget\" data-settings=\"{&quot;_position&quot;:&quot;absolute&quot;}\" data-widget_type=\"image.default\">\n\t\t\t\t<div class=\"elementor-widget-container\">\n\t\t\t\t\t\t\t\t\t\t\t\t\t\t\t<img decoding=\"async\" width=\"94\" height=\"245\" src=\"https:\/\/acrj.org.br\/wp-content\/uploads\/2020\/02\/firula1_conselho.png\" class=\"attachment-medium size-medium wp-image-268\" alt=\"\" \/>\t\t\t\t\t\t\t\t\t\t\t\t\t\t\t<\/div>\n\t\t\t\t<\/div>\n\t\t\t\t<div class=\"elementor-element elementor-element-451aa99 elementor-absolute conselhos elementor-widget elementor-widget-text-editor\" data-id=\"451aa99\" data-element_type=\"widget\" data-e-type=\"widget\" data-settings=\"{&quot;_position&quot;:&quot;absolute&quot;}\" data-widget_type=\"text-editor.default\">\n\t\t\t\t<div class=\"elementor-widget-container\">\n\t\t\t\t\t\t\t\t\t<h2>C\u00e9lia Gomes<\/h2>\n<p>PRESIDENTE<\/p>\t\t\t\t\t\t\t\t<\/div>\n\t\t\t\t<\/div>\n\t\t\t\t<div class=\"elementor-element elementor-element-017d8b8 elementor-widget elementor-widget-spacer\" data-id=\"017d8b8\" data-element_type=\"widget\" data-e-type=\"widget\" data-widget_type=\"spacer.default\">\n\t\t\t\t<div class=\"elementor-widget-container\">\n\t\t\t\t\t\t\t<div class=\"elementor-spacer\">\n\t\t\t<div class=\"elementor-spacer-inner\"><\/div>\n\t\t<\/div>\n\t\t\t\t\t\t<\/div>\n\t\t\t\t<\/div>\n\t\t\t\t\t<\/div>\n\t\t<\/div>\n\t\t\t\t<div class=\"elementor-column elementor-col-20 elementor-top-column elementor-element elementor-element-a5d093c\" data-id=\"a5d093c\" data-element_type=\"column\" data-e-type=\"column\">\n\t\t\t<div class=\"elementor-widget-wrap\">\n\t\t\t\t\t\t\t<\/div>\n\t\t<\/div>\n\t\t\t\t<div class=\"elementor-column elementor-col-20 elementor-top-column elementor-element elementor-element-6ba1899\" data-id=\"6ba1899\" data-element_type=\"column\" data-e-type=\"column\">\n\t\t\t<div class=\"elementor-widget-wrap elementor-element-populated\">\n\t\t\t\t\t\t<div class=\"elementor-element elementor-element-2cf683c elementor-widget__width-initial elementor-widget elementor-widget-image\" data-id=\"2cf683c\" data-element_type=\"widget\" data-e-type=\"widget\" data-widget_type=\"image.default\">\n\t\t\t\t<div class=\"elementor-widget-container\">\n\t\t\t\t\t\t\t\t\t\t\t\t\t\t\t<img decoding=\"async\" src=\"https:\/\/acrj.org.br\/wp-content\/uploads\/elementor\/thumbs\/WhatsApp-Image-2022-02-11-at-12.30.00-pkd8b2wizeclj10voywdbrrkl14buxtyj84vv2pf7k.jpeg\" title=\"Pedro Rafael\" alt=\"Pedro Rafael\" loading=\"lazy\" \/>\t\t\t\t\t\t\t\t\t\t\t\t\t\t\t<\/div>\n\t\t\t\t<\/div>\n\t\t\t\t<div class=\"elementor-element elementor-element-7e85ba7 elementor-widget elementor-widget-spacer\" data-id=\"7e85ba7\" data-element_type=\"widget\" data-e-type=\"widget\" data-widget_type=\"spacer.default\">\n\t\t\t\t<div class=\"elementor-widget-container\">\n\t\t\t\t\t\t\t<div class=\"elementor-spacer\">\n\t\t\t<div class=\"elementor-spacer-inner\"><\/div>\n\t\t<\/div>\n\t\t\t\t\t\t<\/div>\n\t\t\t\t<\/div>\n\t\t\t\t<div class=\"elementor-element elementor-element-346deec elementor-absolute conselhos elementor-widget elementor-widget-text-editor\" data-id=\"346deec\" data-element_type=\"widget\" data-e-type=\"widget\" data-settings=\"{&quot;_position&quot;:&quot;absolute&quot;}\" data-widget_type=\"text-editor.default\">\n\t\t\t\t<div class=\"elementor-widget-container\">\n\t\t\t\t\t\t\t\t\t<h2>Pedro Rafael\u00a0<\/h2>\n<p>Vice-Presidente<\/p>\t\t\t\t\t\t\t\t<\/div>\n\t\t\t\t<\/div>\n\t\t\t\t<div class=\"elementor-element elementor-element-784c506 elementor-widget__width-initial elementor-absolute elementor-widget elementor-widget-image\" data-id=\"784c506\" data-element_type=\"widget\" data-e-type=\"widget\" data-settings=\"{&quot;_position&quot;:&quot;absolute&quot;}\" data-widget_type=\"image.default\">\n\t\t\t\t<div class=\"elementor-widget-container\">\n\t\t\t\t\t\t\t\t\t\t\t\t\t\t\t<img decoding=\"async\" width=\"94\" height=\"245\" src=\"https:\/\/acrj.org.br\/wp-content\/uploads\/2020\/02\/firula1_conselho.png\" class=\"attachment-medium size-medium wp-image-268\" alt=\"\" \/>\t\t\t\t\t\t\t\t\t\t\t\t\t\t\t<\/div>\n\t\t\t\t<\/div>\n\t\t\t\t\t<\/div>\n\t\t<\/div>\n\t\t\t\t<div class=\"elementor-column elementor-col-20 elementor-top-column elementor-element elementor-element-1359e4b\" data-id=\"1359e4b\" data-element_type=\"column\" data-e-type=\"column\">\n\t\t\t<div class=\"elementor-widget-wrap\">\n\t\t\t\t\t\t\t<\/div>\n\t\t<\/div>\n\t\t\t\t\t<\/div>\n\t\t<\/section>\n\t\t\t\t<section class=\"elementor-section elementor-top-section elementor-element elementor-element-5688b36 elementor-section-boxed elementor-section-height-default elementor-section-height-default\" data-id=\"5688b36\" data-element_type=\"section\" data-e-type=\"section\">\n\t\t\t\t\t\t<div class=\"elementor-container elementor-column-gap-default\">\n\t\t\t\t\t<div class=\"elementor-column elementor-col-100 elementor-top-column elementor-element elementor-element-3e55eaf\" data-id=\"3e55eaf\" data-element_type=\"column\" data-e-type=\"column\">\n\t\t\t<div class=\"elementor-widget-wrap elementor-element-populated\">\n\t\t\t\t\t\t<div class=\"elementor-element elementor-element-1db496e elementor-widget elementor-widget-heading\" data-id=\"1db496e\" data-element_type=\"widget\" data-e-type=\"widget\" data-widget_type=\"heading.default\">\n\t\t\t\t<div class=\"elementor-widget-container\">\n\t\t\t\t\t<h2 class=\"elementor-heading-title elementor-size-default\">MEMBROS DO CONSELHO<\/h2>\t\t\t\t<\/div>\n\t\t\t\t<\/div>\n\t\t\t\t<div class=\"elementor-element elementor-element-420a48c membros elementor-widget elementor-widget-text-editor\" data-id=\"420a48c\" data-element_type=\"widget\" data-e-type=\"widget\" data-widget_type=\"text-editor.default\">\n\t\t\t\t<div class=\"elementor-widget-container\">\n\t\t\t\t\t\t\t\t\t<p>Amanda de Castro Pires<\/p>\n<p>Ana Carolina Neves Medeiros<\/p>\n<p>Ana Cristina Carvalho de Oliveira<\/p>\n<p>Ana L\u00facia de Castro Loureiro da Silva<\/p>\n<p>Carlos Eduardo Collares<\/p>\n<p>Moreira Portella<\/p>\n<p>Erika Maria Mussi Sargin<\/p>\n<p>Euzi Duarte Martins<\/p>\n<p>Fernando Cariola Travassos<\/p>\n<p>Filipe da Costa Coelho<\/p>\n<p>Guilherme Merc\u00eas<\/p>\n<p>\u00cdvano de Souza Portella<\/p>\n<p>Marcelo Henriques de Brito<\/p>\n<p>M\u00e1rcio Sette Fortes<\/p>\n<p>Mario Augusto de Azevedo Scangarelli<\/p>\n<p>M\u00f4nica Romero Monteiro Marinho<\/p>\n<p>Rafael Barbosa Pereira Pinto<\/p>\n<p>Rita de C\u00e1ssia Marcelino Fernandes<\/p>\n<p>Roberto Godinho Lopes<\/p>\n<p>Thiago de Castro Neves<\/p>\n<p>Martins Vieira<\/p>\n<p>Thomas Klien<\/p>\n<p>Victor\u00a0Avelino\u00a0da\u00a0Mota<\/p>\t\t\t\t\t\t\t\t<\/div>\n\t\t\t\t<\/div>\n\t\t\t\t\t<\/div>\n\t\t<\/div>\n\t\t\t\t\t<\/div>\n\t\t<\/section>\n\t\t\t\t<\/div>\n\t\t","protected":false},"excerpt":{"rendered":"<p>Tem como objetivo fomentar o com\u00e9rcio exterior brasileiro, promovendo, incentivando e apoiando pr\u00e1ticas comerciais em \u00e2mbito internacional, al\u00e9m de estimular a integra\u00e7\u00e3o do empresariado fluminense&hellip;<\/p>\n","protected":false},"author":9,"featured_media":0,"parent":0,"menu_order":0,"comment_status":"closed","ping_status":"closed","template":"","meta":{"_exactmetrics_skip_tracking":false,"_exactmetrics_sitenote_active":false,"_exactmetrics_sitenote_note":"","_exactmetrics_sitenote_category":0,"footnotes":""},"class_list":["post-176","page","type-page","status-publish","hentry"],"_links":{"self":[{"href":"https:\/\/acrj.org.br\/index.php\/wp-json\/wp\/v2\/pages\/176","targetHints":{"allow":["GET"]}}],"collection":[{"href":"https:\/\/acrj.org.br\/index.php\/wp-json\/wp\/v2\/pages"}],"about":[{"href":"https:\/\/acrj.org.br\/index.php\/wp-json\/wp\/v2\/types\/page"}],"author":[{"embeddable":true,"href":"https:\/\/acrj.org.br\/index.php\/wp-json\/wp\/v2\/users\/9"}],"replies":[{"embeddable":true,"href":"https:\/\/acrj.org.br\/index.php\/wp-json\/wp\/v2\/comments?post=176"}],"version-history":[{"count":9,"href":"https:\/\/acrj.org.br\/index.php\/wp-json\/wp\/v2\/pages\/176\/revisions"}],"predecessor-version":[{"id":41687,"href":"https:\/\/acrj.org.br\/index.php\/wp-json\/wp\/v2\/pages\/176\/revisions\/41687"}],"wp:attachment":[{"href":"https:\/\/acrj.org.br\/index.php\/wp-json\/wp\/v2\/media?parent=176"}],"curies":[{"name":"wp","href":"https:\/\/api.w.org\/{rel}","templated":true}]}}