{"id":1579,"date":"2020-02-27T13:22:56","date_gmt":"2020-02-27T16:22:56","guid":{"rendered":"http:\/\/acrj2020.profissional.ws\/?page_id=1579"},"modified":"2025-05-08T11:50:59","modified_gmt":"2025-05-08T14:50:59","slug":"2018-2","status":"publish","type":"page","link":"https:\/\/acrj.org.br\/index.php\/2018-2\/","title":{"rendered":"Not\u00edcias 2018"},"content":{"rendered":"\t\t<div data-elementor-type=\"wp-page\" data-elementor-id=\"1579\" class=\"elementor elementor-1579\" data-elementor-post-type=\"page\">\n\t\t\t\t\t\t<div class=\"elementor-section elementor-top-section elementor-element elementor-element-87a7bf0 elementor-section-full_width elementor-section-stretched elementor-section-height-default elementor-section-height-default\" data-id=\"87a7bf0\" data-element_type=\"section\" data-e-type=\"section\" data-settings=\"{&quot;stretch_section&quot;:&quot;section-stretched&quot;}\">\n\t\t\t\t\t\t<div class=\"elementor-container elementor-column-gap-no\">\n\t\t\t\t\t<div class=\"elementor-column elementor-col-100 elementor-top-column elementor-element elementor-element-0e21055\" data-id=\"0e21055\" data-element_type=\"column\" data-e-type=\"column\">\n\t\t\t<div class=\"elementor-widget-wrap elementor-element-populated\">\n\t\t\t\t\t\t<div class=\"elementor-element elementor-element-3971696 header elementor-widget elementor-widget-text-editor\" data-id=\"3971696\" data-element_type=\"widget\" data-e-type=\"widget\" data-widget_type=\"text-editor.default\">\n\t\t\t\t<div class=\"elementor-widget-container\">\n\t\t\t\t\t\t\t\t\t<h1>not\u00edcias<\/h1>\t\t\t\t\t\t\t\t<\/div>\n\t\t\t\t<\/div>\n\t\t\t\t\t<\/div>\n\t\t<\/div>\n\t\t\t\t\t<\/div>\n\t\t<\/div>\n\t\t\t\t<section class=\"elementor-section elementor-top-section elementor-element elementor-element-f5293d4 elementor-section-boxed elementor-section-height-default elementor-section-height-default\" data-id=\"f5293d4\" data-element_type=\"section\" data-e-type=\"section\">\n\t\t\t\t\t\t<div class=\"elementor-container elementor-column-gap-default\">\n\t\t\t\t\t<div class=\"elementor-column elementor-col-100 elementor-top-column elementor-element elementor-element-bf9aa70\" data-id=\"bf9aa70\" data-element_type=\"column\" data-e-type=\"column\">\n\t\t\t<div class=\"elementor-widget-wrap elementor-element-populated\">\n\t\t\t\t\t\t<div class=\"elementor-element elementor-element-206c46d elementor-nav-menu__align-center elementor-nav-menu--dropdown-tablet elementor-nav-menu__text-align-aside elementor-nav-menu--toggle elementor-nav-menu--burger elementor-widget elementor-widget-nav-menu\" data-id=\"206c46d\" data-element_type=\"widget\" data-e-type=\"widget\" data-settings=\"{&quot;layout&quot;:&quot;horizontal&quot;,&quot;submenu_icon&quot;:{&quot;value&quot;:&quot;&lt;i class=\\&quot;fas fa-caret-down\\&quot; aria-hidden=\\&quot;true\\&quot;&gt;&lt;\\\/i&gt;&quot;,&quot;library&quot;:&quot;fa-solid&quot;},&quot;toggle&quot;:&quot;burger&quot;}\" data-widget_type=\"nav-menu.default\">\n\t\t\t\t<div class=\"elementor-widget-container\">\n\t\t\t\t\t\t\t\t<nav aria-label=\"Menu\" class=\"elementor-nav-menu--main elementor-nav-menu__container elementor-nav-menu--layout-horizontal e--pointer-underline e--animation-fade\">\n\t\t\t\t<ul id=\"menu-1-206c46d\" class=\"elementor-nav-menu\"><li class=\"menu-item menu-item-type-post_type menu-item-object-page menu-item-40871\"><a href=\"https:\/\/acrj.org.br\/index.php\/noticias-2026\/\" class=\"elementor-item\">2026<\/a><\/li>\n<li class=\"menu-item menu-item-type-post_type menu-item-object-page menu-item-33696\"><a href=\"https:\/\/acrj.org.br\/index.php\/noticias-2025\/\" class=\"elementor-item\">2025<\/a><\/li>\n<li class=\"menu-item menu-item-type-post_type menu-item-object-page menu-item-22311\"><a href=\"https:\/\/acrj.org.br\/index.php\/noticias-2024\/\" class=\"elementor-item\">2024<\/a><\/li>\n<li class=\"menu-item menu-item-type-post_type menu-item-object-page menu-item-14279\"><a href=\"https:\/\/acrj.org.br\/index.php\/noticias-2023\/\" class=\"elementor-item\">2023<\/a><\/li>\n<li class=\"menu-item menu-item-type-post_type menu-item-object-page menu-item-10209\"><a href=\"https:\/\/acrj.org.br\/index.php\/noticias-2022\/\" class=\"elementor-item\">2022<\/a><\/li>\n<li class=\"menu-item menu-item-type-post_type menu-item-object-page menu-item-6708\"><a href=\"https:\/\/acrj.org.br\/index.php\/noticias-2021\/\" class=\"elementor-item\">2021<\/a><\/li>\n<li class=\"menu-item menu-item-type-post_type menu-item-object-page menu-item-1590\"><a href=\"https:\/\/acrj.org.br\/index.php\/noticias\/\" class=\"elementor-item\">2020<\/a><\/li>\n<li class=\"menu-item menu-item-type-post_type menu-item-object-page menu-item-1585\"><a href=\"https:\/\/acrj.org.br\/index.php\/2019-2\/\" class=\"elementor-item\">2019<\/a><\/li>\n<li class=\"menu-item menu-item-type-post_type menu-item-object-page menu-item-1584\"><a href=\"https:\/\/acrj.org.br\/index.php\/2018-2\/\" class=\"elementor-item\">2018<\/a><\/li>\n<li class=\"menu-item menu-item-type-post_type menu-item-object-page menu-item-1583\"><a href=\"https:\/\/acrj.org.br\/index.php\/2017-2\/\" class=\"elementor-item\">2017<\/a><\/li>\n<\/ul>\t\t\t<\/nav>\n\t\t\t\t\t<div class=\"elementor-menu-toggle\" role=\"button\" tabindex=\"0\" aria-label=\"Alternar menu\" aria-expanded=\"false\">\n\t\t\t<i aria-hidden=\"true\" role=\"presentation\" class=\"elementor-menu-toggle__icon--open eicon-menu-bar\"><\/i><i aria-hidden=\"true\" role=\"presentation\" class=\"elementor-menu-toggle__icon--close eicon-close\"><\/i>\t\t<\/div>\n\t\t\t\t\t<nav class=\"elementor-nav-menu--dropdown elementor-nav-menu__container\" aria-hidden=\"true\">\n\t\t\t\t<ul id=\"menu-2-206c46d\" class=\"elementor-nav-menu\"><li class=\"menu-item menu-item-type-post_type menu-item-object-page menu-item-40871\"><a href=\"https:\/\/acrj.org.br\/index.php\/noticias-2026\/\" class=\"elementor-item\" tabindex=\"-1\">2026<\/a><\/li>\n<li class=\"menu-item menu-item-type-post_type menu-item-object-page menu-item-33696\"><a href=\"https:\/\/acrj.org.br\/index.php\/noticias-2025\/\" class=\"elementor-item\" tabindex=\"-1\">2025<\/a><\/li>\n<li class=\"menu-item menu-item-type-post_type menu-item-object-page menu-item-22311\"><a href=\"https:\/\/acrj.org.br\/index.php\/noticias-2024\/\" class=\"elementor-item\" tabindex=\"-1\">2024<\/a><\/li>\n<li class=\"menu-item menu-item-type-post_type menu-item-object-page menu-item-14279\"><a href=\"https:\/\/acrj.org.br\/index.php\/noticias-2023\/\" class=\"elementor-item\" tabindex=\"-1\">2023<\/a><\/li>\n<li class=\"menu-item menu-item-type-post_type menu-item-object-page menu-item-10209\"><a href=\"https:\/\/acrj.org.br\/index.php\/noticias-2022\/\" class=\"elementor-item\" tabindex=\"-1\">2022<\/a><\/li>\n<li class=\"menu-item menu-item-type-post_type menu-item-object-page menu-item-6708\"><a href=\"https:\/\/acrj.org.br\/index.php\/noticias-2021\/\" class=\"elementor-item\" tabindex=\"-1\">2021<\/a><\/li>\n<li class=\"menu-item menu-item-type-post_type menu-item-object-page menu-item-1590\"><a href=\"https:\/\/acrj.org.br\/index.php\/noticias\/\" class=\"elementor-item\" tabindex=\"-1\">2020<\/a><\/li>\n<li class=\"menu-item menu-item-type-post_type menu-item-object-page menu-item-1585\"><a href=\"https:\/\/acrj.org.br\/index.php\/2019-2\/\" class=\"elementor-item\" tabindex=\"-1\">2019<\/a><\/li>\n<li class=\"menu-item menu-item-type-post_type menu-item-object-page menu-item-1584\"><a href=\"https:\/\/acrj.org.br\/index.php\/2018-2\/\" class=\"elementor-item\" tabindex=\"-1\">2018<\/a><\/li>\n<li class=\"menu-item menu-item-type-post_type menu-item-object-page menu-item-1583\"><a href=\"https:\/\/acrj.org.br\/index.php\/2017-2\/\" class=\"elementor-item\" tabindex=\"-1\">2017<\/a><\/li>\n<\/ul>\t\t\t<\/nav>\n\t\t\t\t\t\t<\/div>\n\t\t\t\t<\/div>\n\t\t\t\t\t<\/div>\n\t\t<\/div>\n\t\t\t\t\t<\/div>\n\t\t<\/section>\n\t\t\t\t<section class=\"elementor-section elementor-top-section elementor-element elementor-element-94692e9 elementor-section-boxed elementor-section-height-default elementor-section-height-default\" data-id=\"94692e9\" data-element_type=\"section\" data-e-type=\"section\">\n\t\t\t\t\t\t<div class=\"elementor-container elementor-column-gap-default\">\n\t\t\t\t\t<div class=\"elementor-column elementor-col-100 elementor-top-column elementor-element elementor-element-673a43d\" data-id=\"673a43d\" data-element_type=\"column\" data-e-type=\"column\">\n\t\t\t<div class=\"elementor-widget-wrap elementor-element-populated\">\n\t\t\t\t\t\t<div class=\"elementor-element elementor-element-98fff2d elementor-grid-4 elementor-grid-tablet-1 elementor-grid-mobile-1 elementor-posts--thumbnail-top elementor-widget elementor-widget-posts\" data-id=\"98fff2d\" data-element_type=\"widget\" data-e-type=\"widget\" data-settings=\"{&quot;classic_columns&quot;:&quot;4&quot;,&quot;pagination_type&quot;:&quot;numbers_and_prev_next&quot;,&quot;classic_columns_tablet&quot;:&quot;1&quot;,&quot;classic_columns_mobile&quot;:&quot;1&quot;,&quot;classic_row_gap&quot;:{&quot;unit&quot;:&quot;px&quot;,&quot;size&quot;:35,&quot;sizes&quot;:[]},&quot;classic_row_gap_tablet&quot;:{&quot;unit&quot;:&quot;px&quot;,&quot;size&quot;:&quot;&quot;,&quot;sizes&quot;:[]},&quot;classic_row_gap_mobile&quot;:{&quot;unit&quot;:&quot;px&quot;,&quot;size&quot;:&quot;&quot;,&quot;sizes&quot;:[]}}\" data-widget_type=\"posts.classic\">\n\t\t\t\t<div class=\"elementor-widget-container\">\n\t\t\t\t\t\t\t<div class=\"elementor-posts-container elementor-posts elementor-posts--skin-classic elementor-grid\" role=\"list\">\n\t\t\t\t<article class=\"elementor-post elementor-grid-item post-1659 post type-post status-publish format-standard has-post-thumbnail hentry category-interno\" role=\"listitem\">\n\t\t\t\t<a class=\"elementor-post__thumbnail__link\" href=\"https:\/\/acrj.org.br\/index.php\/2018\/12\/25\/nota-de-falecimento-tenente-brigadeiro-do-ar-mauro-jose-miranda-gandra\/\" tabindex=\"-1\" >\n\t\t\t<div class=\"elementor-post__thumbnail\"><img fetchpriority=\"high\" decoding=\"async\" width=\"287\" height=\"300\" src=\"https:\/\/acrj.org.br\/wp-content\/uploads\/2020\/02\/photo-2018-12-25-19-46-31-287x300.jpg\" class=\"attachment-medium size-medium wp-image-1660\" alt=\"\" srcset=\"https:\/\/acrj.org.br\/wp-content\/uploads\/2020\/02\/photo-2018-12-25-19-46-31-287x300.jpg 287w, https:\/\/acrj.org.br\/wp-content\/uploads\/2020\/02\/photo-2018-12-25-19-46-31.jpg 586w\" sizes=\"(max-width: 287px) 100vw, 287px\" \/><\/div>\n\t\t<\/a>\n\t\t\t\t<div class=\"elementor-post__text\">\n\t\t\t\t<h3 class=\"elementor-post__title\">\n\t\t\t<a href=\"https:\/\/acrj.org.br\/index.php\/2018\/12\/25\/nota-de-falecimento-tenente-brigadeiro-do-ar-mauro-jose-miranda-gandra\/\" >\n\t\t\t\tNota de Falecimento: Tenente-Brigadeiro do Ar Mauro Jos\u00e9 Miranda Gandra\t\t\t<\/a>\n\t\t<\/h3>\n\t\t\t\t<div class=\"elementor-post__excerpt\">\n\t\t\t<p>\u00c9 com grande tristeza que a ACRJ comunica o falecimento do Benem\u00e9rito&nbsp;Tenente-Brigadeiro do Ar Mauro Jos\u00e9 Miranda Gandra,&nbsp;ocorrido em sua resid\u00eancia no Rio de Janeiro<\/p>\n\t\t<\/div>\n\t\t\n\t\t<a class=\"elementor-post__read-more\" href=\"https:\/\/acrj.org.br\/index.php\/2018\/12\/25\/nota-de-falecimento-tenente-brigadeiro-do-ar-mauro-jose-miranda-gandra\/\" aria-label=\"Leia mais sobre Nota de Falecimento: Tenente-Brigadeiro do Ar Mauro Jos\u00e9 Miranda Gandra\" tabindex=\"-1\" >\n\t\t\tleia mais ...\t\t<\/a>\n\n\t\t\t\t<\/div>\n\t\t\t\t<\/article>\n\t\t\t\t<article class=\"elementor-post elementor-grid-item post-2475 post type-post status-publish format-standard has-post-thumbnail hentry category-noticias\" role=\"listitem\">\n\t\t\t\t<a class=\"elementor-post__thumbnail__link\" href=\"https:\/\/acrj.org.br\/index.php\/2018\/12\/14\/forum-de-desenvolvimento-do-rio-promove-debate-sobre-o-futuro-do-estado\/\" tabindex=\"-1\" >\n\t\t\t<div class=\"elementor-post__thumbnail\"><img decoding=\"async\" width=\"300\" height=\"223\" src=\"https:\/\/acrj.org.br\/wp-content\/uploads\/2020\/02\/agenda_de_futuro-300x223.jpg\" class=\"attachment-medium size-medium wp-image-2476\" alt=\"\" srcset=\"https:\/\/acrj.org.br\/wp-content\/uploads\/2020\/02\/agenda_de_futuro-300x223.jpg 300w, https:\/\/acrj.org.br\/wp-content\/uploads\/2020\/02\/agenda_de_futuro-600x445.jpg 600w, https:\/\/acrj.org.br\/wp-content\/uploads\/2020\/02\/agenda_de_futuro.jpg 660w\" sizes=\"(max-width: 300px) 100vw, 300px\" \/><\/div>\n\t\t<\/a>\n\t\t\t\t<div class=\"elementor-post__text\">\n\t\t\t\t<h3 class=\"elementor-post__title\">\n\t\t\t<a href=\"https:\/\/acrj.org.br\/index.php\/2018\/12\/14\/forum-de-desenvolvimento-do-rio-promove-debate-sobre-o-futuro-do-estado\/\" >\n\t\t\t\tF\u00f3rum de Desenvolvimento do Rio promove debate sobre o futuro do estado\t\t\t<\/a>\n\t\t<\/h3>\n\t\t\t\t<div class=\"elementor-post__excerpt\">\n\t\t\t<p>A Assembleia Legislativa do Rio de Janeiro (Alerj) realizar\u00e1, na pr\u00f3xima segunda-feira (17\/12), a Agenda de Futuro, das 9h30 \u00e0s 14h30, no Plen\u00e1rio Barbosa Lima<\/p>\n\t\t<\/div>\n\t\t\n\t\t<a class=\"elementor-post__read-more\" href=\"https:\/\/acrj.org.br\/index.php\/2018\/12\/14\/forum-de-desenvolvimento-do-rio-promove-debate-sobre-o-futuro-do-estado\/\" aria-label=\"Leia mais sobre F\u00f3rum de Desenvolvimento do Rio promove debate sobre o futuro do estado\" tabindex=\"-1\" >\n\t\t\tleia mais ...\t\t<\/a>\n\n\t\t\t\t<\/div>\n\t\t\t\t<\/article>\n\t\t\t\t<article class=\"elementor-post elementor-grid-item post-2478 post type-post status-publish format-standard has-post-thumbnail hentry category-noticias\" role=\"listitem\">\n\t\t\t\t<a class=\"elementor-post__thumbnail__link\" href=\"https:\/\/acrj.org.br\/index.php\/2018\/12\/13\/termina-dia-28-de-dezembro-o-prazo-para-consolidacao-de-debitos-do-pert\/\" tabindex=\"-1\" >\n\t\t\t<div class=\"elementor-post__thumbnail\"><img decoding=\"async\" width=\"300\" height=\"223\" src=\"https:\/\/acrj.org.br\/wp-content\/uploads\/2020\/02\/pert2-300x223.jpg\" class=\"attachment-medium size-medium wp-image-2479\" alt=\"\" srcset=\"https:\/\/acrj.org.br\/wp-content\/uploads\/2020\/02\/pert2-300x223.jpg 300w, https:\/\/acrj.org.br\/wp-content\/uploads\/2020\/02\/pert2-600x445.jpg 600w, https:\/\/acrj.org.br\/wp-content\/uploads\/2020\/02\/pert2.jpg 660w\" sizes=\"(max-width: 300px) 100vw, 300px\" \/><\/div>\n\t\t<\/a>\n\t\t\t\t<div class=\"elementor-post__text\">\n\t\t\t\t<h3 class=\"elementor-post__title\">\n\t\t\t<a href=\"https:\/\/acrj.org.br\/index.php\/2018\/12\/13\/termina-dia-28-de-dezembro-o-prazo-para-consolidacao-de-debitos-do-pert\/\" >\n\t\t\t\tTermina dia 28 de dezembro o prazo para consolida\u00e7\u00e3o de d\u00e9bitos do PERT\t\t\t<\/a>\n\t\t<\/h3>\n\t\t\t\t<div class=\"elementor-post__excerpt\">\n\t\t\t<p>No ano passado os contribuintes puderam aderir ao Programa Especial de Regulariza\u00e7\u00e3o Tribut\u00e1ria \u2013 PERT \u2013 demais d\u00e9bitos, institu\u00eddo pela Lei n\u00ba 13.496, de 24<\/p>\n\t\t<\/div>\n\t\t\n\t\t<a class=\"elementor-post__read-more\" href=\"https:\/\/acrj.org.br\/index.php\/2018\/12\/13\/termina-dia-28-de-dezembro-o-prazo-para-consolidacao-de-debitos-do-pert\/\" aria-label=\"Leia mais sobre Termina dia 28 de dezembro o prazo para consolida\u00e7\u00e3o de d\u00e9bitos do PERT\" tabindex=\"-1\" >\n\t\t\tleia mais ...\t\t<\/a>\n\n\t\t\t\t<\/div>\n\t\t\t\t<\/article>\n\t\t\t\t<article class=\"elementor-post elementor-grid-item post-2481 post type-post status-publish format-standard has-post-thumbnail hentry category-noticias\" role=\"listitem\">\n\t\t\t\t<a class=\"elementor-post__thumbnail__link\" href=\"https:\/\/acrj.org.br\/index.php\/2018\/12\/12\/informativo-juridico-edicao-no56\/\" tabindex=\"-1\" >\n\t\t\t<div class=\"elementor-post__thumbnail\"><img loading=\"lazy\" decoding=\"async\" width=\"300\" height=\"223\" src=\"https:\/\/acrj.org.br\/wp-content\/uploads\/2020\/02\/infor_jur_site_interno_56-300x223.jpeg\" class=\"attachment-medium size-medium wp-image-2482\" alt=\"\" srcset=\"https:\/\/acrj.org.br\/wp-content\/uploads\/2020\/02\/infor_jur_site_interno_56-300x223.jpeg 300w, https:\/\/acrj.org.br\/wp-content\/uploads\/2020\/02\/infor_jur_site_interno_56-600x446.jpeg 600w, https:\/\/acrj.org.br\/wp-content\/uploads\/2020\/02\/infor_jur_site_interno_56.jpeg 661w\" sizes=\"(max-width: 300px) 100vw, 300px\" \/><\/div>\n\t\t<\/a>\n\t\t\t\t<div class=\"elementor-post__text\">\n\t\t\t\t<h3 class=\"elementor-post__title\">\n\t\t\t<a href=\"https:\/\/acrj.org.br\/index.php\/2018\/12\/12\/informativo-juridico-edicao-no56\/\" >\n\t\t\t\tInformativo Jur\u00eddico &#8211; Edi\u00e7\u00e3o n\u00ba56\t\t\t<\/a>\n\t\t<\/h3>\n\t\t\t\t<div class=\"elementor-post__excerpt\">\n\t\t\t<p>A ACRJ, atrav\u00e9s de seu Conselho Empresarial Jur\u00eddico e Estrat\u00e9gico, traz toda semana um informativo com not\u00edcias, entrevistas e coment\u00e1rios sobre assuntos atuais e de<\/p>\n\t\t<\/div>\n\t\t\n\t\t<a class=\"elementor-post__read-more\" href=\"https:\/\/acrj.org.br\/index.php\/2018\/12\/12\/informativo-juridico-edicao-no56\/\" aria-label=\"Leia mais sobre Informativo Jur\u00eddico &#8211; Edi\u00e7\u00e3o n\u00ba56\" tabindex=\"-1\" >\n\t\t\tleia mais ...\t\t<\/a>\n\n\t\t\t\t<\/div>\n\t\t\t\t<\/article>\n\t\t\t\t<article class=\"elementor-post elementor-grid-item post-2484 post type-post status-publish format-standard has-post-thumbnail hentry category-noticias\" role=\"listitem\">\n\t\t\t\t<a class=\"elementor-post__thumbnail__link\" href=\"https:\/\/acrj.org.br\/index.php\/2018\/12\/10\/inseguranca-juridica-dos-contribuintes-marcou-o-ano-de-2018\/\" tabindex=\"-1\" >\n\t\t\t<div class=\"elementor-post__thumbnail\"><img loading=\"lazy\" decoding=\"async\" width=\"300\" height=\"223\" src=\"https:\/\/acrj.org.br\/wp-content\/uploads\/2020\/02\/contribuinte-300x223.jpg\" class=\"attachment-medium size-medium wp-image-2485\" alt=\"\" srcset=\"https:\/\/acrj.org.br\/wp-content\/uploads\/2020\/02\/contribuinte-300x223.jpg 300w, https:\/\/acrj.org.br\/wp-content\/uploads\/2020\/02\/contribuinte-600x445.jpg 600w, https:\/\/acrj.org.br\/wp-content\/uploads\/2020\/02\/contribuinte.jpg 660w\" sizes=\"(max-width: 300px) 100vw, 300px\" \/><\/div>\n\t\t<\/a>\n\t\t\t\t<div class=\"elementor-post__text\">\n\t\t\t\t<h3 class=\"elementor-post__title\">\n\t\t\t<a href=\"https:\/\/acrj.org.br\/index.php\/2018\/12\/10\/inseguranca-juridica-dos-contribuintes-marcou-o-ano-de-2018\/\" >\n\t\t\t\tInseguran\u00e7a jur\u00eddica dos contribuintes marcou o ano de 2018\t\t\t<\/a>\n\t\t<\/h3>\n\t\t\t\t<div class=\"elementor-post__excerpt\">\n\t\t\t<p>Mais um ano est\u00e1 prestes a encerrar, mas pouca coisa mudou no que tange \u00e0 seguran\u00e7a jur\u00eddica que circunda &#8211; ou pelo menos deveria &#8211;<\/p>\n\t\t<\/div>\n\t\t\n\t\t<a class=\"elementor-post__read-more\" href=\"https:\/\/acrj.org.br\/index.php\/2018\/12\/10\/inseguranca-juridica-dos-contribuintes-marcou-o-ano-de-2018\/\" aria-label=\"Leia mais sobre Inseguran\u00e7a jur\u00eddica dos contribuintes marcou o ano de 2018\" tabindex=\"-1\" >\n\t\t\tleia mais ...\t\t<\/a>\n\n\t\t\t\t<\/div>\n\t\t\t\t<\/article>\n\t\t\t\t<article class=\"elementor-post elementor-grid-item post-2487 post type-post status-publish format-standard has-post-thumbnail hentry category-noticias\" role=\"listitem\">\n\t\t\t\t<a class=\"elementor-post__thumbnail__link\" href=\"https:\/\/acrj.org.br\/index.php\/2018\/12\/10\/veja-como-participar-e-avaliar-os-servicos-publicos-no-brasil\/\" tabindex=\"-1\" >\n\t\t\t<div class=\"elementor-post__thumbnail\"><img loading=\"lazy\" decoding=\"async\" width=\"300\" height=\"223\" src=\"https:\/\/acrj.org.br\/wp-content\/uploads\/2020\/02\/avaliar-300x223.jpg\" class=\"attachment-medium size-medium wp-image-2488\" alt=\"\" srcset=\"https:\/\/acrj.org.br\/wp-content\/uploads\/2020\/02\/avaliar-300x223.jpg 300w, https:\/\/acrj.org.br\/wp-content\/uploads\/2020\/02\/avaliar-600x445.jpg 600w, https:\/\/acrj.org.br\/wp-content\/uploads\/2020\/02\/avaliar.jpg 660w\" sizes=\"(max-width: 300px) 100vw, 300px\" \/><\/div>\n\t\t<\/a>\n\t\t\t\t<div class=\"elementor-post__text\">\n\t\t\t\t<h3 class=\"elementor-post__title\">\n\t\t\t<a href=\"https:\/\/acrj.org.br\/index.php\/2018\/12\/10\/veja-como-participar-e-avaliar-os-servicos-publicos-no-brasil\/\" >\n\t\t\t\tVeja como participar e avaliar os servi\u00e7os p\u00fablicos no Brasil\t\t\t<\/a>\n\t\t<\/h3>\n\t\t\t\t<div class=\"elementor-post__excerpt\">\n\t\t\t<p>Em 2009, o Presidente Lula publicou o Decreto n\u00ba 6.932, visando a desburocratiza\u00e7\u00e3o e a melhoria dos servi\u00e7os p\u00fablicos. Dentre as medidas, que eram inovadoras<\/p>\n\t\t<\/div>\n\t\t\n\t\t<a class=\"elementor-post__read-more\" href=\"https:\/\/acrj.org.br\/index.php\/2018\/12\/10\/veja-como-participar-e-avaliar-os-servicos-publicos-no-brasil\/\" aria-label=\"Leia mais sobre Veja como participar e avaliar os servi\u00e7os p\u00fablicos no Brasil\" tabindex=\"-1\" >\n\t\t\tleia mais ...\t\t<\/a>\n\n\t\t\t\t<\/div>\n\t\t\t\t<\/article>\n\t\t\t\t<article class=\"elementor-post elementor-grid-item post-2490 post type-post status-publish format-standard has-post-thumbnail hentry category-noticias\" role=\"listitem\">\n\t\t\t\t<a class=\"elementor-post__thumbnail__link\" href=\"https:\/\/acrj.org.br\/index.php\/2018\/12\/08\/nota-de-falecimento-maria-teresa-carcomo-lobo\/\" tabindex=\"-1\" >\n\t\t\t<div class=\"elementor-post__thumbnail\"><img loading=\"lazy\" decoding=\"async\" width=\"300\" height=\"300\" src=\"https:\/\/acrj.org.br\/wp-content\/uploads\/2018\/12\/photo-2018-12-08-09-54-35-300x300.png\" class=\"attachment-medium size-medium wp-image-2493\" alt=\"\" srcset=\"https:\/\/acrj.org.br\/wp-content\/uploads\/2018\/12\/photo-2018-12-08-09-54-35-300x300.png 300w, https:\/\/acrj.org.br\/wp-content\/uploads\/2018\/12\/photo-2018-12-08-09-54-35-100x100.png 100w, https:\/\/acrj.org.br\/wp-content\/uploads\/2018\/12\/photo-2018-12-08-09-54-35-600x600.png 600w, https:\/\/acrj.org.br\/wp-content\/uploads\/2018\/12\/photo-2018-12-08-09-54-35-150x150.png 150w, https:\/\/acrj.org.br\/wp-content\/uploads\/2018\/12\/photo-2018-12-08-09-54-35-768x768.png 768w, https:\/\/acrj.org.br\/wp-content\/uploads\/2018\/12\/photo-2018-12-08-09-54-35.png 1024w\" sizes=\"(max-width: 300px) 100vw, 300px\" \/><\/div>\n\t\t<\/a>\n\t\t\t\t<div class=\"elementor-post__text\">\n\t\t\t\t<h3 class=\"elementor-post__title\">\n\t\t\t<a href=\"https:\/\/acrj.org.br\/index.php\/2018\/12\/08\/nota-de-falecimento-maria-teresa-carcomo-lobo\/\" >\n\t\t\t\tNota de Falecimento: Maria Teresa Carcomo Lobo\t\t\t<\/a>\n\t\t<\/h3>\n\t\t\t\t<div class=\"elementor-post__excerpt\">\n\t\t\t<p>\u00c9 com enorme tristeza que a ACRJ comunica o falecimento de sua Diretora Maria Teresa Carcomo Lobo. Licenciada em Direito pela Faculdade de Direito da<\/p>\n\t\t<\/div>\n\t\t\n\t\t<a class=\"elementor-post__read-more\" href=\"https:\/\/acrj.org.br\/index.php\/2018\/12\/08\/nota-de-falecimento-maria-teresa-carcomo-lobo\/\" aria-label=\"Leia mais sobre Nota de Falecimento: Maria Teresa Carcomo Lobo\" tabindex=\"-1\" >\n\t\t\tleia mais ...\t\t<\/a>\n\n\t\t\t\t<\/div>\n\t\t\t\t<\/article>\n\t\t\t\t<article class=\"elementor-post elementor-grid-item post-2494 post type-post status-publish format-standard has-post-thumbnail hentry category-noticias\" role=\"listitem\">\n\t\t\t\t<a class=\"elementor-post__thumbnail__link\" href=\"https:\/\/acrj.org.br\/index.php\/2018\/12\/04\/conselho-superior-da-acrj-presta-homenagem-a-benemeritos-da-casa\/\" tabindex=\"-1\" >\n\t\t\t<div class=\"elementor-post__thumbnail\"><img loading=\"lazy\" decoding=\"async\" width=\"300\" height=\"200\" src=\"https:\/\/acrj.org.br\/wp-content\/uploads\/2020\/02\/photo-2018-12-03-17-34-31-300x200.jpg\" class=\"attachment-medium size-medium wp-image-2495\" alt=\"\" srcset=\"https:\/\/acrj.org.br\/wp-content\/uploads\/2020\/02\/photo-2018-12-03-17-34-31-300x200.jpg 300w, https:\/\/acrj.org.br\/wp-content\/uploads\/2020\/02\/photo-2018-12-03-17-34-31-600x400.jpg 600w, https:\/\/acrj.org.br\/wp-content\/uploads\/2020\/02\/photo-2018-12-03-17-34-31-1024x683.jpg 1024w, https:\/\/acrj.org.br\/wp-content\/uploads\/2020\/02\/photo-2018-12-03-17-34-31-768x512.jpg 768w, https:\/\/acrj.org.br\/wp-content\/uploads\/2020\/02\/photo-2018-12-03-17-34-31.jpg 1280w\" sizes=\"(max-width: 300px) 100vw, 300px\" \/><\/div>\n\t\t<\/a>\n\t\t\t\t<div class=\"elementor-post__text\">\n\t\t\t\t<h3 class=\"elementor-post__title\">\n\t\t\t<a href=\"https:\/\/acrj.org.br\/index.php\/2018\/12\/04\/conselho-superior-da-acrj-presta-homenagem-a-benemeritos-da-casa\/\" >\n\t\t\t\tCONSELHO SUPERIOR DA ACRJ PRESTA HOMENAGEM A BENEM\u00c9RITOS DA CASA\t\t\t<\/a>\n\t\t<\/h3>\n\t\t\t\t<div class=\"elementor-post__excerpt\">\n\t\t\t<p>O Conselho Superior da Associa\u00e7\u00e3o Comercial do Rio de Janeiro (ACRJ) se reuniu na manh\u00e3 do dia 3 de dezembro em Reuni\u00e3o Ordin\u00e1ria. O primeiro<\/p>\n\t\t<\/div>\n\t\t\n\t\t<a class=\"elementor-post__read-more\" href=\"https:\/\/acrj.org.br\/index.php\/2018\/12\/04\/conselho-superior-da-acrj-presta-homenagem-a-benemeritos-da-casa\/\" aria-label=\"Leia mais sobre CONSELHO SUPERIOR DA ACRJ PRESTA HOMENAGEM A BENEM\u00c9RITOS DA CASA\" tabindex=\"-1\" >\n\t\t\tleia mais ...\t\t<\/a>\n\n\t\t\t\t<\/div>\n\t\t\t\t<\/article>\n\t\t\t\t<article class=\"elementor-post elementor-grid-item post-2497 post type-post status-publish format-standard has-post-thumbnail hentry category-noticias\" role=\"listitem\">\n\t\t\t\t<a class=\"elementor-post__thumbnail__link\" href=\"https:\/\/acrj.org.br\/index.php\/2018\/12\/03\/musica-no-museu-e-triplice-coroado\/\" tabindex=\"-1\" >\n\t\t\t<div class=\"elementor-post__thumbnail\"><img loading=\"lazy\" decoding=\"async\" width=\"300\" height=\"223\" src=\"https:\/\/acrj.org.br\/wp-content\/uploads\/2020\/02\/musica-no-museu1-300x223.jpg\" class=\"attachment-medium size-medium wp-image-2498\" alt=\"\" srcset=\"https:\/\/acrj.org.br\/wp-content\/uploads\/2020\/02\/musica-no-museu1-300x223.jpg 300w, https:\/\/acrj.org.br\/wp-content\/uploads\/2020\/02\/musica-no-museu1-600x445.jpg 600w, https:\/\/acrj.org.br\/wp-content\/uploads\/2020\/02\/musica-no-museu1.jpg 660w\" sizes=\"(max-width: 300px) 100vw, 300px\" \/><\/div>\n\t\t<\/a>\n\t\t\t\t<div class=\"elementor-post__text\">\n\t\t\t\t<h3 class=\"elementor-post__title\">\n\t\t\t<a href=\"https:\/\/acrj.org.br\/index.php\/2018\/12\/03\/musica-no-museu-e-triplice-coroado\/\" >\n\t\t\t\tM\u00fasica no Museu \u00e9 tr\u00edplice coroado\t\t\t<\/a>\n\t\t<\/h3>\n\t\t\t\t<div class=\"elementor-post__excerpt\">\n\t\t\t<p>O projeto M\u00fasica no Museu recebeu no dia 22 de novembro a Ordem do M\u00e9rito Cultural Carioca. A solenidade realizada no Pal\u00e1cio da Cidade contou<\/p>\n\t\t<\/div>\n\t\t\n\t\t<a class=\"elementor-post__read-more\" href=\"https:\/\/acrj.org.br\/index.php\/2018\/12\/03\/musica-no-museu-e-triplice-coroado\/\" aria-label=\"Leia mais sobre M\u00fasica no Museu \u00e9 tr\u00edplice coroado\" tabindex=\"-1\" >\n\t\t\tleia mais ...\t\t<\/a>\n\n\t\t\t\t<\/div>\n\t\t\t\t<\/article>\n\t\t\t\t<article class=\"elementor-post elementor-grid-item post-2500 post type-post status-publish format-standard has-post-thumbnail hentry category-noticias\" role=\"listitem\">\n\t\t\t\t<a class=\"elementor-post__thumbnail__link\" href=\"https:\/\/acrj.org.br\/index.php\/2018\/11\/30\/acrj-homenageia-marinha-do-brasil-pelo-dia-do-marinheiro\/\" tabindex=\"-1\" >\n\t\t\t<div class=\"elementor-post__thumbnail\"><img loading=\"lazy\" decoding=\"async\" width=\"300\" height=\"223\" src=\"https:\/\/acrj.org.br\/wp-content\/uploads\/2020\/02\/marinheiro-300x223.jpg\" class=\"attachment-medium size-medium wp-image-2501\" alt=\"\" srcset=\"https:\/\/acrj.org.br\/wp-content\/uploads\/2020\/02\/marinheiro-300x223.jpg 300w, https:\/\/acrj.org.br\/wp-content\/uploads\/2020\/02\/marinheiro-600x445.jpg 600w, https:\/\/acrj.org.br\/wp-content\/uploads\/2020\/02\/marinheiro.jpg 660w\" sizes=\"(max-width: 300px) 100vw, 300px\" \/><\/div>\n\t\t<\/a>\n\t\t\t\t<div class=\"elementor-post__text\">\n\t\t\t\t<h3 class=\"elementor-post__title\">\n\t\t\t<a href=\"https:\/\/acrj.org.br\/index.php\/2018\/11\/30\/acrj-homenageia-marinha-do-brasil-pelo-dia-do-marinheiro\/\" >\n\t\t\t\tACRJ homenageia Marinha do Brasil pelo Dia do Marinheiro\t\t\t<\/a>\n\t\t<\/h3>\n\t\t\t\t<div class=\"elementor-post__excerpt\">\n\t\t\t<p>A Associa\u00e7\u00e3o Comercial do Rio de Janeiro (ACRJ) recebeu nesta sexta-feira (30) representantes da Marinha do Brasil para prestar homenagem pelo Dia do Marinheiro, que<\/p>\n\t\t<\/div>\n\t\t\n\t\t<a class=\"elementor-post__read-more\" href=\"https:\/\/acrj.org.br\/index.php\/2018\/11\/30\/acrj-homenageia-marinha-do-brasil-pelo-dia-do-marinheiro\/\" aria-label=\"Leia mais sobre ACRJ homenageia Marinha do Brasil pelo Dia do Marinheiro\" tabindex=\"-1\" >\n\t\t\tleia mais ...\t\t<\/a>\n\n\t\t\t\t<\/div>\n\t\t\t\t<\/article>\n\t\t\t\t<article class=\"elementor-post elementor-grid-item post-2503 post type-post status-publish format-standard has-post-thumbnail hentry category-noticias\" role=\"listitem\">\n\t\t\t\t<a class=\"elementor-post__thumbnail__link\" href=\"https:\/\/acrj.org.br\/index.php\/2018\/11\/30\/nota-sobre-a-lei-das-estatais-e-as-escolhas-dos-administradores-publicos\/\" tabindex=\"-1\" >\n\t\t\t<div class=\"elementor-post__thumbnail\"><img loading=\"lazy\" decoding=\"async\" width=\"300\" height=\"169\" src=\"https:\/\/acrj.org.br\/wp-content\/uploads\/2020\/02\/gov-com-original9-300x169.jpeg\" class=\"attachment-medium size-medium wp-image-2504\" alt=\"\" srcset=\"https:\/\/acrj.org.br\/wp-content\/uploads\/2020\/02\/gov-com-original9-300x169.jpeg 300w, https:\/\/acrj.org.br\/wp-content\/uploads\/2020\/02\/gov-com-original9-600x338.jpeg 600w, https:\/\/acrj.org.br\/wp-content\/uploads\/2020\/02\/gov-com-original9.jpeg 620w\" sizes=\"(max-width: 300px) 100vw, 300px\" \/><\/div>\n\t\t<\/a>\n\t\t\t\t<div class=\"elementor-post__text\">\n\t\t\t\t<h3 class=\"elementor-post__title\">\n\t\t\t<a href=\"https:\/\/acrj.org.br\/index.php\/2018\/11\/30\/nota-sobre-a-lei-das-estatais-e-as-escolhas-dos-administradores-publicos\/\" >\n\t\t\t\tNota sobre a lei das estatais e as escolhas dos administradores p\u00fablicos\t\t\t<\/a>\n\t\t<\/h3>\n\t\t\t\t<div class=\"elementor-post__excerpt\">\n\t\t\t<p>A Associa\u00e7\u00e3o Comercial do Rio de Janeiro (ACRJ), a Casa do Empres\u00e1rio, em conformidade com sua Agenda Positiva de Governan\u00e7a P\u00fablica, vem reiterar seu apoio<\/p>\n\t\t<\/div>\n\t\t\n\t\t<a class=\"elementor-post__read-more\" href=\"https:\/\/acrj.org.br\/index.php\/2018\/11\/30\/nota-sobre-a-lei-das-estatais-e-as-escolhas-dos-administradores-publicos\/\" aria-label=\"Leia mais sobre Nota sobre a lei das estatais e as escolhas dos administradores p\u00fablicos\" tabindex=\"-1\" >\n\t\t\tleia mais ...\t\t<\/a>\n\n\t\t\t\t<\/div>\n\t\t\t\t<\/article>\n\t\t\t\t<article class=\"elementor-post elementor-grid-item post-2506 post type-post status-publish format-standard has-post-thumbnail hentry category-noticias\" role=\"listitem\">\n\t\t\t\t<a class=\"elementor-post__thumbnail__link\" href=\"https:\/\/acrj.org.br\/index.php\/2018\/11\/29\/academia-nacional-de-economia-homenageia-presidente-da-acrj-com-titulo-de-personalidade-do-ano\/\" tabindex=\"-1\" >\n\t\t\t<div class=\"elementor-post__thumbnail\"><img loading=\"lazy\" decoding=\"async\" width=\"300\" height=\"223\" src=\"https:\/\/acrj.org.br\/wp-content\/uploads\/2020\/02\/ane-300x223.jpg\" class=\"attachment-medium size-medium wp-image-2507\" alt=\"\" srcset=\"https:\/\/acrj.org.br\/wp-content\/uploads\/2020\/02\/ane-300x223.jpg 300w, https:\/\/acrj.org.br\/wp-content\/uploads\/2020\/02\/ane-600x445.jpg 600w, https:\/\/acrj.org.br\/wp-content\/uploads\/2020\/02\/ane.jpg 660w\" sizes=\"(max-width: 300px) 100vw, 300px\" \/><\/div>\n\t\t<\/a>\n\t\t\t\t<div class=\"elementor-post__text\">\n\t\t\t\t<h3 class=\"elementor-post__title\">\n\t\t\t<a href=\"https:\/\/acrj.org.br\/index.php\/2018\/11\/29\/academia-nacional-de-economia-homenageia-presidente-da-acrj-com-titulo-de-personalidade-do-ano\/\" >\n\t\t\t\tAcademia Nacional de Economia homenageia Presidente da ACRJ com T\u00edtulo de Personalidade do Ano\t\t\t<\/a>\n\t\t<\/h3>\n\t\t\t\t<div class=\"elementor-post__excerpt\">\n\t\t\t<p>A presidente da Associa\u00e7\u00e3o Comercial do Rio de Janeiro (ACRJ), Angela Costa, recebeu pr\u00eamio, nesta quinta-feira, 29 de novembro, de Personalidade do Ano pela Academia<\/p>\n\t\t<\/div>\n\t\t\n\t\t<a class=\"elementor-post__read-more\" href=\"https:\/\/acrj.org.br\/index.php\/2018\/11\/29\/academia-nacional-de-economia-homenageia-presidente-da-acrj-com-titulo-de-personalidade-do-ano\/\" aria-label=\"Leia mais sobre Academia Nacional de Economia homenageia Presidente da ACRJ com T\u00edtulo de Personalidade do Ano\" tabindex=\"-1\" >\n\t\t\tleia mais ...\t\t<\/a>\n\n\t\t\t\t<\/div>\n\t\t\t\t<\/article>\n\t\t\t\t<\/div>\n\t\t\n\t\t\t\t<div class=\"e-load-more-anchor\" data-page=\"1\" data-max-page=\"14\" data-next-page=\"https:\/\/acrj.org.br\/index.php\/wp-json\/wp\/v2\/pages\/1579\/page\/2\/\"><\/div>\n\t\t\t\t<nav class=\"elementor-pagination\" aria-label=\"Pagina\u00e7\u00e3o\">\n\t\t\t<span class=\"page-numbers prev\"><<\/span>\n<span aria-current=\"page\" class=\"page-numbers current\"><span class=\"elementor-screen-only\">P\u00e1gina<\/span>1<\/span>\n<a class=\"page-numbers\" href=\"https:\/\/acrj.org.br\/index.php\/wp-json\/wp\/v2\/pages\/1579\/page\/2\/\"><span class=\"elementor-screen-only\">P\u00e1gina<\/span>2<\/a>\n<a class=\"page-numbers\" href=\"https:\/\/acrj.org.br\/index.php\/wp-json\/wp\/v2\/pages\/1579\/page\/3\/\"><span class=\"elementor-screen-only\">P\u00e1gina<\/span>3<\/a>\n<a class=\"page-numbers\" href=\"https:\/\/acrj.org.br\/index.php\/wp-json\/wp\/v2\/pages\/1579\/page\/4\/\"><span class=\"elementor-screen-only\">P\u00e1gina<\/span>4<\/a>\n<a class=\"page-numbers\" href=\"https:\/\/acrj.org.br\/index.php\/wp-json\/wp\/v2\/pages\/1579\/page\/5\/\"><span class=\"elementor-screen-only\">P\u00e1gina<\/span>5<\/a>\n<a class=\"page-numbers\" href=\"https:\/\/acrj.org.br\/index.php\/wp-json\/wp\/v2\/pages\/1579\/page\/6\/\"><span class=\"elementor-screen-only\">P\u00e1gina<\/span>6<\/a>\n<a class=\"page-numbers\" href=\"https:\/\/acrj.org.br\/index.php\/wp-json\/wp\/v2\/pages\/1579\/page\/7\/\"><span class=\"elementor-screen-only\">P\u00e1gina<\/span>7<\/a>\n<a class=\"page-numbers\" href=\"https:\/\/acrj.org.br\/index.php\/wp-json\/wp\/v2\/pages\/1579\/page\/8\/\"><span class=\"elementor-screen-only\">P\u00e1gina<\/span>8<\/a>\n<a class=\"page-numbers\" href=\"https:\/\/acrj.org.br\/index.php\/wp-json\/wp\/v2\/pages\/1579\/page\/9\/\"><span class=\"elementor-screen-only\">P\u00e1gina<\/span>9<\/a>\n<a class=\"page-numbers\" href=\"https:\/\/acrj.org.br\/index.php\/wp-json\/wp\/v2\/pages\/1579\/page\/10\/\"><span class=\"elementor-screen-only\">P\u00e1gina<\/span>10<\/a>\n<a class=\"page-numbers\" href=\"https:\/\/acrj.org.br\/index.php\/wp-json\/wp\/v2\/pages\/1579\/page\/11\/\"><span class=\"elementor-screen-only\">P\u00e1gina<\/span>11<\/a>\n<a class=\"page-numbers\" href=\"https:\/\/acrj.org.br\/index.php\/wp-json\/wp\/v2\/pages\/1579\/page\/12\/\"><span class=\"elementor-screen-only\">P\u00e1gina<\/span>12<\/a>\n<a class=\"page-numbers\" href=\"https:\/\/acrj.org.br\/index.php\/wp-json\/wp\/v2\/pages\/1579\/page\/13\/\"><span class=\"elementor-screen-only\">P\u00e1gina<\/span>13<\/a>\n<a class=\"page-numbers\" href=\"https:\/\/acrj.org.br\/index.php\/wp-json\/wp\/v2\/pages\/1579\/page\/14\/\"><span class=\"elementor-screen-only\">P\u00e1gina<\/span>14<\/a>\n<a class=\"page-numbers next\" href=\"https:\/\/acrj.org.br\/index.php\/wp-json\/wp\/v2\/pages\/1579\/page\/2\/\">><\/a>\t\t<\/nav>\n\t\t\t\t\t\t<\/div>\n\t\t\t\t<\/div>\n\t\t\t\t\t<\/div>\n\t\t<\/div>\n\t\t\t\t\t<\/div>\n\t\t<\/section>\n\t\t\t\t<\/div>\n\t\t","protected":false},"excerpt":{"rendered":"<p>Not\u00edcias 2018<\/p>\n","protected":false},"author":1,"featured_media":0,"parent":0,"menu_order":0,"comment_status":"closed","ping_status":"closed","template":"","meta":{"_exactmetrics_skip_tracking":false,"_exactmetrics_sitenote_active":false,"_exactmetrics_sitenote_note":"","_exactmetrics_sitenote_category":0,"footnotes":""},"class_list":["post-1579","page","type-page","status-publish","hentry"],"_links":{"self":[{"href":"https:\/\/acrj.org.br\/index.php\/wp-json\/wp\/v2\/pages\/1579","targetHints":{"allow":["GET"]}}],"collection":[{"href":"https:\/\/acrj.org.br\/index.php\/wp-json\/wp\/v2\/pages"}],"about":[{"href":"https:\/\/acrj.org.br\/index.php\/wp-json\/wp\/v2\/types\/page"}],"author":[{"embeddable":true,"href":"https:\/\/acrj.org.br\/index.php\/wp-json\/wp\/v2\/users\/1"}],"replies":[{"embeddable":true,"href":"https:\/\/acrj.org.br\/index.php\/wp-json\/wp\/v2\/comments?post=1579"}],"version-history":[{"count":0,"href":"https:\/\/acrj.org.br\/index.php\/wp-json\/wp\/v2\/pages\/1579\/revisions"}],"wp:attachment":[{"href":"https:\/\/acrj.org.br\/index.php\/wp-json\/wp\/v2\/media?parent=1579"}],"curies":[{"name":"wp","href":"https:\/\/api.w.org\/{rel}","templated":true}]}}