{"id":10347,"date":"2022-02-07T16:29:08","date_gmt":"2022-02-07T19:29:08","guid":{"rendered":"https:\/\/acrj.org.br\/?page_id=10347"},"modified":"2025-12-02T17:42:26","modified_gmt":"2025-12-02T20:42:26","slug":"conselho-empresarial-de-empreendedorismo","status":"publish","type":"page","link":"https:\/\/acrj.org.br\/index.php\/conselho-empresarial-de-empreendedorismo\/","title":{"rendered":"CONSELHO EMPRESARIAL DE Empreendedorismo e da Pequena e M\u00e9dia Empresa"},"content":{"rendered":"\t\t<div data-elementor-type=\"wp-page\" data-elementor-id=\"10347\" class=\"elementor elementor-10347\" data-elementor-post-type=\"page\">\n\t\t\t\t\t\t<section class=\"elementor-section elementor-top-section elementor-element elementor-element-02cbfa0 elementor-hidden-desktop elementor-hidden-tablet elementor-hidden-mobile elementor-section-boxed elementor-section-height-default elementor-section-height-default\" data-id=\"02cbfa0\" data-element_type=\"section\" data-e-type=\"section\">\n\t\t\t\t\t\t<div class=\"elementor-container elementor-column-gap-default\">\n\t\t\t\t\t<div class=\"elementor-column elementor-col-100 elementor-top-column elementor-element elementor-element-767fdbc\" data-id=\"767fdbc\" data-element_type=\"column\" data-e-type=\"column\">\n\t\t\t<div class=\"elementor-widget-wrap elementor-element-populated\">\n\t\t\t\t\t\t<div class=\"elementor-element elementor-element-5a413a5 elementor-widget elementor-widget-text-editor\" data-id=\"5a413a5\" data-element_type=\"widget\" data-e-type=\"widget\" data-widget_type=\"text-editor.default\">\n\t\t\t\t<div class=\"elementor-widget-container\">\n\t\t\t\t\t\t\t\t\t<p>Estimular e promover meios para o desenvolvimento socioecon\u00f4mico do ecossistema de neg\u00f3cios nas comunidades, atrav\u00e9s do empreendedorismo, inova\u00e7\u00e3o e capacita\u00e7\u00e3o do capital humano das periferias cariocas.<\/p>\t\t\t\t\t\t\t\t<\/div>\n\t\t\t\t<\/div>\n\t\t\t\t\t<\/div>\n\t\t<\/div>\n\t\t\t\t\t<\/div>\n\t\t<\/section>\n\t\t\t\t<section class=\"elementor-section elementor-top-section elementor-element elementor-element-eeafd38 elementor-section-boxed elementor-section-height-default elementor-section-height-default\" data-id=\"eeafd38\" data-element_type=\"section\" data-e-type=\"section\">\n\t\t\t\t\t\t<div class=\"elementor-container elementor-column-gap-default\">\n\t\t\t\t\t<div class=\"elementor-column elementor-col-20 elementor-top-column elementor-element elementor-element-dd03b4f\" data-id=\"dd03b4f\" data-element_type=\"column\" data-e-type=\"column\">\n\t\t\t<div class=\"elementor-widget-wrap\">\n\t\t\t\t\t\t\t<\/div>\n\t\t<\/div>\n\t\t\t\t<div class=\"elementor-column elementor-col-20 elementor-top-column elementor-element elementor-element-c4e121e\" data-id=\"c4e121e\" data-element_type=\"column\" data-e-type=\"column\">\n\t\t\t<div class=\"elementor-widget-wrap elementor-element-populated\">\n\t\t\t\t\t\t<div class=\"elementor-element elementor-element-be49434 elementor-widget__width-initial elementor-widget elementor-widget-image\" data-id=\"be49434\" data-element_type=\"widget\" data-e-type=\"widget\" data-widget_type=\"image.default\">\n\t\t\t\t<div class=\"elementor-widget-container\">\n\t\t\t\t\t\t\t\t\t\t\t\t\t\t\t<img decoding=\"async\" src=\"https:\/\/acrj.org.br\/wp-content\/uploads\/elementor\/thumbs\/Michel-Tauil-rfkwru6eptjy9medfjxdxmmv2zq0grcieovjdzgojk.png\" title=\"Michel Tauil\" alt=\"Michel Tauil\" loading=\"lazy\" \/>\t\t\t\t\t\t\t\t\t\t\t\t\t\t\t<\/div>\n\t\t\t\t<\/div>\n\t\t\t\t<div class=\"elementor-element elementor-element-1e3784c elementor-widget__width-initial elementor-absolute elementor-widget elementor-widget-image\" data-id=\"1e3784c\" data-element_type=\"widget\" data-e-type=\"widget\" data-settings=\"{&quot;_position&quot;:&quot;absolute&quot;}\" data-widget_type=\"image.default\">\n\t\t\t\t<div class=\"elementor-widget-container\">\n\t\t\t\t\t\t\t\t\t\t\t\t\t\t\t<img decoding=\"async\" width=\"94\" height=\"245\" src=\"https:\/\/acrj.org.br\/wp-content\/uploads\/2020\/02\/firula1_conselho.png\" class=\"attachment-medium size-medium wp-image-268\" alt=\"\" \/>\t\t\t\t\t\t\t\t\t\t\t\t\t\t\t<\/div>\n\t\t\t\t<\/div>\n\t\t\t\t<div class=\"elementor-element elementor-element-245cc90 elementor-absolute conselhos elementor-widget elementor-widget-text-editor\" data-id=\"245cc90\" data-element_type=\"widget\" data-e-type=\"widget\" data-settings=\"{&quot;_position&quot;:&quot;absolute&quot;}\" data-widget_type=\"text-editor.default\">\n\t\t\t\t<div class=\"elementor-widget-container\">\n\t\t\t\t\t\t\t\t\t<h2>Michel Tauil<\/h2><p>PRESIDENTE<\/p>\t\t\t\t\t\t\t\t<\/div>\n\t\t\t\t<\/div>\n\t\t\t\t<div class=\"elementor-element elementor-element-be57330 elementor-widget elementor-widget-spacer\" data-id=\"be57330\" data-element_type=\"widget\" data-e-type=\"widget\" data-widget_type=\"spacer.default\">\n\t\t\t\t<div class=\"elementor-widget-container\">\n\t\t\t\t\t\t\t<div class=\"elementor-spacer\">\n\t\t\t<div class=\"elementor-spacer-inner\"><\/div>\n\t\t<\/div>\n\t\t\t\t\t\t<\/div>\n\t\t\t\t<\/div>\n\t\t\t\t\t<\/div>\n\t\t<\/div>\n\t\t\t\t<div class=\"elementor-column elementor-col-20 elementor-top-column elementor-element elementor-element-d05a669\" data-id=\"d05a669\" data-element_type=\"column\" data-e-type=\"column\">\n\t\t\t<div class=\"elementor-widget-wrap\">\n\t\t\t\t\t\t\t<\/div>\n\t\t<\/div>\n\t\t\t\t<div class=\"elementor-column elementor-col-20 elementor-top-column elementor-element elementor-element-ba5af7a\" data-id=\"ba5af7a\" data-element_type=\"column\" data-e-type=\"column\">\n\t\t\t<div class=\"elementor-widget-wrap elementor-element-populated\">\n\t\t\t\t\t\t<div class=\"elementor-element elementor-element-1ce8fae elementor-widget__width-initial elementor-widget elementor-widget-image\" data-id=\"1ce8fae\" data-element_type=\"widget\" data-e-type=\"widget\" data-widget_type=\"image.default\">\n\t\t\t\t<div class=\"elementor-widget-container\">\n\t\t\t\t\t\t\t\t\t\t\t\t\t\t\t<img decoding=\"async\" src=\"https:\/\/acrj.org.br\/wp-content\/uploads\/elementor\/thumbs\/Thor-Carvalho-qfcptcjluhyl26atpe9j9exkemdqyvl2qpb34azmm8.jpg\" title=\"Thor Carvalho\" alt=\"Thor Carvalho\" loading=\"lazy\" \/>\t\t\t\t\t\t\t\t\t\t\t\t\t\t\t<\/div>\n\t\t\t\t<\/div>\n\t\t\t\t<div class=\"elementor-element elementor-element-946b0c6 elementor-widget elementor-widget-spacer\" data-id=\"946b0c6\" data-element_type=\"widget\" data-e-type=\"widget\" data-widget_type=\"spacer.default\">\n\t\t\t\t<div class=\"elementor-widget-container\">\n\t\t\t\t\t\t\t<div class=\"elementor-spacer\">\n\t\t\t<div class=\"elementor-spacer-inner\"><\/div>\n\t\t<\/div>\n\t\t\t\t\t\t<\/div>\n\t\t\t\t<\/div>\n\t\t\t\t<div class=\"elementor-element elementor-element-ec5da4c elementor-absolute conselhos elementor-widget elementor-widget-text-editor\" data-id=\"ec5da4c\" data-element_type=\"widget\" data-e-type=\"widget\" data-settings=\"{&quot;_position&quot;:&quot;absolute&quot;}\" data-widget_type=\"text-editor.default\">\n\t\t\t\t<div class=\"elementor-widget-container\">\n\t\t\t\t\t\t\t\t\t<h2>Th\u00f6r Carvalho<\/h2><p>Vice-Presidente<\/p>\t\t\t\t\t\t\t\t<\/div>\n\t\t\t\t<\/div>\n\t\t\t\t<div class=\"elementor-element elementor-element-d512875 elementor-widget__width-initial elementor-absolute elementor-widget elementor-widget-image\" data-id=\"d512875\" data-element_type=\"widget\" data-e-type=\"widget\" data-settings=\"{&quot;_position&quot;:&quot;absolute&quot;}\" data-widget_type=\"image.default\">\n\t\t\t\t<div class=\"elementor-widget-container\">\n\t\t\t\t\t\t\t\t\t\t\t\t\t\t\t<img decoding=\"async\" width=\"94\" height=\"245\" src=\"https:\/\/acrj.org.br\/wp-content\/uploads\/2020\/02\/firula1_conselho.png\" class=\"attachment-medium size-medium wp-image-268\" alt=\"\" \/>\t\t\t\t\t\t\t\t\t\t\t\t\t\t\t<\/div>\n\t\t\t\t<\/div>\n\t\t\t\t\t<\/div>\n\t\t<\/div>\n\t\t\t\t<div class=\"elementor-column elementor-col-20 elementor-top-column elementor-element elementor-element-101a6a5\" data-id=\"101a6a5\" data-element_type=\"column\" data-e-type=\"column\">\n\t\t\t<div class=\"elementor-widget-wrap\">\n\t\t\t\t\t\t\t<\/div>\n\t\t<\/div>\n\t\t\t\t\t<\/div>\n\t\t<\/section>\n\t\t\t\t<section class=\"elementor-section elementor-top-section elementor-element elementor-element-bdfc79f elementor-section-boxed elementor-section-height-default elementor-section-height-default\" data-id=\"bdfc79f\" data-element_type=\"section\" data-e-type=\"section\">\n\t\t\t\t\t\t<div class=\"elementor-container elementor-column-gap-default\">\n\t\t\t\t\t<div class=\"elementor-column elementor-col-100 elementor-top-column elementor-element elementor-element-d256630\" data-id=\"d256630\" data-element_type=\"column\" data-e-type=\"column\">\n\t\t\t<div class=\"elementor-widget-wrap\">\n\t\t\t\t\t\t\t<\/div>\n\t\t<\/div>\n\t\t\t\t\t<\/div>\n\t\t<\/section>\n\t\t\t\t<section class=\"elementor-section elementor-top-section elementor-element elementor-element-a39e267 elementor-section-boxed elementor-section-height-default elementor-section-height-default\" data-id=\"a39e267\" data-element_type=\"section\" data-e-type=\"section\">\n\t\t\t\t\t\t<div class=\"elementor-container elementor-column-gap-default\">\n\t\t\t\t\t<div class=\"elementor-column elementor-col-100 elementor-top-column elementor-element elementor-element-c632179\" data-id=\"c632179\" data-element_type=\"column\" data-e-type=\"column\">\n\t\t\t<div class=\"elementor-widget-wrap elementor-element-populated\">\n\t\t\t\t\t\t<div class=\"elementor-element elementor-element-b94cb9b elementor-widget elementor-widget-heading\" data-id=\"b94cb9b\" data-element_type=\"widget\" data-e-type=\"widget\" data-widget_type=\"heading.default\">\n\t\t\t\t<div class=\"elementor-widget-container\">\n\t\t\t\t\t<h2 class=\"elementor-heading-title elementor-size-default\">MEMBROS DO CONSELHO<\/h2>\t\t\t\t<\/div>\n\t\t\t\t<\/div>\n\t\t\t\t<div class=\"elementor-element elementor-element-903933d membros elementor-widget elementor-widget-text-editor\" data-id=\"903933d\" data-element_type=\"widget\" data-e-type=\"widget\" data-widget_type=\"text-editor.default\">\n\t\t\t\t<div class=\"elementor-widget-container\">\n\t\t\t\t\t\t\t\t\t<p>Augusto Sergio Esp\u00edrito Santo Cardoso<\/p><p>Bianca Coelho de Carvalho<\/p><p>C\u00e9zar Kirszenblatt<\/p><p>Cristiana Coutinho Beltr\u00e3o<\/p><p>Edson Luiz de Faria Gomes Valad\u00e3o<\/p><p>F\u00e1tima Sobral Fernandes<\/p><p>Fernando Santos Kerr<\/p><p>Gustavo Santana Saltiel<\/p><p>Jos\u00e9 Renato de Miranda<\/p><p>Julia Nicolau<\/p><p>M\u00e1rio Pereira Lopes<\/p><p>Marta Maria Ferreira Arakaki<\/p><p>Paulo C\u00e9sar Br\u00fcck Pe\u00e7anha<\/p><p>Rafael Barbosa Pereira Pinto<\/p><p>Renato Regazzi<\/p><p>Rodrigo Jo\u00e3o Guedes Vilar<\/p><p>Rodrigo Rocha<\/p><p>Thiago Luiz Trindade da Fonseca Schmidt Martins<\/p>\t\t\t\t\t\t\t\t<\/div>\n\t\t\t\t<\/div>\n\t\t\t\t\t<\/div>\n\t\t<\/div>\n\t\t\t\t\t<\/div>\n\t\t<\/section>\n\t\t\t\t<\/div>\n\t\t","protected":false},"excerpt":{"rendered":"<p>Estimular e promover meios para o desenvolvimento socioecon\u00f4mico do ecossistema de neg\u00f3cios nas comunidades, atrav\u00e9s do empreendedorismo, inova\u00e7\u00e3o e capacita\u00e7\u00e3o do capital humano das periferias&hellip;<\/p>\n","protected":false},"author":9,"featured_media":0,"parent":0,"menu_order":0,"comment_status":"closed","ping_status":"closed","template":"","meta":{"_exactmetrics_skip_tracking":false,"_exactmetrics_sitenote_active":false,"_exactmetrics_sitenote_note":"","_exactmetrics_sitenote_category":0,"footnotes":""},"class_list":["post-10347","page","type-page","status-publish","hentry"],"_links":{"self":[{"href":"https:\/\/acrj.org.br\/index.php\/wp-json\/wp\/v2\/pages\/10347","targetHints":{"allow":["GET"]}}],"collection":[{"href":"https:\/\/acrj.org.br\/index.php\/wp-json\/wp\/v2\/pages"}],"about":[{"href":"https:\/\/acrj.org.br\/index.php\/wp-json\/wp\/v2\/types\/page"}],"author":[{"embeddable":true,"href":"https:\/\/acrj.org.br\/index.php\/wp-json\/wp\/v2\/users\/9"}],"replies":[{"embeddable":true,"href":"https:\/\/acrj.org.br\/index.php\/wp-json\/wp\/v2\/comments?post=10347"}],"version-history":[{"count":0,"href":"https:\/\/acrj.org.br\/index.php\/wp-json\/wp\/v2\/pages\/10347\/revisions"}],"wp:attachment":[{"href":"https:\/\/acrj.org.br\/index.php\/wp-json\/wp\/v2\/media?parent=10347"}],"curies":[{"name":"wp","href":"https:\/\/api.w.org\/{rel}","templated":true}]}}